{"version":"1.0","provider_name":"Museu T\u00e8xtil de Terrassa","provider_url":"https:\/\/museutextil.cat\/es\/","author_name":"Helena Pe\u00f1a G\u00f3mez","author_url":"https:\/\/museutextil.cat\/es\/author\/auladidactica\/","title":"Charla y cine: \"El armario de Jane Austen\", a cargo de Rosa Rubio - Museu T\u00e8xtil de Terrassa","type":"rich","width":600,"height":338,"html":"<blockquote class=\"wp-embedded-content\" data-secret=\"1N0an8HnGI\"><a href=\"https:\/\/museutextil.cat\/es\/activitats\/xerrada-cinema-armari-jane-austen-09_11_2025\/\">Charla y cine: \"El armario de Jane Austen\", a cargo de Rosa Rubio<\/a><\/blockquote><iframe sandbox=\"allow-scripts\" security=\"restricted\" src=\"https:\/\/museutextil.cat\/es\/activitats\/xerrada-cinema-armari-jane-austen-09_11_2025\/embed\/#?secret=1N0an8HnGI\" width=\"600\" height=\"338\" title=\"\u00abCharla y cine: &quot;El armario de Jane Austen&quot;, a cargo de Rosa Rubio\u00bb \u2014 Museu T\u00e8xtil de Terrassa\" data-secret=\"1N0an8HnGI\" frameborder=\"0\" marginwidth=\"0\" marginheight=\"0\" scrolling=\"no\" class=\"wp-embedded-content\"><\/iframe><script>\n\/*! This file is auto-generated *\/\n!function(d,l){\"use strict\";l.querySelector&&d.addEventListener&&\"undefined\"!=typeof URL&&(d.wp=d.wp||{},d.wp.receiveEmbedMessage||(d.wp.receiveEmbedMessage=function(e){var t=e.data;if((t||t.secret||t.message||t.value)&&!\/[^a-zA-Z0-9]\/.test(t.secret)){for(var s,r,n,a=l.querySelectorAll('iframe[data-secret=\"'+t.secret+'\"]'),o=l.querySelectorAll('blockquote[data-secret=\"'+t.secret+'\"]'),c=new RegExp(\"^https?:$\",\"i\"),i=0;i<o.length;i++)o[i].style.display=\"none\";for(i=0;i<a.length;i++)s=a[i],e.source===s.contentWindow&&(s.removeAttribute(\"style\"),\"height\"===t.message?(1e3<(r=parseInt(t.value,10))?r=1e3:~~r<200&&(r=200),s.height=r):\"link\"===t.message&&(r=new URL(s.getAttribute(\"src\")),n=new URL(t.value),c.test(n.protocol))&&n.host===r.host&&l.activeElement===s&&(d.top.location.href=t.value))}},d.addEventListener(\"message\",d.wp.receiveEmbedMessage,!1),l.addEventListener(\"DOMContentLoaded\",function(){for(var e,t,s=l.querySelectorAll(\"iframe.wp-embedded-content\"),r=0;r<s.length;r++)(t=(e=s[r]).getAttribute(\"data-secret\"))||(t=Math.random().toString(36).substring(2,12),e.src+=\"#?secret=\"+t,e.setAttribute(\"data-secret\",t)),e.contentWindow.postMessage({message:\"ready\",secret:t},\"*\")},!1)))}(window,document);\n<\/script>\n","thumbnail_url":"https:\/\/museutextil.cat\/wp-content\/uploads\/2025\/09\/curs_armari_jane_austen.jpg","thumbnail_width":1200,"thumbnail_height":786,"description":"Actividad gratuita para p\u00fablico adulto con inscripci\u00f3n previa al final de la p\u00e1gina. Plazas limitadas. Con motivo del 250 aniversario del nacimiento de la autora Jane Austen, proponemos una sesi\u00f3n para acercarnos a la indumentaria femenina de su \u00e9poca. Lo haremos a trav\u00e9s de una presentaci\u00f3n con fragmentos de pel\u00edculas as\u00ed como analizando algunas piezas [&hellip;]"}