{"version":"1.0","provider_name":"Museu T\u00e8xtil de Terrassa","provider_url":"https:\/\/museutextil.cat\/es\/","author_name":"adqa","author_url":"https:\/\/museutextil.cat\/es\/author\/adqa\/","title":"L\u00e1minas de moda modernista - Museu T\u00e8xtil de Terrassa","type":"rich","width":600,"height":338,"html":"<blockquote class=\"wp-embedded-content\" data-secret=\"iYtHkfZahX\"><a href=\"https:\/\/museutextil.cat\/es\/lamines-de-moda-modernista-17_05_2017\/\">L\u00e1minas de moda modernista<\/a><\/blockquote><iframe sandbox=\"allow-scripts\" security=\"restricted\" src=\"https:\/\/museutextil.cat\/es\/lamines-de-moda-modernista-17_05_2017\/embed\/#?secret=iYtHkfZahX\" width=\"600\" height=\"338\" title=\"\u00abL\u00e1minas de moda modernista\u00bb \u2014 Museu T\u00e8xtil de Terrassa\" data-secret=\"iYtHkfZahX\" frameborder=\"0\" marginwidth=\"0\" marginheight=\"0\" scrolling=\"no\" class=\"wp-embedded-content\"><\/iframe><script>\n\/*! This file is auto-generated *\/\n!function(d,l){\"use strict\";l.querySelector&&d.addEventListener&&\"undefined\"!=typeof URL&&(d.wp=d.wp||{},d.wp.receiveEmbedMessage||(d.wp.receiveEmbedMessage=function(e){var t=e.data;if((t||t.secret||t.message||t.value)&&!\/[^a-zA-Z0-9]\/.test(t.secret)){for(var s,r,n,a=l.querySelectorAll('iframe[data-secret=\"'+t.secret+'\"]'),o=l.querySelectorAll('blockquote[data-secret=\"'+t.secret+'\"]'),c=new RegExp(\"^https?:$\",\"i\"),i=0;i<o.length;i++)o[i].style.display=\"none\";for(i=0;i<a.length;i++)s=a[i],e.source===s.contentWindow&&(s.removeAttribute(\"style\"),\"height\"===t.message?(1e3<(r=parseInt(t.value,10))?r=1e3:~~r<200&&(r=200),s.height=r):\"link\"===t.message&&(r=new URL(s.getAttribute(\"src\")),n=new URL(t.value),c.test(n.protocol))&&n.host===r.host&&l.activeElement===s&&(d.top.location.href=t.value))}},d.addEventListener(\"message\",d.wp.receiveEmbedMessage,!1),l.addEventListener(\"DOMContentLoaded\",function(){for(var e,t,s=l.querySelectorAll(\"iframe.wp-embedded-content\"),r=0;r<s.length;r++)(t=(e=s[r]).getAttribute(\"data-secret\"))||(t=Math.random().toString(36).substring(2,12),e.src+=\"#?secret=\"+t,e.setAttribute(\"data-secret\",t)),e.contentWindow.postMessage({message:\"ready\",secret:t},\"*\")},!1)))}(window,document);\n<\/script>\n","thumbnail_url":"https:\/\/museutextil.cat\/wp-content\/uploads\/2025\/03\/vitrina_lluis_tolosa.jpg","thumbnail_width":750,"thumbnail_height":500,"description":"Con motivo de la \u201cXV Fira Modernista\u201d la biblioteca ha preparado una nueva muestra de documentos singulares. Se trata de seis l\u00e1minas de moda de finales del siglo XIX de la colecci\u00f3n Llu\u00eds Tolosa. Se exponen las siguientes en la biblioteca: Litograf\u00eda pintada. Mujer con vestido de d\u00eda. Lit\u00f3grafo: Jules-Armand Hanriot. Grabado a color. Dos [&hellip;]"}