{"id":14358,"date":"2025-04-29T16:05:28","date_gmt":"2025-04-29T14:05:28","guid":{"rendered":"https:\/\/museutextil.cat\/astra-portfolio\/el-tejido-de-los-dias\/"},"modified":"2025-07-09T16:48:31","modified_gmt":"2025-07-09T14:48:31","slug":"el-tejido-de-los-dias","status":"publish","type":"astra-portfolio","link":"https:\/\/museutextil.cat\/es\/astra-portfolio\/el-tejido-de-los-dias\/","title":{"rendered":"El tejido de los d\u00edas"},"content":{"rendered":"\t\t<div data-elementor-type=\"wp-post\" data-elementor-id=\"14358\" class=\"elementor elementor-14358 elementor-9392\" data-elementor-post-type=\"astra-portfolio\">\n\t\t\t\t<div class=\"elementor-element elementor-element-093fad8 e-flex e-con-boxed e-con e-parent\" data-id=\"093fad8\" data-element_type=\"container\">\n\t\t\t\t\t<div class=\"e-con-inner\">\n\t\t<div class=\"elementor-element elementor-element-d6f65c5 e-con-full e-flex e-con e-child\" data-id=\"d6f65c5\" data-element_type=\"container\">\n\t\t\t\t<div class=\"elementor-element elementor-element-e29733b elementor-widget elementor-widget-image\" data-id=\"e29733b\" data-element_type=\"widget\" data-widget_type=\"image.default\">\n\t\t\t\t<div class=\"elementor-widget-container\">\n\t\t\t\t\t\t\t\t\t\t\t\t\t\t\t<img fetchpriority=\"high\" decoding=\"async\" width=\"327\" height=\"500\" src=\"https:\/\/museutextil.cat\/wp-content\/uploads\/2025\/04\/portada_llibre_tejido_dias.jpg\" class=\"attachment-large size-large wp-image-9394\" alt=\"\" srcset=\"https:\/\/museutextil.cat\/wp-content\/uploads\/2025\/04\/portada_llibre_tejido_dias.jpg 327w, https:\/\/museutextil.cat\/wp-content\/uploads\/2025\/04\/portada_llibre_tejido_dias-196x300.jpg 196w\" sizes=\"(max-width: 327px) 100vw, 327px\" \/>\t\t\t\t\t\t\t\t\t\t\t\t\t\t\t<\/div>\n\t\t\t\t<\/div>\n\t\t\t\t<\/div>\n\t\t<div class=\"elementor-element elementor-element-364d359 e-con-full e-flex e-con e-child\" data-id=\"364d359\" data-element_type=\"container\">\n\t\t\t\t<div class=\"elementor-element elementor-element-af805d3 elementor-icon-list--layout-traditional elementor-list-item-link-full_width elementor-widget elementor-widget-icon-list\" data-id=\"af805d3\" data-element_type=\"widget\" data-widget_type=\"icon-list.default\">\n\t\t\t\t<div class=\"elementor-widget-container\">\n\t\t\t\t\t\t\t<ul class=\"elementor-icon-list-items\">\n\t\t\t\t\t\t\t<li class=\"elementor-icon-list-item\">\n\t\t\t\t\t\t\t\t\t\t\t<a href=\"https:\/\/museutextil.cat\/wp-content\/uploads\/2025\/07\/tejidodelosdias_fitxa_cas.pdf\">\n\n\t\t\t\t\t\t\t\t\t\t\t\t<span class=\"elementor-icon-list-icon\">\n\t\t\t\t\t\t\t<svg aria-hidden=\"true\" class=\"e-font-icon-svg e-far-file-pdf\" viewBox=\"0 0 384 512\" xmlns=\"http:\/\/www.w3.org\/2000\/svg\"><path d=\"M369.9 97.9L286 14C277 5 264.8-.1 252.1-.1H48C21.5 0 0 21.5 0 48v416c0 26.5 21.5 48 48 48h288c26.5 0 48-21.5 48-48V131.9c0-12.7-5.1-25-14.1-34zM332.1 128H256V51.9l76.1 76.1zM48 464V48h160v104c0 13.3 10.7 24 24 24h104v288H48zm250.2-143.7c-12.2-12-47-8.7-64.4-6.5-17.2-10.5-28.7-25-36.8-46.3 3.9-16.1 10.1-40.6 5.4-56-4.2-26.2-37.8-23.6-42.6-5.9-4.4 16.1-.4 38.5 7 67.1-10 23.9-24.9 56-35.4 74.4-20 10.3-47 26.2-51 46.2-3.3 15.8 26 55.2 76.1-31.2 22.4-7.4 46.8-16.5 68.4-20.1 18.9 10.2 41 17 55.8 17 25.5 0 28-28.2 17.5-38.7zm-198.1 77.8c5.1-13.7 24.5-29.5 30.4-35-19 30.3-30.4 35.7-30.4 35zm81.6-190.6c7.4 0 6.7 32.1 1.8 40.8-4.4-13.9-4.3-40.8-1.8-40.8zm-24.4 136.6c9.7-16.9 18-37 24.7-54.7 8.3 15.1 18.9 27.2 30.1 35.5-20.8 4.3-38.9 13.1-54.8 19.2zm131.6-5s-5 6-37.3-7.8c35.1-2.6 40.9 5.4 37.3 7.8z\"><\/path><\/svg>\t\t\t\t\t\t<\/span>\n\t\t\t\t\t\t\t\t\t\t<span class=\"elementor-icon-list-text\">Ficha del libro en PDF.<\/span>\n\t\t\t\t\t\t\t\t\t\t\t<\/a>\n\t\t\t\t\t\t\t\t\t<\/li>\n\t\t\t\t\t\t<\/ul>\n\t\t\t\t\t\t<\/div>\n\t\t\t\t<\/div>\n\t\t\t\t<div class=\"elementor-element elementor-element-9a9a66a elementor-widget elementor-widget-text-editor\" data-id=\"9a9a66a\" data-element_type=\"widget\" data-widget_type=\"text-editor.default\">\n\t\t\t\t<div class=\"elementor-widget-container\">\n\t\t\t\t\t\t\t\t\t<p><strong>Autora<\/strong>: Carlos Aurensanz<br \/><strong>Editorial<\/strong>: Ediciones B<br \/><strong>A\u00f1o<\/strong>: 2021<br \/><strong>P\u00e1ginas<\/strong>: 651<br \/><strong>ISBN<\/strong>: 9788466668958<br \/><strong>Idioma<\/strong>: castellano<\/p>\t\t\t\t\t\t\t\t<\/div>\n\t\t\t\t<\/div>\n\t\t\t\t<\/div>\n\t\t\t\t\t<\/div>\n\t\t\t\t<\/div>\n\t\t<div class=\"elementor-element elementor-element-73d8ad4 e-flex e-con-boxed e-con e-parent\" data-id=\"73d8ad4\" data-element_type=\"container\">\n\t\t\t\t\t<div class=\"e-con-inner\">\n\t\t\t\t<div class=\"elementor-element elementor-element-afacd28 elementor-widget elementor-widget-text-editor\" data-id=\"afacd28\" data-element_type=\"widget\" data-widget_type=\"text-editor.default\">\n\t\t\t\t<div class=\"elementor-widget-container\">\n\t\t\t\t\t\t\t\t\t\u201c&#8230;traeremos nuevas ideas y maletas llenas de las revistas y los figurines que de otro modo no llegan a Zaragoza.\u201d\t\t\t\t\t\t\t\t<\/div>\n\t\t\t\t<\/div>\n\t\t\t\t\t<\/div>\n\t\t\t\t<\/div>\n\t\t<div class=\"elementor-element elementor-element-ebf1823 e-flex e-con-boxed e-con e-parent\" data-id=\"ebf1823\" data-element_type=\"container\">\n\t\t\t\t\t<div class=\"e-con-inner\">\n\t\t\t\t<div class=\"elementor-element elementor-element-20c8ac7 elementor-widget elementor-widget-text-editor\" data-id=\"20c8ac7\" data-element_type=\"widget\" data-widget_type=\"text-editor.default\">\n\t\t\t\t<div class=\"elementor-widget-container\">\n\t\t\t\t\t\t\t\t\t<p><strong>El libro:<\/strong><br \/>Zaragoza, 1950. La joven Julia llega a la ciudad sola y embarazada, fruto de una relaci\u00f3n prohibida con un hombre que acaba de morir. Aunque conoce las dificultades que entra\u00f1a ser una mujer en sus condiciones, el deseo de labrar un futuro digno para su hijo la lleva a montar un sal\u00f3n de alta costura. Atra\u00eddas por su talento, las mujeres de las familias m\u00e1s adineradas de Zaragoza no tardar\u00e1n en frecuentar el taller para admirar las modernas telas y los vestidos m\u00e1s glamurosos de la \u00e9poca<\/p><p>Una novela costumbrista, bien ambientada, que esconde intrigas y secretos familiares y cuyos escenarios nos transportar\u00e1n a la Espa\u00f1a de mediados del siglo XX.<\/p><p>M\u00e1s informaci\u00f3n:<\/p>\t\t\t\t\t\t\t\t<\/div>\n\t\t\t\t<\/div>\n\t\t\t\t<div class=\"elementor-element elementor-element-115a88e elementor-widget elementor-widget-text-editor\" data-id=\"115a88e\" data-element_type=\"widget\" data-widget_type=\"text-editor.default\">\n\t\t\t\t<div class=\"elementor-widget-container\">\n\t\t\t\t\t\t\t\t\t<ul><li><a href=\"https:\/\/www.mislecturas.es\/2021\/04\/el-tejido-de-los-dias-carlos-aurensanz.html\" target=\"_blank\" rel=\"noopener\">Web Mis lecturas<\/a><\/li><li><a href=\"http:\/\/librosquehayqueleer-laky.blogspot.com\/2021\/06\/el-tejido-de-los-dias-carlos-aurensanz.html\" target=\"_blank\" rel=\"noopener\">Blog Libros que hay que leer<\/a><\/li><li><a href=\"https:\/\/unlectorindiscreto.blogspot.com\/2022\/03\/el-tejido-de-los-dias-de-carlos-auresanz.html\" target=\"_blank\" rel=\"noopener\">Blog Un lector indiscreto<\/a><\/li><li><a href=\"https:\/\/www.youtube.com\/watch?v=8esjmYYRm0g\" target=\"_blank\" rel=\"noopener\">Entrevista a Carlos Aurensanz<\/a><\/li><\/ul>\t\t\t\t\t\t\t\t<\/div>\n\t\t\t\t<\/div>\n\t\t\t\t\t<\/div>\n\t\t\t\t<\/div>\n\t\t<div class=\"elementor-element elementor-element-9e57e69 e-flex e-con-boxed e-con e-parent\" data-id=\"9e57e69\" data-element_type=\"container\">\n\t\t\t\t\t<div class=\"e-con-inner\">\n\t\t<div class=\"elementor-element elementor-element-81bfcb2 e-con-full e-flex e-con e-child\" data-id=\"81bfcb2\" data-element_type=\"container\">\n\t\t\t\t<div class=\"elementor-element elementor-element-70ac47b elementor-widget elementor-widget-image\" data-id=\"70ac47b\" data-element_type=\"widget\" data-widget_type=\"image.default\">\n\t\t\t\t<div class=\"elementor-widget-container\">\n\t\t\t\t\t\t\t\t\t\t\t\t\t\t\t<img decoding=\"async\" width=\"179\" height=\"199\" src=\"https:\/\/museutextil.cat\/wp-content\/uploads\/2025\/04\/autor_carlos_aurensanz.jpg\" class=\"attachment-large size-large wp-image-9402\" alt=\"\" \/>\t\t\t\t\t\t\t\t\t\t\t\t\t\t\t<\/div>\n\t\t\t\t<\/div>\n\t\t\t\t<\/div>\n\t\t<div class=\"elementor-element elementor-element-6716314 e-con-full e-flex e-con e-child\" data-id=\"6716314\" data-element_type=\"container\">\n\t\t\t\t<div class=\"elementor-element elementor-element-7cd3d91 elementor-widget elementor-widget-text-editor\" data-id=\"7cd3d91\" data-element_type=\"widget\" data-widget_type=\"text-editor.default\">\n\t\t\t\t<div class=\"elementor-widget-container\">\n\t\t\t\t\t\t\t\t\t<p><strong>El autor<\/strong>: Carlos Aurensanz<\/p><p>Carlos Aurensanz (Tudela, 1964- ). Licenciado en Veterinaria por la Universidad de Zaragoza, actualmente combina su trabajo en el campo de la Salud P\u00fablica con la escritura. Public\u00f3 su primera novela en 2009 (Banu Qasi, los Hijos de Casio) y desde entonces ha escrito 8 novelas, principalmente narrativa hist\u00f3rica. Aun as\u00ed, ha demostrado ser un autor polifac\u00e9tico, tratando con \u00e9xito otros g\u00e9neros literarios, como la novela costumbrista El tejido de los d\u00edas (2021).<\/p><ul><li><a href=\"https:\/\/www.penguinlibros.com\/es\/109221-carlos-aurensanz\" target=\"_blank\" rel=\"noopener\">Web Penguin libros<\/a><\/li><li><a href=\"https:\/\/www.facebook.com\/historywardrobe\/?fref=ts\" target=\"_blank\" rel=\"noopener\">https:\/\/www.facebook.com\/historywardrobe\/?fref=ts<\/a><\/li><\/ul><p>Libros del autor en las Bibliotecas P\u00fablicas de Catalu\u00f1a (<a href=\"https:\/\/cataleg.atena.biblioteques.cat\/iii\/encore\/search\/C__Sa%3A%28Aurensanz%2C%20Carlos%29__Orightresult__U?lang=cat&amp;suite=def\" target=\"_blank\" rel=\"noopener\">Atena<\/a>)<\/p>\t\t\t\t\t\t\t\t<\/div>\n\t\t\t\t<\/div>\n\t\t\t\t<\/div>\n\t\t\t\t\t<\/div>\n\t\t\t\t<\/div>\n\t\t<div class=\"elementor-element elementor-element-bd8ce5b e-flex e-con-boxed e-con e-parent\" data-id=\"bd8ce5b\" data-element_type=\"container\">\n\t\t\t\t\t<div class=\"e-con-inner\">\n\t\t\t\t<div class=\"elementor-element elementor-element-12dfb8d elementor-widget elementor-widget-text-editor\" data-id=\"12dfb8d\" data-element_type=\"widget\" data-widget_type=\"text-editor.default\">\n\t\t\t\t<div class=\"elementor-widget-container\">\n\t\t\t\t\t\t\t\t\t<p>Biblioteca del Museu T\u00e8xtil, octubre 2023<\/p>\t\t\t\t\t\t\t\t<\/div>\n\t\t\t\t<\/div>\n\t\t\t\t\t<\/div>\n\t\t\t\t<\/div>\n\t\t\t\t<\/div>\n\t\t","protected":false},"featured_media":9394,"template":"","meta":{"site-sidebar-layout":"no-sidebar","site-content-layout":"page-builder","ast-site-content-layout":"full-width-container","site-content-style":"default","site-sidebar-style":"default","ast-global-header-display":"","ast-banner-title-visibility":"","ast-main-header-display":"","ast-hfb-above-header-display":"","ast-hfb-below-header-display":"","ast-hfb-mobile-header-display":"","site-post-title":"disabled","ast-breadcrumbs-content":"","ast-featured-img":"disabled","footer-sml-layout":"","theme-transparent-header-meta":"","adv-header-id-meta":"","stick-header-meta":"","header-above-stick-meta":"","header-main-stick-meta":"","header-below-stick-meta":"","astra-migrate-meta-layouts":"set","ast-page-background-enabled":"default","ast-page-background-meta":{"desktop":{"background-color":"var(--ast-global-color-4)","background-image":"","background-repeat":"repeat","background-position":"center center","background-size":"auto","background-attachment":"scroll","background-type":"","background-media":"","overlay-type":"","overlay-color":"","overlay-opacity":"","overlay-gradient":""},"tablet":{"background-color":"","background-image":"","background-repeat":"repeat","background-position":"center center","background-size":"auto","background-attachment":"scroll","background-type":"","background-media":"","overlay-type":"","overlay-color":"","overlay-opacity":"","overlay-gradient":""},"mobile":{"background-color":"","background-image":"","background-repeat":"repeat","background-position":"center center","background-size":"auto","background-attachment":"scroll","background-type":"","background-media":"","overlay-type":"","overlay-color":"","overlay-opacity":"","overlay-gradient":""}},"ast-content-background-meta":{"desktop":{"background-color":"var(--ast-global-color-5)","background-image":"","background-repeat":"repeat","background-position":"center center","background-size":"auto","background-attachment":"scroll","background-type":"","background-media":"","overlay-type":"","overlay-color":"","overlay-opacity":"","overlay-gradient":""},"tablet":{"background-color":"var(--ast-global-color-5)","background-image":"","background-repeat":"repeat","background-position":"center center","background-size":"auto","background-attachment":"scroll","background-type":"","background-media":"","overlay-type":"","overlay-color":"","overlay-opacity":"","overlay-gradient":""},"mobile":{"background-color":"var(--ast-global-color-5)","background-image":"","background-repeat":"repeat","background-position":"center center","background-size":"auto","background-attachment":"scroll","background-type":"","background-media":"","overlay-type":"","overlay-color":"","overlay-opacity":"","overlay-gradient":""}}},"astra-portfolio-categories":[143],"astra-portfolio-other-categories":[],"astra-portfolio-tags":[],"class_list":["post-14358","astra-portfolio","type-astra-portfolio","status-publish","has-post-thumbnail","hentry","astra-portfolio-categories-club-fil-per-randa-es"],"astra-site-call-to-action":"","astra-site-open-in-new-tab":"0","astra-site-open-portfolio-in":"new-tab","astra-site-url":"","thumbnail-image-url":null,"thumbnail-image-meta":{"alt":"","title":""},"lightbox-image-url":null,"portfolio-type":"page","portfolio-video-url":"","request_time":0.24796700477600098,"yoast_head":"<!-- This site is optimized with the Yoast SEO plugin v25.9 - https:\/\/yoast.com\/wordpress\/plugins\/seo\/ -->\n<title>El tejido de los d\u00edas - Museu T\u00e8xtil de Terrassa<\/title>\n<meta name=\"robots\" content=\"index, follow, max-snippet:-1, max-image-preview:large, max-video-preview:-1\" \/>\n<link rel=\"canonical\" href=\"https:\/\/museutextil.cat\/es\/astra-portfolio\/el-tejido-de-los-dias\/\" \/>\n<meta property=\"og:locale\" content=\"es_ES\" \/>\n<meta property=\"og:type\" content=\"article\" \/>\n<meta property=\"og:title\" content=\"El tejido de los d\u00edas - Museu T\u00e8xtil de Terrassa\" \/>\n<meta property=\"og:description\" content=\"Ficha del libro en PDF. Autora: Carlos AurensanzEditorial: Ediciones BA\u00f1o: 2021P\u00e1ginas: 651ISBN: 9788466668958Idioma: castellano \u201c...traeremos nuevas ideas y maletas llenas de las revistas y los figurines que de otro modo no llegan a Zaragoza.\u201d El libro:Zaragoza, 1950. La joven Julia llega a la ciudad sola y embarazada, fruto de una relaci\u00f3n prohibida con un hombre [&hellip;]\" \/>\n<meta property=\"og:url\" content=\"https:\/\/museutextil.cat\/es\/astra-portfolio\/el-tejido-de-los-dias\/\" \/>\n<meta property=\"og:site_name\" content=\"Museu T\u00e8xtil de Terrassa\" \/>\n<meta property=\"article:publisher\" content=\"https:\/\/www.facebook.com\/cdmtextil\" \/>\n<meta property=\"article:modified_time\" content=\"2025-07-09T14:48:31+00:00\" \/>\n<meta property=\"og:image\" content=\"https:\/\/museutextil.cat\/wp-content\/uploads\/2025\/04\/portada_llibre_tejido_dias.jpg\" \/>\n\t<meta property=\"og:image:width\" content=\"327\" \/>\n\t<meta property=\"og:image:height\" content=\"500\" \/>\n\t<meta property=\"og:image:type\" content=\"image\/jpeg\" \/>\n<meta name=\"twitter:card\" content=\"summary_large_image\" \/>\n<meta name=\"twitter:site\" content=\"@cdmtex\" \/>\n<meta name=\"twitter:label1\" content=\"Tiempo de lectura\" \/>\n\t<meta name=\"twitter:data1\" content=\"1 minuto\" \/>\n<script type=\"application\/ld+json\" class=\"yoast-schema-graph\">{\"@context\":\"https:\/\/schema.org\",\"@graph\":[{\"@type\":\"WebPage\",\"@id\":\"https:\/\/museutextil.cat\/es\/astra-portfolio\/el-tejido-de-los-dias\/\",\"url\":\"https:\/\/museutextil.cat\/es\/astra-portfolio\/el-tejido-de-los-dias\/\",\"name\":\"El tejido de los d\u00edas - Museu T\u00e8xtil de Terrassa\",\"isPartOf\":{\"@id\":\"https:\/\/museutextil.cat\/es\/#website\"},\"primaryImageOfPage\":{\"@id\":\"https:\/\/museutextil.cat\/es\/astra-portfolio\/el-tejido-de-los-dias\/#primaryimage\"},\"image\":{\"@id\":\"https:\/\/museutextil.cat\/es\/astra-portfolio\/el-tejido-de-los-dias\/#primaryimage\"},\"thumbnailUrl\":\"https:\/\/museutextil.cat\/wp-content\/uploads\/2025\/04\/portada_llibre_tejido_dias.jpg\",\"datePublished\":\"2025-04-29T14:05:28+00:00\",\"dateModified\":\"2025-07-09T14:48:31+00:00\",\"breadcrumb\":{\"@id\":\"https:\/\/museutextil.cat\/es\/astra-portfolio\/el-tejido-de-los-dias\/#breadcrumb\"},\"inLanguage\":\"es\",\"potentialAction\":[{\"@type\":\"ReadAction\",\"target\":[\"https:\/\/museutextil.cat\/es\/astra-portfolio\/el-tejido-de-los-dias\/\"]}]},{\"@type\":\"ImageObject\",\"inLanguage\":\"es\",\"@id\":\"https:\/\/museutextil.cat\/es\/astra-portfolio\/el-tejido-de-los-dias\/#primaryimage\",\"url\":\"https:\/\/museutextil.cat\/wp-content\/uploads\/2025\/04\/portada_llibre_tejido_dias.jpg\",\"contentUrl\":\"https:\/\/museutextil.cat\/wp-content\/uploads\/2025\/04\/portada_llibre_tejido_dias.jpg\",\"width\":327,\"height\":500},{\"@type\":\"BreadcrumbList\",\"@id\":\"https:\/\/museutextil.cat\/es\/astra-portfolio\/el-tejido-de-los-dias\/#breadcrumb\",\"itemListElement\":[{\"@type\":\"ListItem\",\"position\":1,\"name\":\"Inici\",\"item\":\"https:\/\/museutextil.cat\/es\/\"},{\"@type\":\"ListItem\",\"position\":2,\"name\":\"Portfolio\",\"item\":\"https:\/\/museutextil.cat\/es\/astra-portfolio\/\"},{\"@type\":\"ListItem\",\"position\":3,\"name\":\"El tejido de los d\u00edas\"}]},{\"@type\":\"WebSite\",\"@id\":\"https:\/\/museutextil.cat\/es\/#website\",\"url\":\"https:\/\/museutextil.cat\/es\/\",\"name\":\"Museu T\u00e8xtil de Terrassa\",\"description\":\"Centre de documentaci\u00f3 i Museu t\u00e8xtil\",\"publisher\":{\"@id\":\"https:\/\/museutextil.cat\/es\/#organization\"},\"potentialAction\":[{\"@type\":\"SearchAction\",\"target\":{\"@type\":\"EntryPoint\",\"urlTemplate\":\"https:\/\/museutextil.cat\/es\/?s={search_term_string}\"},\"query-input\":{\"@type\":\"PropertyValueSpecification\",\"valueRequired\":true,\"valueName\":\"search_term_string\"}}],\"inLanguage\":\"es\"},{\"@type\":\"Organization\",\"@id\":\"https:\/\/museutextil.cat\/es\/#organization\",\"name\":\"Museu T\u00e8xtil de Terrassa\",\"url\":\"https:\/\/museutextil.cat\/es\/\",\"logo\":{\"@type\":\"ImageObject\",\"inLanguage\":\"es\",\"@id\":\"https:\/\/museutextil.cat\/es\/#\/schema\/logo\/image\/\",\"url\":\"https:\/\/museutextil.cat\/wp-content\/uploads\/2025\/03\/museutextil_logo_h.png\",\"contentUrl\":\"https:\/\/museutextil.cat\/wp-content\/uploads\/2025\/03\/museutextil_logo_h.png\",\"width\":500,\"height\":87,\"caption\":\"Museu T\u00e8xtil de Terrassa\"},\"image\":{\"@id\":\"https:\/\/museutextil.cat\/es\/#\/schema\/logo\/image\/\"},\"sameAs\":[\"https:\/\/www.facebook.com\/cdmtextil\",\"https:\/\/x.com\/cdmtex\",\"https:\/\/www.instagram.com\/cdmtextil\/\",\"https:\/\/www.pinterest.com\/cdmtextil\/\",\"https:\/\/www.youtube.com\/user\/CDMTextil\"]}]}<\/script>\n<!-- \/ Yoast SEO plugin. -->","yoast_head_json":{"title":"El tejido de los d\u00edas - Museu T\u00e8xtil de Terrassa","robots":{"index":"index","follow":"follow","max-snippet":"max-snippet:-1","max-image-preview":"max-image-preview:large","max-video-preview":"max-video-preview:-1"},"canonical":"https:\/\/museutextil.cat\/es\/astra-portfolio\/el-tejido-de-los-dias\/","og_locale":"es_ES","og_type":"article","og_title":"El tejido de los d\u00edas - Museu T\u00e8xtil de Terrassa","og_description":"Ficha del libro en PDF. Autora: Carlos AurensanzEditorial: Ediciones BA\u00f1o: 2021P\u00e1ginas: 651ISBN: 9788466668958Idioma: castellano \u201c...traeremos nuevas ideas y maletas llenas de las revistas y los figurines que de otro modo no llegan a Zaragoza.\u201d El libro:Zaragoza, 1950. La joven Julia llega a la ciudad sola y embarazada, fruto de una relaci\u00f3n prohibida con un hombre [&hellip;]","og_url":"https:\/\/museutextil.cat\/es\/astra-portfolio\/el-tejido-de-los-dias\/","og_site_name":"Museu T\u00e8xtil de Terrassa","article_publisher":"https:\/\/www.facebook.com\/cdmtextil","article_modified_time":"2025-07-09T14:48:31+00:00","og_image":[{"width":327,"height":500,"url":"https:\/\/museutextil.cat\/wp-content\/uploads\/2025\/04\/portada_llibre_tejido_dias.jpg","type":"image\/jpeg"}],"twitter_card":"summary_large_image","twitter_site":"@cdmtex","twitter_misc":{"Tiempo de lectura":"1 minuto"},"schema":{"@context":"https:\/\/schema.org","@graph":[{"@type":"WebPage","@id":"https:\/\/museutextil.cat\/es\/astra-portfolio\/el-tejido-de-los-dias\/","url":"https:\/\/museutextil.cat\/es\/astra-portfolio\/el-tejido-de-los-dias\/","name":"El tejido de los d\u00edas - Museu T\u00e8xtil de Terrassa","isPartOf":{"@id":"https:\/\/museutextil.cat\/es\/#website"},"primaryImageOfPage":{"@id":"https:\/\/museutextil.cat\/es\/astra-portfolio\/el-tejido-de-los-dias\/#primaryimage"},"image":{"@id":"https:\/\/museutextil.cat\/es\/astra-portfolio\/el-tejido-de-los-dias\/#primaryimage"},"thumbnailUrl":"https:\/\/museutextil.cat\/wp-content\/uploads\/2025\/04\/portada_llibre_tejido_dias.jpg","datePublished":"2025-04-29T14:05:28+00:00","dateModified":"2025-07-09T14:48:31+00:00","breadcrumb":{"@id":"https:\/\/museutextil.cat\/es\/astra-portfolio\/el-tejido-de-los-dias\/#breadcrumb"},"inLanguage":"es","potentialAction":[{"@type":"ReadAction","target":["https:\/\/museutextil.cat\/es\/astra-portfolio\/el-tejido-de-los-dias\/"]}]},{"@type":"ImageObject","inLanguage":"es","@id":"https:\/\/museutextil.cat\/es\/astra-portfolio\/el-tejido-de-los-dias\/#primaryimage","url":"https:\/\/museutextil.cat\/wp-content\/uploads\/2025\/04\/portada_llibre_tejido_dias.jpg","contentUrl":"https:\/\/museutextil.cat\/wp-content\/uploads\/2025\/04\/portada_llibre_tejido_dias.jpg","width":327,"height":500},{"@type":"BreadcrumbList","@id":"https:\/\/museutextil.cat\/es\/astra-portfolio\/el-tejido-de-los-dias\/#breadcrumb","itemListElement":[{"@type":"ListItem","position":1,"name":"Inici","item":"https:\/\/museutextil.cat\/es\/"},{"@type":"ListItem","position":2,"name":"Portfolio","item":"https:\/\/museutextil.cat\/es\/astra-portfolio\/"},{"@type":"ListItem","position":3,"name":"El tejido de los d\u00edas"}]},{"@type":"WebSite","@id":"https:\/\/museutextil.cat\/es\/#website","url":"https:\/\/museutextil.cat\/es\/","name":"Museu T\u00e8xtil de Terrassa","description":"Centre de documentaci\u00f3 i Museu t\u00e8xtil","publisher":{"@id":"https:\/\/museutextil.cat\/es\/#organization"},"potentialAction":[{"@type":"SearchAction","target":{"@type":"EntryPoint","urlTemplate":"https:\/\/museutextil.cat\/es\/?s={search_term_string}"},"query-input":{"@type":"PropertyValueSpecification","valueRequired":true,"valueName":"search_term_string"}}],"inLanguage":"es"},{"@type":"Organization","@id":"https:\/\/museutextil.cat\/es\/#organization","name":"Museu T\u00e8xtil de Terrassa","url":"https:\/\/museutextil.cat\/es\/","logo":{"@type":"ImageObject","inLanguage":"es","@id":"https:\/\/museutextil.cat\/es\/#\/schema\/logo\/image\/","url":"https:\/\/museutextil.cat\/wp-content\/uploads\/2025\/03\/museutextil_logo_h.png","contentUrl":"https:\/\/museutextil.cat\/wp-content\/uploads\/2025\/03\/museutextil_logo_h.png","width":500,"height":87,"caption":"Museu T\u00e8xtil de Terrassa"},"image":{"@id":"https:\/\/museutextil.cat\/es\/#\/schema\/logo\/image\/"},"sameAs":["https:\/\/www.facebook.com\/cdmtextil","https:\/\/x.com\/cdmtex","https:\/\/www.instagram.com\/cdmtextil\/","https:\/\/www.pinterest.com\/cdmtextil\/","https:\/\/www.youtube.com\/user\/CDMTextil"]}]}},"_links":{"self":[{"href":"https:\/\/museutextil.cat\/es\/wp-json\/wp\/v2\/astra-portfolio\/14358","targetHints":{"allow":["GET"]}}],"collection":[{"href":"https:\/\/museutextil.cat\/es\/wp-json\/wp\/v2\/astra-portfolio"}],"about":[{"href":"https:\/\/museutextil.cat\/es\/wp-json\/wp\/v2\/types\/astra-portfolio"}],"version-history":[{"count":0,"href":"https:\/\/museutextil.cat\/es\/wp-json\/wp\/v2\/astra-portfolio\/14358\/revisions"}],"wp:featuredmedia":[{"embeddable":true,"href":"https:\/\/museutextil.cat\/es\/wp-json\/wp\/v2\/media\/9394"}],"wp:attachment":[{"href":"https:\/\/museutextil.cat\/es\/wp-json\/wp\/v2\/media?parent=14358"}],"wp:term":[{"taxonomy":"astra-portfolio-categories","embeddable":true,"href":"https:\/\/museutextil.cat\/es\/wp-json\/wp\/v2\/astra-portfolio-categories?post=14358"},{"taxonomy":"astra-portfolio-other-categories","embeddable":true,"href":"https:\/\/museutextil.cat\/es\/wp-json\/wp\/v2\/astra-portfolio-other-categories?post=14358"},{"taxonomy":"astra-portfolio-tags","embeddable":true,"href":"https:\/\/museutextil.cat\/es\/wp-json\/wp\/v2\/astra-portfolio-tags?post=14358"}],"curies":[{"name":"wp","href":"https:\/\/api.w.org\/{rel}","templated":true}]}}