{"id":14618,"date":"2025-04-30T13:12:12","date_gmt":"2025-04-30T11:12:12","guid":{"rendered":"https:\/\/museutextil.cat\/astra-portfolio\/norte-y-sur\/"},"modified":"2025-07-10T10:36:26","modified_gmt":"2025-07-10T08:36:26","slug":"norte-y-sur","status":"publish","type":"astra-portfolio","link":"https:\/\/museutextil.cat\/es\/astra-portfolio\/norte-y-sur\/","title":{"rendered":"Norte y Sur"},"content":{"rendered":"\t\t<div data-elementor-type=\"wp-post\" data-elementor-id=\"14618\" class=\"elementor elementor-14618 elementor-9646\" data-elementor-post-type=\"astra-portfolio\">\n\t\t\t\t<div class=\"elementor-element elementor-element-093fad8 e-flex e-con-boxed e-con e-parent\" data-id=\"093fad8\" data-element_type=\"container\">\n\t\t\t\t\t<div class=\"e-con-inner\">\n\t\t<div class=\"elementor-element elementor-element-d6f65c5 e-con-full e-flex e-con e-child\" data-id=\"d6f65c5\" data-element_type=\"container\">\n\t\t\t\t<div class=\"elementor-element elementor-element-e29733b elementor-widget elementor-widget-image\" data-id=\"e29733b\" data-element_type=\"widget\" data-widget_type=\"image.default\">\n\t\t\t\t<div class=\"elementor-widget-container\">\n\t\t\t\t\t\t\t\t\t\t\t\t\t\t\t<img fetchpriority=\"high\" decoding=\"async\" width=\"217\" height=\"300\" src=\"https:\/\/museutextil.cat\/wp-content\/uploads\/2025\/04\/portada_norte_y_sur-1-217x300-1.jpg\" class=\"attachment-large size-large wp-image-9648\" alt=\"\" \/>\t\t\t\t\t\t\t\t\t\t\t\t\t\t\t<\/div>\n\t\t\t\t<\/div>\n\t\t\t\t<\/div>\n\t\t<div class=\"elementor-element elementor-element-364d359 e-con-full e-flex e-con e-child\" data-id=\"364d359\" data-element_type=\"container\">\n\t\t\t\t<div class=\"elementor-element elementor-element-af805d3 elementor-icon-list--layout-traditional elementor-list-item-link-full_width elementor-widget elementor-widget-icon-list\" data-id=\"af805d3\" data-element_type=\"widget\" data-widget_type=\"icon-list.default\">\n\t\t\t\t<div class=\"elementor-widget-container\">\n\t\t\t\t\t\t\t<ul class=\"elementor-icon-list-items\">\n\t\t\t\t\t\t\t<li class=\"elementor-icon-list-item\">\n\t\t\t\t\t\t\t\t\t\t\t<a href=\"https:\/\/museutextil.cat\/wp-content\/uploads\/2025\/07\/norte_y_sur_cas.pdf\">\n\n\t\t\t\t\t\t\t\t\t\t\t\t<span class=\"elementor-icon-list-icon\">\n\t\t\t\t\t\t\t<svg aria-hidden=\"true\" class=\"e-font-icon-svg e-far-file-pdf\" viewBox=\"0 0 384 512\" xmlns=\"http:\/\/www.w3.org\/2000\/svg\"><path d=\"M369.9 97.9L286 14C277 5 264.8-.1 252.1-.1H48C21.5 0 0 21.5 0 48v416c0 26.5 21.5 48 48 48h288c26.5 0 48-21.5 48-48V131.9c0-12.7-5.1-25-14.1-34zM332.1 128H256V51.9l76.1 76.1zM48 464V48h160v104c0 13.3 10.7 24 24 24h104v288H48zm250.2-143.7c-12.2-12-47-8.7-64.4-6.5-17.2-10.5-28.7-25-36.8-46.3 3.9-16.1 10.1-40.6 5.4-56-4.2-26.2-37.8-23.6-42.6-5.9-4.4 16.1-.4 38.5 7 67.1-10 23.9-24.9 56-35.4 74.4-20 10.3-47 26.2-51 46.2-3.3 15.8 26 55.2 76.1-31.2 22.4-7.4 46.8-16.5 68.4-20.1 18.9 10.2 41 17 55.8 17 25.5 0 28-28.2 17.5-38.7zm-198.1 77.8c5.1-13.7 24.5-29.5 30.4-35-19 30.3-30.4 35.7-30.4 35zm81.6-190.6c7.4 0 6.7 32.1 1.8 40.8-4.4-13.9-4.3-40.8-1.8-40.8zm-24.4 136.6c9.7-16.9 18-37 24.7-54.7 8.3 15.1 18.9 27.2 30.1 35.5-20.8 4.3-38.9 13.1-54.8 19.2zm131.6-5s-5 6-37.3-7.8c35.1-2.6 40.9 5.4 37.3 7.8z\"><\/path><\/svg>\t\t\t\t\t\t<\/span>\n\t\t\t\t\t\t\t\t\t\t<span class=\"elementor-icon-list-text\">Ficha del libro en PDF.<\/span>\n\t\t\t\t\t\t\t\t\t\t\t<\/a>\n\t\t\t\t\t\t\t\t\t<\/li>\n\t\t\t\t\t\t<\/ul>\n\t\t\t\t\t\t<\/div>\n\t\t\t\t<\/div>\n\t\t\t\t<div class=\"elementor-element elementor-element-9a9a66a elementor-widget elementor-widget-text-editor\" data-id=\"9a9a66a\" data-element_type=\"widget\" data-widget_type=\"text-editor.default\">\n\t\t\t\t<div class=\"elementor-widget-container\">\n\t\t\t\t\t\t\t\t\t<p><strong>Autora<\/strong>: Elizabeth Gaskell<br \/><strong>Editorial<\/strong>: Alba<br \/><strong>A\u00f1o<\/strong>: 2005<br \/><strong>P\u00e1ginas<\/strong>: 541<br \/><strong>ISBN<\/strong>: 8484282597<br \/><strong>Idioma<\/strong>: castellano<\/p>\t\t\t\t\t\t\t\t<\/div>\n\t\t\t\t<\/div>\n\t\t\t\t<\/div>\n\t\t\t\t\t<\/div>\n\t\t\t\t<\/div>\n\t\t<div class=\"elementor-element elementor-element-73d8ad4 e-flex e-con-boxed e-con e-parent\" data-id=\"73d8ad4\" data-element_type=\"container\">\n\t\t\t\t\t<div class=\"e-con-inner\">\n\t\t\t\t<div class=\"elementor-element elementor-element-afacd28 elementor-widget elementor-widget-text-editor\" data-id=\"afacd28\" data-element_type=\"widget\" data-widget_type=\"text-editor.default\">\n\t\t\t\t<div class=\"elementor-widget-container\">\n\t\t\t\t\t\t\t\t\t\u201cEmpec\u00e9 a trabajar en la sala de cardado (&#8230;) y la pelusa se me meti\u00f3 en los pulmones y me envenen\u00f3\u201d\n\n\t\t\t\t\t\t\t\t<\/div>\n\t\t\t\t<\/div>\n\t\t\t\t\t<\/div>\n\t\t\t\t<\/div>\n\t\t<div class=\"elementor-element elementor-element-ebf1823 e-flex e-con-boxed e-con e-parent\" data-id=\"ebf1823\" data-element_type=\"container\">\n\t\t\t\t\t<div class=\"e-con-inner\">\n\t\t\t\t<div class=\"elementor-element elementor-element-20c8ac7 elementor-widget elementor-widget-text-editor\" data-id=\"20c8ac7\" data-element_type=\"widget\" data-widget_type=\"text-editor.default\">\n\t\t\t\t<div class=\"elementor-widget-container\">\n\t\t\t\t\t\t\t\t\t<p><strong>El libro:<\/strong><\/p><p>Margaret Hale, una joven del sur de Inglaterra se ve obligada, por circunstancias familiares, a trasladarse al norte, industrial y contaminado. Para la protagonista, el sur donde naci\u00f3, simboliza el id\u00edlico mundo rural y el norte es sucio, tosco y violento. En la ciudad conocer\u00e1 a John Thornton, due\u00f1o de una f\u00e1brica textil. Entre ellos habr\u00e1 diferencias ideol\u00f3gicas y pol\u00edticas ya que Margaret reivindicar\u00e1 mejoras para los trabajadores y defender\u00e1 la lucha obrera.<\/p><p>Novela publicada entre 1854 y 1855, por entregas (22), en una revista dirigida por Charles Dickens. La autora refleja en ella los conflictos sociales y pol\u00edticos derivados de la revoluci\u00f3n industrial en Inglaterra.<\/p><p>M\u00e1s informaci\u00f3n:<\/p>\t\t\t\t\t\t\t\t<\/div>\n\t\t\t\t<\/div>\n\t\t\t\t<div class=\"elementor-element elementor-element-115a88e elementor-widget elementor-widget-text-editor\" data-id=\"115a88e\" data-element_type=\"widget\" data-widget_type=\"text-editor.default\">\n\t\t\t\t<div class=\"elementor-widget-container\">\n\t\t\t\t\t\t\t\t\t<ul><li><a href=\"https:\/\/www.revistadelibros.com\/articulos\/elizabeth-gaskell-norte-y-sur\" target=\"_blank\" rel=\"noopener\">Revista de libros<\/a><\/li><li><a href=\"http:\/\/confesionesdeunalibrofila.blogspot.com\/2013\/12\/norte-y-sur-elizabeth-gaskell.html\" target=\"_blank\" rel=\"noopener\">Confesiones de una libr\u00f3fila<\/a><\/li><li><a href=\"https:\/\/www.solodelibros.es\/norte-y-sur-elizabeth-gaskell\/\" target=\"_blank\" rel=\"noopener\">Solo de libros<\/a><\/li><li><a href=\"http:\/\/elblogdelafabula.blogspot.com\/2017\/05\/norte-y-sur-elizabeth-gaskell.html\" target=\"_blank\" rel=\"noopener\">Cu\u00e9ntame una historia<\/a><\/li><li><a href=\"https:\/\/www.youtube.com\/watch?v=SobRqB1OqJs\" target=\"_blank\" rel=\"noopener\">Ressenya a youtube<\/a><\/li><\/ul>\t\t\t\t\t\t\t\t<\/div>\n\t\t\t\t<\/div>\n\t\t\t\t\t<\/div>\n\t\t\t\t<\/div>\n\t\t<div class=\"elementor-element elementor-element-9e57e69 e-flex e-con-boxed e-con e-parent\" data-id=\"9e57e69\" data-element_type=\"container\">\n\t\t\t\t\t<div class=\"e-con-inner\">\n\t\t<div class=\"elementor-element elementor-element-81bfcb2 e-con-full e-flex e-con e-child\" data-id=\"81bfcb2\" data-element_type=\"container\">\n\t\t\t\t<div class=\"elementor-element elementor-element-70ac47b elementor-widget elementor-widget-image\" data-id=\"70ac47b\" data-element_type=\"widget\" data-widget_type=\"image.default\">\n\t\t\t\t<div class=\"elementor-widget-container\">\n\t\t\t\t\t\t\t\t\t\t\t\t\t\t\t<img decoding=\"async\" width=\"220\" height=\"301\" src=\"https:\/\/museutextil.cat\/wp-content\/uploads\/2025\/04\/autora_elizabeth_gaskell-1.jpg\" class=\"attachment-large size-large wp-image-9653\" alt=\"\" \/>\t\t\t\t\t\t\t\t\t\t\t\t\t\t\t<\/div>\n\t\t\t\t<\/div>\n\t\t\t\t<\/div>\n\t\t<div class=\"elementor-element elementor-element-6716314 e-con-full e-flex e-con e-child\" data-id=\"6716314\" data-element_type=\"container\">\n\t\t\t\t<div class=\"elementor-element elementor-element-7cd3d91 elementor-widget elementor-widget-text-editor\" data-id=\"7cd3d91\" data-element_type=\"widget\" data-widget_type=\"text-editor.default\">\n\t\t\t\t<div class=\"elementor-widget-container\">\n\t\t\t\t\t\t\t\t\t<p><strong>La autora<\/strong>: Elizabeth Gaskell<\/p><p>Elizabeth Cleghorn Gaskell (Chelsea, 1810 &#8211; Hampshire, 1865). Novelista y escritora de relatos inglesa, destac\u00f3 porqu\u00e9 en sus novelas describ\u00eda muy bien las condiciones de vida de las clases m\u00e1s humildes de la Inglaterra del siglo XIX. Eran un retrato de la sociedad del momento.<\/p><p>Empez\u00f3 a escribir en 1845, despu\u00e9s de la muerte de su \u00fanico hijo. En 1848 se public\u00f3 su primera novela, Mary Barton que tuvo un gran \u00e9xito. Coincidiendo con esto, Charles Dickens le propuso colaborar en su peri\u00f3dico, publicando as\u00ed los primeros cap\u00edtulos de la obra Cranford (1853).<\/p><ul><li>M\u00e1s informaci\u00f3n: <a href=\"http:\/\/www.lang.nagoya-u.ac.jp\/~matsuoka\/Gaskell.html\" target=\"_blank\" rel=\"noopener\">The Gaskell web<\/a><\/li><\/ul><p>Otras novelas de la autora:<\/p><ul><li>Mary Barton (1848)<\/li><li>Cranford (1851-3)<\/li><li>Ruth (1853)<\/li><li>The life of Charlotte Bront\u00eb (1857)<\/li><\/ul><p>Libros de la autora en la <a href=\"http:\/\/aladi.diba.cat\/search~S171*cat?\/agaskell%2C+elizabeth\/agaskell+elizabeth\/1%2C2%2C50%2CB\/exact&amp;FF=agaskell+elizabeth+cleghorn+1810+1865&amp;1%2C49%2C\" target=\"_blank\" rel=\"noopener\">Xarxa de Biblioteques Municipals de la Diputaci\u00f3 de Barcelona<\/a><\/p>\t\t\t\t\t\t\t\t<\/div>\n\t\t\t\t<\/div>\n\t\t\t\t<\/div>\n\t\t\t\t\t<\/div>\n\t\t\t\t<\/div>\n\t\t<div class=\"elementor-element elementor-element-bd8ce5b e-flex e-con-boxed e-con e-parent\" data-id=\"bd8ce5b\" data-element_type=\"container\">\n\t\t\t\t\t<div class=\"e-con-inner\">\n\t\t\t\t\t<\/div>\n\t\t\t\t<\/div>\n\t\t\t\t<\/div>\n\t\t","protected":false},"featured_media":9648,"template":"","meta":{"site-sidebar-layout":"no-sidebar","site-content-layout":"page-builder","ast-site-content-layout":"full-width-container","site-content-style":"default","site-sidebar-style":"default","ast-global-header-display":"","ast-banner-title-visibility":"","ast-main-header-display":"","ast-hfb-above-header-display":"","ast-hfb-below-header-display":"","ast-hfb-mobile-header-display":"","site-post-title":"disabled","ast-breadcrumbs-content":"","ast-featured-img":"disabled","footer-sml-layout":"","theme-transparent-header-meta":"","adv-header-id-meta":"","stick-header-meta":"","header-above-stick-meta":"","header-main-stick-meta":"","header-below-stick-meta":"","astra-migrate-meta-layouts":"set","ast-page-background-enabled":"default","ast-page-background-meta":{"desktop":{"background-color":"var(--ast-global-color-4)","background-image":"","background-repeat":"repeat","background-position":"center center","background-size":"auto","background-attachment":"scroll","background-type":"","background-media":"","overlay-type":"","overlay-color":"","overlay-opacity":"","overlay-gradient":""},"tablet":{"background-color":"","background-image":"","background-repeat":"repeat","background-position":"center center","background-size":"auto","background-attachment":"scroll","background-type":"","background-media":"","overlay-type":"","overlay-color":"","overlay-opacity":"","overlay-gradient":""},"mobile":{"background-color":"","background-image":"","background-repeat":"repeat","background-position":"center center","background-size":"auto","background-attachment":"scroll","background-type":"","background-media":"","overlay-type":"","overlay-color":"","overlay-opacity":"","overlay-gradient":""}},"ast-content-background-meta":{"desktop":{"background-color":"var(--ast-global-color-5)","background-image":"","background-repeat":"repeat","background-position":"center center","background-size":"auto","background-attachment":"scroll","background-type":"","background-media":"","overlay-type":"","overlay-color":"","overlay-opacity":"","overlay-gradient":""},"tablet":{"background-color":"var(--ast-global-color-5)","background-image":"","background-repeat":"repeat","background-position":"center center","background-size":"auto","background-attachment":"scroll","background-type":"","background-media":"","overlay-type":"","overlay-color":"","overlay-opacity":"","overlay-gradient":""},"mobile":{"background-color":"var(--ast-global-color-5)","background-image":"","background-repeat":"repeat","background-position":"center center","background-size":"auto","background-attachment":"scroll","background-type":"","background-media":"","overlay-type":"","overlay-color":"","overlay-opacity":"","overlay-gradient":""}}},"astra-portfolio-categories":[143],"astra-portfolio-other-categories":[],"astra-portfolio-tags":[],"class_list":["post-14618","astra-portfolio","type-astra-portfolio","status-publish","has-post-thumbnail","hentry","astra-portfolio-categories-club-fil-per-randa-es"],"astra-site-call-to-action":"","astra-site-open-in-new-tab":"0","astra-site-open-portfolio-in":"new-tab","astra-site-url":"","thumbnail-image-url":null,"thumbnail-image-meta":{"alt":"","title":""},"lightbox-image-url":null,"portfolio-type":"page","portfolio-video-url":"","request_time":0.26685500144958496,"yoast_head":"<!-- This site is optimized with the Yoast SEO plugin v25.9 - https:\/\/yoast.com\/wordpress\/plugins\/seo\/ -->\n<title>Norte y Sur - Museu T\u00e8xtil de Terrassa<\/title>\n<meta name=\"robots\" content=\"index, follow, max-snippet:-1, max-image-preview:large, max-video-preview:-1\" \/>\n<link rel=\"canonical\" href=\"https:\/\/museutextil.cat\/es\/astra-portfolio\/norte-y-sur\/\" \/>\n<meta property=\"og:locale\" content=\"es_ES\" \/>\n<meta property=\"og:type\" content=\"article\" \/>\n<meta property=\"og:title\" content=\"Norte y Sur - Museu T\u00e8xtil de Terrassa\" \/>\n<meta property=\"og:description\" content=\"Ficha del libro en PDF. Autora: Elizabeth GaskellEditorial: AlbaA\u00f1o: 2005P\u00e1ginas: 541ISBN: 8484282597Idioma: castellano \u201cEmpec\u00e9 a trabajar en la sala de cardado (...) y la pelusa se me meti\u00f3 en los pulmones y me envenen\u00f3\u201d El libro: Margaret Hale, una joven del sur de Inglaterra se ve obligada, por circunstancias familiares, a trasladarse al norte, industrial [&hellip;]\" \/>\n<meta property=\"og:url\" content=\"https:\/\/museutextil.cat\/es\/astra-portfolio\/norte-y-sur\/\" \/>\n<meta property=\"og:site_name\" content=\"Museu T\u00e8xtil de Terrassa\" \/>\n<meta property=\"article:publisher\" content=\"https:\/\/www.facebook.com\/cdmtextil\" \/>\n<meta property=\"article:modified_time\" content=\"2025-07-10T08:36:26+00:00\" \/>\n<meta property=\"og:image\" content=\"https:\/\/museutextil.cat\/wp-content\/uploads\/2025\/04\/portada_norte_y_sur-1-217x300-1.jpg\" \/>\n\t<meta property=\"og:image:width\" content=\"217\" \/>\n\t<meta property=\"og:image:height\" content=\"300\" \/>\n\t<meta property=\"og:image:type\" content=\"image\/jpeg\" \/>\n<meta name=\"twitter:card\" content=\"summary_large_image\" \/>\n<meta name=\"twitter:site\" content=\"@cdmtex\" \/>\n<meta name=\"twitter:label1\" content=\"Tiempo de lectura\" \/>\n\t<meta name=\"twitter:data1\" content=\"1 minuto\" \/>\n<script type=\"application\/ld+json\" class=\"yoast-schema-graph\">{\"@context\":\"https:\/\/schema.org\",\"@graph\":[{\"@type\":\"WebPage\",\"@id\":\"https:\/\/museutextil.cat\/es\/astra-portfolio\/norte-y-sur\/\",\"url\":\"https:\/\/museutextil.cat\/es\/astra-portfolio\/norte-y-sur\/\",\"name\":\"Norte y Sur - Museu T\u00e8xtil de Terrassa\",\"isPartOf\":{\"@id\":\"https:\/\/museutextil.cat\/es\/#website\"},\"primaryImageOfPage\":{\"@id\":\"https:\/\/museutextil.cat\/es\/astra-portfolio\/norte-y-sur\/#primaryimage\"},\"image\":{\"@id\":\"https:\/\/museutextil.cat\/es\/astra-portfolio\/norte-y-sur\/#primaryimage\"},\"thumbnailUrl\":\"https:\/\/museutextil.cat\/wp-content\/uploads\/2025\/04\/portada_norte_y_sur-1-217x300-1.jpg\",\"datePublished\":\"2025-04-30T11:12:12+00:00\",\"dateModified\":\"2025-07-10T08:36:26+00:00\",\"breadcrumb\":{\"@id\":\"https:\/\/museutextil.cat\/es\/astra-portfolio\/norte-y-sur\/#breadcrumb\"},\"inLanguage\":\"es\",\"potentialAction\":[{\"@type\":\"ReadAction\",\"target\":[\"https:\/\/museutextil.cat\/es\/astra-portfolio\/norte-y-sur\/\"]}]},{\"@type\":\"ImageObject\",\"inLanguage\":\"es\",\"@id\":\"https:\/\/museutextil.cat\/es\/astra-portfolio\/norte-y-sur\/#primaryimage\",\"url\":\"https:\/\/museutextil.cat\/wp-content\/uploads\/2025\/04\/portada_norte_y_sur-1-217x300-1.jpg\",\"contentUrl\":\"https:\/\/museutextil.cat\/wp-content\/uploads\/2025\/04\/portada_norte_y_sur-1-217x300-1.jpg\",\"width\":217,\"height\":300},{\"@type\":\"BreadcrumbList\",\"@id\":\"https:\/\/museutextil.cat\/es\/astra-portfolio\/norte-y-sur\/#breadcrumb\",\"itemListElement\":[{\"@type\":\"ListItem\",\"position\":1,\"name\":\"Inici\",\"item\":\"https:\/\/museutextil.cat\/es\/\"},{\"@type\":\"ListItem\",\"position\":2,\"name\":\"Portfolio\",\"item\":\"https:\/\/museutextil.cat\/es\/astra-portfolio\/\"},{\"@type\":\"ListItem\",\"position\":3,\"name\":\"Norte y Sur\"}]},{\"@type\":\"WebSite\",\"@id\":\"https:\/\/museutextil.cat\/es\/#website\",\"url\":\"https:\/\/museutextil.cat\/es\/\",\"name\":\"Museu T\u00e8xtil de Terrassa\",\"description\":\"Centre de documentaci\u00f3 i Museu t\u00e8xtil\",\"publisher\":{\"@id\":\"https:\/\/museutextil.cat\/es\/#organization\"},\"potentialAction\":[{\"@type\":\"SearchAction\",\"target\":{\"@type\":\"EntryPoint\",\"urlTemplate\":\"https:\/\/museutextil.cat\/es\/?s={search_term_string}\"},\"query-input\":{\"@type\":\"PropertyValueSpecification\",\"valueRequired\":true,\"valueName\":\"search_term_string\"}}],\"inLanguage\":\"es\"},{\"@type\":\"Organization\",\"@id\":\"https:\/\/museutextil.cat\/es\/#organization\",\"name\":\"Museu T\u00e8xtil de Terrassa\",\"url\":\"https:\/\/museutextil.cat\/es\/\",\"logo\":{\"@type\":\"ImageObject\",\"inLanguage\":\"es\",\"@id\":\"https:\/\/museutextil.cat\/es\/#\/schema\/logo\/image\/\",\"url\":\"https:\/\/museutextil.cat\/wp-content\/uploads\/2025\/03\/museutextil_logo_h.png\",\"contentUrl\":\"https:\/\/museutextil.cat\/wp-content\/uploads\/2025\/03\/museutextil_logo_h.png\",\"width\":500,\"height\":87,\"caption\":\"Museu T\u00e8xtil de Terrassa\"},\"image\":{\"@id\":\"https:\/\/museutextil.cat\/es\/#\/schema\/logo\/image\/\"},\"sameAs\":[\"https:\/\/www.facebook.com\/cdmtextil\",\"https:\/\/x.com\/cdmtex\",\"https:\/\/www.instagram.com\/cdmtextil\/\",\"https:\/\/www.pinterest.com\/cdmtextil\/\",\"https:\/\/www.youtube.com\/user\/CDMTextil\"]}]}<\/script>\n<!-- \/ Yoast SEO plugin. -->","yoast_head_json":{"title":"Norte y Sur - Museu T\u00e8xtil de Terrassa","robots":{"index":"index","follow":"follow","max-snippet":"max-snippet:-1","max-image-preview":"max-image-preview:large","max-video-preview":"max-video-preview:-1"},"canonical":"https:\/\/museutextil.cat\/es\/astra-portfolio\/norte-y-sur\/","og_locale":"es_ES","og_type":"article","og_title":"Norte y Sur - Museu T\u00e8xtil de Terrassa","og_description":"Ficha del libro en PDF. Autora: Elizabeth GaskellEditorial: AlbaA\u00f1o: 2005P\u00e1ginas: 541ISBN: 8484282597Idioma: castellano \u201cEmpec\u00e9 a trabajar en la sala de cardado (...) y la pelusa se me meti\u00f3 en los pulmones y me envenen\u00f3\u201d El libro: Margaret Hale, una joven del sur de Inglaterra se ve obligada, por circunstancias familiares, a trasladarse al norte, industrial [&hellip;]","og_url":"https:\/\/museutextil.cat\/es\/astra-portfolio\/norte-y-sur\/","og_site_name":"Museu T\u00e8xtil de Terrassa","article_publisher":"https:\/\/www.facebook.com\/cdmtextil","article_modified_time":"2025-07-10T08:36:26+00:00","og_image":[{"width":217,"height":300,"url":"https:\/\/museutextil.cat\/wp-content\/uploads\/2025\/04\/portada_norte_y_sur-1-217x300-1.jpg","type":"image\/jpeg"}],"twitter_card":"summary_large_image","twitter_site":"@cdmtex","twitter_misc":{"Tiempo de lectura":"1 minuto"},"schema":{"@context":"https:\/\/schema.org","@graph":[{"@type":"WebPage","@id":"https:\/\/museutextil.cat\/es\/astra-portfolio\/norte-y-sur\/","url":"https:\/\/museutextil.cat\/es\/astra-portfolio\/norte-y-sur\/","name":"Norte y Sur - Museu T\u00e8xtil de Terrassa","isPartOf":{"@id":"https:\/\/museutextil.cat\/es\/#website"},"primaryImageOfPage":{"@id":"https:\/\/museutextil.cat\/es\/astra-portfolio\/norte-y-sur\/#primaryimage"},"image":{"@id":"https:\/\/museutextil.cat\/es\/astra-portfolio\/norte-y-sur\/#primaryimage"},"thumbnailUrl":"https:\/\/museutextil.cat\/wp-content\/uploads\/2025\/04\/portada_norte_y_sur-1-217x300-1.jpg","datePublished":"2025-04-30T11:12:12+00:00","dateModified":"2025-07-10T08:36:26+00:00","breadcrumb":{"@id":"https:\/\/museutextil.cat\/es\/astra-portfolio\/norte-y-sur\/#breadcrumb"},"inLanguage":"es","potentialAction":[{"@type":"ReadAction","target":["https:\/\/museutextil.cat\/es\/astra-portfolio\/norte-y-sur\/"]}]},{"@type":"ImageObject","inLanguage":"es","@id":"https:\/\/museutextil.cat\/es\/astra-portfolio\/norte-y-sur\/#primaryimage","url":"https:\/\/museutextil.cat\/wp-content\/uploads\/2025\/04\/portada_norte_y_sur-1-217x300-1.jpg","contentUrl":"https:\/\/museutextil.cat\/wp-content\/uploads\/2025\/04\/portada_norte_y_sur-1-217x300-1.jpg","width":217,"height":300},{"@type":"BreadcrumbList","@id":"https:\/\/museutextil.cat\/es\/astra-portfolio\/norte-y-sur\/#breadcrumb","itemListElement":[{"@type":"ListItem","position":1,"name":"Inici","item":"https:\/\/museutextil.cat\/es\/"},{"@type":"ListItem","position":2,"name":"Portfolio","item":"https:\/\/museutextil.cat\/es\/astra-portfolio\/"},{"@type":"ListItem","position":3,"name":"Norte y Sur"}]},{"@type":"WebSite","@id":"https:\/\/museutextil.cat\/es\/#website","url":"https:\/\/museutextil.cat\/es\/","name":"Museu T\u00e8xtil de Terrassa","description":"Centre de documentaci\u00f3 i Museu t\u00e8xtil","publisher":{"@id":"https:\/\/museutextil.cat\/es\/#organization"},"potentialAction":[{"@type":"SearchAction","target":{"@type":"EntryPoint","urlTemplate":"https:\/\/museutextil.cat\/es\/?s={search_term_string}"},"query-input":{"@type":"PropertyValueSpecification","valueRequired":true,"valueName":"search_term_string"}}],"inLanguage":"es"},{"@type":"Organization","@id":"https:\/\/museutextil.cat\/es\/#organization","name":"Museu T\u00e8xtil de Terrassa","url":"https:\/\/museutextil.cat\/es\/","logo":{"@type":"ImageObject","inLanguage":"es","@id":"https:\/\/museutextil.cat\/es\/#\/schema\/logo\/image\/","url":"https:\/\/museutextil.cat\/wp-content\/uploads\/2025\/03\/museutextil_logo_h.png","contentUrl":"https:\/\/museutextil.cat\/wp-content\/uploads\/2025\/03\/museutextil_logo_h.png","width":500,"height":87,"caption":"Museu T\u00e8xtil de Terrassa"},"image":{"@id":"https:\/\/museutextil.cat\/es\/#\/schema\/logo\/image\/"},"sameAs":["https:\/\/www.facebook.com\/cdmtextil","https:\/\/x.com\/cdmtex","https:\/\/www.instagram.com\/cdmtextil\/","https:\/\/www.pinterest.com\/cdmtextil\/","https:\/\/www.youtube.com\/user\/CDMTextil"]}]}},"_links":{"self":[{"href":"https:\/\/museutextil.cat\/es\/wp-json\/wp\/v2\/astra-portfolio\/14618","targetHints":{"allow":["GET"]}}],"collection":[{"href":"https:\/\/museutextil.cat\/es\/wp-json\/wp\/v2\/astra-portfolio"}],"about":[{"href":"https:\/\/museutextil.cat\/es\/wp-json\/wp\/v2\/types\/astra-portfolio"}],"version-history":[{"count":0,"href":"https:\/\/museutextil.cat\/es\/wp-json\/wp\/v2\/astra-portfolio\/14618\/revisions"}],"wp:featuredmedia":[{"embeddable":true,"href":"https:\/\/museutextil.cat\/es\/wp-json\/wp\/v2\/media\/9648"}],"wp:attachment":[{"href":"https:\/\/museutextil.cat\/es\/wp-json\/wp\/v2\/media?parent=14618"}],"wp:term":[{"taxonomy":"astra-portfolio-categories","embeddable":true,"href":"https:\/\/museutextil.cat\/es\/wp-json\/wp\/v2\/astra-portfolio-categories?post=14618"},{"taxonomy":"astra-portfolio-other-categories","embeddable":true,"href":"https:\/\/museutextil.cat\/es\/wp-json\/wp\/v2\/astra-portfolio-other-categories?post=14618"},{"taxonomy":"astra-portfolio-tags","embeddable":true,"href":"https:\/\/museutextil.cat\/es\/wp-json\/wp\/v2\/astra-portfolio-tags?post=14618"}],"curies":[{"name":"wp","href":"https:\/\/api.w.org\/{rel}","templated":true}]}}