{"id":14704,"date":"2025-04-30T15:11:25","date_gmt":"2025-04-30T13:11:25","guid":{"rendered":"https:\/\/museutextil.cat\/astra-portfolio\/el-cosidor-derrades\/"},"modified":"2025-07-10T11:12:48","modified_gmt":"2025-07-10T09:12:48","slug":"el-cosidor-derrades","status":"publish","type":"astra-portfolio","link":"https:\/\/museutextil.cat\/es\/astra-portfolio\/el-cosidor-derrades\/","title":{"rendered":"El cosidor d\u2019errades"},"content":{"rendered":"\t\t<div data-elementor-type=\"wp-post\" data-elementor-id=\"14704\" class=\"elementor elementor-14704 elementor-9751\" data-elementor-post-type=\"astra-portfolio\">\n\t\t\t\t<div class=\"elementor-element elementor-element-093fad8 e-flex e-con-boxed e-con e-parent\" data-id=\"093fad8\" data-element_type=\"container\">\n\t\t\t\t\t<div class=\"e-con-inner\">\n\t\t<div class=\"elementor-element elementor-element-d6f65c5 e-con-full e-flex e-con e-child\" data-id=\"d6f65c5\" data-element_type=\"container\">\n\t\t\t\t<div class=\"elementor-element elementor-element-e29733b elementor-widget elementor-widget-image\" data-id=\"e29733b\" data-element_type=\"widget\" data-widget_type=\"image.default\">\n\t\t\t\t<div class=\"elementor-widget-container\">\n\t\t\t\t\t\t\t\t\t\t\t\t\t\t\t<img fetchpriority=\"high\" decoding=\"async\" width=\"198\" height=\"300\" src=\"https:\/\/museutextil.cat\/wp-content\/uploads\/2025\/04\/cosidor_errades-198x300-1.jpg\" class=\"attachment-large size-large wp-image-9753\" alt=\"\" \/>\t\t\t\t\t\t\t\t\t\t\t\t\t\t\t<\/div>\n\t\t\t\t<\/div>\n\t\t\t\t<\/div>\n\t\t<div class=\"elementor-element elementor-element-364d359 e-con-full e-flex e-con e-child\" data-id=\"364d359\" data-element_type=\"container\">\n\t\t\t\t<div class=\"elementor-element elementor-element-af805d3 elementor-icon-list--layout-traditional elementor-list-item-link-full_width elementor-widget elementor-widget-icon-list\" data-id=\"af805d3\" data-element_type=\"widget\" data-widget_type=\"icon-list.default\">\n\t\t\t\t<div class=\"elementor-widget-container\">\n\t\t\t\t\t\t\t<ul class=\"elementor-icon-list-items\">\n\t\t\t\t\t\t\t<li class=\"elementor-icon-list-item\">\n\t\t\t\t\t\t\t\t\t\t\t<a href=\"https:\/\/museutextil.cat\/wp-content\/uploads\/2025\/07\/cosidor_cas.pdf\">\n\n\t\t\t\t\t\t\t\t\t\t\t\t<span class=\"elementor-icon-list-icon\">\n\t\t\t\t\t\t\t<svg aria-hidden=\"true\" class=\"e-font-icon-svg e-far-file-pdf\" viewBox=\"0 0 384 512\" xmlns=\"http:\/\/www.w3.org\/2000\/svg\"><path d=\"M369.9 97.9L286 14C277 5 264.8-.1 252.1-.1H48C21.5 0 0 21.5 0 48v416c0 26.5 21.5 48 48 48h288c26.5 0 48-21.5 48-48V131.9c0-12.7-5.1-25-14.1-34zM332.1 128H256V51.9l76.1 76.1zM48 464V48h160v104c0 13.3 10.7 24 24 24h104v288H48zm250.2-143.7c-12.2-12-47-8.7-64.4-6.5-17.2-10.5-28.7-25-36.8-46.3 3.9-16.1 10.1-40.6 5.4-56-4.2-26.2-37.8-23.6-42.6-5.9-4.4 16.1-.4 38.5 7 67.1-10 23.9-24.9 56-35.4 74.4-20 10.3-47 26.2-51 46.2-3.3 15.8 26 55.2 76.1-31.2 22.4-7.4 46.8-16.5 68.4-20.1 18.9 10.2 41 17 55.8 17 25.5 0 28-28.2 17.5-38.7zm-198.1 77.8c5.1-13.7 24.5-29.5 30.4-35-19 30.3-30.4 35.7-30.4 35zm81.6-190.6c7.4 0 6.7 32.1 1.8 40.8-4.4-13.9-4.3-40.8-1.8-40.8zm-24.4 136.6c9.7-16.9 18-37 24.7-54.7 8.3 15.1 18.9 27.2 30.1 35.5-20.8 4.3-38.9 13.1-54.8 19.2zm131.6-5s-5 6-37.3-7.8c35.1-2.6 40.9 5.4 37.3 7.8z\"><\/path><\/svg>\t\t\t\t\t\t<\/span>\n\t\t\t\t\t\t\t\t\t\t<span class=\"elementor-icon-list-text\">Ficha del libro en PDF.<\/span>\n\t\t\t\t\t\t\t\t\t\t\t<\/a>\n\t\t\t\t\t\t\t\t\t<\/li>\n\t\t\t\t\t\t\t\t<li class=\"elementor-icon-list-item\">\n\t\t\t\t\t\t\t\t\t\t\t<a href=\"https:\/\/museutextil.cat\/wp-content\/uploads\/2025\/07\/ruta_literaria_cosidor_errades_cat.pdf\" target=\"_blank\">\n\n\t\t\t\t\t\t\t\t\t\t\t\t<span class=\"elementor-icon-list-icon\">\n\t\t\t\t\t\t\t<svg aria-hidden=\"true\" class=\"e-font-icon-svg e-fas-map-marked-alt\" viewBox=\"0 0 576 512\" xmlns=\"http:\/\/www.w3.org\/2000\/svg\"><path d=\"M288 0c-69.59 0-126 56.41-126 126 0 56.26 82.35 158.8 113.9 196.02 6.39 7.54 17.82 7.54 24.2 0C331.65 284.8 414 182.26 414 126 414 56.41 357.59 0 288 0zm0 168c-23.2 0-42-18.8-42-42s18.8-42 42-42 42 18.8 42 42-18.8 42-42 42zM20.12 215.95A32.006 32.006 0 0 0 0 245.66v250.32c0 11.32 11.43 19.06 21.94 14.86L160 448V214.92c-8.84-15.98-16.07-31.54-21.25-46.42L20.12 215.95zM288 359.67c-14.07 0-27.38-6.18-36.51-16.96-19.66-23.2-40.57-49.62-59.49-76.72v182l192 64V266c-18.92 27.09-39.82 53.52-59.49 76.72-9.13 10.77-22.44 16.95-36.51 16.95zm266.06-198.51L416 224v288l139.88-55.95A31.996 31.996 0 0 0 576 426.34V176.02c0-11.32-11.43-19.06-21.94-14.86z\"><\/path><\/svg>\t\t\t\t\t\t<\/span>\n\t\t\t\t\t\t\t\t\t\t<span class=\"elementor-icon-list-text\">Ruta literaria organizada por la Bct Terrassa, en PDF.<\/span>\n\t\t\t\t\t\t\t\t\t\t\t<\/a>\n\t\t\t\t\t\t\t\t\t<\/li>\n\t\t\t\t\t\t<\/ul>\n\t\t\t\t\t\t<\/div>\n\t\t\t\t<\/div>\n\t\t\t\t<div class=\"elementor-element elementor-element-9a9a66a elementor-widget elementor-widget-text-editor\" data-id=\"9a9a66a\" data-element_type=\"widget\" data-widget_type=\"text-editor.default\">\n\t\t\t\t<div class=\"elementor-widget-container\">\n\t\t\t\t\t\t\t\t\t<p><strong>Autora<\/strong>: Tessa Juli\u00e0<br \/><strong>Editorial<\/strong>: Gregal<br \/><strong>A\u00f1o<\/strong>: 2014<br \/><strong>P\u00e1ginas<\/strong>: 196<br \/><strong>ISBN<\/strong>: 9788494233005<br \/><strong>Idioma<\/strong>: catal\u00e1n<\/p>\t\t\t\t\t\t\t\t<\/div>\n\t\t\t\t<\/div>\n\t\t\t\t<\/div>\n\t\t\t\t\t<\/div>\n\t\t\t\t<\/div>\n\t\t<div class=\"elementor-element elementor-element-73d8ad4 e-flex e-con-boxed e-con e-parent\" data-id=\"73d8ad4\" data-element_type=\"container\">\n\t\t\t\t\t<div class=\"e-con-inner\">\n\t\t\t\t<div class=\"elementor-element elementor-element-afacd28 elementor-widget elementor-widget-text-editor\" data-id=\"afacd28\" data-element_type=\"widget\" data-widget_type=\"text-editor.default\">\n\t\t\t\t<div class=\"elementor-widget-container\">\n\t\t\t\t\t\t\t\t\t\u201cs\u2019hi endormiscava bressolat pel tric-trac dels telers del carrer de baix tapat per la pe\u00e7a de llana que repassava\u2026\u201d\t\t\t\t\t\t\t\t<\/div>\n\t\t\t\t<\/div>\n\t\t\t\t\t<\/div>\n\t\t\t\t<\/div>\n\t\t<div class=\"elementor-element elementor-element-ebf1823 e-flex e-con-boxed e-con e-parent\" data-id=\"ebf1823\" data-element_type=\"container\">\n\t\t\t\t\t<div class=\"e-con-inner\">\n\t\t\t\t<div class=\"elementor-element elementor-element-20c8ac7 elementor-widget elementor-widget-text-editor\" data-id=\"20c8ac7\" data-element_type=\"widget\" data-widget_type=\"text-editor.default\">\n\t\t\t\t<div class=\"elementor-widget-container\">\n\t\t\t\t\t\t\t\t\t<p><strong>El libro:<\/strong> Explica la historia de un personaje que nace y crece en la Terrassa de los a\u00f1os grises, en un ambiente familiar y social que marcar\u00e1 su vida. Las decisiones que tomar\u00e1 de adulto quedar\u00e1n determinadas por esta infancia de manera que tendr\u00e1 que mantener una lucha interna por demostrarse a s\u00ed mismo que es capaz de cambiar, de decidir por s\u00ed solo, de superar los obst\u00e1culos, de romper el determinismo fatalista. Novela ambientada en la Terrassa industrial de los a\u00f1os 60 y 70.<\/p><p>M\u00e1s informaci\u00f3n:<\/p>\t\t\t\t\t\t\t\t<\/div>\n\t\t\t\t<\/div>\n\t\t\t\t<div class=\"elementor-element elementor-element-115a88e elementor-widget elementor-widget-text-editor\" data-id=\"115a88e\" data-element_type=\"widget\" data-widget_type=\"text-editor.default\">\n\t\t\t\t<div class=\"elementor-widget-container\">\n\t\t\t\t\t\t\t\t\t<ul><li><a href=\"https:\/\/www.facebook.com\/elcosidorderrades\/\" target=\"_blank\" rel=\"noopener\">Facebook El cosidor d\u2019errades<\/a><\/li><li><a href=\"http:\/\/tessajulia.cat\/portfolio\/el-cosidor-derrades\" target=\"_blank\" rel=\"noopener\">Web autora<\/a><\/li><\/ul>\t\t\t\t\t\t\t\t<\/div>\n\t\t\t\t<\/div>\n\t\t\t\t\t<\/div>\n\t\t\t\t<\/div>\n\t\t<div class=\"elementor-element elementor-element-9e57e69 e-flex e-con-boxed e-con e-parent\" data-id=\"9e57e69\" data-element_type=\"container\">\n\t\t\t\t\t<div class=\"e-con-inner\">\n\t\t<div class=\"elementor-element elementor-element-81bfcb2 e-con-full e-flex e-con e-child\" data-id=\"81bfcb2\" data-element_type=\"container\">\n\t\t\t\t<div class=\"elementor-element elementor-element-70ac47b elementor-widget elementor-widget-image\" data-id=\"70ac47b\" data-element_type=\"widget\" data-widget_type=\"image.default\">\n\t\t\t\t<div class=\"elementor-widget-container\">\n\t\t\t\t\t\t\t\t\t\t\t\t\t\t\t<img decoding=\"async\" width=\"183\" height=\"275\" src=\"https:\/\/museutextil.cat\/wp-content\/uploads\/2025\/04\/Autora_Tessa-Julia.jpg\" class=\"attachment-large size-large wp-image-9757\" alt=\"\" \/>\t\t\t\t\t\t\t\t\t\t\t\t\t\t\t<\/div>\n\t\t\t\t<\/div>\n\t\t\t\t<\/div>\n\t\t<div class=\"elementor-element elementor-element-6716314 e-con-full e-flex e-con e-child\" data-id=\"6716314\" data-element_type=\"container\">\n\t\t\t\t<div class=\"elementor-element elementor-element-7cd3d91 elementor-widget elementor-widget-text-editor\" data-id=\"7cd3d91\" data-element_type=\"widget\" data-widget_type=\"text-editor.default\">\n\t\t\t\t<div class=\"elementor-widget-container\">\n\t\t\t\t\t\t\t\t\t<p><strong>La autora<\/strong>: Tessa Juli\u00e0 Dinar\u00e9s<\/p><p>(Matadepera, 1952). Licenciada en Pedagog\u00eda y en Artes Dram\u00e1ticas en la Universidad de Barcelona, y formada en Artes Escritas en la Aula de Letras. Catedr\u00e1tica de Psicopedagog\u00eda. Dedicada al mundo de la docencia en diferentes \u00e1mbitos, desde la ense\u00f1anza preescolar hasta la universitaria. En 2011 recibi\u00f3 un acc\u00e9sit del Premi Fiter i Rossell de novela otorgado por el Gobierno de Andorra.<\/p><p>El cosidor d\u2019errades es su primera novela para adulto<\/p><ul><li><a href=\"http:\/\/tessajulia.cat\/sobre-mi\" target=\"_blank\" rel=\"noopener\">http:\/\/tessajulia.cat\/sobre-mi<\/a><\/li><li><a href=\"https:\/\/ca-es.facebook.com\/teresa.juliadinares\" target=\"_blank\" rel=\"noopener\">Facebook<\/a><\/li><\/ul><p>Otros libros de la autora:<\/p><ul><li>Em vaig casar amb els meus pares. Animallibres, 2011. Literatura infantil.<\/li><li>Un secret a les butxaques. Animallibres, 2013. Literatura infantil.<\/li><li>Altres publicacions: <a href=\"http:\/\/tessajulia.cat\/obra\" target=\"_blank\" rel=\"noopener\">http:\/\/tessajulia.cat\/obra<\/a><\/li><\/ul><p>Libros de la autora en la <a href=\"http:\/\/sinera.diba.cat\/search~S171*cat\/a?Juli%7bu00E0%7d+i+Dinar%7bu00E8%7ds%2C+Tessa\" target=\"_blank\" rel=\"noopener\">Xarxa de Biblioteques Municipals de la Diputaci\u00f3 de Barcelona<\/a><\/p>\t\t\t\t\t\t\t\t<\/div>\n\t\t\t\t<\/div>\n\t\t\t\t<\/div>\n\t\t\t\t\t<\/div>\n\t\t\t\t<\/div>\n\t\t<div class=\"elementor-element elementor-element-bd8ce5b e-flex e-con-boxed e-con e-parent\" data-id=\"bd8ce5b\" data-element_type=\"container\">\n\t\t\t\t\t<div class=\"e-con-inner\">\n\t\t\t\t\t<\/div>\n\t\t\t\t<\/div>\n\t\t\t\t<\/div>\n\t\t","protected":false},"featured_media":9753,"template":"","meta":{"site-sidebar-layout":"no-sidebar","site-content-layout":"page-builder","ast-site-content-layout":"full-width-container","site-content-style":"default","site-sidebar-style":"default","ast-global-header-display":"","ast-banner-title-visibility":"","ast-main-header-display":"","ast-hfb-above-header-display":"","ast-hfb-below-header-display":"","ast-hfb-mobile-header-display":"","site-post-title":"disabled","ast-breadcrumbs-content":"","ast-featured-img":"disabled","footer-sml-layout":"","theme-transparent-header-meta":"","adv-header-id-meta":"","stick-header-meta":"","header-above-stick-meta":"","header-main-stick-meta":"","header-below-stick-meta":"","astra-migrate-meta-layouts":"set","ast-page-background-enabled":"default","ast-page-background-meta":{"desktop":{"background-color":"var(--ast-global-color-4)","background-image":"","background-repeat":"repeat","background-position":"center center","background-size":"auto","background-attachment":"scroll","background-type":"","background-media":"","overlay-type":"","overlay-color":"","overlay-opacity":"","overlay-gradient":""},"tablet":{"background-color":"","background-image":"","background-repeat":"repeat","background-position":"center center","background-size":"auto","background-attachment":"scroll","background-type":"","background-media":"","overlay-type":"","overlay-color":"","overlay-opacity":"","overlay-gradient":""},"mobile":{"background-color":"","background-image":"","background-repeat":"repeat","background-position":"center center","background-size":"auto","background-attachment":"scroll","background-type":"","background-media":"","overlay-type":"","overlay-color":"","overlay-opacity":"","overlay-gradient":""}},"ast-content-background-meta":{"desktop":{"background-color":"var(--ast-global-color-5)","background-image":"","background-repeat":"repeat","background-position":"center center","background-size":"auto","background-attachment":"scroll","background-type":"","background-media":"","overlay-type":"","overlay-color":"","overlay-opacity":"","overlay-gradient":""},"tablet":{"background-color":"var(--ast-global-color-5)","background-image":"","background-repeat":"repeat","background-position":"center center","background-size":"auto","background-attachment":"scroll","background-type":"","background-media":"","overlay-type":"","overlay-color":"","overlay-opacity":"","overlay-gradient":""},"mobile":{"background-color":"var(--ast-global-color-5)","background-image":"","background-repeat":"repeat","background-position":"center center","background-size":"auto","background-attachment":"scroll","background-type":"","background-media":"","overlay-type":"","overlay-color":"","overlay-opacity":"","overlay-gradient":""}}},"astra-portfolio-categories":[143],"astra-portfolio-other-categories":[],"astra-portfolio-tags":[],"class_list":["post-14704","astra-portfolio","type-astra-portfolio","status-publish","has-post-thumbnail","hentry","astra-portfolio-categories-club-fil-per-randa-es"],"astra-site-call-to-action":"","astra-site-open-in-new-tab":"0","astra-site-open-portfolio-in":"new-tab","astra-site-url":"","thumbnail-image-url":null,"thumbnail-image-meta":{"alt":"","title":""},"lightbox-image-url":null,"portfolio-type":"page","portfolio-video-url":"","request_time":0.2664949893951416,"yoast_head":"<!-- This site is optimized with the Yoast SEO plugin v25.9 - https:\/\/yoast.com\/wordpress\/plugins\/seo\/ -->\n<title>El cosidor d\u2019errades - Museu T\u00e8xtil de Terrassa<\/title>\n<meta name=\"robots\" content=\"index, follow, max-snippet:-1, max-image-preview:large, max-video-preview:-1\" \/>\n<link rel=\"canonical\" href=\"https:\/\/museutextil.cat\/es\/astra-portfolio\/el-cosidor-derrades\/\" \/>\n<meta property=\"og:locale\" content=\"es_ES\" \/>\n<meta property=\"og:type\" content=\"article\" \/>\n<meta property=\"og:title\" content=\"El cosidor d\u2019errades - Museu T\u00e8xtil de Terrassa\" \/>\n<meta property=\"og:description\" content=\"Ficha del libro en PDF. Ruta literaria organizada por la Bct Terrassa, en PDF. Autora: Tessa Juli\u00e0Editorial: GregalA\u00f1o: 2014P\u00e1ginas: 196ISBN: 9788494233005Idioma: catal\u00e1n \u201cs\u2019hi endormiscava bressolat pel tric-trac dels telers del carrer de baix tapat per la pe\u00e7a de llana que repassava\u2026\u201d El libro: Explica la historia de un personaje que nace y crece en la [&hellip;]\" \/>\n<meta property=\"og:url\" content=\"https:\/\/museutextil.cat\/es\/astra-portfolio\/el-cosidor-derrades\/\" \/>\n<meta property=\"og:site_name\" content=\"Museu T\u00e8xtil de Terrassa\" \/>\n<meta property=\"article:publisher\" content=\"https:\/\/www.facebook.com\/cdmtextil\" \/>\n<meta property=\"article:modified_time\" content=\"2025-07-10T09:12:48+00:00\" \/>\n<meta property=\"og:image\" content=\"https:\/\/museutextil.cat\/wp-content\/uploads\/2025\/04\/cosidor_errades-198x300-1.jpg\" \/>\n\t<meta property=\"og:image:width\" content=\"198\" \/>\n\t<meta property=\"og:image:height\" content=\"300\" \/>\n\t<meta property=\"og:image:type\" content=\"image\/jpeg\" \/>\n<meta name=\"twitter:card\" content=\"summary_large_image\" \/>\n<meta name=\"twitter:site\" content=\"@cdmtex\" \/>\n<meta name=\"twitter:label1\" content=\"Tiempo de lectura\" \/>\n\t<meta name=\"twitter:data1\" content=\"1 minuto\" \/>\n<script type=\"application\/ld+json\" class=\"yoast-schema-graph\">{\"@context\":\"https:\/\/schema.org\",\"@graph\":[{\"@type\":\"WebPage\",\"@id\":\"https:\/\/museutextil.cat\/es\/astra-portfolio\/el-cosidor-derrades\/\",\"url\":\"https:\/\/museutextil.cat\/es\/astra-portfolio\/el-cosidor-derrades\/\",\"name\":\"El cosidor d\u2019errades - Museu T\u00e8xtil de Terrassa\",\"isPartOf\":{\"@id\":\"https:\/\/museutextil.cat\/es\/#website\"},\"primaryImageOfPage\":{\"@id\":\"https:\/\/museutextil.cat\/es\/astra-portfolio\/el-cosidor-derrades\/#primaryimage\"},\"image\":{\"@id\":\"https:\/\/museutextil.cat\/es\/astra-portfolio\/el-cosidor-derrades\/#primaryimage\"},\"thumbnailUrl\":\"https:\/\/museutextil.cat\/wp-content\/uploads\/2025\/04\/cosidor_errades-198x300-1.jpg\",\"datePublished\":\"2025-04-30T13:11:25+00:00\",\"dateModified\":\"2025-07-10T09:12:48+00:00\",\"breadcrumb\":{\"@id\":\"https:\/\/museutextil.cat\/es\/astra-portfolio\/el-cosidor-derrades\/#breadcrumb\"},\"inLanguage\":\"es\",\"potentialAction\":[{\"@type\":\"ReadAction\",\"target\":[\"https:\/\/museutextil.cat\/es\/astra-portfolio\/el-cosidor-derrades\/\"]}]},{\"@type\":\"ImageObject\",\"inLanguage\":\"es\",\"@id\":\"https:\/\/museutextil.cat\/es\/astra-portfolio\/el-cosidor-derrades\/#primaryimage\",\"url\":\"https:\/\/museutextil.cat\/wp-content\/uploads\/2025\/04\/cosidor_errades-198x300-1.jpg\",\"contentUrl\":\"https:\/\/museutextil.cat\/wp-content\/uploads\/2025\/04\/cosidor_errades-198x300-1.jpg\",\"width\":198,\"height\":300},{\"@type\":\"BreadcrumbList\",\"@id\":\"https:\/\/museutextil.cat\/es\/astra-portfolio\/el-cosidor-derrades\/#breadcrumb\",\"itemListElement\":[{\"@type\":\"ListItem\",\"position\":1,\"name\":\"Inici\",\"item\":\"https:\/\/museutextil.cat\/es\/\"},{\"@type\":\"ListItem\",\"position\":2,\"name\":\"Portfolio\",\"item\":\"https:\/\/museutextil.cat\/es\/astra-portfolio\/\"},{\"@type\":\"ListItem\",\"position\":3,\"name\":\"El cosidor d\u2019errades\"}]},{\"@type\":\"WebSite\",\"@id\":\"https:\/\/museutextil.cat\/es\/#website\",\"url\":\"https:\/\/museutextil.cat\/es\/\",\"name\":\"Museu T\u00e8xtil de Terrassa\",\"description\":\"Centre de documentaci\u00f3 i Museu t\u00e8xtil\",\"publisher\":{\"@id\":\"https:\/\/museutextil.cat\/es\/#organization\"},\"potentialAction\":[{\"@type\":\"SearchAction\",\"target\":{\"@type\":\"EntryPoint\",\"urlTemplate\":\"https:\/\/museutextil.cat\/es\/?s={search_term_string}\"},\"query-input\":{\"@type\":\"PropertyValueSpecification\",\"valueRequired\":true,\"valueName\":\"search_term_string\"}}],\"inLanguage\":\"es\"},{\"@type\":\"Organization\",\"@id\":\"https:\/\/museutextil.cat\/es\/#organization\",\"name\":\"Museu T\u00e8xtil de Terrassa\",\"url\":\"https:\/\/museutextil.cat\/es\/\",\"logo\":{\"@type\":\"ImageObject\",\"inLanguage\":\"es\",\"@id\":\"https:\/\/museutextil.cat\/es\/#\/schema\/logo\/image\/\",\"url\":\"https:\/\/museutextil.cat\/wp-content\/uploads\/2025\/03\/museutextil_logo_h.png\",\"contentUrl\":\"https:\/\/museutextil.cat\/wp-content\/uploads\/2025\/03\/museutextil_logo_h.png\",\"width\":500,\"height\":87,\"caption\":\"Museu T\u00e8xtil de Terrassa\"},\"image\":{\"@id\":\"https:\/\/museutextil.cat\/es\/#\/schema\/logo\/image\/\"},\"sameAs\":[\"https:\/\/www.facebook.com\/cdmtextil\",\"https:\/\/x.com\/cdmtex\",\"https:\/\/www.instagram.com\/cdmtextil\/\",\"https:\/\/www.pinterest.com\/cdmtextil\/\",\"https:\/\/www.youtube.com\/user\/CDMTextil\"]}]}<\/script>\n<!-- \/ Yoast SEO plugin. -->","yoast_head_json":{"title":"El cosidor d\u2019errades - Museu T\u00e8xtil de Terrassa","robots":{"index":"index","follow":"follow","max-snippet":"max-snippet:-1","max-image-preview":"max-image-preview:large","max-video-preview":"max-video-preview:-1"},"canonical":"https:\/\/museutextil.cat\/es\/astra-portfolio\/el-cosidor-derrades\/","og_locale":"es_ES","og_type":"article","og_title":"El cosidor d\u2019errades - Museu T\u00e8xtil de Terrassa","og_description":"Ficha del libro en PDF. Ruta literaria organizada por la Bct Terrassa, en PDF. Autora: Tessa Juli\u00e0Editorial: GregalA\u00f1o: 2014P\u00e1ginas: 196ISBN: 9788494233005Idioma: catal\u00e1n \u201cs\u2019hi endormiscava bressolat pel tric-trac dels telers del carrer de baix tapat per la pe\u00e7a de llana que repassava\u2026\u201d El libro: Explica la historia de un personaje que nace y crece en la [&hellip;]","og_url":"https:\/\/museutextil.cat\/es\/astra-portfolio\/el-cosidor-derrades\/","og_site_name":"Museu T\u00e8xtil de Terrassa","article_publisher":"https:\/\/www.facebook.com\/cdmtextil","article_modified_time":"2025-07-10T09:12:48+00:00","og_image":[{"width":198,"height":300,"url":"https:\/\/museutextil.cat\/wp-content\/uploads\/2025\/04\/cosidor_errades-198x300-1.jpg","type":"image\/jpeg"}],"twitter_card":"summary_large_image","twitter_site":"@cdmtex","twitter_misc":{"Tiempo de lectura":"1 minuto"},"schema":{"@context":"https:\/\/schema.org","@graph":[{"@type":"WebPage","@id":"https:\/\/museutextil.cat\/es\/astra-portfolio\/el-cosidor-derrades\/","url":"https:\/\/museutextil.cat\/es\/astra-portfolio\/el-cosidor-derrades\/","name":"El cosidor d\u2019errades - Museu T\u00e8xtil de Terrassa","isPartOf":{"@id":"https:\/\/museutextil.cat\/es\/#website"},"primaryImageOfPage":{"@id":"https:\/\/museutextil.cat\/es\/astra-portfolio\/el-cosidor-derrades\/#primaryimage"},"image":{"@id":"https:\/\/museutextil.cat\/es\/astra-portfolio\/el-cosidor-derrades\/#primaryimage"},"thumbnailUrl":"https:\/\/museutextil.cat\/wp-content\/uploads\/2025\/04\/cosidor_errades-198x300-1.jpg","datePublished":"2025-04-30T13:11:25+00:00","dateModified":"2025-07-10T09:12:48+00:00","breadcrumb":{"@id":"https:\/\/museutextil.cat\/es\/astra-portfolio\/el-cosidor-derrades\/#breadcrumb"},"inLanguage":"es","potentialAction":[{"@type":"ReadAction","target":["https:\/\/museutextil.cat\/es\/astra-portfolio\/el-cosidor-derrades\/"]}]},{"@type":"ImageObject","inLanguage":"es","@id":"https:\/\/museutextil.cat\/es\/astra-portfolio\/el-cosidor-derrades\/#primaryimage","url":"https:\/\/museutextil.cat\/wp-content\/uploads\/2025\/04\/cosidor_errades-198x300-1.jpg","contentUrl":"https:\/\/museutextil.cat\/wp-content\/uploads\/2025\/04\/cosidor_errades-198x300-1.jpg","width":198,"height":300},{"@type":"BreadcrumbList","@id":"https:\/\/museutextil.cat\/es\/astra-portfolio\/el-cosidor-derrades\/#breadcrumb","itemListElement":[{"@type":"ListItem","position":1,"name":"Inici","item":"https:\/\/museutextil.cat\/es\/"},{"@type":"ListItem","position":2,"name":"Portfolio","item":"https:\/\/museutextil.cat\/es\/astra-portfolio\/"},{"@type":"ListItem","position":3,"name":"El cosidor d\u2019errades"}]},{"@type":"WebSite","@id":"https:\/\/museutextil.cat\/es\/#website","url":"https:\/\/museutextil.cat\/es\/","name":"Museu T\u00e8xtil de Terrassa","description":"Centre de documentaci\u00f3 i Museu t\u00e8xtil","publisher":{"@id":"https:\/\/museutextil.cat\/es\/#organization"},"potentialAction":[{"@type":"SearchAction","target":{"@type":"EntryPoint","urlTemplate":"https:\/\/museutextil.cat\/es\/?s={search_term_string}"},"query-input":{"@type":"PropertyValueSpecification","valueRequired":true,"valueName":"search_term_string"}}],"inLanguage":"es"},{"@type":"Organization","@id":"https:\/\/museutextil.cat\/es\/#organization","name":"Museu T\u00e8xtil de Terrassa","url":"https:\/\/museutextil.cat\/es\/","logo":{"@type":"ImageObject","inLanguage":"es","@id":"https:\/\/museutextil.cat\/es\/#\/schema\/logo\/image\/","url":"https:\/\/museutextil.cat\/wp-content\/uploads\/2025\/03\/museutextil_logo_h.png","contentUrl":"https:\/\/museutextil.cat\/wp-content\/uploads\/2025\/03\/museutextil_logo_h.png","width":500,"height":87,"caption":"Museu T\u00e8xtil de Terrassa"},"image":{"@id":"https:\/\/museutextil.cat\/es\/#\/schema\/logo\/image\/"},"sameAs":["https:\/\/www.facebook.com\/cdmtextil","https:\/\/x.com\/cdmtex","https:\/\/www.instagram.com\/cdmtextil\/","https:\/\/www.pinterest.com\/cdmtextil\/","https:\/\/www.youtube.com\/user\/CDMTextil"]}]}},"_links":{"self":[{"href":"https:\/\/museutextil.cat\/es\/wp-json\/wp\/v2\/astra-portfolio\/14704","targetHints":{"allow":["GET"]}}],"collection":[{"href":"https:\/\/museutextil.cat\/es\/wp-json\/wp\/v2\/astra-portfolio"}],"about":[{"href":"https:\/\/museutextil.cat\/es\/wp-json\/wp\/v2\/types\/astra-portfolio"}],"version-history":[{"count":0,"href":"https:\/\/museutextil.cat\/es\/wp-json\/wp\/v2\/astra-portfolio\/14704\/revisions"}],"wp:featuredmedia":[{"embeddable":true,"href":"https:\/\/museutextil.cat\/es\/wp-json\/wp\/v2\/media\/9753"}],"wp:attachment":[{"href":"https:\/\/museutextil.cat\/es\/wp-json\/wp\/v2\/media?parent=14704"}],"wp:term":[{"taxonomy":"astra-portfolio-categories","embeddable":true,"href":"https:\/\/museutextil.cat\/es\/wp-json\/wp\/v2\/astra-portfolio-categories?post=14704"},{"taxonomy":"astra-portfolio-other-categories","embeddable":true,"href":"https:\/\/museutextil.cat\/es\/wp-json\/wp\/v2\/astra-portfolio-other-categories?post=14704"},{"taxonomy":"astra-portfolio-tags","embeddable":true,"href":"https:\/\/museutextil.cat\/es\/wp-json\/wp\/v2\/astra-portfolio-tags?post=14704"}],"curies":[{"name":"wp","href":"https:\/\/api.w.org\/{rel}","templated":true}]}}