{"id":14778,"date":"2025-04-30T15:48:08","date_gmt":"2025-04-30T13:48:08","guid":{"rendered":"https:\/\/museutextil.cat\/astra-portfolio\/lultima-fugida\/"},"modified":"2025-07-10T11:47:25","modified_gmt":"2025-07-10T09:47:25","slug":"lultima-fugida","status":"publish","type":"astra-portfolio","link":"https:\/\/museutextil.cat\/es\/astra-portfolio\/lultima-fugida\/","title":{"rendered":"L'\u00faltima fugida"},"content":{"rendered":"\t\t<div data-elementor-type=\"wp-post\" data-elementor-id=\"14778\" class=\"elementor elementor-14778 elementor-9780\" data-elementor-post-type=\"astra-portfolio\">\n\t\t\t\t<div class=\"elementor-element elementor-element-093fad8 e-flex e-con-boxed e-con e-parent\" data-id=\"093fad8\" data-element_type=\"container\">\n\t\t\t\t\t<div class=\"e-con-inner\">\n\t\t<div class=\"elementor-element elementor-element-d6f65c5 e-con-full e-flex e-con e-child\" data-id=\"d6f65c5\" data-element_type=\"container\">\n\t\t\t\t<div class=\"elementor-element elementor-element-e29733b elementor-widget elementor-widget-image\" data-id=\"e29733b\" data-element_type=\"widget\" data-widget_type=\"image.default\">\n\t\t\t\t<div class=\"elementor-widget-container\">\n\t\t\t\t\t\t\t\t\t\t\t\t\t\t\t<img fetchpriority=\"high\" decoding=\"async\" width=\"200\" height=\"302\" src=\"https:\/\/museutextil.cat\/wp-content\/uploads\/2025\/04\/ultima_fugida.jpg\" class=\"attachment-large size-large wp-image-9782\" alt=\"\" srcset=\"https:\/\/museutextil.cat\/wp-content\/uploads\/2025\/04\/ultima_fugida.jpg 200w, https:\/\/museutextil.cat\/wp-content\/uploads\/2025\/04\/ultima_fugida-199x300.jpg 199w\" sizes=\"(max-width: 200px) 100vw, 200px\" \/>\t\t\t\t\t\t\t\t\t\t\t\t\t\t\t<\/div>\n\t\t\t\t<\/div>\n\t\t\t\t<\/div>\n\t\t<div class=\"elementor-element elementor-element-364d359 e-con-full e-flex e-con e-child\" data-id=\"364d359\" data-element_type=\"container\">\n\t\t\t\t<div class=\"elementor-element elementor-element-af805d3 elementor-icon-list--layout-traditional elementor-list-item-link-full_width elementor-widget elementor-widget-icon-list\" data-id=\"af805d3\" data-element_type=\"widget\" data-widget_type=\"icon-list.default\">\n\t\t\t\t<div class=\"elementor-widget-container\">\n\t\t\t\t\t\t\t<ul class=\"elementor-icon-list-items\">\n\t\t\t\t\t\t\t<li class=\"elementor-icon-list-item\">\n\t\t\t\t\t\t\t\t\t\t\t<a href=\"https:\/\/museutextil.cat\/wp-content\/uploads\/2025\/07\/Ultima-fugida_cas.pdf\">\n\n\t\t\t\t\t\t\t\t\t\t\t\t<span class=\"elementor-icon-list-icon\">\n\t\t\t\t\t\t\t<svg aria-hidden=\"true\" class=\"e-font-icon-svg e-far-file-pdf\" viewBox=\"0 0 384 512\" xmlns=\"http:\/\/www.w3.org\/2000\/svg\"><path d=\"M369.9 97.9L286 14C277 5 264.8-.1 252.1-.1H48C21.5 0 0 21.5 0 48v416c0 26.5 21.5 48 48 48h288c26.5 0 48-21.5 48-48V131.9c0-12.7-5.1-25-14.1-34zM332.1 128H256V51.9l76.1 76.1zM48 464V48h160v104c0 13.3 10.7 24 24 24h104v288H48zm250.2-143.7c-12.2-12-47-8.7-64.4-6.5-17.2-10.5-28.7-25-36.8-46.3 3.9-16.1 10.1-40.6 5.4-56-4.2-26.2-37.8-23.6-42.6-5.9-4.4 16.1-.4 38.5 7 67.1-10 23.9-24.9 56-35.4 74.4-20 10.3-47 26.2-51 46.2-3.3 15.8 26 55.2 76.1-31.2 22.4-7.4 46.8-16.5 68.4-20.1 18.9 10.2 41 17 55.8 17 25.5 0 28-28.2 17.5-38.7zm-198.1 77.8c5.1-13.7 24.5-29.5 30.4-35-19 30.3-30.4 35.7-30.4 35zm81.6-190.6c7.4 0 6.7 32.1 1.8 40.8-4.4-13.9-4.3-40.8-1.8-40.8zm-24.4 136.6c9.7-16.9 18-37 24.7-54.7 8.3 15.1 18.9 27.2 30.1 35.5-20.8 4.3-38.9 13.1-54.8 19.2zm131.6-5s-5 6-37.3-7.8c35.1-2.6 40.9 5.4 37.3 7.8z\"><\/path><\/svg>\t\t\t\t\t\t<\/span>\n\t\t\t\t\t\t\t\t\t\t<span class=\"elementor-icon-list-text\">Ficha del libro en PDF.<\/span>\n\t\t\t\t\t\t\t\t\t\t\t<\/a>\n\t\t\t\t\t\t\t\t\t<\/li>\n\t\t\t\t\t\t<\/ul>\n\t\t\t\t\t\t<\/div>\n\t\t\t\t<\/div>\n\t\t\t\t<div class=\"elementor-element elementor-element-9a9a66a elementor-widget elementor-widget-text-editor\" data-id=\"9a9a66a\" data-element_type=\"widget\" data-widget_type=\"text-editor.default\">\n\t\t\t\t<div class=\"elementor-widget-container\">\n\t\t\t\t\t\t\t\t\t<p><strong>Autora<\/strong>: Tracy Chevalier<br \/><strong>Editorial<\/strong>: RBA La Magrana<br \/><strong>A\u00f1o<\/strong>: 2013<br \/><strong>P\u00e1ginas<\/strong>: 351<br \/><strong>ISBN<\/strong>: 9788482646503<br \/><strong>Idioma<\/strong>: catal\u00e1n<\/p>\t\t\t\t\t\t\t\t<\/div>\n\t\t\t\t<\/div>\n\t\t\t\t<\/div>\n\t\t\t\t\t<\/div>\n\t\t\t\t<\/div>\n\t\t<div class=\"elementor-element elementor-element-73d8ad4 e-flex e-con-boxed e-con e-parent\" data-id=\"73d8ad4\" data-element_type=\"container\">\n\t\t\t\t\t<div class=\"e-con-inner\">\n\t\t\t\t<div class=\"elementor-element elementor-element-afacd28 elementor-widget elementor-widget-text-editor\" data-id=\"afacd28\" data-element_type=\"widget\" data-widget_type=\"text-editor.default\">\n\t\t\t\t<div class=\"elementor-widget-container\">\n\t\t\t\t\t\t\t\t\t\u201cEl disseny era de rombes taronja, groc i vermell, que formaven una estrella al centre del cobrellit: una Estrella de Betlem\u2026\u201d\t\t\t\t\t\t\t\t<\/div>\n\t\t\t\t<\/div>\n\t\t\t\t\t<\/div>\n\t\t\t\t<\/div>\n\t\t<div class=\"elementor-element elementor-element-ebf1823 e-flex e-con-boxed e-con e-parent\" data-id=\"ebf1823\" data-element_type=\"container\">\n\t\t\t\t\t<div class=\"e-con-inner\">\n\t\t\t\t<div class=\"elementor-element elementor-element-20c8ac7 elementor-widget elementor-widget-text-editor\" data-id=\"20c8ac7\" data-element_type=\"widget\" data-widget_type=\"text-editor.default\">\n\t\t\t\t<div class=\"elementor-widget-container\">\n\t\t\t\t\t\t\t\t\t<p><strong>El libro:<\/strong> Honor Bright es una joven inglesa cu\u00e1quera y gran costurera, experta en patchwork que en 1850 viaja a Ohio junto a su hermana Grace. Cuando llegan a su destino, Grace muere por fiebre amarilla y Honor deber\u00e1 encontrar recursos para vivir su nueva vida. Honor pronto aprende que valores como la compasi\u00f3n y la igualdad no tienen cabida en ese lugar, marcado a\u00fan por la esclavitud. Novela de mujeres fuertes, dram\u00e1tica, llena de emoci\u00f3n e impecablemente documentada.<\/p><p>M\u00e1s informaci\u00f3n:<\/p>\t\t\t\t\t\t\t\t<\/div>\n\t\t\t\t<\/div>\n\t\t\t\t<div class=\"elementor-element elementor-element-115a88e elementor-widget elementor-widget-text-editor\" data-id=\"115a88e\" data-element_type=\"widget\" data-widget_type=\"text-editor.default\">\n\t\t\t\t<div class=\"elementor-widget-container\">\n\t\t\t\t\t\t\t\t\t<ul><li>Blog: <a href=\"http:\/\/adivinaquienlee.blogspot.com.es\/2013\/10\/el-ultimo-refugio-tracy-chevalier.html\" target=\"_blank\" rel=\"noopener\">Adivina quien lee<\/a><\/li><li>Blog: <a href=\"http:\/\/www.devoradoradelibros.com\/2013\/09\/el-ultimo-refugio-tracy-chevalier.html\" target=\"_blank\" rel=\"noopener\">Devoradora de libros<\/a><\/li><li>Blog: <a href=\"http:\/\/mislibrosymiscosas.blogspot.com.es\/2014\/01\/the-last-runaway-el-ultimo-refugio.html\" target=\"_blank\" rel=\"noopener\">Mis libros y mis cosas<\/a><\/li><\/ul>\t\t\t\t\t\t\t\t<\/div>\n\t\t\t\t<\/div>\n\t\t\t\t\t<\/div>\n\t\t\t\t<\/div>\n\t\t<div class=\"elementor-element elementor-element-9e57e69 e-flex e-con-boxed e-con e-parent\" data-id=\"9e57e69\" data-element_type=\"container\">\n\t\t\t\t\t<div class=\"e-con-inner\">\n\t\t<div class=\"elementor-element elementor-element-81bfcb2 e-con-full e-flex e-con e-child\" data-id=\"81bfcb2\" data-element_type=\"container\">\n\t\t\t\t<div class=\"elementor-element elementor-element-70ac47b elementor-widget elementor-widget-image\" data-id=\"70ac47b\" data-element_type=\"widget\" data-widget_type=\"image.default\">\n\t\t\t\t<div class=\"elementor-widget-container\">\n\t\t\t\t\t\t\t\t\t\t\t\t\t\t\t<img decoding=\"async\" width=\"183\" height=\"276\" src=\"https:\/\/museutextil.cat\/wp-content\/uploads\/2025\/04\/tracy_chevalier-1.jpg\" class=\"attachment-large size-large wp-image-9785\" alt=\"\" \/>\t\t\t\t\t\t\t\t\t\t\t\t\t\t\t<\/div>\n\t\t\t\t<\/div>\n\t\t\t\t<\/div>\n\t\t<div class=\"elementor-element elementor-element-6716314 e-con-full e-flex e-con e-child\" data-id=\"6716314\" data-element_type=\"container\">\n\t\t\t\t<div class=\"elementor-element elementor-element-7cd3d91 elementor-widget elementor-widget-text-editor\" data-id=\"7cd3d91\" data-element_type=\"widget\" data-widget_type=\"text-editor.default\">\n\t\t\t\t<div class=\"elementor-widget-container\">\n\t\t\t\t\t\t\t\t\t<p><strong>La autora<\/strong>: Tracy Chevalier<\/p><p>Tracy Chevalier naci\u00f3 el 19 de octubre de 1962 en Washington, DC. En 1984 se traslada a vivir a Inglaterra. Escritora de novela hist\u00f3rica, su obra m\u00e1s conocida fue La joven de la perla, escrita en 1999, ganadora del Barnes and Noble Discover Award y llevada al cine en 2003. Ha escrito 7 novelas, la m\u00e1s reciente El \u00faltimo refugio (2013).<\/p><ul><li><a href=\"http:\/\/www.tchevalier.com\" target=\"_blank\" rel=\"noopener\">http:\/\/www.tchevalier.com<\/a><\/li><li><a href=\"https:\/\/www.facebook.com\/tracychevalierwriter?ref=ts&amp;fref=ts\" target=\"_blank\" rel=\"noopener\">Facebook<\/a> \/ <a href=\"https:\/\/twitter.com\/Tracy_Chevalier\" target=\"_blank\" rel=\"noopener\">Twitter<\/a> \/ <a href=\"http:\/\/www.pinterest.com\/tracychevalier4\/\" target=\"_blank\" rel=\"noopener\">Pinterest<\/a><\/li><\/ul><p>Otros libros de la autora:<\/p><ul><li>El blau virginal. La Magrana, 2003<\/li><li>La noia de la perla. La Magrana, 2004<\/li><li>La dama de l&#8217;unicorn. La Magrana, 2004<\/li><li>Criatures extraordin\u00e0ries. La Magrana, 2010<\/li><\/ul><p>Libros de la autora en la <a href=\"http:\/\/sinera.diba.cat\/search*cat\/?searchtype=a&amp;searcharg=chevalier%2C+tracy&amp;searchscope=171&amp;submit=Cercar\" target=\"_blank\" rel=\"noopener\">Xarxa de Biblioteques Municipals de la Diputaci\u00f3 de Barcelona<\/a><\/p>\t\t\t\t\t\t\t\t<\/div>\n\t\t\t\t<\/div>\n\t\t\t\t<\/div>\n\t\t\t\t\t<\/div>\n\t\t\t\t<\/div>\n\t\t<div class=\"elementor-element elementor-element-bd8ce5b e-flex e-con-boxed e-con e-parent\" data-id=\"bd8ce5b\" data-element_type=\"container\">\n\t\t\t\t\t<div class=\"e-con-inner\">\n\t\t\t\t\t<\/div>\n\t\t\t\t<\/div>\n\t\t\t\t<\/div>\n\t\t","protected":false},"featured_media":9782,"template":"","meta":{"site-sidebar-layout":"no-sidebar","site-content-layout":"page-builder","ast-site-content-layout":"full-width-container","site-content-style":"default","site-sidebar-style":"default","ast-global-header-display":"","ast-banner-title-visibility":"","ast-main-header-display":"","ast-hfb-above-header-display":"","ast-hfb-below-header-display":"","ast-hfb-mobile-header-display":"","site-post-title":"disabled","ast-breadcrumbs-content":"","ast-featured-img":"disabled","footer-sml-layout":"","theme-transparent-header-meta":"","adv-header-id-meta":"","stick-header-meta":"","header-above-stick-meta":"","header-main-stick-meta":"","header-below-stick-meta":"","astra-migrate-meta-layouts":"set","ast-page-background-enabled":"default","ast-page-background-meta":{"desktop":{"background-color":"var(--ast-global-color-4)","background-image":"","background-repeat":"repeat","background-position":"center center","background-size":"auto","background-attachment":"scroll","background-type":"","background-media":"","overlay-type":"","overlay-color":"","overlay-opacity":"","overlay-gradient":""},"tablet":{"background-color":"","background-image":"","background-repeat":"repeat","background-position":"center center","background-size":"auto","background-attachment":"scroll","background-type":"","background-media":"","overlay-type":"","overlay-color":"","overlay-opacity":"","overlay-gradient":""},"mobile":{"background-color":"","background-image":"","background-repeat":"repeat","background-position":"center center","background-size":"auto","background-attachment":"scroll","background-type":"","background-media":"","overlay-type":"","overlay-color":"","overlay-opacity":"","overlay-gradient":""}},"ast-content-background-meta":{"desktop":{"background-color":"var(--ast-global-color-5)","background-image":"","background-repeat":"repeat","background-position":"center center","background-size":"auto","background-attachment":"scroll","background-type":"","background-media":"","overlay-type":"","overlay-color":"","overlay-opacity":"","overlay-gradient":""},"tablet":{"background-color":"var(--ast-global-color-5)","background-image":"","background-repeat":"repeat","background-position":"center center","background-size":"auto","background-attachment":"scroll","background-type":"","background-media":"","overlay-type":"","overlay-color":"","overlay-opacity":"","overlay-gradient":""},"mobile":{"background-color":"var(--ast-global-color-5)","background-image":"","background-repeat":"repeat","background-position":"center center","background-size":"auto","background-attachment":"scroll","background-type":"","background-media":"","overlay-type":"","overlay-color":"","overlay-opacity":"","overlay-gradient":""}}},"astra-portfolio-categories":[143],"astra-portfolio-other-categories":[],"astra-portfolio-tags":[],"class_list":["post-14778","astra-portfolio","type-astra-portfolio","status-publish","has-post-thumbnail","hentry","astra-portfolio-categories-club-fil-per-randa-es"],"astra-site-call-to-action":"","astra-site-open-in-new-tab":"0","astra-site-open-portfolio-in":"new-tab","astra-site-url":"","thumbnail-image-url":null,"thumbnail-image-meta":{"alt":"","title":""},"lightbox-image-url":null,"portfolio-type":"page","portfolio-video-url":"","request_time":0.2669198513031006,"yoast_head":"<!-- This site is optimized with the Yoast SEO plugin v25.9 - https:\/\/yoast.com\/wordpress\/plugins\/seo\/ -->\n<title>L&#039;\u00faltima fugida - Museu T\u00e8xtil de Terrassa<\/title>\n<meta name=\"robots\" content=\"index, follow, max-snippet:-1, max-image-preview:large, max-video-preview:-1\" \/>\n<link rel=\"canonical\" href=\"https:\/\/museutextil.cat\/es\/astra-portfolio\/lultima-fugida\/\" \/>\n<meta property=\"og:locale\" content=\"es_ES\" \/>\n<meta property=\"og:type\" content=\"article\" \/>\n<meta property=\"og:title\" content=\"L&#039;\u00faltima fugida - Museu T\u00e8xtil de Terrassa\" \/>\n<meta property=\"og:description\" content=\"Ficha del libro en PDF. Autora: Tracy ChevalierEditorial: RBA La MagranaA\u00f1o: 2013P\u00e1ginas: 351ISBN: 9788482646503Idioma: catal\u00e1n \u201cEl disseny era de rombes taronja, groc i vermell, que formaven una estrella al centre del cobrellit: una Estrella de Betlem\u2026\u201d El libro: Honor Bright es una joven inglesa cu\u00e1quera y gran costurera, experta en patchwork que en 1850 viaja [&hellip;]\" \/>\n<meta property=\"og:url\" content=\"https:\/\/museutextil.cat\/es\/astra-portfolio\/lultima-fugida\/\" \/>\n<meta property=\"og:site_name\" content=\"Museu T\u00e8xtil de Terrassa\" \/>\n<meta property=\"article:publisher\" content=\"https:\/\/www.facebook.com\/cdmtextil\" \/>\n<meta property=\"article:modified_time\" content=\"2025-07-10T09:47:25+00:00\" \/>\n<meta property=\"og:image\" content=\"https:\/\/museutextil.cat\/wp-content\/uploads\/2025\/04\/ultima_fugida.jpg\" \/>\n\t<meta property=\"og:image:width\" content=\"200\" \/>\n\t<meta property=\"og:image:height\" content=\"302\" \/>\n\t<meta property=\"og:image:type\" content=\"image\/jpeg\" \/>\n<meta name=\"twitter:card\" content=\"summary_large_image\" \/>\n<meta name=\"twitter:site\" content=\"@cdmtex\" \/>\n<meta name=\"twitter:label1\" content=\"Tiempo de lectura\" \/>\n\t<meta name=\"twitter:data1\" content=\"1 minuto\" \/>\n<script type=\"application\/ld+json\" class=\"yoast-schema-graph\">{\"@context\":\"https:\/\/schema.org\",\"@graph\":[{\"@type\":\"WebPage\",\"@id\":\"https:\/\/museutextil.cat\/es\/astra-portfolio\/lultima-fugida\/\",\"url\":\"https:\/\/museutextil.cat\/es\/astra-portfolio\/lultima-fugida\/\",\"name\":\"L'\u00faltima fugida - Museu T\u00e8xtil de Terrassa\",\"isPartOf\":{\"@id\":\"https:\/\/museutextil.cat\/es\/#website\"},\"primaryImageOfPage\":{\"@id\":\"https:\/\/museutextil.cat\/es\/astra-portfolio\/lultima-fugida\/#primaryimage\"},\"image\":{\"@id\":\"https:\/\/museutextil.cat\/es\/astra-portfolio\/lultima-fugida\/#primaryimage\"},\"thumbnailUrl\":\"https:\/\/museutextil.cat\/wp-content\/uploads\/2025\/04\/ultima_fugida.jpg\",\"datePublished\":\"2025-04-30T13:48:08+00:00\",\"dateModified\":\"2025-07-10T09:47:25+00:00\",\"breadcrumb\":{\"@id\":\"https:\/\/museutextil.cat\/es\/astra-portfolio\/lultima-fugida\/#breadcrumb\"},\"inLanguage\":\"es\",\"potentialAction\":[{\"@type\":\"ReadAction\",\"target\":[\"https:\/\/museutextil.cat\/es\/astra-portfolio\/lultima-fugida\/\"]}]},{\"@type\":\"ImageObject\",\"inLanguage\":\"es\",\"@id\":\"https:\/\/museutextil.cat\/es\/astra-portfolio\/lultima-fugida\/#primaryimage\",\"url\":\"https:\/\/museutextil.cat\/wp-content\/uploads\/2025\/04\/ultima_fugida.jpg\",\"contentUrl\":\"https:\/\/museutextil.cat\/wp-content\/uploads\/2025\/04\/ultima_fugida.jpg\",\"width\":200,\"height\":302},{\"@type\":\"BreadcrumbList\",\"@id\":\"https:\/\/museutextil.cat\/es\/astra-portfolio\/lultima-fugida\/#breadcrumb\",\"itemListElement\":[{\"@type\":\"ListItem\",\"position\":1,\"name\":\"Inici\",\"item\":\"https:\/\/museutextil.cat\/es\/\"},{\"@type\":\"ListItem\",\"position\":2,\"name\":\"Portfolio\",\"item\":\"https:\/\/museutextil.cat\/es\/astra-portfolio\/\"},{\"@type\":\"ListItem\",\"position\":3,\"name\":\"L'\u00faltima fugida\"}]},{\"@type\":\"WebSite\",\"@id\":\"https:\/\/museutextil.cat\/es\/#website\",\"url\":\"https:\/\/museutextil.cat\/es\/\",\"name\":\"Museu T\u00e8xtil de Terrassa\",\"description\":\"Centre de documentaci\u00f3 i Museu t\u00e8xtil\",\"publisher\":{\"@id\":\"https:\/\/museutextil.cat\/es\/#organization\"},\"potentialAction\":[{\"@type\":\"SearchAction\",\"target\":{\"@type\":\"EntryPoint\",\"urlTemplate\":\"https:\/\/museutextil.cat\/es\/?s={search_term_string}\"},\"query-input\":{\"@type\":\"PropertyValueSpecification\",\"valueRequired\":true,\"valueName\":\"search_term_string\"}}],\"inLanguage\":\"es\"},{\"@type\":\"Organization\",\"@id\":\"https:\/\/museutextil.cat\/es\/#organization\",\"name\":\"Museu T\u00e8xtil de Terrassa\",\"url\":\"https:\/\/museutextil.cat\/es\/\",\"logo\":{\"@type\":\"ImageObject\",\"inLanguage\":\"es\",\"@id\":\"https:\/\/museutextil.cat\/es\/#\/schema\/logo\/image\/\",\"url\":\"https:\/\/museutextil.cat\/wp-content\/uploads\/2025\/03\/museutextil_logo_h.png\",\"contentUrl\":\"https:\/\/museutextil.cat\/wp-content\/uploads\/2025\/03\/museutextil_logo_h.png\",\"width\":500,\"height\":87,\"caption\":\"Museu T\u00e8xtil de Terrassa\"},\"image\":{\"@id\":\"https:\/\/museutextil.cat\/es\/#\/schema\/logo\/image\/\"},\"sameAs\":[\"https:\/\/www.facebook.com\/cdmtextil\",\"https:\/\/x.com\/cdmtex\",\"https:\/\/www.instagram.com\/cdmtextil\/\",\"https:\/\/www.pinterest.com\/cdmtextil\/\",\"https:\/\/www.youtube.com\/user\/CDMTextil\"]}]}<\/script>\n<!-- \/ Yoast SEO plugin. -->","yoast_head_json":{"title":"L'\u00faltima fugida - Museu T\u00e8xtil de Terrassa","robots":{"index":"index","follow":"follow","max-snippet":"max-snippet:-1","max-image-preview":"max-image-preview:large","max-video-preview":"max-video-preview:-1"},"canonical":"https:\/\/museutextil.cat\/es\/astra-portfolio\/lultima-fugida\/","og_locale":"es_ES","og_type":"article","og_title":"L'\u00faltima fugida - Museu T\u00e8xtil de Terrassa","og_description":"Ficha del libro en PDF. Autora: Tracy ChevalierEditorial: RBA La MagranaA\u00f1o: 2013P\u00e1ginas: 351ISBN: 9788482646503Idioma: catal\u00e1n \u201cEl disseny era de rombes taronja, groc i vermell, que formaven una estrella al centre del cobrellit: una Estrella de Betlem\u2026\u201d El libro: Honor Bright es una joven inglesa cu\u00e1quera y gran costurera, experta en patchwork que en 1850 viaja [&hellip;]","og_url":"https:\/\/museutextil.cat\/es\/astra-portfolio\/lultima-fugida\/","og_site_name":"Museu T\u00e8xtil de Terrassa","article_publisher":"https:\/\/www.facebook.com\/cdmtextil","article_modified_time":"2025-07-10T09:47:25+00:00","og_image":[{"width":200,"height":302,"url":"https:\/\/museutextil.cat\/wp-content\/uploads\/2025\/04\/ultima_fugida.jpg","type":"image\/jpeg"}],"twitter_card":"summary_large_image","twitter_site":"@cdmtex","twitter_misc":{"Tiempo de lectura":"1 minuto"},"schema":{"@context":"https:\/\/schema.org","@graph":[{"@type":"WebPage","@id":"https:\/\/museutextil.cat\/es\/astra-portfolio\/lultima-fugida\/","url":"https:\/\/museutextil.cat\/es\/astra-portfolio\/lultima-fugida\/","name":"L'\u00faltima fugida - Museu T\u00e8xtil de Terrassa","isPartOf":{"@id":"https:\/\/museutextil.cat\/es\/#website"},"primaryImageOfPage":{"@id":"https:\/\/museutextil.cat\/es\/astra-portfolio\/lultima-fugida\/#primaryimage"},"image":{"@id":"https:\/\/museutextil.cat\/es\/astra-portfolio\/lultima-fugida\/#primaryimage"},"thumbnailUrl":"https:\/\/museutextil.cat\/wp-content\/uploads\/2025\/04\/ultima_fugida.jpg","datePublished":"2025-04-30T13:48:08+00:00","dateModified":"2025-07-10T09:47:25+00:00","breadcrumb":{"@id":"https:\/\/museutextil.cat\/es\/astra-portfolio\/lultima-fugida\/#breadcrumb"},"inLanguage":"es","potentialAction":[{"@type":"ReadAction","target":["https:\/\/museutextil.cat\/es\/astra-portfolio\/lultima-fugida\/"]}]},{"@type":"ImageObject","inLanguage":"es","@id":"https:\/\/museutextil.cat\/es\/astra-portfolio\/lultima-fugida\/#primaryimage","url":"https:\/\/museutextil.cat\/wp-content\/uploads\/2025\/04\/ultima_fugida.jpg","contentUrl":"https:\/\/museutextil.cat\/wp-content\/uploads\/2025\/04\/ultima_fugida.jpg","width":200,"height":302},{"@type":"BreadcrumbList","@id":"https:\/\/museutextil.cat\/es\/astra-portfolio\/lultima-fugida\/#breadcrumb","itemListElement":[{"@type":"ListItem","position":1,"name":"Inici","item":"https:\/\/museutextil.cat\/es\/"},{"@type":"ListItem","position":2,"name":"Portfolio","item":"https:\/\/museutextil.cat\/es\/astra-portfolio\/"},{"@type":"ListItem","position":3,"name":"L'\u00faltima fugida"}]},{"@type":"WebSite","@id":"https:\/\/museutextil.cat\/es\/#website","url":"https:\/\/museutextil.cat\/es\/","name":"Museu T\u00e8xtil de Terrassa","description":"Centre de documentaci\u00f3 i Museu t\u00e8xtil","publisher":{"@id":"https:\/\/museutextil.cat\/es\/#organization"},"potentialAction":[{"@type":"SearchAction","target":{"@type":"EntryPoint","urlTemplate":"https:\/\/museutextil.cat\/es\/?s={search_term_string}"},"query-input":{"@type":"PropertyValueSpecification","valueRequired":true,"valueName":"search_term_string"}}],"inLanguage":"es"},{"@type":"Organization","@id":"https:\/\/museutextil.cat\/es\/#organization","name":"Museu T\u00e8xtil de Terrassa","url":"https:\/\/museutextil.cat\/es\/","logo":{"@type":"ImageObject","inLanguage":"es","@id":"https:\/\/museutextil.cat\/es\/#\/schema\/logo\/image\/","url":"https:\/\/museutextil.cat\/wp-content\/uploads\/2025\/03\/museutextil_logo_h.png","contentUrl":"https:\/\/museutextil.cat\/wp-content\/uploads\/2025\/03\/museutextil_logo_h.png","width":500,"height":87,"caption":"Museu T\u00e8xtil de Terrassa"},"image":{"@id":"https:\/\/museutextil.cat\/es\/#\/schema\/logo\/image\/"},"sameAs":["https:\/\/www.facebook.com\/cdmtextil","https:\/\/x.com\/cdmtex","https:\/\/www.instagram.com\/cdmtextil\/","https:\/\/www.pinterest.com\/cdmtextil\/","https:\/\/www.youtube.com\/user\/CDMTextil"]}]}},"_links":{"self":[{"href":"https:\/\/museutextil.cat\/es\/wp-json\/wp\/v2\/astra-portfolio\/14778","targetHints":{"allow":["GET"]}}],"collection":[{"href":"https:\/\/museutextil.cat\/es\/wp-json\/wp\/v2\/astra-portfolio"}],"about":[{"href":"https:\/\/museutextil.cat\/es\/wp-json\/wp\/v2\/types\/astra-portfolio"}],"version-history":[{"count":0,"href":"https:\/\/museutextil.cat\/es\/wp-json\/wp\/v2\/astra-portfolio\/14778\/revisions"}],"wp:featuredmedia":[{"embeddable":true,"href":"https:\/\/museutextil.cat\/es\/wp-json\/wp\/v2\/media\/9782"}],"wp:attachment":[{"href":"https:\/\/museutextil.cat\/es\/wp-json\/wp\/v2\/media?parent=14778"}],"wp:term":[{"taxonomy":"astra-portfolio-categories","embeddable":true,"href":"https:\/\/museutextil.cat\/es\/wp-json\/wp\/v2\/astra-portfolio-categories?post=14778"},{"taxonomy":"astra-portfolio-other-categories","embeddable":true,"href":"https:\/\/museutextil.cat\/es\/wp-json\/wp\/v2\/astra-portfolio-other-categories?post=14778"},{"taxonomy":"astra-portfolio-tags","embeddable":true,"href":"https:\/\/museutextil.cat\/es\/wp-json\/wp\/v2\/astra-portfolio-tags?post=14778"}],"curies":[{"name":"wp","href":"https:\/\/api.w.org\/{rel}","templated":true}]}}