{"id":15335,"date":"2025-07-16T10:51:37","date_gmt":"2025-07-16T08:51:37","guid":{"rendered":"https:\/\/museutextil.cat\/?post_type=astra-portfolio&#038;p=15335"},"modified":"2025-07-24T13:27:23","modified_gmt":"2025-07-24T11:27:23","slug":"moda-camara-y-accion","status":"publish","type":"astra-portfolio","link":"https:\/\/museutextil.cat\/es\/astra-portfolio\/moda-camara-y-accion\/","title":{"rendered":"Moda\u2026 \u00a1c\u00e1mara y acci\u00f3n!"},"content":{"rendered":"\t\t<div data-elementor-type=\"wp-post\" data-elementor-id=\"15335\" class=\"elementor elementor-15335 elementor-15334\" data-elementor-post-type=\"astra-portfolio\">\n\t\t\t\t<div class=\"elementor-element elementor-element-1a1b3df e-flex e-con-boxed e-con e-parent\" data-id=\"1a1b3df\" data-element_type=\"container\">\n\t\t\t\t\t<div class=\"e-con-inner\">\n\t\t\t\t<div class=\"elementor-element elementor-element-029e5a3 elementor-widget elementor-widget-text-editor\" data-id=\"029e5a3\" data-element_type=\"widget\" data-widget_type=\"text-editor.default\">\n\t\t\t\t<div class=\"elementor-widget-container\">\n\t\t\t\t\t\t\t\t\t<p>Una presentaci\u00f3n con visita monogr\u00e1fica para establecer conexiones entre el cine y la moda a partir de las colecciones del museo. El cine ha sido el principal referente popular para conocer la indumentaria de otras \u00e9pocas y a la vez una plataforma para difundir las tendencias de moda.<\/p><p>A cargo de N\u00faria Braut, especialista en vestuario cinematogr\u00e1fico.<\/p>\t\t\t\t\t\t\t\t<\/div>\n\t\t\t\t<\/div>\n\t\t\t\t<div class=\"elementor-element elementor-element-0910db8 elementor-align-center elementor-icon-list--layout-traditional elementor-list-item-link-full_width elementor-widget elementor-widget-icon-list\" data-id=\"0910db8\" data-element_type=\"widget\" data-widget_type=\"icon-list.default\">\n\t\t\t\t<div class=\"elementor-widget-container\">\n\t\t\t\t\t\t\t<ul class=\"elementor-icon-list-items\">\n\t\t\t\t\t\t\t<li class=\"elementor-icon-list-item\">\n\t\t\t\t\t\t\t\t\t\t\t<a href=\"https:\/\/museutextil.cat\/wp-content\/uploads\/2025\/07\/Moda_camera_accio_2526.pdf\" target=\"_blank\">\n\n\t\t\t\t\t\t\t\t\t\t\t\t<span class=\"elementor-icon-list-icon\">\n\t\t\t\t\t\t\t<svg aria-hidden=\"true\" class=\"e-font-icon-svg e-far-file-pdf\" viewBox=\"0 0 384 512\" xmlns=\"http:\/\/www.w3.org\/2000\/svg\"><path d=\"M369.9 97.9L286 14C277 5 264.8-.1 252.1-.1H48C21.5 0 0 21.5 0 48v416c0 26.5 21.5 48 48 48h288c26.5 0 48-21.5 48-48V131.9c0-12.7-5.1-25-14.1-34zM332.1 128H256V51.9l76.1 76.1zM48 464V48h160v104c0 13.3 10.7 24 24 24h104v288H48zm250.2-143.7c-12.2-12-47-8.7-64.4-6.5-17.2-10.5-28.7-25-36.8-46.3 3.9-16.1 10.1-40.6 5.4-56-4.2-26.2-37.8-23.6-42.6-5.9-4.4 16.1-.4 38.5 7 67.1-10 23.9-24.9 56-35.4 74.4-20 10.3-47 26.2-51 46.2-3.3 15.8 26 55.2 76.1-31.2 22.4-7.4 46.8-16.5 68.4-20.1 18.9 10.2 41 17 55.8 17 25.5 0 28-28.2 17.5-38.7zm-198.1 77.8c5.1-13.7 24.5-29.5 30.4-35-19 30.3-30.4 35.7-30.4 35zm81.6-190.6c7.4 0 6.7 32.1 1.8 40.8-4.4-13.9-4.3-40.8-1.8-40.8zm-24.4 136.6c9.7-16.9 18-37 24.7-54.7 8.3 15.1 18.9 27.2 30.1 35.5-20.8 4.3-38.9 13.1-54.8 19.2zm131.6-5s-5 6-37.3-7.8c35.1-2.6 40.9 5.4 37.3 7.8z\"><\/path><\/svg>\t\t\t\t\t\t<\/span>\n\t\t\t\t\t\t\t\t\t\t<span class=\"elementor-icon-list-text\">Acceso a la ficha de la actividad <\/span>\n\t\t\t\t\t\t\t\t\t\t\t<\/a>\n\t\t\t\t\t\t\t\t\t<\/li>\n\t\t\t\t\t\t<\/ul>\n\t\t\t\t\t\t<\/div>\n\t\t\t\t<\/div>\n\t\t\t\t<div class=\"elementor-element elementor-element-f73e48e elementor-widget elementor-widget-text-editor\" data-id=\"f73e48e\" data-element_type=\"widget\" data-widget_type=\"text-editor.default\">\n\t\t\t\t<div class=\"elementor-widget-container\">\n\t\t\t\t\t\t\t\t\t<p><strong>Nivel educativo<\/strong>: Bachilleratos, Ciclos formativos, Grados, Adultos<br \/><strong>Lugar de realizaci\u00f3n<\/strong>: En el Museu T\u00e8xtil<br \/><strong>Duraci\u00f3n<\/strong>: 2 h<br \/><strong>Precio<\/strong>: 4,5 \u20ac\/alumno. Precio m\u00ednimo\/grupo: 112,5 \u20ac<\/p>\t\t\t\t\t\t\t\t<\/div>\n\t\t\t\t<\/div>\n\t\t\t\t<div class=\"elementor-element elementor-element-6c9968f elementor-align-center elementor-widget elementor-widget-button\" data-id=\"6c9968f\" data-element_type=\"widget\" data-widget_type=\"button.default\">\n\t\t\t\t<div class=\"elementor-widget-container\">\n\t\t\t\t\t\t\t\t\t<div class=\"elementor-button-wrapper\">\n\t\t\t\t\t<a class=\"elementor-button elementor-button-link elementor-size-sm\" href=\"https:\/\/museutextil.cat\/es\/escuelas\/informacion-practica-para-docentes\/\">\n\t\t\t\t\t\t<span class=\"elementor-button-content-wrapper\">\n\t\t\t\t\t\t\t\t\t<span class=\"elementor-button-text\">Reserva la actividad<\/span>\n\t\t\t\t\t<\/span>\n\t\t\t\t\t<\/a>\n\t\t\t\t<\/div>\n\t\t\t\t\t\t\t\t<\/div>\n\t\t\t\t<\/div>\n\t\t\t\t\t<\/div>\n\t\t\t\t<\/div>\n\t\t\t\t<\/div>\n\t\t","protected":false},"featured_media":15337,"template":"","meta":{"site-sidebar-layout":"no-sidebar","site-content-layout":"page-builder","ast-site-content-layout":"full-width-container","site-content-style":"default","site-sidebar-style":"default","ast-global-header-display":"","ast-banner-title-visibility":"","ast-main-header-display":"","ast-hfb-above-header-display":"","ast-hfb-below-header-display":"","ast-hfb-mobile-header-display":"","site-post-title":"disabled","ast-breadcrumbs-content":"","ast-featured-img":"disabled","footer-sml-layout":"","theme-transparent-header-meta":"","adv-header-id-meta":"","stick-header-meta":"","header-above-stick-meta":"","header-main-stick-meta":"","header-below-stick-meta":"","astra-migrate-meta-layouts":"set","ast-page-background-enabled":"default","ast-page-background-meta":{"desktop":{"background-color":"var(--ast-global-color-4)","background-image":"","background-repeat":"repeat","background-position":"center center","background-size":"auto","background-attachment":"scroll","background-type":"","background-media":"","overlay-type":"","overlay-color":"","overlay-opacity":"","overlay-gradient":""},"tablet":{"background-color":"","background-image":"","background-repeat":"repeat","background-position":"center center","background-size":"auto","background-attachment":"scroll","background-type":"","background-media":"","overlay-type":"","overlay-color":"","overlay-opacity":"","overlay-gradient":""},"mobile":{"background-color":"","background-image":"","background-repeat":"repeat","background-position":"center center","background-size":"auto","background-attachment":"scroll","background-type":"","background-media":"","overlay-type":"","overlay-color":"","overlay-opacity":"","overlay-gradient":""}},"ast-content-background-meta":{"desktop":{"background-color":"var(--ast-global-color-5)","background-image":"","background-repeat":"repeat","background-position":"center center","background-size":"auto","background-attachment":"scroll","background-type":"","background-media":"","overlay-type":"","overlay-color":"","overlay-opacity":"","overlay-gradient":""},"tablet":{"background-color":"var(--ast-global-color-5)","background-image":"","background-repeat":"repeat","background-position":"center center","background-size":"auto","background-attachment":"scroll","background-type":"","background-media":"","overlay-type":"","overlay-color":"","overlay-opacity":"","overlay-gradient":""},"mobile":{"background-color":"var(--ast-global-color-5)","background-image":"","background-repeat":"repeat","background-position":"center center","background-size":"auto","background-attachment":"scroll","background-type":"","background-media":"","overlay-type":"","overlay-color":"","overlay-opacity":"","overlay-gradient":""}}},"astra-portfolio-categories":[145,146,144],"astra-portfolio-other-categories":[221,212,152,225,222,161,156,170,210],"astra-portfolio-tags":[],"class_list":["post-15335","astra-portfolio","type-astra-portfolio","status-publish","has-post-thumbnail","hentry","astra-portfolio-categories-bachillerato","astra-portfolio-categories-ciclos-formativos","astra-portfolio-categories-etapa-es","astra-portfolio-other-categories-adultos","astra-portfolio-other-categories-charla-dinamizada","astra-portfolio-other-categories-ciclos","astra-portfolio-other-categories-cine-es","astra-portfolio-other-categories-grados","astra-portfolio-other-categories-historia-de-la-moda-es","astra-portfolio-other-categories-tema-es","astra-portfolio-other-categories-tipologia-es","astra-portfolio-other-categories-visita-comentada-es"],"astra-site-call-to-action":"","astra-site-open-in-new-tab":"0","astra-site-open-portfolio-in":"new-tab","astra-site-url":"","thumbnail-image-url":null,"thumbnail-image-meta":{"alt":"","title":""},"lightbox-image-url":null,"portfolio-type":"page","portfolio-video-url":"","request_time":0.2790379524230957,"yoast_head":"<!-- This site is optimized with the Yoast SEO plugin v25.9 - https:\/\/yoast.com\/wordpress\/plugins\/seo\/ -->\n<title>Moda\u2026 \u00a1c\u00e1mara y acci\u00f3n! - Museu T\u00e8xtil de Terrassa<\/title>\n<meta name=\"robots\" content=\"index, follow, max-snippet:-1, max-image-preview:large, max-video-preview:-1\" \/>\n<link rel=\"canonical\" href=\"https:\/\/museutextil.cat\/es\/astra-portfolio\/moda-camara-y-accion\/\" \/>\n<meta property=\"og:locale\" content=\"es_ES\" \/>\n<meta property=\"og:type\" content=\"article\" \/>\n<meta property=\"og:title\" content=\"Moda\u2026 \u00a1c\u00e1mara y acci\u00f3n! - Museu T\u00e8xtil de Terrassa\" \/>\n<meta property=\"og:description\" content=\"Una presentaci\u00f3n con visita monogr\u00e1fica para establecer conexiones entre el cine y la moda a partir de las colecciones del museo. El cine ha sido el principal referente popular para conocer la indumentaria de otras \u00e9pocas y a la vez una plataforma para difundir las tendencias de moda. A cargo de N\u00faria Braut, especialista en [&hellip;]\" \/>\n<meta property=\"og:url\" content=\"https:\/\/museutextil.cat\/es\/astra-portfolio\/moda-camara-y-accion\/\" \/>\n<meta property=\"og:site_name\" content=\"Museu T\u00e8xtil de Terrassa\" \/>\n<meta property=\"article:publisher\" content=\"https:\/\/www.facebook.com\/cdmtextil\" \/>\n<meta property=\"article:modified_time\" content=\"2025-07-24T11:27:23+00:00\" \/>\n<meta property=\"og:image\" content=\"https:\/\/museutextil.cat\/wp-content\/uploads\/2025\/07\/Moda_cine_ModA\u00b7isme.jpg\" \/>\n\t<meta property=\"og:image:width\" content=\"750\" \/>\n\t<meta property=\"og:image:height\" content=\"500\" \/>\n\t<meta property=\"og:image:type\" content=\"image\/jpeg\" \/>\n<meta name=\"twitter:card\" content=\"summary_large_image\" \/>\n<meta name=\"twitter:site\" content=\"@cdmtex\" \/>\n<script type=\"application\/ld+json\" class=\"yoast-schema-graph\">{\"@context\":\"https:\/\/schema.org\",\"@graph\":[{\"@type\":\"WebPage\",\"@id\":\"https:\/\/museutextil.cat\/es\/astra-portfolio\/moda-camara-y-accion\/\",\"url\":\"https:\/\/museutextil.cat\/es\/astra-portfolio\/moda-camara-y-accion\/\",\"name\":\"Moda\u2026 \u00a1c\u00e1mara y acci\u00f3n! - Museu T\u00e8xtil de Terrassa\",\"isPartOf\":{\"@id\":\"https:\/\/museutextil.cat\/es\/#website\"},\"primaryImageOfPage\":{\"@id\":\"https:\/\/museutextil.cat\/es\/astra-portfolio\/moda-camara-y-accion\/#primaryimage\"},\"image\":{\"@id\":\"https:\/\/museutextil.cat\/es\/astra-portfolio\/moda-camara-y-accion\/#primaryimage\"},\"thumbnailUrl\":\"https:\/\/museutextil.cat\/wp-content\/uploads\/2025\/07\/Moda_cine_ModA\u00b7isme.jpg\",\"datePublished\":\"2025-07-16T08:51:37+00:00\",\"dateModified\":\"2025-07-24T11:27:23+00:00\",\"breadcrumb\":{\"@id\":\"https:\/\/museutextil.cat\/es\/astra-portfolio\/moda-camara-y-accion\/#breadcrumb\"},\"inLanguage\":\"es\",\"potentialAction\":[{\"@type\":\"ReadAction\",\"target\":[\"https:\/\/museutextil.cat\/es\/astra-portfolio\/moda-camara-y-accion\/\"]}]},{\"@type\":\"ImageObject\",\"inLanguage\":\"es\",\"@id\":\"https:\/\/museutextil.cat\/es\/astra-portfolio\/moda-camara-y-accion\/#primaryimage\",\"url\":\"https:\/\/museutextil.cat\/wp-content\/uploads\/2025\/07\/Moda_cine_ModA\u00b7isme.jpg\",\"contentUrl\":\"https:\/\/museutextil.cat\/wp-content\/uploads\/2025\/07\/Moda_cine_ModA\u00b7isme.jpg\",\"width\":750,\"height\":500},{\"@type\":\"BreadcrumbList\",\"@id\":\"https:\/\/museutextil.cat\/es\/astra-portfolio\/moda-camara-y-accion\/#breadcrumb\",\"itemListElement\":[{\"@type\":\"ListItem\",\"position\":1,\"name\":\"Inici\",\"item\":\"https:\/\/museutextil.cat\/es\/\"},{\"@type\":\"ListItem\",\"position\":2,\"name\":\"Portfolio\",\"item\":\"https:\/\/museutextil.cat\/es\/astra-portfolio\/\"},{\"@type\":\"ListItem\",\"position\":3,\"name\":\"Moda\u2026 \u00a1c\u00e1mara y acci\u00f3n!\"}]},{\"@type\":\"WebSite\",\"@id\":\"https:\/\/museutextil.cat\/es\/#website\",\"url\":\"https:\/\/museutextil.cat\/es\/\",\"name\":\"Museu T\u00e8xtil de Terrassa\",\"description\":\"Centre de documentaci\u00f3 i Museu t\u00e8xtil\",\"publisher\":{\"@id\":\"https:\/\/museutextil.cat\/es\/#organization\"},\"potentialAction\":[{\"@type\":\"SearchAction\",\"target\":{\"@type\":\"EntryPoint\",\"urlTemplate\":\"https:\/\/museutextil.cat\/es\/?s={search_term_string}\"},\"query-input\":{\"@type\":\"PropertyValueSpecification\",\"valueRequired\":true,\"valueName\":\"search_term_string\"}}],\"inLanguage\":\"es\"},{\"@type\":\"Organization\",\"@id\":\"https:\/\/museutextil.cat\/es\/#organization\",\"name\":\"Museu T\u00e8xtil de Terrassa\",\"url\":\"https:\/\/museutextil.cat\/es\/\",\"logo\":{\"@type\":\"ImageObject\",\"inLanguage\":\"es\",\"@id\":\"https:\/\/museutextil.cat\/es\/#\/schema\/logo\/image\/\",\"url\":\"https:\/\/museutextil.cat\/wp-content\/uploads\/2025\/03\/museutextil_logo_h.png\",\"contentUrl\":\"https:\/\/museutextil.cat\/wp-content\/uploads\/2025\/03\/museutextil_logo_h.png\",\"width\":500,\"height\":87,\"caption\":\"Museu T\u00e8xtil de Terrassa\"},\"image\":{\"@id\":\"https:\/\/museutextil.cat\/es\/#\/schema\/logo\/image\/\"},\"sameAs\":[\"https:\/\/www.facebook.com\/cdmtextil\",\"https:\/\/x.com\/cdmtex\",\"https:\/\/www.instagram.com\/cdmtextil\/\",\"https:\/\/www.pinterest.com\/cdmtextil\/\",\"https:\/\/www.youtube.com\/user\/CDMTextil\"]}]}<\/script>\n<!-- \/ Yoast SEO plugin. -->","yoast_head_json":{"title":"Moda\u2026 \u00a1c\u00e1mara y acci\u00f3n! - Museu T\u00e8xtil de Terrassa","robots":{"index":"index","follow":"follow","max-snippet":"max-snippet:-1","max-image-preview":"max-image-preview:large","max-video-preview":"max-video-preview:-1"},"canonical":"https:\/\/museutextil.cat\/es\/astra-portfolio\/moda-camara-y-accion\/","og_locale":"es_ES","og_type":"article","og_title":"Moda\u2026 \u00a1c\u00e1mara y acci\u00f3n! - Museu T\u00e8xtil de Terrassa","og_description":"Una presentaci\u00f3n con visita monogr\u00e1fica para establecer conexiones entre el cine y la moda a partir de las colecciones del museo. El cine ha sido el principal referente popular para conocer la indumentaria de otras \u00e9pocas y a la vez una plataforma para difundir las tendencias de moda. A cargo de N\u00faria Braut, especialista en [&hellip;]","og_url":"https:\/\/museutextil.cat\/es\/astra-portfolio\/moda-camara-y-accion\/","og_site_name":"Museu T\u00e8xtil de Terrassa","article_publisher":"https:\/\/www.facebook.com\/cdmtextil","article_modified_time":"2025-07-24T11:27:23+00:00","og_image":[{"width":750,"height":500,"url":"https:\/\/museutextil.cat\/wp-content\/uploads\/2025\/07\/Moda_cine_ModA\u00b7isme.jpg","type":"image\/jpeg"}],"twitter_card":"summary_large_image","twitter_site":"@cdmtex","schema":{"@context":"https:\/\/schema.org","@graph":[{"@type":"WebPage","@id":"https:\/\/museutextil.cat\/es\/astra-portfolio\/moda-camara-y-accion\/","url":"https:\/\/museutextil.cat\/es\/astra-portfolio\/moda-camara-y-accion\/","name":"Moda\u2026 \u00a1c\u00e1mara y acci\u00f3n! - Museu T\u00e8xtil de Terrassa","isPartOf":{"@id":"https:\/\/museutextil.cat\/es\/#website"},"primaryImageOfPage":{"@id":"https:\/\/museutextil.cat\/es\/astra-portfolio\/moda-camara-y-accion\/#primaryimage"},"image":{"@id":"https:\/\/museutextil.cat\/es\/astra-portfolio\/moda-camara-y-accion\/#primaryimage"},"thumbnailUrl":"https:\/\/museutextil.cat\/wp-content\/uploads\/2025\/07\/Moda_cine_ModA\u00b7isme.jpg","datePublished":"2025-07-16T08:51:37+00:00","dateModified":"2025-07-24T11:27:23+00:00","breadcrumb":{"@id":"https:\/\/museutextil.cat\/es\/astra-portfolio\/moda-camara-y-accion\/#breadcrumb"},"inLanguage":"es","potentialAction":[{"@type":"ReadAction","target":["https:\/\/museutextil.cat\/es\/astra-portfolio\/moda-camara-y-accion\/"]}]},{"@type":"ImageObject","inLanguage":"es","@id":"https:\/\/museutextil.cat\/es\/astra-portfolio\/moda-camara-y-accion\/#primaryimage","url":"https:\/\/museutextil.cat\/wp-content\/uploads\/2025\/07\/Moda_cine_ModA\u00b7isme.jpg","contentUrl":"https:\/\/museutextil.cat\/wp-content\/uploads\/2025\/07\/Moda_cine_ModA\u00b7isme.jpg","width":750,"height":500},{"@type":"BreadcrumbList","@id":"https:\/\/museutextil.cat\/es\/astra-portfolio\/moda-camara-y-accion\/#breadcrumb","itemListElement":[{"@type":"ListItem","position":1,"name":"Inici","item":"https:\/\/museutextil.cat\/es\/"},{"@type":"ListItem","position":2,"name":"Portfolio","item":"https:\/\/museutextil.cat\/es\/astra-portfolio\/"},{"@type":"ListItem","position":3,"name":"Moda\u2026 \u00a1c\u00e1mara y acci\u00f3n!"}]},{"@type":"WebSite","@id":"https:\/\/museutextil.cat\/es\/#website","url":"https:\/\/museutextil.cat\/es\/","name":"Museu T\u00e8xtil de Terrassa","description":"Centre de documentaci\u00f3 i Museu t\u00e8xtil","publisher":{"@id":"https:\/\/museutextil.cat\/es\/#organization"},"potentialAction":[{"@type":"SearchAction","target":{"@type":"EntryPoint","urlTemplate":"https:\/\/museutextil.cat\/es\/?s={search_term_string}"},"query-input":{"@type":"PropertyValueSpecification","valueRequired":true,"valueName":"search_term_string"}}],"inLanguage":"es"},{"@type":"Organization","@id":"https:\/\/museutextil.cat\/es\/#organization","name":"Museu T\u00e8xtil de Terrassa","url":"https:\/\/museutextil.cat\/es\/","logo":{"@type":"ImageObject","inLanguage":"es","@id":"https:\/\/museutextil.cat\/es\/#\/schema\/logo\/image\/","url":"https:\/\/museutextil.cat\/wp-content\/uploads\/2025\/03\/museutextil_logo_h.png","contentUrl":"https:\/\/museutextil.cat\/wp-content\/uploads\/2025\/03\/museutextil_logo_h.png","width":500,"height":87,"caption":"Museu T\u00e8xtil de Terrassa"},"image":{"@id":"https:\/\/museutextil.cat\/es\/#\/schema\/logo\/image\/"},"sameAs":["https:\/\/www.facebook.com\/cdmtextil","https:\/\/x.com\/cdmtex","https:\/\/www.instagram.com\/cdmtextil\/","https:\/\/www.pinterest.com\/cdmtextil\/","https:\/\/www.youtube.com\/user\/CDMTextil"]}]}},"_links":{"self":[{"href":"https:\/\/museutextil.cat\/es\/wp-json\/wp\/v2\/astra-portfolio\/15335","targetHints":{"allow":["GET"]}}],"collection":[{"href":"https:\/\/museutextil.cat\/es\/wp-json\/wp\/v2\/astra-portfolio"}],"about":[{"href":"https:\/\/museutextil.cat\/es\/wp-json\/wp\/v2\/types\/astra-portfolio"}],"version-history":[{"count":0,"href":"https:\/\/museutextil.cat\/es\/wp-json\/wp\/v2\/astra-portfolio\/15335\/revisions"}],"wp:featuredmedia":[{"embeddable":true,"href":"https:\/\/museutextil.cat\/es\/wp-json\/wp\/v2\/media\/15337"}],"wp:attachment":[{"href":"https:\/\/museutextil.cat\/es\/wp-json\/wp\/v2\/media?parent=15335"}],"wp:term":[{"taxonomy":"astra-portfolio-categories","embeddable":true,"href":"https:\/\/museutextil.cat\/es\/wp-json\/wp\/v2\/astra-portfolio-categories?post=15335"},{"taxonomy":"astra-portfolio-other-categories","embeddable":true,"href":"https:\/\/museutextil.cat\/es\/wp-json\/wp\/v2\/astra-portfolio-other-categories?post=15335"},{"taxonomy":"astra-portfolio-tags","embeddable":true,"href":"https:\/\/museutextil.cat\/es\/wp-json\/wp\/v2\/astra-portfolio-tags?post=15335"}],"curies":[{"name":"wp","href":"https:\/\/api.w.org\/{rel}","templated":true}]}}