{"id":17555,"date":"2025-12-12T09:55:07","date_gmt":"2025-12-12T08:55:07","guid":{"rendered":"https:\/\/museutextil.cat\/?post_type=astra-portfolio&#038;p=17555"},"modified":"2025-12-12T11:38:46","modified_gmt":"2025-12-12T10:38:46","slug":"la-larga-espera-del-angel-2026","status":"publish","type":"astra-portfolio","link":"https:\/\/museutextil.cat\/es\/astra-portfolio\/la-larga-espera-del-angel-2026\/","title":{"rendered":"La larga espera del \u00e1ngel"},"content":{"rendered":"\t\t<div data-elementor-type=\"wp-post\" data-elementor-id=\"17555\" class=\"elementor elementor-17555 elementor-17554\" data-elementor-post-type=\"astra-portfolio\">\n\t\t\t\t<div class=\"elementor-element elementor-element-093fad8 e-flex e-con-boxed e-con e-parent\" data-id=\"093fad8\" data-element_type=\"container\">\n\t\t\t\t\t<div class=\"e-con-inner\">\n\t\t<div class=\"elementor-element elementor-element-d6f65c5 e-con-full e-flex e-con e-child\" data-id=\"d6f65c5\" data-element_type=\"container\">\n\t\t\t\t<div class=\"elementor-element elementor-element-e29733b elementor-widget elementor-widget-image\" data-id=\"e29733b\" data-element_type=\"widget\" data-widget_type=\"image.default\">\n\t\t\t\t<div class=\"elementor-widget-container\">\n\t\t\t\t\t\t\t\t\t\t\t\t\t\t\t<img fetchpriority=\"high\" decoding=\"async\" width=\"191\" height=\"300\" src=\"https:\/\/museutextil.cat\/wp-content\/uploads\/2025\/04\/la-larga-espera-del-angel-191x300-1.jpg\" class=\"attachment-large size-large wp-image-9637\" alt=\"\" \/>\t\t\t\t\t\t\t\t\t\t\t\t\t\t\t<\/div>\n\t\t\t\t<\/div>\n\t\t\t\t<\/div>\n\t\t<div class=\"elementor-element elementor-element-364d359 e-con-full e-flex e-con e-child\" data-id=\"364d359\" data-element_type=\"container\">\n\t\t\t\t<div class=\"elementor-element elementor-element-af805d3 elementor-icon-list--layout-traditional elementor-list-item-link-full_width elementor-widget elementor-widget-icon-list\" data-id=\"af805d3\" data-element_type=\"widget\" data-widget_type=\"icon-list.default\">\n\t\t\t\t<div class=\"elementor-widget-container\">\n\t\t\t\t\t\t\t<ul class=\"elementor-icon-list-items\">\n\t\t\t\t\t\t\t<li class=\"elementor-icon-list-item\">\n\t\t\t\t\t\t\t\t\t\t\t<a href=\"https:\/\/museutextil.cat\/wp-content\/uploads\/2025\/12\/largaesperaangel_2026_cas.pdf\">\n\n\t\t\t\t\t\t\t\t\t\t\t\t<span class=\"elementor-icon-list-icon\">\n\t\t\t\t\t\t\t<svg aria-hidden=\"true\" class=\"e-font-icon-svg e-far-file-pdf\" viewBox=\"0 0 384 512\" xmlns=\"http:\/\/www.w3.org\/2000\/svg\"><path d=\"M369.9 97.9L286 14C277 5 264.8-.1 252.1-.1H48C21.5 0 0 21.5 0 48v416c0 26.5 21.5 48 48 48h288c26.5 0 48-21.5 48-48V131.9c0-12.7-5.1-25-14.1-34zM332.1 128H256V51.9l76.1 76.1zM48 464V48h160v104c0 13.3 10.7 24 24 24h104v288H48zm250.2-143.7c-12.2-12-47-8.7-64.4-6.5-17.2-10.5-28.7-25-36.8-46.3 3.9-16.1 10.1-40.6 5.4-56-4.2-26.2-37.8-23.6-42.6-5.9-4.4 16.1-.4 38.5 7 67.1-10 23.9-24.9 56-35.4 74.4-20 10.3-47 26.2-51 46.2-3.3 15.8 26 55.2 76.1-31.2 22.4-7.4 46.8-16.5 68.4-20.1 18.9 10.2 41 17 55.8 17 25.5 0 28-28.2 17.5-38.7zm-198.1 77.8c5.1-13.7 24.5-29.5 30.4-35-19 30.3-30.4 35.7-30.4 35zm81.6-190.6c7.4 0 6.7 32.1 1.8 40.8-4.4-13.9-4.3-40.8-1.8-40.8zm-24.4 136.6c9.7-16.9 18-37 24.7-54.7 8.3 15.1 18.9 27.2 30.1 35.5-20.8 4.3-38.9 13.1-54.8 19.2zm131.6-5s-5 6-37.3-7.8c35.1-2.6 40.9 5.4 37.3 7.8z\"><\/path><\/svg>\t\t\t\t\t\t<\/span>\n\t\t\t\t\t\t\t\t\t\t<span class=\"elementor-icon-list-text\">Ficha del libro en PDF.<\/span>\n\t\t\t\t\t\t\t\t\t\t\t<\/a>\n\t\t\t\t\t\t\t\t\t<\/li>\n\t\t\t\t\t\t<\/ul>\n\t\t\t\t\t\t<\/div>\n\t\t\t\t<\/div>\n\t\t\t\t<div class=\"elementor-element elementor-element-9a9a66a elementor-widget elementor-widget-text-editor\" data-id=\"9a9a66a\" data-element_type=\"widget\" data-widget_type=\"text-editor.default\">\n\t\t\t\t<div class=\"elementor-widget-container\">\n\t\t\t\t\t\t\t\t\t<p><strong>Autora<\/strong>: Melania G. Mazzucco<br \/><strong>Editorial<\/strong>: Anagrama<br \/><strong>A\u00f1o<\/strong>: 2011<br \/><strong>P\u00e1ginas<\/strong>: 512<br \/><strong>ISBN<\/strong>: 9788433975539<\/p>\t\t\t\t\t\t\t\t<\/div>\n\t\t\t\t<\/div>\n\t\t\t\t<\/div>\n\t\t\t\t\t<\/div>\n\t\t\t\t<\/div>\n\t\t<div class=\"elementor-element elementor-element-73d8ad4 e-flex e-con-boxed e-con e-parent\" data-id=\"73d8ad4\" data-element_type=\"container\">\n\t\t\t\t\t<div class=\"e-con-inner\">\n\t\t\t\t<div class=\"elementor-element elementor-element-afacd28 elementor-widget elementor-widget-text-editor\" data-id=\"afacd28\" data-element_type=\"widget\" data-widget_type=\"text-editor.default\">\n\t\t\t\t<div class=\"elementor-widget-container\">\n\t\t\t\t\t\t\t\t\t<p><em>\u201cYo no quer\u00eda te\u00f1ir de rojo, azul o negro una tela, sino una pared.\u201d<\/em><\/p>\t\t\t\t\t\t\t\t<\/div>\n\t\t\t\t<\/div>\n\t\t\t\t\t<\/div>\n\t\t\t\t<\/div>\n\t\t<div class=\"elementor-element elementor-element-ebf1823 e-flex e-con-boxed e-con e-parent\" data-id=\"ebf1823\" data-element_type=\"container\">\n\t\t\t\t\t<div class=\"e-con-inner\">\n\t\t\t\t<div class=\"elementor-element elementor-element-20c8ac7 elementor-widget elementor-widget-text-editor\" data-id=\"20c8ac7\" data-element_type=\"widget\" data-widget_type=\"text-editor.default\">\n\t\t\t\t<div class=\"elementor-widget-container\">\n\t\t\t\t\t\t\t\t\t<p><strong>El libro:<\/strong><\/p><p>La autora crea una autobiograf\u00eda novelada que nos sit\u00faa en los \u00faltimos quince d\u00edas de la vida de Jacomo Robusti, el Tintoretto (1518-1594), artista veneciano situado entre el Renacimiento y el Barroco. El genial pintor narra su intensa vida en la sociedad y el ambiente de la Venecia del siglo XVI, una vida marcada por su gran pasi\u00f3n art\u00edstica y por su extensa familia. En ella destaca la figura de Marietta, hija ileg\u00edtima predilecta del pintor que intenta, con dificultad, seguir los pasos art\u00edsticos del padre y que fue conocida como Tintoretta.<\/p><p>M\u00e1s informaci\u00f3n:<\/p>\t\t\t\t\t\t\t\t<\/div>\n\t\t\t\t<\/div>\n\t\t\t\t<div class=\"elementor-element elementor-element-115a88e elementor-widget elementor-widget-text-editor\" data-id=\"115a88e\" data-element_type=\"widget\" data-widget_type=\"text-editor.default\">\n\t\t\t\t<div class=\"elementor-widget-container\">\n\t\t\t\t\t\t\t\t\t<p>\u00a0<\/p>\n<ul>\n<li><a href=\"https:\/\/www.revistadelibros.com\/articulos\/la-larga-espera-del-angel-retrata-el-amor-entre-tintoretto-y-su-hija-marietta\" target=\"_blank\" rel=\"noopener\">Revista de libros<\/a><\/li>\n<li><a href=\"http:\/\/encuentrosconlasletras.blogspot.com.es\/2011\/04\/la-larga-espera-del-angel.html\" target=\"_blank\" rel=\"noopener\">Encuentros con las letras<\/a><\/li>\n<li><a href=\"https:\/\/anikaentrelibros.com\/entrevista-a-melania-mazzucco-por--la-larga-espera-del--ngel-\" target=\"_blank\" rel=\"noopener\">Anika entre libros<\/a><\/li>\n<\/ul>\t\t\t\t\t\t\t\t<\/div>\n\t\t\t\t<\/div>\n\t\t\t\t\t<\/div>\n\t\t\t\t<\/div>\n\t\t<div class=\"elementor-element elementor-element-9e57e69 e-flex e-con-boxed e-con e-parent\" data-id=\"9e57e69\" data-element_type=\"container\">\n\t\t\t\t\t<div class=\"e-con-inner\">\n\t\t<div class=\"elementor-element elementor-element-81bfcb2 e-con-full e-flex e-con e-child\" data-id=\"81bfcb2\" data-element_type=\"container\">\n\t\t\t\t<div class=\"elementor-element elementor-element-70ac47b elementor-widget elementor-widget-image\" data-id=\"70ac47b\" data-element_type=\"widget\" data-widget_type=\"image.default\">\n\t\t\t\t<div class=\"elementor-widget-container\">\n\t\t\t\t\t\t\t\t\t\t\t\t\t\t\t<img decoding=\"async\" width=\"287\" height=\"296\" src=\"https:\/\/museutextil.cat\/wp-content\/uploads\/2025\/12\/autora_melania_g_mazzucco.jpeg\" class=\"attachment-large size-large wp-image-17572\" alt=\"Imatge de l&#039;autora Melania G. Mazzucco.\" \/>\t\t\t\t\t\t\t\t\t\t\t\t\t\t\t<\/div>\n\t\t\t\t<\/div>\n\t\t\t\t<\/div>\n\t\t<div class=\"elementor-element elementor-element-6716314 e-con-full e-flex e-con e-child\" data-id=\"6716314\" data-element_type=\"container\">\n\t\t\t\t<div class=\"elementor-element elementor-element-7cd3d91 elementor-widget elementor-widget-text-editor\" data-id=\"7cd3d91\" data-element_type=\"widget\" data-widget_type=\"text-editor.default\">\n\t\t\t\t<div class=\"elementor-widget-container\">\n\t\t\t\t\t\t\t\t\t<p><strong>La autora<\/strong>: Melania G. Mazzucco<\/p>\n<p>(Roma, 1966). Escritora, editora y guionista italiana, licenciada por la Universidad de Estudios de Roma La Sapienza, y especializada en cine por el Centro Sperimentale de Roma. Sus novelas han sido traducidas a varios idiomas, y ha obtenido importantes premios, el m\u00e1s relevante el Premio Strega por la novela Vita en 2003.<\/p>\n<p>Su \u00faltima novela es <em>Silenzio: le sette vite di Diana Karenne<\/em> (2024)<\/p>\n<ul>\n<li><a href=\"https:\/\/www.youtube.com\/watch?v=-LHp7xUIqAg\" target=\"_blank\" rel=\"noopener\">Entrevista a la autora<\/a> (16\u2019, en ingl\u00e9s, con subt\u00edtulos en castellano)<\/li>\n<li>Libros de la autora publicados por <a href=\"https:\/\/www.anagrama-ed.es\/autor\/mazzucco-melania-g--718\" target=\"_blank\" rel=\"noopener\">Anagrama<\/a><\/li>\n<\/ul>\n<p>Libros de la autora en las Bibliotecas P\u00fablicas de Catalunya <a href=\"https:\/\/cataleg.atena.biblioteques.cat\/iii\/encore\/search\/C__Smazzucco%2C melania__Orightresult__U?lang=cat&amp;suite=def\" target=\"_blank\" rel=\"noopener\">(Cat\u00e1logo Atena).<\/a><\/p>\t\t\t\t\t\t\t\t<\/div>\n\t\t\t\t<\/div>\n\t\t\t\t<\/div>\n\t\t\t\t\t<\/div>\n\t\t\t\t<\/div>\n\t\t<div class=\"elementor-element elementor-element-bd8ce5b e-flex e-con-boxed e-con e-parent\" data-id=\"bd8ce5b\" data-element_type=\"container\">\n\t\t\t\t\t<div class=\"e-con-inner\">\n\t\t\t\t\t<\/div>\n\t\t\t\t<\/div>\n\t\t\t\t<\/div>\n\t\t","protected":false},"featured_media":9637,"template":"","meta":{"site-sidebar-layout":"no-sidebar","site-content-layout":"page-builder","ast-site-content-layout":"full-width-container","site-content-style":"default","site-sidebar-style":"default","ast-global-header-display":"","ast-banner-title-visibility":"","ast-main-header-display":"","ast-hfb-above-header-display":"","ast-hfb-below-header-display":"","ast-hfb-mobile-header-display":"","site-post-title":"disabled","ast-breadcrumbs-content":"","ast-featured-img":"disabled","footer-sml-layout":"","theme-transparent-header-meta":"","adv-header-id-meta":"","stick-header-meta":"","header-above-stick-meta":"","header-main-stick-meta":"","header-below-stick-meta":"","astra-migrate-meta-layouts":"set","ast-page-background-enabled":"default","ast-page-background-meta":{"desktop":{"background-color":"var(--ast-global-color-4)","background-image":"","background-repeat":"repeat","background-position":"center center","background-size":"auto","background-attachment":"scroll","background-type":"","background-media":"","overlay-type":"","overlay-color":"","overlay-opacity":"","overlay-gradient":""},"tablet":{"background-color":"","background-image":"","background-repeat":"repeat","background-position":"center center","background-size":"auto","background-attachment":"scroll","background-type":"","background-media":"","overlay-type":"","overlay-color":"","overlay-opacity":"","overlay-gradient":""},"mobile":{"background-color":"","background-image":"","background-repeat":"repeat","background-position":"center center","background-size":"auto","background-attachment":"scroll","background-type":"","background-media":"","overlay-type":"","overlay-color":"","overlay-opacity":"","overlay-gradient":""}},"ast-content-background-meta":{"desktop":{"background-color":"var(--ast-global-color-5)","background-image":"","background-repeat":"repeat","background-position":"center center","background-size":"auto","background-attachment":"scroll","background-type":"","background-media":"","overlay-type":"","overlay-color":"","overlay-opacity":"","overlay-gradient":""},"tablet":{"background-color":"var(--ast-global-color-5)","background-image":"","background-repeat":"repeat","background-position":"center center","background-size":"auto","background-attachment":"scroll","background-type":"","background-media":"","overlay-type":"","overlay-color":"","overlay-opacity":"","overlay-gradient":""},"mobile":{"background-color":"var(--ast-global-color-5)","background-image":"","background-repeat":"repeat","background-position":"center center","background-size":"auto","background-attachment":"scroll","background-type":"","background-media":"","overlay-type":"","overlay-color":"","overlay-opacity":"","overlay-gradient":""}}},"astra-portfolio-categories":[143],"astra-portfolio-other-categories":[],"astra-portfolio-tags":[],"class_list":["post-17555","astra-portfolio","type-astra-portfolio","status-publish","has-post-thumbnail","hentry","astra-portfolio-categories-club-fil-per-randa-es"],"astra-site-call-to-action":"","astra-site-open-in-new-tab":"0","astra-site-open-portfolio-in":"new-tab","astra-site-url":"","thumbnail-image-url":null,"thumbnail-image-meta":{"alt":"","title":""},"lightbox-image-url":null,"portfolio-type":"page","portfolio-video-url":"","request_time":0.27507996559143066,"yoast_head":"<!-- This site is optimized with the Yoast SEO plugin v25.9 - https:\/\/yoast.com\/wordpress\/plugins\/seo\/ -->\n<title>La larga espera del \u00e1ngel - Museu T\u00e8xtil de Terrassa<\/title>\n<meta name=\"robots\" content=\"index, follow, max-snippet:-1, max-image-preview:large, max-video-preview:-1\" \/>\n<link rel=\"canonical\" href=\"https:\/\/museutextil.cat\/es\/astra-portfolio\/la-larga-espera-del-angel-2026\/\" \/>\n<meta property=\"og:locale\" content=\"es_ES\" \/>\n<meta property=\"og:type\" content=\"article\" \/>\n<meta property=\"og:title\" content=\"La larga espera del \u00e1ngel - Museu T\u00e8xtil de Terrassa\" \/>\n<meta property=\"og:description\" content=\"Ficha del libro en PDF. Autora: Melania G. MazzuccoEditorial: AnagramaA\u00f1o: 2011P\u00e1ginas: 512ISBN: 9788433975539 \u201cYo no quer\u00eda te\u00f1ir de rojo, azul o negro una tela, sino una pared.\u201d El libro: La autora crea una autobiograf\u00eda novelada que nos sit\u00faa en los \u00faltimos quince d\u00edas de la vida de Jacomo Robusti, el Tintoretto (1518-1594), artista veneciano situado [&hellip;]\" \/>\n<meta property=\"og:url\" content=\"https:\/\/museutextil.cat\/es\/astra-portfolio\/la-larga-espera-del-angel-2026\/\" \/>\n<meta property=\"og:site_name\" content=\"Museu T\u00e8xtil de Terrassa\" \/>\n<meta property=\"article:publisher\" content=\"https:\/\/www.facebook.com\/cdmtextil\" \/>\n<meta property=\"article:modified_time\" content=\"2025-12-12T10:38:46+00:00\" \/>\n<meta property=\"og:image\" content=\"https:\/\/museutextil.cat\/wp-content\/uploads\/2025\/04\/la-larga-espera-del-angel-191x300-1.jpg\" \/>\n\t<meta property=\"og:image:width\" content=\"191\" \/>\n\t<meta property=\"og:image:height\" content=\"300\" \/>\n\t<meta property=\"og:image:type\" content=\"image\/jpeg\" \/>\n<meta name=\"twitter:card\" content=\"summary_large_image\" \/>\n<meta name=\"twitter:site\" content=\"@cdmtex\" \/>\n<meta name=\"twitter:label1\" content=\"Tiempo de lectura\" \/>\n\t<meta name=\"twitter:data1\" content=\"2 minutos\" \/>\n<script type=\"application\/ld+json\" class=\"yoast-schema-graph\">{\"@context\":\"https:\/\/schema.org\",\"@graph\":[{\"@type\":\"WebPage\",\"@id\":\"https:\/\/museutextil.cat\/es\/astra-portfolio\/la-larga-espera-del-angel-2026\/\",\"url\":\"https:\/\/museutextil.cat\/es\/astra-portfolio\/la-larga-espera-del-angel-2026\/\",\"name\":\"La larga espera del \u00e1ngel - Museu T\u00e8xtil de Terrassa\",\"isPartOf\":{\"@id\":\"https:\/\/museutextil.cat\/es\/#website\"},\"primaryImageOfPage\":{\"@id\":\"https:\/\/museutextil.cat\/es\/astra-portfolio\/la-larga-espera-del-angel-2026\/#primaryimage\"},\"image\":{\"@id\":\"https:\/\/museutextil.cat\/es\/astra-portfolio\/la-larga-espera-del-angel-2026\/#primaryimage\"},\"thumbnailUrl\":\"https:\/\/museutextil.cat\/wp-content\/uploads\/2025\/04\/la-larga-espera-del-angel-191x300-1.jpg\",\"datePublished\":\"2025-12-12T08:55:07+00:00\",\"dateModified\":\"2025-12-12T10:38:46+00:00\",\"breadcrumb\":{\"@id\":\"https:\/\/museutextil.cat\/es\/astra-portfolio\/la-larga-espera-del-angel-2026\/#breadcrumb\"},\"inLanguage\":\"es\",\"potentialAction\":[{\"@type\":\"ReadAction\",\"target\":[\"https:\/\/museutextil.cat\/es\/astra-portfolio\/la-larga-espera-del-angel-2026\/\"]}]},{\"@type\":\"ImageObject\",\"inLanguage\":\"es\",\"@id\":\"https:\/\/museutextil.cat\/es\/astra-portfolio\/la-larga-espera-del-angel-2026\/#primaryimage\",\"url\":\"https:\/\/museutextil.cat\/wp-content\/uploads\/2025\/04\/la-larga-espera-del-angel-191x300-1.jpg\",\"contentUrl\":\"https:\/\/museutextil.cat\/wp-content\/uploads\/2025\/04\/la-larga-espera-del-angel-191x300-1.jpg\",\"width\":191,\"height\":300},{\"@type\":\"BreadcrumbList\",\"@id\":\"https:\/\/museutextil.cat\/es\/astra-portfolio\/la-larga-espera-del-angel-2026\/#breadcrumb\",\"itemListElement\":[{\"@type\":\"ListItem\",\"position\":1,\"name\":\"Inici\",\"item\":\"https:\/\/museutextil.cat\/es\/\"},{\"@type\":\"ListItem\",\"position\":2,\"name\":\"Portfolio\",\"item\":\"https:\/\/museutextil.cat\/es\/astra-portfolio\/\"},{\"@type\":\"ListItem\",\"position\":3,\"name\":\"La larga espera del \u00e1ngel\"}]},{\"@type\":\"WebSite\",\"@id\":\"https:\/\/museutextil.cat\/es\/#website\",\"url\":\"https:\/\/museutextil.cat\/es\/\",\"name\":\"Museu T\u00e8xtil de Terrassa\",\"description\":\"Centre de documentaci\u00f3 i Museu t\u00e8xtil\",\"publisher\":{\"@id\":\"https:\/\/museutextil.cat\/es\/#organization\"},\"potentialAction\":[{\"@type\":\"SearchAction\",\"target\":{\"@type\":\"EntryPoint\",\"urlTemplate\":\"https:\/\/museutextil.cat\/es\/?s={search_term_string}\"},\"query-input\":{\"@type\":\"PropertyValueSpecification\",\"valueRequired\":true,\"valueName\":\"search_term_string\"}}],\"inLanguage\":\"es\"},{\"@type\":\"Organization\",\"@id\":\"https:\/\/museutextil.cat\/es\/#organization\",\"name\":\"Museu T\u00e8xtil de Terrassa\",\"url\":\"https:\/\/museutextil.cat\/es\/\",\"logo\":{\"@type\":\"ImageObject\",\"inLanguage\":\"es\",\"@id\":\"https:\/\/museutextil.cat\/es\/#\/schema\/logo\/image\/\",\"url\":\"https:\/\/museutextil.cat\/wp-content\/uploads\/2025\/03\/museutextil_logo_h.png\",\"contentUrl\":\"https:\/\/museutextil.cat\/wp-content\/uploads\/2025\/03\/museutextil_logo_h.png\",\"width\":500,\"height\":87,\"caption\":\"Museu T\u00e8xtil de Terrassa\"},\"image\":{\"@id\":\"https:\/\/museutextil.cat\/es\/#\/schema\/logo\/image\/\"},\"sameAs\":[\"https:\/\/www.facebook.com\/cdmtextil\",\"https:\/\/x.com\/cdmtex\",\"https:\/\/www.instagram.com\/cdmtextil\/\",\"https:\/\/www.pinterest.com\/cdmtextil\/\",\"https:\/\/www.youtube.com\/user\/CDMTextil\"]}]}<\/script>\n<!-- \/ Yoast SEO plugin. -->","yoast_head_json":{"title":"La larga espera del \u00e1ngel - Museu T\u00e8xtil de Terrassa","robots":{"index":"index","follow":"follow","max-snippet":"max-snippet:-1","max-image-preview":"max-image-preview:large","max-video-preview":"max-video-preview:-1"},"canonical":"https:\/\/museutextil.cat\/es\/astra-portfolio\/la-larga-espera-del-angel-2026\/","og_locale":"es_ES","og_type":"article","og_title":"La larga espera del \u00e1ngel - Museu T\u00e8xtil de Terrassa","og_description":"Ficha del libro en PDF. Autora: Melania G. MazzuccoEditorial: AnagramaA\u00f1o: 2011P\u00e1ginas: 512ISBN: 9788433975539 \u201cYo no quer\u00eda te\u00f1ir de rojo, azul o negro una tela, sino una pared.\u201d El libro: La autora crea una autobiograf\u00eda novelada que nos sit\u00faa en los \u00faltimos quince d\u00edas de la vida de Jacomo Robusti, el Tintoretto (1518-1594), artista veneciano situado [&hellip;]","og_url":"https:\/\/museutextil.cat\/es\/astra-portfolio\/la-larga-espera-del-angel-2026\/","og_site_name":"Museu T\u00e8xtil de Terrassa","article_publisher":"https:\/\/www.facebook.com\/cdmtextil","article_modified_time":"2025-12-12T10:38:46+00:00","og_image":[{"width":191,"height":300,"url":"https:\/\/museutextil.cat\/wp-content\/uploads\/2025\/04\/la-larga-espera-del-angel-191x300-1.jpg","type":"image\/jpeg"}],"twitter_card":"summary_large_image","twitter_site":"@cdmtex","twitter_misc":{"Tiempo de lectura":"2 minutos"},"schema":{"@context":"https:\/\/schema.org","@graph":[{"@type":"WebPage","@id":"https:\/\/museutextil.cat\/es\/astra-portfolio\/la-larga-espera-del-angel-2026\/","url":"https:\/\/museutextil.cat\/es\/astra-portfolio\/la-larga-espera-del-angel-2026\/","name":"La larga espera del \u00e1ngel - Museu T\u00e8xtil de Terrassa","isPartOf":{"@id":"https:\/\/museutextil.cat\/es\/#website"},"primaryImageOfPage":{"@id":"https:\/\/museutextil.cat\/es\/astra-portfolio\/la-larga-espera-del-angel-2026\/#primaryimage"},"image":{"@id":"https:\/\/museutextil.cat\/es\/astra-portfolio\/la-larga-espera-del-angel-2026\/#primaryimage"},"thumbnailUrl":"https:\/\/museutextil.cat\/wp-content\/uploads\/2025\/04\/la-larga-espera-del-angel-191x300-1.jpg","datePublished":"2025-12-12T08:55:07+00:00","dateModified":"2025-12-12T10:38:46+00:00","breadcrumb":{"@id":"https:\/\/museutextil.cat\/es\/astra-portfolio\/la-larga-espera-del-angel-2026\/#breadcrumb"},"inLanguage":"es","potentialAction":[{"@type":"ReadAction","target":["https:\/\/museutextil.cat\/es\/astra-portfolio\/la-larga-espera-del-angel-2026\/"]}]},{"@type":"ImageObject","inLanguage":"es","@id":"https:\/\/museutextil.cat\/es\/astra-portfolio\/la-larga-espera-del-angel-2026\/#primaryimage","url":"https:\/\/museutextil.cat\/wp-content\/uploads\/2025\/04\/la-larga-espera-del-angel-191x300-1.jpg","contentUrl":"https:\/\/museutextil.cat\/wp-content\/uploads\/2025\/04\/la-larga-espera-del-angel-191x300-1.jpg","width":191,"height":300},{"@type":"BreadcrumbList","@id":"https:\/\/museutextil.cat\/es\/astra-portfolio\/la-larga-espera-del-angel-2026\/#breadcrumb","itemListElement":[{"@type":"ListItem","position":1,"name":"Inici","item":"https:\/\/museutextil.cat\/es\/"},{"@type":"ListItem","position":2,"name":"Portfolio","item":"https:\/\/museutextil.cat\/es\/astra-portfolio\/"},{"@type":"ListItem","position":3,"name":"La larga espera del \u00e1ngel"}]},{"@type":"WebSite","@id":"https:\/\/museutextil.cat\/es\/#website","url":"https:\/\/museutextil.cat\/es\/","name":"Museu T\u00e8xtil de Terrassa","description":"Centre de documentaci\u00f3 i Museu t\u00e8xtil","publisher":{"@id":"https:\/\/museutextil.cat\/es\/#organization"},"potentialAction":[{"@type":"SearchAction","target":{"@type":"EntryPoint","urlTemplate":"https:\/\/museutextil.cat\/es\/?s={search_term_string}"},"query-input":{"@type":"PropertyValueSpecification","valueRequired":true,"valueName":"search_term_string"}}],"inLanguage":"es"},{"@type":"Organization","@id":"https:\/\/museutextil.cat\/es\/#organization","name":"Museu T\u00e8xtil de Terrassa","url":"https:\/\/museutextil.cat\/es\/","logo":{"@type":"ImageObject","inLanguage":"es","@id":"https:\/\/museutextil.cat\/es\/#\/schema\/logo\/image\/","url":"https:\/\/museutextil.cat\/wp-content\/uploads\/2025\/03\/museutextil_logo_h.png","contentUrl":"https:\/\/museutextil.cat\/wp-content\/uploads\/2025\/03\/museutextil_logo_h.png","width":500,"height":87,"caption":"Museu T\u00e8xtil de Terrassa"},"image":{"@id":"https:\/\/museutextil.cat\/es\/#\/schema\/logo\/image\/"},"sameAs":["https:\/\/www.facebook.com\/cdmtextil","https:\/\/x.com\/cdmtex","https:\/\/www.instagram.com\/cdmtextil\/","https:\/\/www.pinterest.com\/cdmtextil\/","https:\/\/www.youtube.com\/user\/CDMTextil"]}]}},"_links":{"self":[{"href":"https:\/\/museutextil.cat\/es\/wp-json\/wp\/v2\/astra-portfolio\/17555","targetHints":{"allow":["GET"]}}],"collection":[{"href":"https:\/\/museutextil.cat\/es\/wp-json\/wp\/v2\/astra-portfolio"}],"about":[{"href":"https:\/\/museutextil.cat\/es\/wp-json\/wp\/v2\/types\/astra-portfolio"}],"version-history":[{"count":20,"href":"https:\/\/museutextil.cat\/es\/wp-json\/wp\/v2\/astra-portfolio\/17555\/revisions"}],"predecessor-version":[{"id":17619,"href":"https:\/\/museutextil.cat\/es\/wp-json\/wp\/v2\/astra-portfolio\/17555\/revisions\/17619"}],"wp:featuredmedia":[{"embeddable":true,"href":"https:\/\/museutextil.cat\/es\/wp-json\/wp\/v2\/media\/9637"}],"wp:attachment":[{"href":"https:\/\/museutextil.cat\/es\/wp-json\/wp\/v2\/media?parent=17555"}],"wp:term":[{"taxonomy":"astra-portfolio-categories","embeddable":true,"href":"https:\/\/museutextil.cat\/es\/wp-json\/wp\/v2\/astra-portfolio-categories?post=17555"},{"taxonomy":"astra-portfolio-other-categories","embeddable":true,"href":"https:\/\/museutextil.cat\/es\/wp-json\/wp\/v2\/astra-portfolio-other-categories?post=17555"},{"taxonomy":"astra-portfolio-tags","embeddable":true,"href":"https:\/\/museutextil.cat\/es\/wp-json\/wp\/v2\/astra-portfolio-tags?post=17555"}],"curies":[{"name":"wp","href":"https:\/\/api.w.org\/{rel}","templated":true}]}}