{"id":15655,"date":"2025-07-22T17:35:59","date_gmt":"2025-07-22T15:35:59","guid":{"rendered":"https:\/\/museutextil.cat\/activitats\/inauguracio-a-la-sala-espai-zero-donde-el-tiempo-habita-de-susana-arce\/"},"modified":"2025-09-09T09:56:34","modified_gmt":"2025-09-09T07:56:34","slug":"inauguracion-en-la-sala-espai-zero-donde-el-tiempo-habita-de-susana-arce","status":"publish","type":"mec-events","link":"https:\/\/museutextil.cat\/es\/activitats\/inauguracion-en-la-sala-espai-zero-donde-el-tiempo-habita-de-susana-arce\/","title":{"rendered":"Inauguraci\u00f3n en la sala Espai Zero: \"Donde el tiempo habita\" de Susana Arce"},"content":{"rendered":"<p>Actividad gratuita para p\u00fablico adulto, con entrada libre. Plazas limitadas al aforo de la sala.<\/p>\n<p>En esta exposici\u00f3n, Susana Arce quiere hablarnos sobre el tiempo, que es lo mismo que decir que quiere hablarnos sobre la vida y los rastros que va dejando a su paso. Para ello, escoge un material -la lana- y una t\u00e9cnica -el afieltrado manual- muy d\u00factiles y vers\u00e1tiles que le permiten crear, por un lado, una serie de topograf\u00edas de car\u00e1cter org\u00e1nico en la que los rastros del tiempo toman la forma de suaves relieves redondeados. Y por otro, le permiten construir habit\u00e1culos, de geometr\u00eda perfecta, que albergan o esconden recuerdos y vivencias de un tiempo pasado materializados en textil.<\/p>\n<p><a href=\"https:\/\/susanaarce.com\/es\" target=\"_blank\" rel=\"noopener\">Susana Arce<\/a> es artista textil, miembro de Guild of Silk Painters y de Crafts Council (Gran Breta\u00f1a) as\u00ed como de la Asociaci\u00f3n para la Creaci\u00f3n Textil (Madrid). Ha expuesto en numerosas muestras individuales y colectivas en diferentes espacios de Madrid y del resto de Espa\u00f1a, tambi\u00e9n en Catalu\u00f1a (Barcelona, Terrassa). En el extranjero, ha expuesto en Portugal, Italia y China. Para ella, el textil (trabaja con lana y seda) es algo eterno, que atrapa el tiempo y transmite lo vivido. En concreto el fieltro, para esta creadora tiene algo org\u00e1nico y vital, donde el sentido del tacto es muy relevante. Es por ello que hace suya la frase de Chillida: \"El tacto es m\u00e1s que un sentido, es la interacci\u00f3n de todos los sentidos\".<\/p>\n<p>La exposici\u00f3n se podr\u00e1 visitar hasta el 5 de diciembre del 2025. M\u00e1s informaci\u00f3n: <a href=\"mailto:auladidactica@cdmt.cat\">auladidactica@cdmt.cat<\/a> \/ 93 731 52 02.<\/p>\n","protected":false},"excerpt":{"rendered":"<p>Actividad gratuita para p\u00fablico adulto, con entrada libre. Plazas limitadas al aforo de la sala. En esta exposici\u00f3n, Susana Arce quiere hablarnos sobre el tiempo, que es lo mismo que decir que quiere hablarnos sobre la vida y los rastros que va dejando a su paso. Para ello, escoge un material -la lana- y una [&hellip;]<\/p>\n","protected":false},"author":1,"featured_media":15634,"comment_status":"closed","ping_status":"open","template":"","meta":{"site-sidebar-layout":"default","site-content-layout":"","ast-site-content-layout":"default","site-content-style":"default","site-sidebar-style":"default","ast-global-header-display":"","ast-banner-title-visibility":"","ast-main-header-display":"","ast-hfb-above-header-display":"","ast-hfb-below-header-display":"","ast-hfb-mobile-header-display":"","site-post-title":"","ast-breadcrumbs-content":"","ast-featured-img":"","footer-sml-layout":"","theme-transparent-header-meta":"default","adv-header-id-meta":"","stick-header-meta":"","header-above-stick-meta":"","header-main-stick-meta":"","header-below-stick-meta":"","astra-migrate-meta-layouts":"set","ast-page-background-enabled":"default","ast-page-background-meta":{"desktop":{"background-color":"var(--ast-global-color-4)","background-image":"","background-repeat":"repeat","background-position":"center center","background-size":"auto","background-attachment":"scroll","background-type":"","background-media":"","overlay-type":"","overlay-color":"","overlay-opacity":"","overlay-gradient":""},"tablet":{"background-color":"","background-image":"","background-repeat":"repeat","background-position":"center center","background-size":"auto","background-attachment":"scroll","background-type":"","background-media":"","overlay-type":"","overlay-color":"","overlay-opacity":"","overlay-gradient":""},"mobile":{"background-color":"","background-image":"","background-repeat":"repeat","background-position":"center center","background-size":"auto","background-attachment":"scroll","background-type":"","background-media":"","overlay-type":"","overlay-color":"","overlay-opacity":"","overlay-gradient":""}},"ast-content-background-meta":{"desktop":{"background-color":"var(--ast-global-color-5)","background-image":"","background-repeat":"repeat","background-position":"center center","background-size":"auto","background-attachment":"scroll","background-type":"","background-media":"","overlay-type":"","overlay-color":"","overlay-opacity":"","overlay-gradient":""},"tablet":{"background-color":"var(--ast-global-color-5)","background-image":"","background-repeat":"repeat","background-position":"center center","background-size":"auto","background-attachment":"scroll","background-type":"","background-media":"","overlay-type":"","overlay-color":"","overlay-opacity":"","overlay-gradient":""},"mobile":{"background-color":"var(--ast-global-color-5)","background-image":"","background-repeat":"repeat","background-position":"center center","background-size":"auto","background-attachment":"scroll","background-type":"","background-media":"","overlay-type":"","overlay-color":"","overlay-opacity":"","overlay-gradient":""}}},"tags":[],"mec_category":[173],"class_list":["post-15655","mec-events","type-mec-events","status-publish","has-post-thumbnail","hentry","mec_category-adultos-es"],"yoast_head":"<!-- This site is optimized with the Yoast SEO plugin v25.9 - https:\/\/yoast.com\/wordpress\/plugins\/seo\/ -->\n<title>Inauguraci\u00f3n en la sala Espai Zero: &quot;Donde el tiempo habita&quot; de Susana Arce - Museu T\u00e8xtil de Terrassa<\/title>\n<meta name=\"robots\" content=\"index, follow, max-snippet:-1, max-image-preview:large, max-video-preview:-1\" \/>\n<link rel=\"canonical\" href=\"https:\/\/museutextil.cat\/es\/activitats\/inauguracion-en-la-sala-espai-zero-donde-el-tiempo-habita-de-susana-arce\/\" \/>\n<meta property=\"og:locale\" content=\"es_ES\" \/>\n<meta property=\"og:type\" content=\"article\" \/>\n<meta property=\"og:title\" content=\"Inauguraci\u00f3n en la sala Espai Zero: &quot;Donde el tiempo habita&quot; de Susana Arce - Museu T\u00e8xtil de Terrassa\" \/>\n<meta property=\"og:description\" content=\"Actividad gratuita para p\u00fablico adulto, con entrada libre. Plazas limitadas al aforo de la sala. En esta exposici\u00f3n, Susana Arce quiere hablarnos sobre el tiempo, que es lo mismo que decir que quiere hablarnos sobre la vida y los rastros que va dejando a su paso. Para ello, escoge un material -la lana- y una [&hellip;]\" \/>\n<meta property=\"og:url\" content=\"https:\/\/museutextil.cat\/es\/activitats\/inauguracion-en-la-sala-espai-zero-donde-el-tiempo-habita-de-susana-arce\/\" \/>\n<meta property=\"og:site_name\" content=\"Museu T\u00e8xtil de Terrassa\" \/>\n<meta property=\"article:publisher\" content=\"https:\/\/www.facebook.com\/cdmtextil\" \/>\n<meta property=\"article:modified_time\" content=\"2025-09-09T07:56:34+00:00\" \/>\n<meta property=\"og:image\" content=\"https:\/\/museutextil.cat\/wp-content\/uploads\/2025\/07\/Susana_Arce_tiempo_140925.jpg\" \/>\n\t<meta property=\"og:image:width\" content=\"750\" \/>\n\t<meta property=\"og:image:height\" content=\"500\" \/>\n\t<meta property=\"og:image:type\" content=\"image\/jpeg\" \/>\n<meta name=\"twitter:card\" content=\"summary_large_image\" \/>\n<meta name=\"twitter:site\" content=\"@cdmtex\" \/>\n<meta name=\"twitter:label1\" content=\"Tiempo de lectura\" \/>\n\t<meta name=\"twitter:data1\" content=\"2 minutos\" \/>\n<script type=\"application\/ld+json\" class=\"yoast-schema-graph\">{\"@context\":\"https:\/\/schema.org\",\"@graph\":[{\"@type\":\"WebPage\",\"@id\":\"https:\/\/museutextil.cat\/es\/activitats\/inauguracion-en-la-sala-espai-zero-donde-el-tiempo-habita-de-susana-arce\/\",\"url\":\"https:\/\/museutextil.cat\/es\/activitats\/inauguracion-en-la-sala-espai-zero-donde-el-tiempo-habita-de-susana-arce\/\",\"name\":\"Inauguraci\u00f3n en la sala Espai Zero: \\\"Donde el tiempo habita\\\" de Susana Arce - Museu T\u00e8xtil de Terrassa\",\"isPartOf\":{\"@id\":\"https:\/\/museutextil.cat\/es\/#website\"},\"primaryImageOfPage\":{\"@id\":\"https:\/\/museutextil.cat\/es\/activitats\/inauguracion-en-la-sala-espai-zero-donde-el-tiempo-habita-de-susana-arce\/#primaryimage\"},\"image\":{\"@id\":\"https:\/\/museutextil.cat\/es\/activitats\/inauguracion-en-la-sala-espai-zero-donde-el-tiempo-habita-de-susana-arce\/#primaryimage\"},\"thumbnailUrl\":\"https:\/\/museutextil.cat\/wp-content\/uploads\/2025\/07\/Susana_Arce_tiempo_140925.jpg\",\"datePublished\":\"2025-07-22T15:35:59+00:00\",\"dateModified\":\"2025-09-09T07:56:34+00:00\",\"breadcrumb\":{\"@id\":\"https:\/\/museutextil.cat\/es\/activitats\/inauguracion-en-la-sala-espai-zero-donde-el-tiempo-habita-de-susana-arce\/#breadcrumb\"},\"inLanguage\":\"es\",\"potentialAction\":[{\"@type\":\"ReadAction\",\"target\":[\"https:\/\/museutextil.cat\/es\/activitats\/inauguracion-en-la-sala-espai-zero-donde-el-tiempo-habita-de-susana-arce\/\"]}]},{\"@type\":\"ImageObject\",\"inLanguage\":\"es\",\"@id\":\"https:\/\/museutextil.cat\/es\/activitats\/inauguracion-en-la-sala-espai-zero-donde-el-tiempo-habita-de-susana-arce\/#primaryimage\",\"url\":\"https:\/\/museutextil.cat\/wp-content\/uploads\/2025\/07\/Susana_Arce_tiempo_140925.jpg\",\"contentUrl\":\"https:\/\/museutextil.cat\/wp-content\/uploads\/2025\/07\/Susana_Arce_tiempo_140925.jpg\",\"width\":750,\"height\":500},{\"@type\":\"BreadcrumbList\",\"@id\":\"https:\/\/museutextil.cat\/es\/activitats\/inauguracion-en-la-sala-espai-zero-donde-el-tiempo-habita-de-susana-arce\/#breadcrumb\",\"itemListElement\":[{\"@type\":\"ListItem\",\"position\":1,\"name\":\"Inici\",\"item\":\"https:\/\/museutextil.cat\/es\/\"},{\"@type\":\"ListItem\",\"position\":2,\"name\":\"Eventos\",\"item\":\"https:\/\/museutextil.cat\/es\/activitats\/\"},{\"@type\":\"ListItem\",\"position\":3,\"name\":\"Inauguraci\u00f3n en la sala Espai Zero: \\\"Donde el tiempo habita\\\" de Susana Arce\"}]},{\"@type\":\"WebSite\",\"@id\":\"https:\/\/museutextil.cat\/es\/#website\",\"url\":\"https:\/\/museutextil.cat\/es\/\",\"name\":\"Museu T\u00e8xtil de Terrassa\",\"description\":\"Centre de documentaci\u00f3 i Museu t\u00e8xtil\",\"publisher\":{\"@id\":\"https:\/\/museutextil.cat\/es\/#organization\"},\"potentialAction\":[{\"@type\":\"SearchAction\",\"target\":{\"@type\":\"EntryPoint\",\"urlTemplate\":\"https:\/\/museutextil.cat\/es\/?s={search_term_string}\"},\"query-input\":{\"@type\":\"PropertyValueSpecification\",\"valueRequired\":true,\"valueName\":\"search_term_string\"}}],\"inLanguage\":\"es\"},{\"@type\":\"Organization\",\"@id\":\"https:\/\/museutextil.cat\/es\/#organization\",\"name\":\"Museu T\u00e8xtil de Terrassa\",\"url\":\"https:\/\/museutextil.cat\/es\/\",\"logo\":{\"@type\":\"ImageObject\",\"inLanguage\":\"es\",\"@id\":\"https:\/\/museutextil.cat\/es\/#\/schema\/logo\/image\/\",\"url\":\"https:\/\/museutextil.cat\/wp-content\/uploads\/2025\/03\/museutextil_logo_h.png\",\"contentUrl\":\"https:\/\/museutextil.cat\/wp-content\/uploads\/2025\/03\/museutextil_logo_h.png\",\"width\":500,\"height\":87,\"caption\":\"Museu T\u00e8xtil de Terrassa\"},\"image\":{\"@id\":\"https:\/\/museutextil.cat\/es\/#\/schema\/logo\/image\/\"},\"sameAs\":[\"https:\/\/www.facebook.com\/cdmtextil\",\"https:\/\/x.com\/cdmtex\",\"https:\/\/www.instagram.com\/cdmtextil\/\",\"https:\/\/www.pinterest.com\/cdmtextil\/\",\"https:\/\/www.youtube.com\/user\/CDMTextil\"]}]}<\/script>\n<!-- \/ Yoast SEO plugin. -->","yoast_head_json":{"title":"Inauguraci\u00f3n en la sala Espai Zero: \"Donde el tiempo habita\" de Susana Arce - Museu T\u00e8xtil de Terrassa","robots":{"index":"index","follow":"follow","max-snippet":"max-snippet:-1","max-image-preview":"max-image-preview:large","max-video-preview":"max-video-preview:-1"},"canonical":"https:\/\/museutextil.cat\/es\/activitats\/inauguracion-en-la-sala-espai-zero-donde-el-tiempo-habita-de-susana-arce\/","og_locale":"es_ES","og_type":"article","og_title":"Inauguraci\u00f3n en la sala Espai Zero: \"Donde el tiempo habita\" de Susana Arce - Museu T\u00e8xtil de Terrassa","og_description":"Actividad gratuita para p\u00fablico adulto, con entrada libre. Plazas limitadas al aforo de la sala. En esta exposici\u00f3n, Susana Arce quiere hablarnos sobre el tiempo, que es lo mismo que decir que quiere hablarnos sobre la vida y los rastros que va dejando a su paso. Para ello, escoge un material -la lana- y una [&hellip;]","og_url":"https:\/\/museutextil.cat\/es\/activitats\/inauguracion-en-la-sala-espai-zero-donde-el-tiempo-habita-de-susana-arce\/","og_site_name":"Museu T\u00e8xtil de Terrassa","article_publisher":"https:\/\/www.facebook.com\/cdmtextil","article_modified_time":"2025-09-09T07:56:34+00:00","og_image":[{"width":750,"height":500,"url":"https:\/\/museutextil.cat\/wp-content\/uploads\/2025\/07\/Susana_Arce_tiempo_140925.jpg","type":"image\/jpeg"}],"twitter_card":"summary_large_image","twitter_site":"@cdmtex","twitter_misc":{"Tiempo de lectura":"2 minutos"},"schema":{"@context":"https:\/\/schema.org","@graph":[{"@type":"WebPage","@id":"https:\/\/museutextil.cat\/es\/activitats\/inauguracion-en-la-sala-espai-zero-donde-el-tiempo-habita-de-susana-arce\/","url":"https:\/\/museutextil.cat\/es\/activitats\/inauguracion-en-la-sala-espai-zero-donde-el-tiempo-habita-de-susana-arce\/","name":"Inauguraci\u00f3n en la sala Espai Zero: \"Donde el tiempo habita\" de Susana Arce - Museu T\u00e8xtil de Terrassa","isPartOf":{"@id":"https:\/\/museutextil.cat\/es\/#website"},"primaryImageOfPage":{"@id":"https:\/\/museutextil.cat\/es\/activitats\/inauguracion-en-la-sala-espai-zero-donde-el-tiempo-habita-de-susana-arce\/#primaryimage"},"image":{"@id":"https:\/\/museutextil.cat\/es\/activitats\/inauguracion-en-la-sala-espai-zero-donde-el-tiempo-habita-de-susana-arce\/#primaryimage"},"thumbnailUrl":"https:\/\/museutextil.cat\/wp-content\/uploads\/2025\/07\/Susana_Arce_tiempo_140925.jpg","datePublished":"2025-07-22T15:35:59+00:00","dateModified":"2025-09-09T07:56:34+00:00","breadcrumb":{"@id":"https:\/\/museutextil.cat\/es\/activitats\/inauguracion-en-la-sala-espai-zero-donde-el-tiempo-habita-de-susana-arce\/#breadcrumb"},"inLanguage":"es","potentialAction":[{"@type":"ReadAction","target":["https:\/\/museutextil.cat\/es\/activitats\/inauguracion-en-la-sala-espai-zero-donde-el-tiempo-habita-de-susana-arce\/"]}]},{"@type":"ImageObject","inLanguage":"es","@id":"https:\/\/museutextil.cat\/es\/activitats\/inauguracion-en-la-sala-espai-zero-donde-el-tiempo-habita-de-susana-arce\/#primaryimage","url":"https:\/\/museutextil.cat\/wp-content\/uploads\/2025\/07\/Susana_Arce_tiempo_140925.jpg","contentUrl":"https:\/\/museutextil.cat\/wp-content\/uploads\/2025\/07\/Susana_Arce_tiempo_140925.jpg","width":750,"height":500},{"@type":"BreadcrumbList","@id":"https:\/\/museutextil.cat\/es\/activitats\/inauguracion-en-la-sala-espai-zero-donde-el-tiempo-habita-de-susana-arce\/#breadcrumb","itemListElement":[{"@type":"ListItem","position":1,"name":"Inici","item":"https:\/\/museutextil.cat\/es\/"},{"@type":"ListItem","position":2,"name":"Eventos","item":"https:\/\/museutextil.cat\/es\/activitats\/"},{"@type":"ListItem","position":3,"name":"Inauguraci\u00f3n en la sala Espai Zero: \"Donde el tiempo habita\" de Susana Arce"}]},{"@type":"WebSite","@id":"https:\/\/museutextil.cat\/es\/#website","url":"https:\/\/museutextil.cat\/es\/","name":"Museu T\u00e8xtil de Terrassa","description":"Centre de documentaci\u00f3 i Museu t\u00e8xtil","publisher":{"@id":"https:\/\/museutextil.cat\/es\/#organization"},"potentialAction":[{"@type":"SearchAction","target":{"@type":"EntryPoint","urlTemplate":"https:\/\/museutextil.cat\/es\/?s={search_term_string}"},"query-input":{"@type":"PropertyValueSpecification","valueRequired":true,"valueName":"search_term_string"}}],"inLanguage":"es"},{"@type":"Organization","@id":"https:\/\/museutextil.cat\/es\/#organization","name":"Museu T\u00e8xtil de Terrassa","url":"https:\/\/museutextil.cat\/es\/","logo":{"@type":"ImageObject","inLanguage":"es","@id":"https:\/\/museutextil.cat\/es\/#\/schema\/logo\/image\/","url":"https:\/\/museutextil.cat\/wp-content\/uploads\/2025\/03\/museutextil_logo_h.png","contentUrl":"https:\/\/museutextil.cat\/wp-content\/uploads\/2025\/03\/museutextil_logo_h.png","width":500,"height":87,"caption":"Museu T\u00e8xtil de Terrassa"},"image":{"@id":"https:\/\/museutextil.cat\/es\/#\/schema\/logo\/image\/"},"sameAs":["https:\/\/www.facebook.com\/cdmtextil","https:\/\/x.com\/cdmtex","https:\/\/www.instagram.com\/cdmtextil\/","https:\/\/www.pinterest.com\/cdmtextil\/","https:\/\/www.youtube.com\/user\/CDMTextil"]}]}},"_links":{"self":[{"href":"https:\/\/museutextil.cat\/es\/wp-json\/wp\/v2\/mec-events\/15655","targetHints":{"allow":["GET"]}}],"collection":[{"href":"https:\/\/museutextil.cat\/es\/wp-json\/wp\/v2\/mec-events"}],"about":[{"href":"https:\/\/museutextil.cat\/es\/wp-json\/wp\/v2\/types\/mec-events"}],"author":[{"embeddable":true,"href":"https:\/\/museutextil.cat\/es\/wp-json\/wp\/v2\/users\/1"}],"replies":[{"embeddable":true,"href":"https:\/\/museutextil.cat\/es\/wp-json\/wp\/v2\/comments?post=15655"}],"wp:featuredmedia":[{"embeddable":true,"href":"https:\/\/museutextil.cat\/es\/wp-json\/wp\/v2\/media\/15634"}],"wp:attachment":[{"href":"https:\/\/museutextil.cat\/es\/wp-json\/wp\/v2\/media?parent=15655"}],"wp:term":[{"taxonomy":"post_tag","embeddable":true,"href":"https:\/\/museutextil.cat\/es\/wp-json\/wp\/v2\/tags?post=15655"},{"taxonomy":"mec_category","embeddable":true,"href":"https:\/\/museutextil.cat\/es\/wp-json\/wp\/v2\/mec_category?post=15655"}],"curies":[{"name":"wp","href":"https:\/\/api.w.org\/{rel}","templated":true}]}}