{"id":16049,"date":"2025-07-25T10:30:01","date_gmt":"2025-07-25T08:30:01","guid":{"rendered":"https:\/\/museutextil.cat\/activitats\/tarda-amb-lartista-lala-de-dios-visita-i-xerrada-dialogada-arte-y-textiles\/"},"modified":"2025-10-02T14:08:42","modified_gmt":"2025-10-02T12:08:42","slug":"tarde-con-la-artista-lala-de-dios-visita-i-charla-dialogada-arte-y-textiles","status":"publish","type":"mec-events","link":"https:\/\/museutextil.cat\/es\/activitats\/tarde-con-la-artista-lala-de-dios-visita-i-charla-dialogada-arte-y-textiles\/","title":{"rendered":"Tarde con la artista... Lala de Dios. Visita i charla dialogada \"Arte y textiles\""},"content":{"rendered":"<p>Actividad gratuita con inscripci\u00f3n previa. Plazas limitadas.<\/p>\n<p>Esta actividad se inscribe en el marco de la exposici\u00f3n temporal \"Donde el tiempo habita\" de Susana Arce, la cual os invitamos a visitar en el Espai Zero del Museu T\u00e8xtil. La propuesta es una visita guiada a esta muestra por parte de su comisaria <a href=\"https:\/\/www.instagram.com\/laladedios5\/\" target=\"_blank\" rel=\"noopener\">Lala de Dios<\/a>, m\u00e1s una charla para examinar el cambio de paradigma que ha facilitado la plena inclusi\u00f3n del textil en el sistema del arte contempor\u00e1neo. Se comparar\u00e1 la dif\u00edcil trayectoria de algunas de las artistas pioneras del movimiento del arte textil en los 70 y 80 con la de algunas artistas contempor\u00e1neas emergentes que est\u00e1n teniendo mucho m\u00e1s f\u00e1cil alcanzar el reconocimiento institucional y del mercado.<\/p>\n<p>La charla se impartir\u00e1 en castellano.<\/p>\n<p>M\u00e1s informaci\u00f3n en: <a href=\"mailto:auladidactica@cdmt.cat\">auladidactica@cdmt.cat<\/a> \/ 93 731 52 02.<\/p>\n<p><strong>Lala de Dios<\/strong> (A Coru\u00f1a 1949) es historiadora del arte, comisaria y gestora cultural adem\u00e1s de tejedora y tintorera. Forma parte del equipo curatorial de <a href=\"https:\/\/contextile.pt\/\" target=\"_blank\" rel=\"noopener\">Contextile<\/a>, bienal de arte textil contempor\u00e1neo (Guimaraes, Portugal) y ha comisariado la participaci\u00f3n espa\u00f1ola en todas las ediciones de Peninsulares, Encuentros Ib\u00e9ricos de Arte Textil Contempor\u00e1neo, adem\u00e1s de exposiciones como \"Josep Grau-Garriga. Los Hilos de la memoria\"; \"Ainda, um elefante na sala\"; \"Trashumancias: los relatos de la lana\"; \"Cabos sueltos\", entre otras muchas.<\/p>\n","protected":false},"excerpt":{"rendered":"<p>Actividad gratuita con inscripci\u00f3n previa. Plazas limitadas. Esta actividad se inscribe en el marco de la exposici\u00f3n temporal \u00abDonde el tiempo habita\u00bb de Susana Arce, la cual os invitamos a visitar en el Espai Zero del Museu T\u00e8xtil. La propuesta es una visita guiada a esta muestra por parte de su comisaria Lala de Dios, [&hellip;]<\/p>\n","protected":false},"author":1,"featured_media":15634,"comment_status":"closed","ping_status":"open","template":"","meta":{"site-sidebar-layout":"default","site-content-layout":"","ast-site-content-layout":"default","site-content-style":"default","site-sidebar-style":"default","ast-global-header-display":"","ast-banner-title-visibility":"","ast-main-header-display":"","ast-hfb-above-header-display":"","ast-hfb-below-header-display":"","ast-hfb-mobile-header-display":"","site-post-title":"","ast-breadcrumbs-content":"","ast-featured-img":"","footer-sml-layout":"","theme-transparent-header-meta":"default","adv-header-id-meta":"","stick-header-meta":"","header-above-stick-meta":"","header-main-stick-meta":"","header-below-stick-meta":"","astra-migrate-meta-layouts":"set","ast-page-background-enabled":"default","ast-page-background-meta":{"desktop":{"background-color":"var(--ast-global-color-4)","background-image":"","background-repeat":"repeat","background-position":"center center","background-size":"auto","background-attachment":"scroll","background-type":"","background-media":"","overlay-type":"","overlay-color":"","overlay-opacity":"","overlay-gradient":""},"tablet":{"background-color":"","background-image":"","background-repeat":"repeat","background-position":"center center","background-size":"auto","background-attachment":"scroll","background-type":"","background-media":"","overlay-type":"","overlay-color":"","overlay-opacity":"","overlay-gradient":""},"mobile":{"background-color":"","background-image":"","background-repeat":"repeat","background-position":"center center","background-size":"auto","background-attachment":"scroll","background-type":"","background-media":"","overlay-type":"","overlay-color":"","overlay-opacity":"","overlay-gradient":""}},"ast-content-background-meta":{"desktop":{"background-color":"var(--ast-global-color-5)","background-image":"","background-repeat":"repeat","background-position":"center center","background-size":"auto","background-attachment":"scroll","background-type":"","background-media":"","overlay-type":"","overlay-color":"","overlay-opacity":"","overlay-gradient":""},"tablet":{"background-color":"var(--ast-global-color-5)","background-image":"","background-repeat":"repeat","background-position":"center center","background-size":"auto","background-attachment":"scroll","background-type":"","background-media":"","overlay-type":"","overlay-color":"","overlay-opacity":"","overlay-gradient":""},"mobile":{"background-color":"var(--ast-global-color-5)","background-image":"","background-repeat":"repeat","background-position":"center center","background-size":"auto","background-attachment":"scroll","background-type":"","background-media":"","overlay-type":"","overlay-color":"","overlay-opacity":"","overlay-gradient":""}}},"tags":[],"mec_category":[173],"class_list":["post-16049","mec-events","type-mec-events","status-publish","has-post-thumbnail","hentry","mec_category-adultos-es"],"yoast_head":"<!-- This site is optimized with the Yoast SEO plugin v25.9 - https:\/\/yoast.com\/wordpress\/plugins\/seo\/ -->\n<title>Tarde con la artista... Lala de Dios. Visita i charla dialogada &quot;Arte y textiles&quot; - Museu T\u00e8xtil de Terrassa<\/title>\n<meta name=\"robots\" content=\"index, follow, max-snippet:-1, max-image-preview:large, max-video-preview:-1\" \/>\n<link rel=\"canonical\" href=\"https:\/\/museutextil.cat\/es\/activitats\/tarde-con-la-artista-lala-de-dios-visita-i-charla-dialogada-arte-y-textiles\/\" \/>\n<meta property=\"og:locale\" content=\"es_ES\" \/>\n<meta property=\"og:type\" content=\"article\" \/>\n<meta property=\"og:title\" content=\"Tarde con la artista... Lala de Dios. Visita i charla dialogada &quot;Arte y textiles&quot; - Museu T\u00e8xtil de Terrassa\" \/>\n<meta property=\"og:description\" content=\"Actividad gratuita con inscripci\u00f3n previa. Plazas limitadas. Esta actividad se inscribe en el marco de la exposici\u00f3n temporal &quot;Donde el tiempo habita&quot; de Susana Arce, la cual os invitamos a visitar en el Espai Zero del Museu T\u00e8xtil. La propuesta es una visita guiada a esta muestra por parte de su comisaria Lala de Dios, [&hellip;]\" \/>\n<meta property=\"og:url\" content=\"https:\/\/museutextil.cat\/es\/activitats\/tarde-con-la-artista-lala-de-dios-visita-i-charla-dialogada-arte-y-textiles\/\" \/>\n<meta property=\"og:site_name\" content=\"Museu T\u00e8xtil de Terrassa\" \/>\n<meta property=\"article:publisher\" content=\"https:\/\/www.facebook.com\/cdmtextil\" \/>\n<meta property=\"article:modified_time\" content=\"2025-10-02T12:08:42+00:00\" \/>\n<meta property=\"og:image\" content=\"https:\/\/museutextil.cat\/wp-content\/uploads\/2025\/07\/Susana_Arce_tiempo_140925.jpg\" \/>\n\t<meta property=\"og:image:width\" content=\"750\" \/>\n\t<meta property=\"og:image:height\" content=\"500\" \/>\n\t<meta property=\"og:image:type\" content=\"image\/jpeg\" \/>\n<meta name=\"twitter:card\" content=\"summary_large_image\" \/>\n<meta name=\"twitter:site\" content=\"@cdmtex\" \/>\n<meta name=\"twitter:label1\" content=\"Tiempo de lectura\" \/>\n\t<meta name=\"twitter:data1\" content=\"2 minutos\" \/>\n<script type=\"application\/ld+json\" class=\"yoast-schema-graph\">{\"@context\":\"https:\/\/schema.org\",\"@graph\":[{\"@type\":\"WebPage\",\"@id\":\"https:\/\/museutextil.cat\/es\/activitats\/tarde-con-la-artista-lala-de-dios-visita-i-charla-dialogada-arte-y-textiles\/\",\"url\":\"https:\/\/museutextil.cat\/es\/activitats\/tarde-con-la-artista-lala-de-dios-visita-i-charla-dialogada-arte-y-textiles\/\",\"name\":\"Tarde con la artista... Lala de Dios. Visita i charla dialogada \\\"Arte y textiles\\\" - Museu T\u00e8xtil de Terrassa\",\"isPartOf\":{\"@id\":\"https:\/\/museutextil.cat\/es\/#website\"},\"primaryImageOfPage\":{\"@id\":\"https:\/\/museutextil.cat\/es\/activitats\/tarde-con-la-artista-lala-de-dios-visita-i-charla-dialogada-arte-y-textiles\/#primaryimage\"},\"image\":{\"@id\":\"https:\/\/museutextil.cat\/es\/activitats\/tarde-con-la-artista-lala-de-dios-visita-i-charla-dialogada-arte-y-textiles\/#primaryimage\"},\"thumbnailUrl\":\"https:\/\/museutextil.cat\/wp-content\/uploads\/2025\/07\/Susana_Arce_tiempo_140925.jpg\",\"datePublished\":\"2025-07-25T08:30:01+00:00\",\"dateModified\":\"2025-10-02T12:08:42+00:00\",\"breadcrumb\":{\"@id\":\"https:\/\/museutextil.cat\/es\/activitats\/tarde-con-la-artista-lala-de-dios-visita-i-charla-dialogada-arte-y-textiles\/#breadcrumb\"},\"inLanguage\":\"es\",\"potentialAction\":[{\"@type\":\"ReadAction\",\"target\":[\"https:\/\/museutextil.cat\/es\/activitats\/tarde-con-la-artista-lala-de-dios-visita-i-charla-dialogada-arte-y-textiles\/\"]}]},{\"@type\":\"ImageObject\",\"inLanguage\":\"es\",\"@id\":\"https:\/\/museutextil.cat\/es\/activitats\/tarde-con-la-artista-lala-de-dios-visita-i-charla-dialogada-arte-y-textiles\/#primaryimage\",\"url\":\"https:\/\/museutextil.cat\/wp-content\/uploads\/2025\/07\/Susana_Arce_tiempo_140925.jpg\",\"contentUrl\":\"https:\/\/museutextil.cat\/wp-content\/uploads\/2025\/07\/Susana_Arce_tiempo_140925.jpg\",\"width\":750,\"height\":500},{\"@type\":\"BreadcrumbList\",\"@id\":\"https:\/\/museutextil.cat\/es\/activitats\/tarde-con-la-artista-lala-de-dios-visita-i-charla-dialogada-arte-y-textiles\/#breadcrumb\",\"itemListElement\":[{\"@type\":\"ListItem\",\"position\":1,\"name\":\"Inici\",\"item\":\"https:\/\/museutextil.cat\/es\/\"},{\"@type\":\"ListItem\",\"position\":2,\"name\":\"Eventos\",\"item\":\"https:\/\/museutextil.cat\/es\/activitats\/\"},{\"@type\":\"ListItem\",\"position\":3,\"name\":\"Tarde con la artista... Lala de Dios. Visita i charla dialogada \\\"Arte y textiles\\\"\"}]},{\"@type\":\"WebSite\",\"@id\":\"https:\/\/museutextil.cat\/es\/#website\",\"url\":\"https:\/\/museutextil.cat\/es\/\",\"name\":\"Museu T\u00e8xtil de Terrassa\",\"description\":\"Centre de documentaci\u00f3 i Museu t\u00e8xtil\",\"publisher\":{\"@id\":\"https:\/\/museutextil.cat\/es\/#organization\"},\"potentialAction\":[{\"@type\":\"SearchAction\",\"target\":{\"@type\":\"EntryPoint\",\"urlTemplate\":\"https:\/\/museutextil.cat\/es\/?s={search_term_string}\"},\"query-input\":{\"@type\":\"PropertyValueSpecification\",\"valueRequired\":true,\"valueName\":\"search_term_string\"}}],\"inLanguage\":\"es\"},{\"@type\":\"Organization\",\"@id\":\"https:\/\/museutextil.cat\/es\/#organization\",\"name\":\"Museu T\u00e8xtil de Terrassa\",\"url\":\"https:\/\/museutextil.cat\/es\/\",\"logo\":{\"@type\":\"ImageObject\",\"inLanguage\":\"es\",\"@id\":\"https:\/\/museutextil.cat\/es\/#\/schema\/logo\/image\/\",\"url\":\"https:\/\/museutextil.cat\/wp-content\/uploads\/2025\/03\/museutextil_logo_h.png\",\"contentUrl\":\"https:\/\/museutextil.cat\/wp-content\/uploads\/2025\/03\/museutextil_logo_h.png\",\"width\":500,\"height\":87,\"caption\":\"Museu T\u00e8xtil de Terrassa\"},\"image\":{\"@id\":\"https:\/\/museutextil.cat\/es\/#\/schema\/logo\/image\/\"},\"sameAs\":[\"https:\/\/www.facebook.com\/cdmtextil\",\"https:\/\/x.com\/cdmtex\",\"https:\/\/www.instagram.com\/cdmtextil\/\",\"https:\/\/www.pinterest.com\/cdmtextil\/\",\"https:\/\/www.youtube.com\/user\/CDMTextil\"]}]}<\/script>\n<!-- \/ Yoast SEO plugin. -->","yoast_head_json":{"title":"Tarde con la artista... Lala de Dios. Visita i charla dialogada \"Arte y textiles\" - Museu T\u00e8xtil de Terrassa","robots":{"index":"index","follow":"follow","max-snippet":"max-snippet:-1","max-image-preview":"max-image-preview:large","max-video-preview":"max-video-preview:-1"},"canonical":"https:\/\/museutextil.cat\/es\/activitats\/tarde-con-la-artista-lala-de-dios-visita-i-charla-dialogada-arte-y-textiles\/","og_locale":"es_ES","og_type":"article","og_title":"Tarde con la artista... Lala de Dios. Visita i charla dialogada \"Arte y textiles\" - Museu T\u00e8xtil de Terrassa","og_description":"Actividad gratuita con inscripci\u00f3n previa. Plazas limitadas. Esta actividad se inscribe en el marco de la exposici\u00f3n temporal \"Donde el tiempo habita\" de Susana Arce, la cual os invitamos a visitar en el Espai Zero del Museu T\u00e8xtil. La propuesta es una visita guiada a esta muestra por parte de su comisaria Lala de Dios, [&hellip;]","og_url":"https:\/\/museutextil.cat\/es\/activitats\/tarde-con-la-artista-lala-de-dios-visita-i-charla-dialogada-arte-y-textiles\/","og_site_name":"Museu T\u00e8xtil de Terrassa","article_publisher":"https:\/\/www.facebook.com\/cdmtextil","article_modified_time":"2025-10-02T12:08:42+00:00","og_image":[{"width":750,"height":500,"url":"https:\/\/museutextil.cat\/wp-content\/uploads\/2025\/07\/Susana_Arce_tiempo_140925.jpg","type":"image\/jpeg"}],"twitter_card":"summary_large_image","twitter_site":"@cdmtex","twitter_misc":{"Tiempo de lectura":"2 minutos"},"schema":{"@context":"https:\/\/schema.org","@graph":[{"@type":"WebPage","@id":"https:\/\/museutextil.cat\/es\/activitats\/tarde-con-la-artista-lala-de-dios-visita-i-charla-dialogada-arte-y-textiles\/","url":"https:\/\/museutextil.cat\/es\/activitats\/tarde-con-la-artista-lala-de-dios-visita-i-charla-dialogada-arte-y-textiles\/","name":"Tarde con la artista... Lala de Dios. Visita i charla dialogada \"Arte y textiles\" - Museu T\u00e8xtil de Terrassa","isPartOf":{"@id":"https:\/\/museutextil.cat\/es\/#website"},"primaryImageOfPage":{"@id":"https:\/\/museutextil.cat\/es\/activitats\/tarde-con-la-artista-lala-de-dios-visita-i-charla-dialogada-arte-y-textiles\/#primaryimage"},"image":{"@id":"https:\/\/museutextil.cat\/es\/activitats\/tarde-con-la-artista-lala-de-dios-visita-i-charla-dialogada-arte-y-textiles\/#primaryimage"},"thumbnailUrl":"https:\/\/museutextil.cat\/wp-content\/uploads\/2025\/07\/Susana_Arce_tiempo_140925.jpg","datePublished":"2025-07-25T08:30:01+00:00","dateModified":"2025-10-02T12:08:42+00:00","breadcrumb":{"@id":"https:\/\/museutextil.cat\/es\/activitats\/tarde-con-la-artista-lala-de-dios-visita-i-charla-dialogada-arte-y-textiles\/#breadcrumb"},"inLanguage":"es","potentialAction":[{"@type":"ReadAction","target":["https:\/\/museutextil.cat\/es\/activitats\/tarde-con-la-artista-lala-de-dios-visita-i-charla-dialogada-arte-y-textiles\/"]}]},{"@type":"ImageObject","inLanguage":"es","@id":"https:\/\/museutextil.cat\/es\/activitats\/tarde-con-la-artista-lala-de-dios-visita-i-charla-dialogada-arte-y-textiles\/#primaryimage","url":"https:\/\/museutextil.cat\/wp-content\/uploads\/2025\/07\/Susana_Arce_tiempo_140925.jpg","contentUrl":"https:\/\/museutextil.cat\/wp-content\/uploads\/2025\/07\/Susana_Arce_tiempo_140925.jpg","width":750,"height":500},{"@type":"BreadcrumbList","@id":"https:\/\/museutextil.cat\/es\/activitats\/tarde-con-la-artista-lala-de-dios-visita-i-charla-dialogada-arte-y-textiles\/#breadcrumb","itemListElement":[{"@type":"ListItem","position":1,"name":"Inici","item":"https:\/\/museutextil.cat\/es\/"},{"@type":"ListItem","position":2,"name":"Eventos","item":"https:\/\/museutextil.cat\/es\/activitats\/"},{"@type":"ListItem","position":3,"name":"Tarde con la artista... Lala de Dios. Visita i charla dialogada \"Arte y textiles\""}]},{"@type":"WebSite","@id":"https:\/\/museutextil.cat\/es\/#website","url":"https:\/\/museutextil.cat\/es\/","name":"Museu T\u00e8xtil de Terrassa","description":"Centre de documentaci\u00f3 i Museu t\u00e8xtil","publisher":{"@id":"https:\/\/museutextil.cat\/es\/#organization"},"potentialAction":[{"@type":"SearchAction","target":{"@type":"EntryPoint","urlTemplate":"https:\/\/museutextil.cat\/es\/?s={search_term_string}"},"query-input":{"@type":"PropertyValueSpecification","valueRequired":true,"valueName":"search_term_string"}}],"inLanguage":"es"},{"@type":"Organization","@id":"https:\/\/museutextil.cat\/es\/#organization","name":"Museu T\u00e8xtil de Terrassa","url":"https:\/\/museutextil.cat\/es\/","logo":{"@type":"ImageObject","inLanguage":"es","@id":"https:\/\/museutextil.cat\/es\/#\/schema\/logo\/image\/","url":"https:\/\/museutextil.cat\/wp-content\/uploads\/2025\/03\/museutextil_logo_h.png","contentUrl":"https:\/\/museutextil.cat\/wp-content\/uploads\/2025\/03\/museutextil_logo_h.png","width":500,"height":87,"caption":"Museu T\u00e8xtil de Terrassa"},"image":{"@id":"https:\/\/museutextil.cat\/es\/#\/schema\/logo\/image\/"},"sameAs":["https:\/\/www.facebook.com\/cdmtextil","https:\/\/x.com\/cdmtex","https:\/\/www.instagram.com\/cdmtextil\/","https:\/\/www.pinterest.com\/cdmtextil\/","https:\/\/www.youtube.com\/user\/CDMTextil"]}]}},"_links":{"self":[{"href":"https:\/\/museutextil.cat\/es\/wp-json\/wp\/v2\/mec-events\/16049","targetHints":{"allow":["GET"]}}],"collection":[{"href":"https:\/\/museutextil.cat\/es\/wp-json\/wp\/v2\/mec-events"}],"about":[{"href":"https:\/\/museutextil.cat\/es\/wp-json\/wp\/v2\/types\/mec-events"}],"author":[{"embeddable":true,"href":"https:\/\/museutextil.cat\/es\/wp-json\/wp\/v2\/users\/1"}],"replies":[{"embeddable":true,"href":"https:\/\/museutextil.cat\/es\/wp-json\/wp\/v2\/comments?post=16049"}],"wp:featuredmedia":[{"embeddable":true,"href":"https:\/\/museutextil.cat\/es\/wp-json\/wp\/v2\/media\/15634"}],"wp:attachment":[{"href":"https:\/\/museutextil.cat\/es\/wp-json\/wp\/v2\/media?parent=16049"}],"wp:term":[{"taxonomy":"post_tag","embeddable":true,"href":"https:\/\/museutextil.cat\/es\/wp-json\/wp\/v2\/tags?post=16049"},{"taxonomy":"mec_category","embeddable":true,"href":"https:\/\/museutextil.cat\/es\/wp-json\/wp\/v2\/mec_category?post=16049"}],"curies":[{"name":"wp","href":"https:\/\/api.w.org\/{rel}","templated":true}]}}