{"id":16436,"date":"2025-09-17T12:36:18","date_gmt":"2025-09-17T10:36:18","guid":{"rendered":"https:\/\/museutextil.cat\/activitats\/convocatoria-del-grup-de-punt-solidari-2025\/"},"modified":"2025-10-02T14:09:29","modified_gmt":"2025-10-02T12:09:29","slug":"convocatoria-grup-punt-solidari-16_10_2025","status":"publish","type":"mec-events","link":"https:\/\/museutextil.cat\/es\/activitats\/convocatoria-grup-punt-solidari-16_10_2025\/","title":{"rendered":"Convocatoria del Grupo de Punto Solidario 2025"},"content":{"rendered":"<p>Actividad gratuita para p\u00fablico adulto, con inscripci\u00f3n previa. Plazas limitadas.<\/p>\n<p>Abrimos una nueva convocatoria para formar parte del <strong>Grupo de Punto Solidario<\/strong> del museo que se re\u00fane peri\u00f3dicamente durante el \u00faltimo trimestre del a\u00f1o. El objetivo del grupo es tejer piezas de punto de forma altruista: mantas, gorros, bufandas y otras piezas de abrigo para donar a entidades sociales que se encargan de distribuirlas entre ni\u00f1@os, j\u00f3venes y adultos en situaciones de vulnerabilidad. Puede participar cualquier persona que tenga conocimientos b\u00e1sicos de tejer punto (ganchillo o agujas) y quiera tejer de forma solidaria.<\/p>\n<p>El museo cede el espacio donde el grupo se re\u00fane y trabaja, coordina los encuentros, proporciona parte del material para tejer y organiza la entrega de las piezas. \u00daltimamente, el grupo ha colaborado con la entidad Les Fonts Abriga, que env\u00eda las piezas tejidas a proyectos de la <strong><a href=\"https:\/\/www.vidasignificativa.org\/\" target=\"_blank\" rel=\"noopener\">ONG Vida Significativa<\/a><\/strong>.<\/p>\n<p>La reuni\u00f3n informativa del proyecto tendr\u00e1 lugar en las aulas del museo. Para m\u00e1s informaci\u00f3n, contactad con: <a href=\"mailto:auladidactica@cdmt.cat\" target=\"_blank\" rel=\"noopener\">auladidactica@cdmt.cat<\/a> \/ 93 731 52 02.<\/p>\n","protected":false},"excerpt":{"rendered":"<p>Actividad gratuita para p\u00fablico adulto, con inscripci\u00f3n previa. Plazas limitadas. Abrimos una nueva convocatoria para formar parte del Grupo de Punto Solidario del museo que se re\u00fane peri\u00f3dicamente durante el \u00faltimo trimestre del a\u00f1o. El objetivo del grupo es tejer piezas de punto de forma altruista: mantas, gorros, bufandas y otras piezas de abrigo para [&hellip;]<\/p>\n","protected":false},"author":34,"featured_media":16613,"comment_status":"closed","ping_status":"open","template":"","meta":{"site-sidebar-layout":"default","site-content-layout":"","ast-site-content-layout":"default","site-content-style":"default","site-sidebar-style":"default","ast-global-header-display":"","ast-banner-title-visibility":"","ast-main-header-display":"","ast-hfb-above-header-display":"","ast-hfb-below-header-display":"","ast-hfb-mobile-header-display":"","site-post-title":"","ast-breadcrumbs-content":"","ast-featured-img":"","footer-sml-layout":"","theme-transparent-header-meta":"default","adv-header-id-meta":"","stick-header-meta":"","header-above-stick-meta":"","header-main-stick-meta":"","header-below-stick-meta":"","astra-migrate-meta-layouts":"set","ast-page-background-enabled":"default","ast-page-background-meta":{"desktop":{"background-color":"var(--ast-global-color-4)","background-image":"","background-repeat":"repeat","background-position":"center center","background-size":"auto","background-attachment":"scroll","background-type":"","background-media":"","overlay-type":"","overlay-color":"","overlay-opacity":"","overlay-gradient":""},"tablet":{"background-color":"","background-image":"","background-repeat":"repeat","background-position":"center center","background-size":"auto","background-attachment":"scroll","background-type":"","background-media":"","overlay-type":"","overlay-color":"","overlay-opacity":"","overlay-gradient":""},"mobile":{"background-color":"","background-image":"","background-repeat":"repeat","background-position":"center center","background-size":"auto","background-attachment":"scroll","background-type":"","background-media":"","overlay-type":"","overlay-color":"","overlay-opacity":"","overlay-gradient":""}},"ast-content-background-meta":{"desktop":{"background-color":"var(--ast-global-color-5)","background-image":"","background-repeat":"repeat","background-position":"center center","background-size":"auto","background-attachment":"scroll","background-type":"","background-media":"","overlay-type":"","overlay-color":"","overlay-opacity":"","overlay-gradient":""},"tablet":{"background-color":"var(--ast-global-color-5)","background-image":"","background-repeat":"repeat","background-position":"center center","background-size":"auto","background-attachment":"scroll","background-type":"","background-media":"","overlay-type":"","overlay-color":"","overlay-opacity":"","overlay-gradient":""},"mobile":{"background-color":"var(--ast-global-color-5)","background-image":"","background-repeat":"repeat","background-position":"center center","background-size":"auto","background-attachment":"scroll","background-type":"","background-media":"","overlay-type":"","overlay-color":"","overlay-opacity":"","overlay-gradient":""}}},"tags":[],"mec_category":[173],"class_list":["post-16436","mec-events","type-mec-events","status-publish","has-post-thumbnail","hentry","mec_category-adultos-es"],"yoast_head":"<!-- This site is optimized with the Yoast SEO plugin v25.9 - https:\/\/yoast.com\/wordpress\/plugins\/seo\/ -->\n<title>Convocatoria del Grupo de Punto Solidario 2025 - Museu T\u00e8xtil de Terrassa<\/title>\n<meta name=\"robots\" content=\"index, follow, max-snippet:-1, max-image-preview:large, max-video-preview:-1\" \/>\n<link rel=\"canonical\" href=\"https:\/\/museutextil.cat\/es\/activitats\/convocatoria-grup-punt-solidari-16_10_2025\/\" \/>\n<meta property=\"og:locale\" content=\"es_ES\" \/>\n<meta property=\"og:type\" content=\"article\" \/>\n<meta property=\"og:title\" content=\"Convocatoria del Grupo de Punto Solidario 2025 - Museu T\u00e8xtil de Terrassa\" \/>\n<meta property=\"og:description\" content=\"Actividad gratuita para p\u00fablico adulto, con inscripci\u00f3n previa. Plazas limitadas. Abrimos una nueva convocatoria para formar parte del Grupo de Punto Solidario del museo que se re\u00fane peri\u00f3dicamente durante el \u00faltimo trimestre del a\u00f1o. El objetivo del grupo es tejer piezas de punto de forma altruista: mantas, gorros, bufandas y otras piezas de abrigo para [&hellip;]\" \/>\n<meta property=\"og:url\" content=\"https:\/\/museutextil.cat\/es\/activitats\/convocatoria-grup-punt-solidari-16_10_2025\/\" \/>\n<meta property=\"og:site_name\" content=\"Museu T\u00e8xtil de Terrassa\" \/>\n<meta property=\"article:publisher\" content=\"https:\/\/www.facebook.com\/cdmtextil\" \/>\n<meta property=\"article:modified_time\" content=\"2025-10-02T12:09:29+00:00\" \/>\n<meta property=\"og:image\" content=\"https:\/\/museutextil.cat\/wp-content\/uploads\/2025\/09\/Punt_solidari_cdmtextil.jpg\" \/>\n\t<meta property=\"og:image:width\" content=\"1200\" \/>\n\t<meta property=\"og:image:height\" content=\"800\" \/>\n\t<meta property=\"og:image:type\" content=\"image\/jpeg\" \/>\n<meta name=\"twitter:card\" content=\"summary_large_image\" \/>\n<meta name=\"twitter:site\" content=\"@cdmtex\" \/>\n<meta name=\"twitter:label1\" content=\"Tiempo de lectura\" \/>\n\t<meta name=\"twitter:data1\" content=\"2 minutos\" \/>\n<script type=\"application\/ld+json\" class=\"yoast-schema-graph\">{\"@context\":\"https:\/\/schema.org\",\"@graph\":[{\"@type\":\"WebPage\",\"@id\":\"https:\/\/museutextil.cat\/es\/activitats\/convocatoria-grup-punt-solidari-16_10_2025\/\",\"url\":\"https:\/\/museutextil.cat\/es\/activitats\/convocatoria-grup-punt-solidari-16_10_2025\/\",\"name\":\"Convocatoria del Grupo de Punto Solidario 2025 - Museu T\u00e8xtil de Terrassa\",\"isPartOf\":{\"@id\":\"https:\/\/museutextil.cat\/es\/#website\"},\"primaryImageOfPage\":{\"@id\":\"https:\/\/museutextil.cat\/es\/activitats\/convocatoria-grup-punt-solidari-16_10_2025\/#primaryimage\"},\"image\":{\"@id\":\"https:\/\/museutextil.cat\/es\/activitats\/convocatoria-grup-punt-solidari-16_10_2025\/#primaryimage\"},\"thumbnailUrl\":\"https:\/\/museutextil.cat\/wp-content\/uploads\/2025\/09\/Punt_solidari_cdmtextil.jpg\",\"datePublished\":\"2025-09-17T10:36:18+00:00\",\"dateModified\":\"2025-10-02T12:09:29+00:00\",\"breadcrumb\":{\"@id\":\"https:\/\/museutextil.cat\/es\/activitats\/convocatoria-grup-punt-solidari-16_10_2025\/#breadcrumb\"},\"inLanguage\":\"es\",\"potentialAction\":[{\"@type\":\"ReadAction\",\"target\":[\"https:\/\/museutextil.cat\/es\/activitats\/convocatoria-grup-punt-solidari-16_10_2025\/\"]}]},{\"@type\":\"ImageObject\",\"inLanguage\":\"es\",\"@id\":\"https:\/\/museutextil.cat\/es\/activitats\/convocatoria-grup-punt-solidari-16_10_2025\/#primaryimage\",\"url\":\"https:\/\/museutextil.cat\/wp-content\/uploads\/2025\/09\/Punt_solidari_cdmtextil.jpg\",\"contentUrl\":\"https:\/\/museutextil.cat\/wp-content\/uploads\/2025\/09\/Punt_solidari_cdmtextil.jpg\",\"width\":1200,\"height\":800},{\"@type\":\"BreadcrumbList\",\"@id\":\"https:\/\/museutextil.cat\/es\/activitats\/convocatoria-grup-punt-solidari-16_10_2025\/#breadcrumb\",\"itemListElement\":[{\"@type\":\"ListItem\",\"position\":1,\"name\":\"Inici\",\"item\":\"https:\/\/museutextil.cat\/es\/\"},{\"@type\":\"ListItem\",\"position\":2,\"name\":\"Eventos\",\"item\":\"https:\/\/museutextil.cat\/es\/activitats\/\"},{\"@type\":\"ListItem\",\"position\":3,\"name\":\"Convocatoria del Grupo de Punto Solidario 2025\"}]},{\"@type\":\"WebSite\",\"@id\":\"https:\/\/museutextil.cat\/es\/#website\",\"url\":\"https:\/\/museutextil.cat\/es\/\",\"name\":\"Museu T\u00e8xtil de Terrassa\",\"description\":\"Centre de documentaci\u00f3 i Museu t\u00e8xtil\",\"publisher\":{\"@id\":\"https:\/\/museutextil.cat\/es\/#organization\"},\"potentialAction\":[{\"@type\":\"SearchAction\",\"target\":{\"@type\":\"EntryPoint\",\"urlTemplate\":\"https:\/\/museutextil.cat\/es\/?s={search_term_string}\"},\"query-input\":{\"@type\":\"PropertyValueSpecification\",\"valueRequired\":true,\"valueName\":\"search_term_string\"}}],\"inLanguage\":\"es\"},{\"@type\":\"Organization\",\"@id\":\"https:\/\/museutextil.cat\/es\/#organization\",\"name\":\"Museu T\u00e8xtil de Terrassa\",\"url\":\"https:\/\/museutextil.cat\/es\/\",\"logo\":{\"@type\":\"ImageObject\",\"inLanguage\":\"es\",\"@id\":\"https:\/\/museutextil.cat\/es\/#\/schema\/logo\/image\/\",\"url\":\"https:\/\/museutextil.cat\/wp-content\/uploads\/2025\/03\/museutextil_logo_h.png\",\"contentUrl\":\"https:\/\/museutextil.cat\/wp-content\/uploads\/2025\/03\/museutextil_logo_h.png\",\"width\":500,\"height\":87,\"caption\":\"Museu T\u00e8xtil de Terrassa\"},\"image\":{\"@id\":\"https:\/\/museutextil.cat\/es\/#\/schema\/logo\/image\/\"},\"sameAs\":[\"https:\/\/www.facebook.com\/cdmtextil\",\"https:\/\/x.com\/cdmtex\",\"https:\/\/www.instagram.com\/cdmtextil\/\",\"https:\/\/www.pinterest.com\/cdmtextil\/\",\"https:\/\/www.youtube.com\/user\/CDMTextil\"]}]}<\/script>\n<!-- \/ Yoast SEO plugin. -->","yoast_head_json":{"title":"Convocatoria del Grupo de Punto Solidario 2025 - Museu T\u00e8xtil de Terrassa","robots":{"index":"index","follow":"follow","max-snippet":"max-snippet:-1","max-image-preview":"max-image-preview:large","max-video-preview":"max-video-preview:-1"},"canonical":"https:\/\/museutextil.cat\/es\/activitats\/convocatoria-grup-punt-solidari-16_10_2025\/","og_locale":"es_ES","og_type":"article","og_title":"Convocatoria del Grupo de Punto Solidario 2025 - Museu T\u00e8xtil de Terrassa","og_description":"Actividad gratuita para p\u00fablico adulto, con inscripci\u00f3n previa. Plazas limitadas. Abrimos una nueva convocatoria para formar parte del Grupo de Punto Solidario del museo que se re\u00fane peri\u00f3dicamente durante el \u00faltimo trimestre del a\u00f1o. El objetivo del grupo es tejer piezas de punto de forma altruista: mantas, gorros, bufandas y otras piezas de abrigo para [&hellip;]","og_url":"https:\/\/museutextil.cat\/es\/activitats\/convocatoria-grup-punt-solidari-16_10_2025\/","og_site_name":"Museu T\u00e8xtil de Terrassa","article_publisher":"https:\/\/www.facebook.com\/cdmtextil","article_modified_time":"2025-10-02T12:09:29+00:00","og_image":[{"width":1200,"height":800,"url":"https:\/\/museutextil.cat\/wp-content\/uploads\/2025\/09\/Punt_solidari_cdmtextil.jpg","type":"image\/jpeg"}],"twitter_card":"summary_large_image","twitter_site":"@cdmtex","twitter_misc":{"Tiempo de lectura":"2 minutos"},"schema":{"@context":"https:\/\/schema.org","@graph":[{"@type":"WebPage","@id":"https:\/\/museutextil.cat\/es\/activitats\/convocatoria-grup-punt-solidari-16_10_2025\/","url":"https:\/\/museutextil.cat\/es\/activitats\/convocatoria-grup-punt-solidari-16_10_2025\/","name":"Convocatoria del Grupo de Punto Solidario 2025 - Museu T\u00e8xtil de Terrassa","isPartOf":{"@id":"https:\/\/museutextil.cat\/es\/#website"},"primaryImageOfPage":{"@id":"https:\/\/museutextil.cat\/es\/activitats\/convocatoria-grup-punt-solidari-16_10_2025\/#primaryimage"},"image":{"@id":"https:\/\/museutextil.cat\/es\/activitats\/convocatoria-grup-punt-solidari-16_10_2025\/#primaryimage"},"thumbnailUrl":"https:\/\/museutextil.cat\/wp-content\/uploads\/2025\/09\/Punt_solidari_cdmtextil.jpg","datePublished":"2025-09-17T10:36:18+00:00","dateModified":"2025-10-02T12:09:29+00:00","breadcrumb":{"@id":"https:\/\/museutextil.cat\/es\/activitats\/convocatoria-grup-punt-solidari-16_10_2025\/#breadcrumb"},"inLanguage":"es","potentialAction":[{"@type":"ReadAction","target":["https:\/\/museutextil.cat\/es\/activitats\/convocatoria-grup-punt-solidari-16_10_2025\/"]}]},{"@type":"ImageObject","inLanguage":"es","@id":"https:\/\/museutextil.cat\/es\/activitats\/convocatoria-grup-punt-solidari-16_10_2025\/#primaryimage","url":"https:\/\/museutextil.cat\/wp-content\/uploads\/2025\/09\/Punt_solidari_cdmtextil.jpg","contentUrl":"https:\/\/museutextil.cat\/wp-content\/uploads\/2025\/09\/Punt_solidari_cdmtextil.jpg","width":1200,"height":800},{"@type":"BreadcrumbList","@id":"https:\/\/museutextil.cat\/es\/activitats\/convocatoria-grup-punt-solidari-16_10_2025\/#breadcrumb","itemListElement":[{"@type":"ListItem","position":1,"name":"Inici","item":"https:\/\/museutextil.cat\/es\/"},{"@type":"ListItem","position":2,"name":"Eventos","item":"https:\/\/museutextil.cat\/es\/activitats\/"},{"@type":"ListItem","position":3,"name":"Convocatoria del Grupo de Punto Solidario 2025"}]},{"@type":"WebSite","@id":"https:\/\/museutextil.cat\/es\/#website","url":"https:\/\/museutextil.cat\/es\/","name":"Museu T\u00e8xtil de Terrassa","description":"Centre de documentaci\u00f3 i Museu t\u00e8xtil","publisher":{"@id":"https:\/\/museutextil.cat\/es\/#organization"},"potentialAction":[{"@type":"SearchAction","target":{"@type":"EntryPoint","urlTemplate":"https:\/\/museutextil.cat\/es\/?s={search_term_string}"},"query-input":{"@type":"PropertyValueSpecification","valueRequired":true,"valueName":"search_term_string"}}],"inLanguage":"es"},{"@type":"Organization","@id":"https:\/\/museutextil.cat\/es\/#organization","name":"Museu T\u00e8xtil de Terrassa","url":"https:\/\/museutextil.cat\/es\/","logo":{"@type":"ImageObject","inLanguage":"es","@id":"https:\/\/museutextil.cat\/es\/#\/schema\/logo\/image\/","url":"https:\/\/museutextil.cat\/wp-content\/uploads\/2025\/03\/museutextil_logo_h.png","contentUrl":"https:\/\/museutextil.cat\/wp-content\/uploads\/2025\/03\/museutextil_logo_h.png","width":500,"height":87,"caption":"Museu T\u00e8xtil de Terrassa"},"image":{"@id":"https:\/\/museutextil.cat\/es\/#\/schema\/logo\/image\/"},"sameAs":["https:\/\/www.facebook.com\/cdmtextil","https:\/\/x.com\/cdmtex","https:\/\/www.instagram.com\/cdmtextil\/","https:\/\/www.pinterest.com\/cdmtextil\/","https:\/\/www.youtube.com\/user\/CDMTextil"]}]}},"_links":{"self":[{"href":"https:\/\/museutextil.cat\/es\/wp-json\/wp\/v2\/mec-events\/16436","targetHints":{"allow":["GET"]}}],"collection":[{"href":"https:\/\/museutextil.cat\/es\/wp-json\/wp\/v2\/mec-events"}],"about":[{"href":"https:\/\/museutextil.cat\/es\/wp-json\/wp\/v2\/types\/mec-events"}],"author":[{"embeddable":true,"href":"https:\/\/museutextil.cat\/es\/wp-json\/wp\/v2\/users\/34"}],"replies":[{"embeddable":true,"href":"https:\/\/museutextil.cat\/es\/wp-json\/wp\/v2\/comments?post=16436"}],"wp:featuredmedia":[{"embeddable":true,"href":"https:\/\/museutextil.cat\/es\/wp-json\/wp\/v2\/media\/16613"}],"wp:attachment":[{"href":"https:\/\/museutextil.cat\/es\/wp-json\/wp\/v2\/media?parent=16436"}],"wp:term":[{"taxonomy":"post_tag","embeddable":true,"href":"https:\/\/museutextil.cat\/es\/wp-json\/wp\/v2\/tags?post=16436"},{"taxonomy":"mec_category","embeddable":true,"href":"https:\/\/museutextil.cat\/es\/wp-json\/wp\/v2\/mec_category?post=16436"}],"curies":[{"name":"wp","href":"https:\/\/api.w.org\/{rel}","templated":true}]}}