{"id":16618,"date":"2025-09-23T09:16:03","date_gmt":"2025-09-23T07:16:03","guid":{"rendered":"https:\/\/museutextil.cat\/activitats\/viatge-guiat-a-venecia-fortuny-i-el-textil-30-gener-1-febrer-2026\/"},"modified":"2025-10-02T14:10:25","modified_gmt":"2025-10-02T12:10:25","slug":"viatge-venecia-fortuny-gener-febrer-2026","status":"publish","type":"mec-events","link":"https:\/\/museutextil.cat\/es\/activitats\/viatge-venecia-fortuny-gener-febrer-2026\/","title":{"rendered":"Viaje guiado a Venecia \"Fortuny y el textil\" (30 enero - 1 febrero 2026)"},"content":{"rendered":"<p>Actividad de pago para p\u00fablico adulto, con reserva previa.<\/p>\n<p>Una propuesta de viaje cultural que surge de las inquietudes de diversos p\u00fablicos habituales del museo y que hemos organizado con\u00a0<strong><a href=\"https:\/\/www.guiding.es\/\">Guiding Tours<\/a>. <\/strong>La persona que guiar\u00e1 el viaje ser\u00e1 Ariadna Sim\u00f3, docente de bellas artes, graduada en historia con formaci\u00f3n en turismo y colaboradora habitual del museo. Pod\u00e9is ver aqu\u00ed el\u00a0<a href=\"https:\/\/museutextil.cat\/wp-content\/uploads\/2025\/09\/VIATGE-FORTUNY-I-EL-TEXTIL-30-gener-1-febrer-26-modificat.pdf\" target=\"_blank\" rel=\"noopener\"><strong>dossier<\/strong> <\/a>del viaje, con el planteamiento y toda la informaci\u00f3n pr\u00e1ctica. La fecha m\u00e1xima para hacer efectivo el primer pago (175 \u20ac) y reservar as\u00ed vuestra plaza es el 30 de septiembre.<\/p>\n<p>Las personas interesadas escribid a\u00a0<strong><a href=\"mailto:inscripcions@cdmt.cat\" target=\"_blank\" rel=\"noopener\">inscripcions@cdmt.cat<\/a><\/strong> y os enviaremos el enlace y las instrucciones para realizar la reserva. Para cualquier duda o comentario que os surja sobre el viaje, deb\u00e9is contactar con: <a href=\"mailto:helena@guiding.es\"><strong>helena@guiding.es<\/strong>\/<\/a>93 515 64 92 - 607 23 41 15 (Helena Espinos).<\/p>\n<p>&nbsp;<\/p>\n","protected":false},"excerpt":{"rendered":"<p>Actividad de pago para p\u00fablico adulto, con reserva previa. Una propuesta de viaje cultural que surge de las inquietudes de diversos p\u00fablicos habituales del museo y que hemos organizado con\u00a0Guiding Tours. La persona que guiar\u00e1 el viaje ser\u00e1 Ariadna Sim\u00f3, docente de bellas artes, graduada en historia con formaci\u00f3n en turismo y colaboradora habitual del [&hellip;]<\/p>\n","protected":false},"author":34,"featured_media":16634,"comment_status":"closed","ping_status":"open","template":"","meta":{"site-sidebar-layout":"default","site-content-layout":"","ast-site-content-layout":"default","site-content-style":"default","site-sidebar-style":"default","ast-global-header-display":"","ast-banner-title-visibility":"","ast-main-header-display":"","ast-hfb-above-header-display":"","ast-hfb-below-header-display":"","ast-hfb-mobile-header-display":"","site-post-title":"","ast-breadcrumbs-content":"","ast-featured-img":"","footer-sml-layout":"","theme-transparent-header-meta":"default","adv-header-id-meta":"","stick-header-meta":"","header-above-stick-meta":"","header-main-stick-meta":"","header-below-stick-meta":"","astra-migrate-meta-layouts":"set","ast-page-background-enabled":"default","ast-page-background-meta":{"desktop":{"background-color":"var(--ast-global-color-4)","background-image":"","background-repeat":"repeat","background-position":"center center","background-size":"auto","background-attachment":"scroll","background-type":"","background-media":"","overlay-type":"","overlay-color":"","overlay-opacity":"","overlay-gradient":""},"tablet":{"background-color":"","background-image":"","background-repeat":"repeat","background-position":"center center","background-size":"auto","background-attachment":"scroll","background-type":"","background-media":"","overlay-type":"","overlay-color":"","overlay-opacity":"","overlay-gradient":""},"mobile":{"background-color":"","background-image":"","background-repeat":"repeat","background-position":"center center","background-size":"auto","background-attachment":"scroll","background-type":"","background-media":"","overlay-type":"","overlay-color":"","overlay-opacity":"","overlay-gradient":""}},"ast-content-background-meta":{"desktop":{"background-color":"var(--ast-global-color-5)","background-image":"","background-repeat":"repeat","background-position":"center center","background-size":"auto","background-attachment":"scroll","background-type":"","background-media":"","overlay-type":"","overlay-color":"","overlay-opacity":"","overlay-gradient":""},"tablet":{"background-color":"var(--ast-global-color-5)","background-image":"","background-repeat":"repeat","background-position":"center center","background-size":"auto","background-attachment":"scroll","background-type":"","background-media":"","overlay-type":"","overlay-color":"","overlay-opacity":"","overlay-gradient":""},"mobile":{"background-color":"var(--ast-global-color-5)","background-image":"","background-repeat":"repeat","background-position":"center center","background-size":"auto","background-attachment":"scroll","background-type":"","background-media":"","overlay-type":"","overlay-color":"","overlay-opacity":"","overlay-gradient":""}}},"tags":[],"mec_category":[173],"class_list":["post-16618","mec-events","type-mec-events","status-publish","has-post-thumbnail","hentry","mec_category-adultos-es"],"yoast_head":"<!-- This site is optimized with the Yoast SEO plugin v25.9 - https:\/\/yoast.com\/wordpress\/plugins\/seo\/ -->\n<title>Viaje guiado a Venecia &quot;Fortuny y el textil&quot; (30 enero - 1 febrero 2026) - Museu T\u00e8xtil de Terrassa<\/title>\n<meta name=\"robots\" content=\"index, follow, max-snippet:-1, max-image-preview:large, max-video-preview:-1\" \/>\n<link rel=\"canonical\" href=\"https:\/\/museutextil.cat\/es\/activitats\/viatge-venecia-fortuny-gener-febrer-2026\/\" \/>\n<meta property=\"og:locale\" content=\"es_ES\" \/>\n<meta property=\"og:type\" content=\"article\" \/>\n<meta property=\"og:title\" content=\"Viaje guiado a Venecia &quot;Fortuny y el textil&quot; (30 enero - 1 febrero 2026) - Museu T\u00e8xtil de Terrassa\" \/>\n<meta property=\"og:description\" content=\"Actividad de pago para p\u00fablico adulto, con reserva previa. Una propuesta de viaje cultural que surge de las inquietudes de diversos p\u00fablicos habituales del museo y que hemos organizado con\u00a0Guiding Tours. La persona que guiar\u00e1 el viaje ser\u00e1 Ariadna Sim\u00f3, docente de bellas artes, graduada en historia con formaci\u00f3n en turismo y colaboradora habitual del [&hellip;]\" \/>\n<meta property=\"og:url\" content=\"https:\/\/museutextil.cat\/es\/activitats\/viatge-venecia-fortuny-gener-febrer-2026\/\" \/>\n<meta property=\"og:site_name\" content=\"Museu T\u00e8xtil de Terrassa\" \/>\n<meta property=\"article:publisher\" content=\"https:\/\/www.facebook.com\/cdmtextil\" \/>\n<meta property=\"article:modified_time\" content=\"2025-10-02T12:10:25+00:00\" \/>\n<meta property=\"og:image\" content=\"https:\/\/museutextil.cat\/wp-content\/uploads\/2025\/10\/viatge_guiat_venecia_fortuny.jpg\" \/>\n\t<meta property=\"og:image:width\" content=\"1200\" \/>\n\t<meta property=\"og:image:height\" content=\"799\" \/>\n\t<meta property=\"og:image:type\" content=\"image\/jpeg\" \/>\n<meta name=\"twitter:card\" content=\"summary_large_image\" \/>\n<meta name=\"twitter:site\" content=\"@cdmtex\" \/>\n<meta name=\"twitter:label1\" content=\"Tiempo de lectura\" \/>\n\t<meta name=\"twitter:data1\" content=\"1 minuto\" \/>\n<script type=\"application\/ld+json\" class=\"yoast-schema-graph\">{\"@context\":\"https:\/\/schema.org\",\"@graph\":[{\"@type\":\"WebPage\",\"@id\":\"https:\/\/museutextil.cat\/es\/activitats\/viatge-venecia-fortuny-gener-febrer-2026\/\",\"url\":\"https:\/\/museutextil.cat\/es\/activitats\/viatge-venecia-fortuny-gener-febrer-2026\/\",\"name\":\"Viaje guiado a Venecia \\\"Fortuny y el textil\\\" (30 enero - 1 febrero 2026) - Museu T\u00e8xtil de Terrassa\",\"isPartOf\":{\"@id\":\"https:\/\/museutextil.cat\/es\/#website\"},\"primaryImageOfPage\":{\"@id\":\"https:\/\/museutextil.cat\/es\/activitats\/viatge-venecia-fortuny-gener-febrer-2026\/#primaryimage\"},\"image\":{\"@id\":\"https:\/\/museutextil.cat\/es\/activitats\/viatge-venecia-fortuny-gener-febrer-2026\/#primaryimage\"},\"thumbnailUrl\":\"https:\/\/museutextil.cat\/wp-content\/uploads\/2025\/10\/viatge_guiat_venecia_fortuny.jpg\",\"datePublished\":\"2025-09-23T07:16:03+00:00\",\"dateModified\":\"2025-10-02T12:10:25+00:00\",\"breadcrumb\":{\"@id\":\"https:\/\/museutextil.cat\/es\/activitats\/viatge-venecia-fortuny-gener-febrer-2026\/#breadcrumb\"},\"inLanguage\":\"es\",\"potentialAction\":[{\"@type\":\"ReadAction\",\"target\":[\"https:\/\/museutextil.cat\/es\/activitats\/viatge-venecia-fortuny-gener-febrer-2026\/\"]}]},{\"@type\":\"ImageObject\",\"inLanguage\":\"es\",\"@id\":\"https:\/\/museutextil.cat\/es\/activitats\/viatge-venecia-fortuny-gener-febrer-2026\/#primaryimage\",\"url\":\"https:\/\/museutextil.cat\/wp-content\/uploads\/2025\/10\/viatge_guiat_venecia_fortuny.jpg\",\"contentUrl\":\"https:\/\/museutextil.cat\/wp-content\/uploads\/2025\/10\/viatge_guiat_venecia_fortuny.jpg\",\"width\":1200,\"height\":799,\"caption\":\"Viatge guiat a Ven\u00e8cia \\\"Fortuny i el t\u00e8xtil\\\"\"},{\"@type\":\"BreadcrumbList\",\"@id\":\"https:\/\/museutextil.cat\/es\/activitats\/viatge-venecia-fortuny-gener-febrer-2026\/#breadcrumb\",\"itemListElement\":[{\"@type\":\"ListItem\",\"position\":1,\"name\":\"Inici\",\"item\":\"https:\/\/museutextil.cat\/es\/\"},{\"@type\":\"ListItem\",\"position\":2,\"name\":\"Eventos\",\"item\":\"https:\/\/museutextil.cat\/es\/activitats\/\"},{\"@type\":\"ListItem\",\"position\":3,\"name\":\"Viaje guiado a Venecia \\\"Fortuny y el textil\\\" (30 enero - 1 febrero 2026)\"}]},{\"@type\":\"WebSite\",\"@id\":\"https:\/\/museutextil.cat\/es\/#website\",\"url\":\"https:\/\/museutextil.cat\/es\/\",\"name\":\"Museu T\u00e8xtil de Terrassa\",\"description\":\"Centre de documentaci\u00f3 i Museu t\u00e8xtil\",\"publisher\":{\"@id\":\"https:\/\/museutextil.cat\/es\/#organization\"},\"potentialAction\":[{\"@type\":\"SearchAction\",\"target\":{\"@type\":\"EntryPoint\",\"urlTemplate\":\"https:\/\/museutextil.cat\/es\/?s={search_term_string}\"},\"query-input\":{\"@type\":\"PropertyValueSpecification\",\"valueRequired\":true,\"valueName\":\"search_term_string\"}}],\"inLanguage\":\"es\"},{\"@type\":\"Organization\",\"@id\":\"https:\/\/museutextil.cat\/es\/#organization\",\"name\":\"Museu T\u00e8xtil de Terrassa\",\"url\":\"https:\/\/museutextil.cat\/es\/\",\"logo\":{\"@type\":\"ImageObject\",\"inLanguage\":\"es\",\"@id\":\"https:\/\/museutextil.cat\/es\/#\/schema\/logo\/image\/\",\"url\":\"https:\/\/museutextil.cat\/wp-content\/uploads\/2025\/03\/museutextil_logo_h.png\",\"contentUrl\":\"https:\/\/museutextil.cat\/wp-content\/uploads\/2025\/03\/museutextil_logo_h.png\",\"width\":500,\"height\":87,\"caption\":\"Museu T\u00e8xtil de Terrassa\"},\"image\":{\"@id\":\"https:\/\/museutextil.cat\/es\/#\/schema\/logo\/image\/\"},\"sameAs\":[\"https:\/\/www.facebook.com\/cdmtextil\",\"https:\/\/x.com\/cdmtex\",\"https:\/\/www.instagram.com\/cdmtextil\/\",\"https:\/\/www.pinterest.com\/cdmtextil\/\",\"https:\/\/www.youtube.com\/user\/CDMTextil\"]}]}<\/script>\n<!-- \/ Yoast SEO plugin. -->","yoast_head_json":{"title":"Viaje guiado a Venecia \"Fortuny y el textil\" (30 enero - 1 febrero 2026) - Museu T\u00e8xtil de Terrassa","robots":{"index":"index","follow":"follow","max-snippet":"max-snippet:-1","max-image-preview":"max-image-preview:large","max-video-preview":"max-video-preview:-1"},"canonical":"https:\/\/museutextil.cat\/es\/activitats\/viatge-venecia-fortuny-gener-febrer-2026\/","og_locale":"es_ES","og_type":"article","og_title":"Viaje guiado a Venecia \"Fortuny y el textil\" (30 enero - 1 febrero 2026) - Museu T\u00e8xtil de Terrassa","og_description":"Actividad de pago para p\u00fablico adulto, con reserva previa. Una propuesta de viaje cultural que surge de las inquietudes de diversos p\u00fablicos habituales del museo y que hemos organizado con\u00a0Guiding Tours. La persona que guiar\u00e1 el viaje ser\u00e1 Ariadna Sim\u00f3, docente de bellas artes, graduada en historia con formaci\u00f3n en turismo y colaboradora habitual del [&hellip;]","og_url":"https:\/\/museutextil.cat\/es\/activitats\/viatge-venecia-fortuny-gener-febrer-2026\/","og_site_name":"Museu T\u00e8xtil de Terrassa","article_publisher":"https:\/\/www.facebook.com\/cdmtextil","article_modified_time":"2025-10-02T12:10:25+00:00","og_image":[{"width":1200,"height":799,"url":"https:\/\/museutextil.cat\/wp-content\/uploads\/2025\/10\/viatge_guiat_venecia_fortuny.jpg","type":"image\/jpeg"}],"twitter_card":"summary_large_image","twitter_site":"@cdmtex","twitter_misc":{"Tiempo de lectura":"1 minuto"},"schema":{"@context":"https:\/\/schema.org","@graph":[{"@type":"WebPage","@id":"https:\/\/museutextil.cat\/es\/activitats\/viatge-venecia-fortuny-gener-febrer-2026\/","url":"https:\/\/museutextil.cat\/es\/activitats\/viatge-venecia-fortuny-gener-febrer-2026\/","name":"Viaje guiado a Venecia \"Fortuny y el textil\" (30 enero - 1 febrero 2026) - Museu T\u00e8xtil de Terrassa","isPartOf":{"@id":"https:\/\/museutextil.cat\/es\/#website"},"primaryImageOfPage":{"@id":"https:\/\/museutextil.cat\/es\/activitats\/viatge-venecia-fortuny-gener-febrer-2026\/#primaryimage"},"image":{"@id":"https:\/\/museutextil.cat\/es\/activitats\/viatge-venecia-fortuny-gener-febrer-2026\/#primaryimage"},"thumbnailUrl":"https:\/\/museutextil.cat\/wp-content\/uploads\/2025\/10\/viatge_guiat_venecia_fortuny.jpg","datePublished":"2025-09-23T07:16:03+00:00","dateModified":"2025-10-02T12:10:25+00:00","breadcrumb":{"@id":"https:\/\/museutextil.cat\/es\/activitats\/viatge-venecia-fortuny-gener-febrer-2026\/#breadcrumb"},"inLanguage":"es","potentialAction":[{"@type":"ReadAction","target":["https:\/\/museutextil.cat\/es\/activitats\/viatge-venecia-fortuny-gener-febrer-2026\/"]}]},{"@type":"ImageObject","inLanguage":"es","@id":"https:\/\/museutextil.cat\/es\/activitats\/viatge-venecia-fortuny-gener-febrer-2026\/#primaryimage","url":"https:\/\/museutextil.cat\/wp-content\/uploads\/2025\/10\/viatge_guiat_venecia_fortuny.jpg","contentUrl":"https:\/\/museutextil.cat\/wp-content\/uploads\/2025\/10\/viatge_guiat_venecia_fortuny.jpg","width":1200,"height":799,"caption":"Viatge guiat a Ven\u00e8cia \"Fortuny i el t\u00e8xtil\""},{"@type":"BreadcrumbList","@id":"https:\/\/museutextil.cat\/es\/activitats\/viatge-venecia-fortuny-gener-febrer-2026\/#breadcrumb","itemListElement":[{"@type":"ListItem","position":1,"name":"Inici","item":"https:\/\/museutextil.cat\/es\/"},{"@type":"ListItem","position":2,"name":"Eventos","item":"https:\/\/museutextil.cat\/es\/activitats\/"},{"@type":"ListItem","position":3,"name":"Viaje guiado a Venecia \"Fortuny y el textil\" (30 enero - 1 febrero 2026)"}]},{"@type":"WebSite","@id":"https:\/\/museutextil.cat\/es\/#website","url":"https:\/\/museutextil.cat\/es\/","name":"Museu T\u00e8xtil de Terrassa","description":"Centre de documentaci\u00f3 i Museu t\u00e8xtil","publisher":{"@id":"https:\/\/museutextil.cat\/es\/#organization"},"potentialAction":[{"@type":"SearchAction","target":{"@type":"EntryPoint","urlTemplate":"https:\/\/museutextil.cat\/es\/?s={search_term_string}"},"query-input":{"@type":"PropertyValueSpecification","valueRequired":true,"valueName":"search_term_string"}}],"inLanguage":"es"},{"@type":"Organization","@id":"https:\/\/museutextil.cat\/es\/#organization","name":"Museu T\u00e8xtil de Terrassa","url":"https:\/\/museutextil.cat\/es\/","logo":{"@type":"ImageObject","inLanguage":"es","@id":"https:\/\/museutextil.cat\/es\/#\/schema\/logo\/image\/","url":"https:\/\/museutextil.cat\/wp-content\/uploads\/2025\/03\/museutextil_logo_h.png","contentUrl":"https:\/\/museutextil.cat\/wp-content\/uploads\/2025\/03\/museutextil_logo_h.png","width":500,"height":87,"caption":"Museu T\u00e8xtil de Terrassa"},"image":{"@id":"https:\/\/museutextil.cat\/es\/#\/schema\/logo\/image\/"},"sameAs":["https:\/\/www.facebook.com\/cdmtextil","https:\/\/x.com\/cdmtex","https:\/\/www.instagram.com\/cdmtextil\/","https:\/\/www.pinterest.com\/cdmtextil\/","https:\/\/www.youtube.com\/user\/CDMTextil"]}]}},"_links":{"self":[{"href":"https:\/\/museutextil.cat\/es\/wp-json\/wp\/v2\/mec-events\/16618","targetHints":{"allow":["GET"]}}],"collection":[{"href":"https:\/\/museutextil.cat\/es\/wp-json\/wp\/v2\/mec-events"}],"about":[{"href":"https:\/\/museutextil.cat\/es\/wp-json\/wp\/v2\/types\/mec-events"}],"author":[{"embeddable":true,"href":"https:\/\/museutextil.cat\/es\/wp-json\/wp\/v2\/users\/34"}],"replies":[{"embeddable":true,"href":"https:\/\/museutextil.cat\/es\/wp-json\/wp\/v2\/comments?post=16618"}],"wp:featuredmedia":[{"embeddable":true,"href":"https:\/\/museutextil.cat\/es\/wp-json\/wp\/v2\/media\/16634"}],"wp:attachment":[{"href":"https:\/\/museutextil.cat\/es\/wp-json\/wp\/v2\/media?parent=16618"}],"wp:term":[{"taxonomy":"post_tag","embeddable":true,"href":"https:\/\/museutextil.cat\/es\/wp-json\/wp\/v2\/tags?post=16618"},{"taxonomy":"mec_category","embeddable":true,"href":"https:\/\/museutextil.cat\/es\/wp-json\/wp\/v2\/mec_category?post=16618"}],"curies":[{"name":"wp","href":"https:\/\/api.w.org\/{rel}","templated":true}]}}