{"id":16624,"date":"2025-09-23T09:38:03","date_gmt":"2025-09-23T07:38:03","guid":{"rendered":"https:\/\/museutextil.cat\/activitats\/curs-larmari-de-jane-austen-2025-inscripcions-obertes\/"},"modified":"2025-10-23T08:39:15","modified_gmt":"2025-10-23T06:39:15","slug":"curs-armari-jane-austen-inscripcions-obertes-2025","status":"publish","type":"mec-events","link":"https:\/\/museutextil.cat\/es\/activitats\/curs-armari-jane-austen-inscripcions-obertes-2025\/","title":{"rendered":"Curso \"El armario de Jane Austen\" (2025). Inscripciones abiertas"},"content":{"rendered":"<p>Actividad de pago (130\u20ac) para p\u00fablico adulto, con inscripci\u00f3n previa. Plazas limitadas.<\/p>\n<p>Con motivo del 250 aniversario del nacimiento de la autora Jane Austen, proponemos un curso inspirado en los modelos originales conservados en el Museu T\u00e8xtil, desde el estilo regencia a la moda imperio. <span style=\"font-size: 16px;\">Es una formaci\u00f3n dirigida a personas que deseen iniciarse en el conocimiento de la moda imperio para dise\u00f1ar y confeccionar un modelo de vestido, recreando aquella est\u00e9tica con rigor hist\u00f3rico. <\/span><\/p>\n<p><span style=\"font-size: 16px;\">P<\/span><span style=\"font-size: 16px;\">ara un buen aprovechamiento del curso, es imprescindible tener unos m\u00ednimos conocimientos de costura a mano y a m\u00e1quina o contar con soporte externo para todo el proceso de confecci\u00f3n.<\/span><\/p>\n<p>La fecha l\u00edmite de inscripci\u00f3n es el 31 de octubre (hasta agotar las plazas disponibles). Consultad <a href=\"https:\/\/museutextil.cat\/wp-content\/uploads\/2025\/10\/CURS_JANE_AUSTEN_2025.pdf\" target=\"_blank\" rel=\"noopener\"><strong>aqu\u00ed<\/strong> <\/a>el programa y las condiciones del curso. Para m\u00e1s informaci\u00f3n: <strong><a href=\"mailto:inscripcions@cdmt.cat\" target=\"_blank\" rel=\"noopener\">inscripcions@cdmt.cat<\/a><\/strong> \/ 93 731 52 02.<\/p>\n<p>&nbsp;<\/p>\n<p>&nbsp;<\/p>\n","protected":false},"excerpt":{"rendered":"<p>Actividad de pago (130\u20ac) para p\u00fablico adulto, con inscripci\u00f3n previa. Plazas limitadas. Con motivo del 250 aniversario del nacimiento de la autora Jane Austen, proponemos un curso inspirado en los modelos originales conservados en el Museu T\u00e8xtil, desde el estilo regencia a la moda imperio. Es una formaci\u00f3n dirigida a personas que deseen iniciarse en [&hellip;]<\/p>\n","protected":false},"author":34,"featured_media":16631,"comment_status":"closed","ping_status":"open","template":"","meta":{"site-sidebar-layout":"default","site-content-layout":"","ast-site-content-layout":"default","site-content-style":"default","site-sidebar-style":"default","ast-global-header-display":"","ast-banner-title-visibility":"","ast-main-header-display":"","ast-hfb-above-header-display":"","ast-hfb-below-header-display":"","ast-hfb-mobile-header-display":"","site-post-title":"","ast-breadcrumbs-content":"","ast-featured-img":"","footer-sml-layout":"","theme-transparent-header-meta":"default","adv-header-id-meta":"","stick-header-meta":"","header-above-stick-meta":"","header-main-stick-meta":"","header-below-stick-meta":"","astra-migrate-meta-layouts":"set","ast-page-background-enabled":"default","ast-page-background-meta":{"desktop":{"background-color":"var(--ast-global-color-4)","background-image":"","background-repeat":"repeat","background-position":"center center","background-size":"auto","background-attachment":"scroll","background-type":"","background-media":"","overlay-type":"","overlay-color":"","overlay-opacity":"","overlay-gradient":""},"tablet":{"background-color":"","background-image":"","background-repeat":"repeat","background-position":"center center","background-size":"auto","background-attachment":"scroll","background-type":"","background-media":"","overlay-type":"","overlay-color":"","overlay-opacity":"","overlay-gradient":""},"mobile":{"background-color":"","background-image":"","background-repeat":"repeat","background-position":"center center","background-size":"auto","background-attachment":"scroll","background-type":"","background-media":"","overlay-type":"","overlay-color":"","overlay-opacity":"","overlay-gradient":""}},"ast-content-background-meta":{"desktop":{"background-color":"var(--ast-global-color-5)","background-image":"","background-repeat":"repeat","background-position":"center center","background-size":"auto","background-attachment":"scroll","background-type":"","background-media":"","overlay-type":"","overlay-color":"","overlay-opacity":"","overlay-gradient":""},"tablet":{"background-color":"var(--ast-global-color-5)","background-image":"","background-repeat":"repeat","background-position":"center center","background-size":"auto","background-attachment":"scroll","background-type":"","background-media":"","overlay-type":"","overlay-color":"","overlay-opacity":"","overlay-gradient":""},"mobile":{"background-color":"var(--ast-global-color-5)","background-image":"","background-repeat":"repeat","background-position":"center center","background-size":"auto","background-attachment":"scroll","background-type":"","background-media":"","overlay-type":"","overlay-color":"","overlay-opacity":"","overlay-gradient":""}}},"tags":[],"mec_category":[173],"class_list":["post-16624","mec-events","type-mec-events","status-publish","has-post-thumbnail","hentry","mec_category-adultos-es"],"yoast_head":"<!-- This site is optimized with the Yoast SEO plugin v25.9 - https:\/\/yoast.com\/wordpress\/plugins\/seo\/ -->\n<title>Curso &quot;El armario de Jane Austen&quot; (2025). Inscripciones abiertas - Museu T\u00e8xtil de Terrassa<\/title>\n<meta name=\"robots\" content=\"index, follow, max-snippet:-1, max-image-preview:large, max-video-preview:-1\" \/>\n<link rel=\"canonical\" href=\"https:\/\/museutextil.cat\/es\/activitats\/curs-armari-jane-austen-inscripcions-obertes-2025\/\" \/>\n<meta property=\"og:locale\" content=\"es_ES\" \/>\n<meta property=\"og:type\" content=\"article\" \/>\n<meta property=\"og:title\" content=\"Curso &quot;El armario de Jane Austen&quot; (2025). Inscripciones abiertas - Museu T\u00e8xtil de Terrassa\" \/>\n<meta property=\"og:description\" content=\"Actividad de pago (130\u20ac) para p\u00fablico adulto, con inscripci\u00f3n previa. Plazas limitadas. Con motivo del 250 aniversario del nacimiento de la autora Jane Austen, proponemos un curso inspirado en los modelos originales conservados en el Museu T\u00e8xtil, desde el estilo regencia a la moda imperio. Es una formaci\u00f3n dirigida a personas que deseen iniciarse en [&hellip;]\" \/>\n<meta property=\"og:url\" content=\"https:\/\/museutextil.cat\/es\/activitats\/curs-armari-jane-austen-inscripcions-obertes-2025\/\" \/>\n<meta property=\"og:site_name\" content=\"Museu T\u00e8xtil de Terrassa\" \/>\n<meta property=\"article:publisher\" content=\"https:\/\/www.facebook.com\/cdmtextil\" \/>\n<meta property=\"article:modified_time\" content=\"2025-10-23T06:39:15+00:00\" \/>\n<meta property=\"og:image\" content=\"https:\/\/museutextil.cat\/wp-content\/uploads\/2025\/09\/curs_armari_jane_austen.jpg\" \/>\n\t<meta property=\"og:image:width\" content=\"1200\" \/>\n\t<meta property=\"og:image:height\" content=\"786\" \/>\n\t<meta property=\"og:image:type\" content=\"image\/jpeg\" \/>\n<meta name=\"twitter:card\" content=\"summary_large_image\" \/>\n<meta name=\"twitter:site\" content=\"@cdmtex\" \/>\n<meta name=\"twitter:label1\" content=\"Tiempo de lectura\" \/>\n\t<meta name=\"twitter:data1\" content=\"1 minuto\" \/>\n<script type=\"application\/ld+json\" class=\"yoast-schema-graph\">{\"@context\":\"https:\/\/schema.org\",\"@graph\":[{\"@type\":\"WebPage\",\"@id\":\"https:\/\/museutextil.cat\/es\/activitats\/curs-armari-jane-austen-inscripcions-obertes-2025\/\",\"url\":\"https:\/\/museutextil.cat\/es\/activitats\/curs-armari-jane-austen-inscripcions-obertes-2025\/\",\"name\":\"Curso \\\"El armario de Jane Austen\\\" (2025). Inscripciones abiertas - Museu T\u00e8xtil de Terrassa\",\"isPartOf\":{\"@id\":\"https:\/\/museutextil.cat\/es\/#website\"},\"primaryImageOfPage\":{\"@id\":\"https:\/\/museutextil.cat\/es\/activitats\/curs-armari-jane-austen-inscripcions-obertes-2025\/#primaryimage\"},\"image\":{\"@id\":\"https:\/\/museutextil.cat\/es\/activitats\/curs-armari-jane-austen-inscripcions-obertes-2025\/#primaryimage\"},\"thumbnailUrl\":\"https:\/\/museutextil.cat\/wp-content\/uploads\/2025\/09\/curs_armari_jane_austen.jpg\",\"datePublished\":\"2025-09-23T07:38:03+00:00\",\"dateModified\":\"2025-10-23T06:39:15+00:00\",\"breadcrumb\":{\"@id\":\"https:\/\/museutextil.cat\/es\/activitats\/curs-armari-jane-austen-inscripcions-obertes-2025\/#breadcrumb\"},\"inLanguage\":\"es\",\"potentialAction\":[{\"@type\":\"ReadAction\",\"target\":[\"https:\/\/museutextil.cat\/es\/activitats\/curs-armari-jane-austen-inscripcions-obertes-2025\/\"]}]},{\"@type\":\"ImageObject\",\"inLanguage\":\"es\",\"@id\":\"https:\/\/museutextil.cat\/es\/activitats\/curs-armari-jane-austen-inscripcions-obertes-2025\/#primaryimage\",\"url\":\"https:\/\/museutextil.cat\/wp-content\/uploads\/2025\/09\/curs_armari_jane_austen.jpg\",\"contentUrl\":\"https:\/\/museutextil.cat\/wp-content\/uploads\/2025\/09\/curs_armari_jane_austen.jpg\",\"width\":1200,\"height\":786,\"caption\":\"Curs: \\\"L'armari de Jane Austen\\\"\"},{\"@type\":\"BreadcrumbList\",\"@id\":\"https:\/\/museutextil.cat\/es\/activitats\/curs-armari-jane-austen-inscripcions-obertes-2025\/#breadcrumb\",\"itemListElement\":[{\"@type\":\"ListItem\",\"position\":1,\"name\":\"Inici\",\"item\":\"https:\/\/museutextil.cat\/es\/\"},{\"@type\":\"ListItem\",\"position\":2,\"name\":\"Eventos\",\"item\":\"https:\/\/museutextil.cat\/es\/activitats\/\"},{\"@type\":\"ListItem\",\"position\":3,\"name\":\"Curso \\\"El armario de Jane Austen\\\" (2025). Inscripciones abiertas\"}]},{\"@type\":\"WebSite\",\"@id\":\"https:\/\/museutextil.cat\/es\/#website\",\"url\":\"https:\/\/museutextil.cat\/es\/\",\"name\":\"Museu T\u00e8xtil de Terrassa\",\"description\":\"Centre de documentaci\u00f3 i Museu t\u00e8xtil\",\"publisher\":{\"@id\":\"https:\/\/museutextil.cat\/es\/#organization\"},\"potentialAction\":[{\"@type\":\"SearchAction\",\"target\":{\"@type\":\"EntryPoint\",\"urlTemplate\":\"https:\/\/museutextil.cat\/es\/?s={search_term_string}\"},\"query-input\":{\"@type\":\"PropertyValueSpecification\",\"valueRequired\":true,\"valueName\":\"search_term_string\"}}],\"inLanguage\":\"es\"},{\"@type\":\"Organization\",\"@id\":\"https:\/\/museutextil.cat\/es\/#organization\",\"name\":\"Museu T\u00e8xtil de Terrassa\",\"url\":\"https:\/\/museutextil.cat\/es\/\",\"logo\":{\"@type\":\"ImageObject\",\"inLanguage\":\"es\",\"@id\":\"https:\/\/museutextil.cat\/es\/#\/schema\/logo\/image\/\",\"url\":\"https:\/\/museutextil.cat\/wp-content\/uploads\/2025\/03\/museutextil_logo_h.png\",\"contentUrl\":\"https:\/\/museutextil.cat\/wp-content\/uploads\/2025\/03\/museutextil_logo_h.png\",\"width\":500,\"height\":87,\"caption\":\"Museu T\u00e8xtil de Terrassa\"},\"image\":{\"@id\":\"https:\/\/museutextil.cat\/es\/#\/schema\/logo\/image\/\"},\"sameAs\":[\"https:\/\/www.facebook.com\/cdmtextil\",\"https:\/\/x.com\/cdmtex\",\"https:\/\/www.instagram.com\/cdmtextil\/\",\"https:\/\/www.pinterest.com\/cdmtextil\/\",\"https:\/\/www.youtube.com\/user\/CDMTextil\"]}]}<\/script>\n<!-- \/ Yoast SEO plugin. -->","yoast_head_json":{"title":"Curso \"El armario de Jane Austen\" (2025). Inscripciones abiertas - Museu T\u00e8xtil de Terrassa","robots":{"index":"index","follow":"follow","max-snippet":"max-snippet:-1","max-image-preview":"max-image-preview:large","max-video-preview":"max-video-preview:-1"},"canonical":"https:\/\/museutextil.cat\/es\/activitats\/curs-armari-jane-austen-inscripcions-obertes-2025\/","og_locale":"es_ES","og_type":"article","og_title":"Curso \"El armario de Jane Austen\" (2025). Inscripciones abiertas - Museu T\u00e8xtil de Terrassa","og_description":"Actividad de pago (130\u20ac) para p\u00fablico adulto, con inscripci\u00f3n previa. Plazas limitadas. Con motivo del 250 aniversario del nacimiento de la autora Jane Austen, proponemos un curso inspirado en los modelos originales conservados en el Museu T\u00e8xtil, desde el estilo regencia a la moda imperio. Es una formaci\u00f3n dirigida a personas que deseen iniciarse en [&hellip;]","og_url":"https:\/\/museutextil.cat\/es\/activitats\/curs-armari-jane-austen-inscripcions-obertes-2025\/","og_site_name":"Museu T\u00e8xtil de Terrassa","article_publisher":"https:\/\/www.facebook.com\/cdmtextil","article_modified_time":"2025-10-23T06:39:15+00:00","og_image":[{"width":1200,"height":786,"url":"https:\/\/museutextil.cat\/wp-content\/uploads\/2025\/09\/curs_armari_jane_austen.jpg","type":"image\/jpeg"}],"twitter_card":"summary_large_image","twitter_site":"@cdmtex","twitter_misc":{"Tiempo de lectura":"1 minuto"},"schema":{"@context":"https:\/\/schema.org","@graph":[{"@type":"WebPage","@id":"https:\/\/museutextil.cat\/es\/activitats\/curs-armari-jane-austen-inscripcions-obertes-2025\/","url":"https:\/\/museutextil.cat\/es\/activitats\/curs-armari-jane-austen-inscripcions-obertes-2025\/","name":"Curso \"El armario de Jane Austen\" (2025). Inscripciones abiertas - Museu T\u00e8xtil de Terrassa","isPartOf":{"@id":"https:\/\/museutextil.cat\/es\/#website"},"primaryImageOfPage":{"@id":"https:\/\/museutextil.cat\/es\/activitats\/curs-armari-jane-austen-inscripcions-obertes-2025\/#primaryimage"},"image":{"@id":"https:\/\/museutextil.cat\/es\/activitats\/curs-armari-jane-austen-inscripcions-obertes-2025\/#primaryimage"},"thumbnailUrl":"https:\/\/museutextil.cat\/wp-content\/uploads\/2025\/09\/curs_armari_jane_austen.jpg","datePublished":"2025-09-23T07:38:03+00:00","dateModified":"2025-10-23T06:39:15+00:00","breadcrumb":{"@id":"https:\/\/museutextil.cat\/es\/activitats\/curs-armari-jane-austen-inscripcions-obertes-2025\/#breadcrumb"},"inLanguage":"es","potentialAction":[{"@type":"ReadAction","target":["https:\/\/museutextil.cat\/es\/activitats\/curs-armari-jane-austen-inscripcions-obertes-2025\/"]}]},{"@type":"ImageObject","inLanguage":"es","@id":"https:\/\/museutextil.cat\/es\/activitats\/curs-armari-jane-austen-inscripcions-obertes-2025\/#primaryimage","url":"https:\/\/museutextil.cat\/wp-content\/uploads\/2025\/09\/curs_armari_jane_austen.jpg","contentUrl":"https:\/\/museutextil.cat\/wp-content\/uploads\/2025\/09\/curs_armari_jane_austen.jpg","width":1200,"height":786,"caption":"Curs: \"L'armari de Jane Austen\""},{"@type":"BreadcrumbList","@id":"https:\/\/museutextil.cat\/es\/activitats\/curs-armari-jane-austen-inscripcions-obertes-2025\/#breadcrumb","itemListElement":[{"@type":"ListItem","position":1,"name":"Inici","item":"https:\/\/museutextil.cat\/es\/"},{"@type":"ListItem","position":2,"name":"Eventos","item":"https:\/\/museutextil.cat\/es\/activitats\/"},{"@type":"ListItem","position":3,"name":"Curso \"El armario de Jane Austen\" (2025). Inscripciones abiertas"}]},{"@type":"WebSite","@id":"https:\/\/museutextil.cat\/es\/#website","url":"https:\/\/museutextil.cat\/es\/","name":"Museu T\u00e8xtil de Terrassa","description":"Centre de documentaci\u00f3 i Museu t\u00e8xtil","publisher":{"@id":"https:\/\/museutextil.cat\/es\/#organization"},"potentialAction":[{"@type":"SearchAction","target":{"@type":"EntryPoint","urlTemplate":"https:\/\/museutextil.cat\/es\/?s={search_term_string}"},"query-input":{"@type":"PropertyValueSpecification","valueRequired":true,"valueName":"search_term_string"}}],"inLanguage":"es"},{"@type":"Organization","@id":"https:\/\/museutextil.cat\/es\/#organization","name":"Museu T\u00e8xtil de Terrassa","url":"https:\/\/museutextil.cat\/es\/","logo":{"@type":"ImageObject","inLanguage":"es","@id":"https:\/\/museutextil.cat\/es\/#\/schema\/logo\/image\/","url":"https:\/\/museutextil.cat\/wp-content\/uploads\/2025\/03\/museutextil_logo_h.png","contentUrl":"https:\/\/museutextil.cat\/wp-content\/uploads\/2025\/03\/museutextil_logo_h.png","width":500,"height":87,"caption":"Museu T\u00e8xtil de Terrassa"},"image":{"@id":"https:\/\/museutextil.cat\/es\/#\/schema\/logo\/image\/"},"sameAs":["https:\/\/www.facebook.com\/cdmtextil","https:\/\/x.com\/cdmtex","https:\/\/www.instagram.com\/cdmtextil\/","https:\/\/www.pinterest.com\/cdmtextil\/","https:\/\/www.youtube.com\/user\/CDMTextil"]}]}},"_links":{"self":[{"href":"https:\/\/museutextil.cat\/es\/wp-json\/wp\/v2\/mec-events\/16624","targetHints":{"allow":["GET"]}}],"collection":[{"href":"https:\/\/museutextil.cat\/es\/wp-json\/wp\/v2\/mec-events"}],"about":[{"href":"https:\/\/museutextil.cat\/es\/wp-json\/wp\/v2\/types\/mec-events"}],"author":[{"embeddable":true,"href":"https:\/\/museutextil.cat\/es\/wp-json\/wp\/v2\/users\/34"}],"replies":[{"embeddable":true,"href":"https:\/\/museutextil.cat\/es\/wp-json\/wp\/v2\/comments?post=16624"}],"wp:featuredmedia":[{"embeddable":true,"href":"https:\/\/museutextil.cat\/es\/wp-json\/wp\/v2\/media\/16631"}],"wp:attachment":[{"href":"https:\/\/museutextil.cat\/es\/wp-json\/wp\/v2\/media?parent=16624"}],"wp:term":[{"taxonomy":"post_tag","embeddable":true,"href":"https:\/\/museutextil.cat\/es\/wp-json\/wp\/v2\/tags?post=16624"},{"taxonomy":"mec_category","embeddable":true,"href":"https:\/\/museutextil.cat\/es\/wp-json\/wp\/v2\/mec_category?post=16624"}],"curies":[{"name":"wp","href":"https:\/\/api.w.org\/{rel}","templated":true}]}}