{"id":16968,"date":"2025-10-15T14:00:42","date_gmt":"2025-10-15T12:00:42","guid":{"rendered":"https:\/\/museutextil.cat\/activitats\/visita-comentada-a-inspiracions-moda-illustrada-del-segle-xx-a-carrec-de-lucy-victoria-davis\/"},"modified":"2025-11-21T10:08:24","modified_gmt":"2025-11-21T09:08:24","slug":"visita-comentada-expo-inspiracions-28_11_2025","status":"publish","type":"mec-events","link":"https:\/\/museutextil.cat\/es\/activitats\/visita-comentada-expo-inspiracions-28_11_2025\/","title":{"rendered":"Viernes de visita comentada gratuita a \"Inspiraciones. Moda ilustrada del siglo XX\""},"content":{"rendered":"<p>Actividad de pago para p\u00fablico adulto, con inscripci\u00f3n previa al final de esta p\u00e1gina. Plazas limitadas.<\/p>\n<p><a href=\"https:\/\/www.lucyvictoriadavis.com\/\" target=\"_blank\" rel=\"noopener\"><strong>Lucy Victoria Davis<\/strong><\/a>, ilustradora de moda y comisaria de la exposici\u00f3n\u00a0<a href=\"https:\/\/museutextil.cat\/wp-content\/uploads\/2025\/10\/Inspiracions_LucyDavis_nota_premsa.CAST_.pdf\" target=\"_blank\" rel=\"noopener\"><strong>\"Inspiraciones. Moda ilustrada del siglo XX\"<\/strong><\/a>, os acompa\u00f1a en un recorrido por la historia del vestido femenino de fiesta del siglo XX. Dentro de la sala, encontrar\u00e9is espectaculares piezas de indumentaria en di\u00e1logo con sus vibrantes dibujos originales, as\u00ed como numerosas revistas de moda con diferentes t\u00e9cnicas, estilos y autor\u00edas, conservadas en el fondo hemerogr\u00e1fico de la <strong><a href=\"https:\/\/museutextil.cat\/es\/biblioteca\/\" target=\"_blank\" rel=\"noopener\">biblioteca<\/a><\/strong> del museo.<\/p>\n<p>M\u00e1s informaci\u00f3n en: <a href=\"mailto:auladidactica@cdmt.cat\">auladidactica@cdmt.cat<\/a>\u00a0\/ 937 315 202.<\/p>\n","protected":false},"excerpt":{"rendered":"<p>Actividad de pago para p\u00fablico adulto, con inscripci\u00f3n previa al final de esta p\u00e1gina. Plazas limitadas. Lucy Victoria Davis, ilustradora de moda y comisaria de la exposici\u00f3n\u00a0\u00abInspiraciones. Moda ilustrada del siglo XX\u00bb, os acompa\u00f1a en un recorrido por la historia del vestido femenino de fiesta del siglo XX. Dentro de la sala, encontrar\u00e9is espectaculares piezas [&hellip;]<\/p>\n","protected":false},"author":34,"featured_media":16967,"comment_status":"closed","ping_status":"open","template":"","meta":{"site-sidebar-layout":"default","site-content-layout":"","ast-site-content-layout":"default","site-content-style":"default","site-sidebar-style":"default","ast-global-header-display":"","ast-banner-title-visibility":"","ast-main-header-display":"","ast-hfb-above-header-display":"","ast-hfb-below-header-display":"","ast-hfb-mobile-header-display":"","site-post-title":"","ast-breadcrumbs-content":"","ast-featured-img":"","footer-sml-layout":"","theme-transparent-header-meta":"default","adv-header-id-meta":"","stick-header-meta":"","header-above-stick-meta":"","header-main-stick-meta":"","header-below-stick-meta":"","astra-migrate-meta-layouts":"set","ast-page-background-enabled":"default","ast-page-background-meta":{"desktop":{"background-color":"var(--ast-global-color-4)","background-image":"","background-repeat":"repeat","background-position":"center center","background-size":"auto","background-attachment":"scroll","background-type":"","background-media":"","overlay-type":"","overlay-color":"","overlay-opacity":"","overlay-gradient":""},"tablet":{"background-color":"","background-image":"","background-repeat":"repeat","background-position":"center center","background-size":"auto","background-attachment":"scroll","background-type":"","background-media":"","overlay-type":"","overlay-color":"","overlay-opacity":"","overlay-gradient":""},"mobile":{"background-color":"","background-image":"","background-repeat":"repeat","background-position":"center center","background-size":"auto","background-attachment":"scroll","background-type":"","background-media":"","overlay-type":"","overlay-color":"","overlay-opacity":"","overlay-gradient":""}},"ast-content-background-meta":{"desktop":{"background-color":"var(--ast-global-color-5)","background-image":"","background-repeat":"repeat","background-position":"center center","background-size":"auto","background-attachment":"scroll","background-type":"","background-media":"","overlay-type":"","overlay-color":"","overlay-opacity":"","overlay-gradient":""},"tablet":{"background-color":"var(--ast-global-color-5)","background-image":"","background-repeat":"repeat","background-position":"center center","background-size":"auto","background-attachment":"scroll","background-type":"","background-media":"","overlay-type":"","overlay-color":"","overlay-opacity":"","overlay-gradient":""},"mobile":{"background-color":"var(--ast-global-color-5)","background-image":"","background-repeat":"repeat","background-position":"center center","background-size":"auto","background-attachment":"scroll","background-type":"","background-media":"","overlay-type":"","overlay-color":"","overlay-opacity":"","overlay-gradient":""}}},"tags":[],"mec_category":[173],"class_list":["post-16968","mec-events","type-mec-events","status-publish","has-post-thumbnail","hentry","mec_category-adultos-es"],"yoast_head":"<!-- This site is optimized with the Yoast SEO plugin v25.9 - https:\/\/yoast.com\/wordpress\/plugins\/seo\/ -->\n<title>Viernes de visita comentada gratuita a &quot;Inspiraciones. Moda ilustrada del siglo XX&quot; - Museu T\u00e8xtil de Terrassa<\/title>\n<meta name=\"robots\" content=\"index, follow, max-snippet:-1, max-image-preview:large, max-video-preview:-1\" \/>\n<link rel=\"canonical\" href=\"https:\/\/museutextil.cat\/es\/activitats\/visita-comentada-expo-inspiracions-28_11_2025\/\" \/>\n<meta property=\"og:locale\" content=\"es_ES\" \/>\n<meta property=\"og:type\" content=\"article\" \/>\n<meta property=\"og:title\" content=\"Viernes de visita comentada gratuita a &quot;Inspiraciones. Moda ilustrada del siglo XX&quot; - Museu T\u00e8xtil de Terrassa\" \/>\n<meta property=\"og:description\" content=\"Actividad de pago para p\u00fablico adulto, con inscripci\u00f3n previa al final de esta p\u00e1gina. Plazas limitadas. Lucy Victoria Davis, ilustradora de moda y comisaria de la exposici\u00f3n\u00a0&quot;Inspiraciones. Moda ilustrada del siglo XX&quot;, os acompa\u00f1a en un recorrido por la historia del vestido femenino de fiesta del siglo XX. Dentro de la sala, encontrar\u00e9is espectaculares piezas [&hellip;]\" \/>\n<meta property=\"og:url\" content=\"https:\/\/museutextil.cat\/es\/activitats\/visita-comentada-expo-inspiracions-28_11_2025\/\" \/>\n<meta property=\"og:site_name\" content=\"Museu T\u00e8xtil de Terrassa\" \/>\n<meta property=\"article:publisher\" content=\"https:\/\/www.facebook.com\/cdmtextil\" \/>\n<meta property=\"article:modified_time\" content=\"2025-11-21T09:08:24+00:00\" \/>\n<meta property=\"og:image\" content=\"https:\/\/museutextil.cat\/wp-content\/uploads\/2025\/10\/Inspiracions_2.cdmtextil.jpg\" \/>\n\t<meta property=\"og:image:width\" content=\"1200\" \/>\n\t<meta property=\"og:image:height\" content=\"800\" \/>\n\t<meta property=\"og:image:type\" content=\"image\/jpeg\" \/>\n<meta name=\"twitter:card\" content=\"summary_large_image\" \/>\n<meta name=\"twitter:site\" content=\"@cdmtex\" \/>\n<meta name=\"twitter:label1\" content=\"Tiempo de lectura\" \/>\n\t<meta name=\"twitter:data1\" content=\"1 minuto\" \/>\n<script type=\"application\/ld+json\" class=\"yoast-schema-graph\">{\"@context\":\"https:\/\/schema.org\",\"@graph\":[{\"@type\":\"WebPage\",\"@id\":\"https:\/\/museutextil.cat\/es\/activitats\/visita-comentada-expo-inspiracions-28_11_2025\/\",\"url\":\"https:\/\/museutextil.cat\/es\/activitats\/visita-comentada-expo-inspiracions-28_11_2025\/\",\"name\":\"Viernes de visita comentada gratuita a \\\"Inspiraciones. Moda ilustrada del siglo XX\\\" - Museu T\u00e8xtil de Terrassa\",\"isPartOf\":{\"@id\":\"https:\/\/museutextil.cat\/es\/#website\"},\"primaryImageOfPage\":{\"@id\":\"https:\/\/museutextil.cat\/es\/activitats\/visita-comentada-expo-inspiracions-28_11_2025\/#primaryimage\"},\"image\":{\"@id\":\"https:\/\/museutextil.cat\/es\/activitats\/visita-comentada-expo-inspiracions-28_11_2025\/#primaryimage\"},\"thumbnailUrl\":\"https:\/\/museutextil.cat\/wp-content\/uploads\/2025\/10\/Inspiracions_2.cdmtextil.jpg\",\"datePublished\":\"2025-10-15T12:00:42+00:00\",\"dateModified\":\"2025-11-21T09:08:24+00:00\",\"breadcrumb\":{\"@id\":\"https:\/\/museutextil.cat\/es\/activitats\/visita-comentada-expo-inspiracions-28_11_2025\/#breadcrumb\"},\"inLanguage\":\"es\",\"potentialAction\":[{\"@type\":\"ReadAction\",\"target\":[\"https:\/\/museutextil.cat\/es\/activitats\/visita-comentada-expo-inspiracions-28_11_2025\/\"]}]},{\"@type\":\"ImageObject\",\"inLanguage\":\"es\",\"@id\":\"https:\/\/museutextil.cat\/es\/activitats\/visita-comentada-expo-inspiracions-28_11_2025\/#primaryimage\",\"url\":\"https:\/\/museutextil.cat\/wp-content\/uploads\/2025\/10\/Inspiracions_2.cdmtextil.jpg\",\"contentUrl\":\"https:\/\/museutextil.cat\/wp-content\/uploads\/2025\/10\/Inspiracions_2.cdmtextil.jpg\",\"width\":1200,\"height\":800},{\"@type\":\"BreadcrumbList\",\"@id\":\"https:\/\/museutextil.cat\/es\/activitats\/visita-comentada-expo-inspiracions-28_11_2025\/#breadcrumb\",\"itemListElement\":[{\"@type\":\"ListItem\",\"position\":1,\"name\":\"Inici\",\"item\":\"https:\/\/museutextil.cat\/es\/\"},{\"@type\":\"ListItem\",\"position\":2,\"name\":\"Eventos\",\"item\":\"https:\/\/museutextil.cat\/es\/activitats\/\"},{\"@type\":\"ListItem\",\"position\":3,\"name\":\"Viernes de visita comentada gratuita a \\\"Inspiraciones. Moda ilustrada del siglo XX\\\"\"}]},{\"@type\":\"WebSite\",\"@id\":\"https:\/\/museutextil.cat\/es\/#website\",\"url\":\"https:\/\/museutextil.cat\/es\/\",\"name\":\"Museu T\u00e8xtil de Terrassa\",\"description\":\"Centre de documentaci\u00f3 i Museu t\u00e8xtil\",\"publisher\":{\"@id\":\"https:\/\/museutextil.cat\/es\/#organization\"},\"potentialAction\":[{\"@type\":\"SearchAction\",\"target\":{\"@type\":\"EntryPoint\",\"urlTemplate\":\"https:\/\/museutextil.cat\/es\/?s={search_term_string}\"},\"query-input\":{\"@type\":\"PropertyValueSpecification\",\"valueRequired\":true,\"valueName\":\"search_term_string\"}}],\"inLanguage\":\"es\"},{\"@type\":\"Organization\",\"@id\":\"https:\/\/museutextil.cat\/es\/#organization\",\"name\":\"Museu T\u00e8xtil de Terrassa\",\"url\":\"https:\/\/museutextil.cat\/es\/\",\"logo\":{\"@type\":\"ImageObject\",\"inLanguage\":\"es\",\"@id\":\"https:\/\/museutextil.cat\/es\/#\/schema\/logo\/image\/\",\"url\":\"https:\/\/museutextil.cat\/wp-content\/uploads\/2025\/03\/museutextil_logo_h.png\",\"contentUrl\":\"https:\/\/museutextil.cat\/wp-content\/uploads\/2025\/03\/museutextil_logo_h.png\",\"width\":500,\"height\":87,\"caption\":\"Museu T\u00e8xtil de Terrassa\"},\"image\":{\"@id\":\"https:\/\/museutextil.cat\/es\/#\/schema\/logo\/image\/\"},\"sameAs\":[\"https:\/\/www.facebook.com\/cdmtextil\",\"https:\/\/x.com\/cdmtex\",\"https:\/\/www.instagram.com\/cdmtextil\/\",\"https:\/\/www.pinterest.com\/cdmtextil\/\",\"https:\/\/www.youtube.com\/user\/CDMTextil\"]}]}<\/script>\n<!-- \/ Yoast SEO plugin. -->","yoast_head_json":{"title":"Viernes de visita comentada gratuita a \"Inspiraciones. Moda ilustrada del siglo XX\" - Museu T\u00e8xtil de Terrassa","robots":{"index":"index","follow":"follow","max-snippet":"max-snippet:-1","max-image-preview":"max-image-preview:large","max-video-preview":"max-video-preview:-1"},"canonical":"https:\/\/museutextil.cat\/es\/activitats\/visita-comentada-expo-inspiracions-28_11_2025\/","og_locale":"es_ES","og_type":"article","og_title":"Viernes de visita comentada gratuita a \"Inspiraciones. Moda ilustrada del siglo XX\" - Museu T\u00e8xtil de Terrassa","og_description":"Actividad de pago para p\u00fablico adulto, con inscripci\u00f3n previa al final de esta p\u00e1gina. Plazas limitadas. Lucy Victoria Davis, ilustradora de moda y comisaria de la exposici\u00f3n\u00a0\"Inspiraciones. Moda ilustrada del siglo XX\", os acompa\u00f1a en un recorrido por la historia del vestido femenino de fiesta del siglo XX. Dentro de la sala, encontrar\u00e9is espectaculares piezas [&hellip;]","og_url":"https:\/\/museutextil.cat\/es\/activitats\/visita-comentada-expo-inspiracions-28_11_2025\/","og_site_name":"Museu T\u00e8xtil de Terrassa","article_publisher":"https:\/\/www.facebook.com\/cdmtextil","article_modified_time":"2025-11-21T09:08:24+00:00","og_image":[{"width":1200,"height":800,"url":"https:\/\/museutextil.cat\/wp-content\/uploads\/2025\/10\/Inspiracions_2.cdmtextil.jpg","type":"image\/jpeg"}],"twitter_card":"summary_large_image","twitter_site":"@cdmtex","twitter_misc":{"Tiempo de lectura":"1 minuto"},"schema":{"@context":"https:\/\/schema.org","@graph":[{"@type":"WebPage","@id":"https:\/\/museutextil.cat\/es\/activitats\/visita-comentada-expo-inspiracions-28_11_2025\/","url":"https:\/\/museutextil.cat\/es\/activitats\/visita-comentada-expo-inspiracions-28_11_2025\/","name":"Viernes de visita comentada gratuita a \"Inspiraciones. Moda ilustrada del siglo XX\" - Museu T\u00e8xtil de Terrassa","isPartOf":{"@id":"https:\/\/museutextil.cat\/es\/#website"},"primaryImageOfPage":{"@id":"https:\/\/museutextil.cat\/es\/activitats\/visita-comentada-expo-inspiracions-28_11_2025\/#primaryimage"},"image":{"@id":"https:\/\/museutextil.cat\/es\/activitats\/visita-comentada-expo-inspiracions-28_11_2025\/#primaryimage"},"thumbnailUrl":"https:\/\/museutextil.cat\/wp-content\/uploads\/2025\/10\/Inspiracions_2.cdmtextil.jpg","datePublished":"2025-10-15T12:00:42+00:00","dateModified":"2025-11-21T09:08:24+00:00","breadcrumb":{"@id":"https:\/\/museutextil.cat\/es\/activitats\/visita-comentada-expo-inspiracions-28_11_2025\/#breadcrumb"},"inLanguage":"es","potentialAction":[{"@type":"ReadAction","target":["https:\/\/museutextil.cat\/es\/activitats\/visita-comentada-expo-inspiracions-28_11_2025\/"]}]},{"@type":"ImageObject","inLanguage":"es","@id":"https:\/\/museutextil.cat\/es\/activitats\/visita-comentada-expo-inspiracions-28_11_2025\/#primaryimage","url":"https:\/\/museutextil.cat\/wp-content\/uploads\/2025\/10\/Inspiracions_2.cdmtextil.jpg","contentUrl":"https:\/\/museutextil.cat\/wp-content\/uploads\/2025\/10\/Inspiracions_2.cdmtextil.jpg","width":1200,"height":800},{"@type":"BreadcrumbList","@id":"https:\/\/museutextil.cat\/es\/activitats\/visita-comentada-expo-inspiracions-28_11_2025\/#breadcrumb","itemListElement":[{"@type":"ListItem","position":1,"name":"Inici","item":"https:\/\/museutextil.cat\/es\/"},{"@type":"ListItem","position":2,"name":"Eventos","item":"https:\/\/museutextil.cat\/es\/activitats\/"},{"@type":"ListItem","position":3,"name":"Viernes de visita comentada gratuita a \"Inspiraciones. Moda ilustrada del siglo XX\""}]},{"@type":"WebSite","@id":"https:\/\/museutextil.cat\/es\/#website","url":"https:\/\/museutextil.cat\/es\/","name":"Museu T\u00e8xtil de Terrassa","description":"Centre de documentaci\u00f3 i Museu t\u00e8xtil","publisher":{"@id":"https:\/\/museutextil.cat\/es\/#organization"},"potentialAction":[{"@type":"SearchAction","target":{"@type":"EntryPoint","urlTemplate":"https:\/\/museutextil.cat\/es\/?s={search_term_string}"},"query-input":{"@type":"PropertyValueSpecification","valueRequired":true,"valueName":"search_term_string"}}],"inLanguage":"es"},{"@type":"Organization","@id":"https:\/\/museutextil.cat\/es\/#organization","name":"Museu T\u00e8xtil de Terrassa","url":"https:\/\/museutextil.cat\/es\/","logo":{"@type":"ImageObject","inLanguage":"es","@id":"https:\/\/museutextil.cat\/es\/#\/schema\/logo\/image\/","url":"https:\/\/museutextil.cat\/wp-content\/uploads\/2025\/03\/museutextil_logo_h.png","contentUrl":"https:\/\/museutextil.cat\/wp-content\/uploads\/2025\/03\/museutextil_logo_h.png","width":500,"height":87,"caption":"Museu T\u00e8xtil de Terrassa"},"image":{"@id":"https:\/\/museutextil.cat\/es\/#\/schema\/logo\/image\/"},"sameAs":["https:\/\/www.facebook.com\/cdmtextil","https:\/\/x.com\/cdmtex","https:\/\/www.instagram.com\/cdmtextil\/","https:\/\/www.pinterest.com\/cdmtextil\/","https:\/\/www.youtube.com\/user\/CDMTextil"]}]}},"_links":{"self":[{"href":"https:\/\/museutextil.cat\/es\/wp-json\/wp\/v2\/mec-events\/16968","targetHints":{"allow":["GET"]}}],"collection":[{"href":"https:\/\/museutextil.cat\/es\/wp-json\/wp\/v2\/mec-events"}],"about":[{"href":"https:\/\/museutextil.cat\/es\/wp-json\/wp\/v2\/types\/mec-events"}],"author":[{"embeddable":true,"href":"https:\/\/museutextil.cat\/es\/wp-json\/wp\/v2\/users\/34"}],"replies":[{"embeddable":true,"href":"https:\/\/museutextil.cat\/es\/wp-json\/wp\/v2\/comments?post=16968"}],"wp:featuredmedia":[{"embeddable":true,"href":"https:\/\/museutextil.cat\/es\/wp-json\/wp\/v2\/media\/16967"}],"wp:attachment":[{"href":"https:\/\/museutextil.cat\/es\/wp-json\/wp\/v2\/media?parent=16968"}],"wp:term":[{"taxonomy":"post_tag","embeddable":true,"href":"https:\/\/museutextil.cat\/es\/wp-json\/wp\/v2\/tags?post=16968"},{"taxonomy":"mec_category","embeddable":true,"href":"https:\/\/museutextil.cat\/es\/wp-json\/wp\/v2\/mec_category?post=16968"}],"curies":[{"name":"wp","href":"https:\/\/api.w.org\/{rel}","templated":true}]}}