{"id":17201,"date":"2025-11-04T13:47:01","date_gmt":"2025-11-04T12:47:01","guid":{"rendered":"https:\/\/museutextil.cat\/activitats\/visita-comentada-apta-per-a-persones-sordes-inspiracions-moda-illustrada-del-segle-xx\/"},"modified":"2025-11-21T10:06:50","modified_gmt":"2025-11-21T09:06:50","slug":"visita-comentada-apta-persones-sordes-inspiracions-moda-illustrada-segle-xx-04_12_2025","status":"publish","type":"mec-events","link":"https:\/\/museutextil.cat\/es\/activitats\/visita-comentada-apta-persones-sordes-inspiracions-moda-illustrada-segle-xx-04_12_2025\/","title":{"rendered":"Visita comentada apta para personas sordas: \"Inspiraciones. Moda ilustrada del siglo XX\""},"content":{"rendered":"<p>Actividad gratuita para p\u00fablico adulto. Con reserva previa (al final de esta p\u00e1gina). Plazas limitadas al aforo de la sala.<\/p>\n<p>Como contribuci\u00f3n por el <a href=\"https:\/\/dretssocials.gencat.cat\/ca\/ambits_tematics\/persones_amb_discapacitat\/dia_internacional_de_les_persones_amb_discapacitat\/index.html#googtrans(ca|es)\" target=\"_blank\" rel=\"noopener\"><strong>D\u00eda Internacional de las Personas con Discapacidad<\/strong><\/a> (3 de diciembre), hemos programada una visita comentada a la nueva muestra temporal <a href=\"https:\/\/museutextil.cat\/wp-content\/uploads\/2025\/10\/Inspiracions_LucyDavis_nota_premsa.CAST_.pdf\" target=\"_blank\" rel=\"noopener\"><strong>\"Inspiraciones. Moda ilustrada del siglo XX\"<\/strong><\/a><strong>.\u00a0 <\/strong><a style=\"font-size: 16px; background-color: #ffffff;\" href=\"https:\/\/www.lucyvictoriadavis.com\/\" target=\"_blank\" rel=\"noopener\"><strong>Lucy Victoria Davis<\/strong><\/a><span style=\"font-size: 16px;\">, ilustradora de moda y comisaria de la exposici\u00f3n<\/span><span style=\"font-size: 16px;\">, os acompa\u00f1a en un recorrido por la historia del vestido femenino de fiesta del siglo XX. Dentro de la sala, encontrar\u00e9is espectaculares piezas de indumentaria, cada una de ellas en di\u00e1logo con una vibrante ilustraci\u00f3n de la creadora. Adem\u00e1s, pod\u00e9is ver revistas de moda ilustradas de todo el siglo XX, que muestran diferentes t\u00e9cnicas, estilos y artistas y que se conservan en el fondo hemerogr\u00e1fico de la <\/span><strong style=\"font-size: 16px;\"><a href=\"https:\/\/museutextil.cat\/es\/biblioteca\/\" target=\"_blank\" rel=\"noopener\">biblioteca<\/a><\/strong><span style=\"font-size: 16px;\">\u00a0del museo.<\/span><\/p>\n<p>Contaremos con una int\u00e9rprete en lengua de signos catalana para la traducci\u00f3n simult\u00e1nea.<\/p>\n<p>M\u00e1s informaci\u00f3n en:\u00a0<a href=\"mailto:auladidactica@cdmt.cat\">auladidactica@cdmt.cat<\/a>\u00a0\/ 937 315 202.<\/p>\n<p>&nbsp;<\/p>\n<p>&nbsp;<\/p>\n","protected":false},"excerpt":{"rendered":"<p>Actividad gratuita para p\u00fablico adulto. Con reserva previa (al final de esta p\u00e1gina). Plazas limitadas al aforo de la sala. Como contribuci\u00f3n por el D\u00eda Internacional de las Personas con Discapacidad (3 de diciembre), hemos programada una visita comentada a la nueva muestra temporal \u00abInspiraciones. Moda ilustrada del siglo XX\u00bb.\u00a0 Lucy Victoria Davis, ilustradora de [&hellip;]<\/p>\n","protected":false},"author":34,"featured_media":16897,"comment_status":"closed","ping_status":"open","template":"","meta":{"site-sidebar-layout":"default","site-content-layout":"","ast-site-content-layout":"default","site-content-style":"default","site-sidebar-style":"default","ast-global-header-display":"","ast-banner-title-visibility":"","ast-main-header-display":"","ast-hfb-above-header-display":"","ast-hfb-below-header-display":"","ast-hfb-mobile-header-display":"","site-post-title":"","ast-breadcrumbs-content":"","ast-featured-img":"","footer-sml-layout":"","theme-transparent-header-meta":"default","adv-header-id-meta":"","stick-header-meta":"","header-above-stick-meta":"","header-main-stick-meta":"","header-below-stick-meta":"","astra-migrate-meta-layouts":"set","ast-page-background-enabled":"default","ast-page-background-meta":{"desktop":{"background-color":"var(--ast-global-color-4)","background-image":"","background-repeat":"repeat","background-position":"center center","background-size":"auto","background-attachment":"scroll","background-type":"","background-media":"","overlay-type":"","overlay-color":"","overlay-opacity":"","overlay-gradient":""},"tablet":{"background-color":"","background-image":"","background-repeat":"repeat","background-position":"center center","background-size":"auto","background-attachment":"scroll","background-type":"","background-media":"","overlay-type":"","overlay-color":"","overlay-opacity":"","overlay-gradient":""},"mobile":{"background-color":"","background-image":"","background-repeat":"repeat","background-position":"center center","background-size":"auto","background-attachment":"scroll","background-type":"","background-media":"","overlay-type":"","overlay-color":"","overlay-opacity":"","overlay-gradient":""}},"ast-content-background-meta":{"desktop":{"background-color":"var(--ast-global-color-5)","background-image":"","background-repeat":"repeat","background-position":"center center","background-size":"auto","background-attachment":"scroll","background-type":"","background-media":"","overlay-type":"","overlay-color":"","overlay-opacity":"","overlay-gradient":""},"tablet":{"background-color":"var(--ast-global-color-5)","background-image":"","background-repeat":"repeat","background-position":"center center","background-size":"auto","background-attachment":"scroll","background-type":"","background-media":"","overlay-type":"","overlay-color":"","overlay-opacity":"","overlay-gradient":""},"mobile":{"background-color":"var(--ast-global-color-5)","background-image":"","background-repeat":"repeat","background-position":"center center","background-size":"auto","background-attachment":"scroll","background-type":"","background-media":"","overlay-type":"","overlay-color":"","overlay-opacity":"","overlay-gradient":""}}},"tags":[],"mec_category":[],"class_list":["post-17201","mec-events","type-mec-events","status-publish","has-post-thumbnail","hentry"],"yoast_head":"<!-- This site is optimized with the Yoast SEO plugin v25.9 - https:\/\/yoast.com\/wordpress\/plugins\/seo\/ -->\n<title>Visita comentada apta para personas sordas: &quot;Inspiraciones. Moda ilustrada del siglo XX&quot; - Museu T\u00e8xtil de Terrassa<\/title>\n<meta name=\"robots\" content=\"index, follow, max-snippet:-1, max-image-preview:large, max-video-preview:-1\" \/>\n<link rel=\"canonical\" href=\"https:\/\/museutextil.cat\/es\/activitats\/visita-comentada-apta-persones-sordes-inspiracions-moda-illustrada-segle-xx-04_12_2025\/\" \/>\n<meta property=\"og:locale\" content=\"es_ES\" \/>\n<meta property=\"og:type\" content=\"article\" \/>\n<meta property=\"og:title\" content=\"Visita comentada apta para personas sordas: &quot;Inspiraciones. Moda ilustrada del siglo XX&quot; - Museu T\u00e8xtil de Terrassa\" \/>\n<meta property=\"og:description\" content=\"Actividad gratuita para p\u00fablico adulto. Con reserva previa (al final de esta p\u00e1gina). Plazas limitadas al aforo de la sala. Como contribuci\u00f3n por el D\u00eda Internacional de las Personas con Discapacidad (3 de diciembre), hemos programada una visita comentada a la nueva muestra temporal &quot;Inspiraciones. Moda ilustrada del siglo XX&quot;.\u00a0 Lucy Victoria Davis, ilustradora de [&hellip;]\" \/>\n<meta property=\"og:url\" content=\"https:\/\/museutextil.cat\/es\/activitats\/visita-comentada-apta-persones-sordes-inspiracions-moda-illustrada-segle-xx-04_12_2025\/\" \/>\n<meta property=\"og:site_name\" content=\"Museu T\u00e8xtil de Terrassa\" \/>\n<meta property=\"article:publisher\" content=\"https:\/\/www.facebook.com\/cdmtextil\" \/>\n<meta property=\"article:modified_time\" content=\"2025-11-21T09:06:50+00:00\" \/>\n<meta property=\"og:image\" content=\"https:\/\/museutextil.cat\/wp-content\/uploads\/2025\/10\/Inspiracions_text_2-e1759916652521.jpg\" \/>\n\t<meta property=\"og:image:width\" content=\"1200\" \/>\n\t<meta property=\"og:image:height\" content=\"811\" \/>\n\t<meta property=\"og:image:type\" content=\"image\/jpeg\" \/>\n<meta name=\"twitter:card\" content=\"summary_large_image\" \/>\n<meta name=\"twitter:site\" content=\"@cdmtex\" \/>\n<meta name=\"twitter:label1\" content=\"Tiempo de lectura\" \/>\n\t<meta name=\"twitter:data1\" content=\"2 minutos\" \/>\n<script type=\"application\/ld+json\" class=\"yoast-schema-graph\">{\"@context\":\"https:\/\/schema.org\",\"@graph\":[{\"@type\":\"WebPage\",\"@id\":\"https:\/\/museutextil.cat\/es\/activitats\/visita-comentada-apta-persones-sordes-inspiracions-moda-illustrada-segle-xx-04_12_2025\/\",\"url\":\"https:\/\/museutextil.cat\/es\/activitats\/visita-comentada-apta-persones-sordes-inspiracions-moda-illustrada-segle-xx-04_12_2025\/\",\"name\":\"Visita comentada apta para personas sordas: \\\"Inspiraciones. Moda ilustrada del siglo XX\\\" - Museu T\u00e8xtil de Terrassa\",\"isPartOf\":{\"@id\":\"https:\/\/museutextil.cat\/es\/#website\"},\"primaryImageOfPage\":{\"@id\":\"https:\/\/museutextil.cat\/es\/activitats\/visita-comentada-apta-persones-sordes-inspiracions-moda-illustrada-segle-xx-04_12_2025\/#primaryimage\"},\"image\":{\"@id\":\"https:\/\/museutextil.cat\/es\/activitats\/visita-comentada-apta-persones-sordes-inspiracions-moda-illustrada-segle-xx-04_12_2025\/#primaryimage\"},\"thumbnailUrl\":\"https:\/\/museutextil.cat\/wp-content\/uploads\/2025\/10\/Inspiracions_text_2-e1759916652521.jpg\",\"datePublished\":\"2025-11-04T12:47:01+00:00\",\"dateModified\":\"2025-11-21T09:06:50+00:00\",\"breadcrumb\":{\"@id\":\"https:\/\/museutextil.cat\/es\/activitats\/visita-comentada-apta-persones-sordes-inspiracions-moda-illustrada-segle-xx-04_12_2025\/#breadcrumb\"},\"inLanguage\":\"es\",\"potentialAction\":[{\"@type\":\"ReadAction\",\"target\":[\"https:\/\/museutextil.cat\/es\/activitats\/visita-comentada-apta-persones-sordes-inspiracions-moda-illustrada-segle-xx-04_12_2025\/\"]}]},{\"@type\":\"ImageObject\",\"inLanguage\":\"es\",\"@id\":\"https:\/\/museutextil.cat\/es\/activitats\/visita-comentada-apta-persones-sordes-inspiracions-moda-illustrada-segle-xx-04_12_2025\/#primaryimage\",\"url\":\"https:\/\/museutextil.cat\/wp-content\/uploads\/2025\/10\/Inspiracions_text_2-e1759916652521.jpg\",\"contentUrl\":\"https:\/\/museutextil.cat\/wp-content\/uploads\/2025\/10\/Inspiracions_text_2-e1759916652521.jpg\",\"width\":1200,\"height\":811,\"caption\":\"Imatge exposici\u00f3: \\\"Inspiracions. Moda il\u00b7lustrada del segle XX\\\"\"},{\"@type\":\"BreadcrumbList\",\"@id\":\"https:\/\/museutextil.cat\/es\/activitats\/visita-comentada-apta-persones-sordes-inspiracions-moda-illustrada-segle-xx-04_12_2025\/#breadcrumb\",\"itemListElement\":[{\"@type\":\"ListItem\",\"position\":1,\"name\":\"Inici\",\"item\":\"https:\/\/museutextil.cat\/es\/\"},{\"@type\":\"ListItem\",\"position\":2,\"name\":\"Eventos\",\"item\":\"https:\/\/museutextil.cat\/es\/activitats\/\"},{\"@type\":\"ListItem\",\"position\":3,\"name\":\"Visita comentada apta para personas sordas: \\\"Inspiraciones. Moda ilustrada del siglo XX\\\"\"}]},{\"@type\":\"WebSite\",\"@id\":\"https:\/\/museutextil.cat\/es\/#website\",\"url\":\"https:\/\/museutextil.cat\/es\/\",\"name\":\"Museu T\u00e8xtil de Terrassa\",\"description\":\"Centre de documentaci\u00f3 i Museu t\u00e8xtil\",\"publisher\":{\"@id\":\"https:\/\/museutextil.cat\/es\/#organization\"},\"potentialAction\":[{\"@type\":\"SearchAction\",\"target\":{\"@type\":\"EntryPoint\",\"urlTemplate\":\"https:\/\/museutextil.cat\/es\/?s={search_term_string}\"},\"query-input\":{\"@type\":\"PropertyValueSpecification\",\"valueRequired\":true,\"valueName\":\"search_term_string\"}}],\"inLanguage\":\"es\"},{\"@type\":\"Organization\",\"@id\":\"https:\/\/museutextil.cat\/es\/#organization\",\"name\":\"Museu T\u00e8xtil de Terrassa\",\"url\":\"https:\/\/museutextil.cat\/es\/\",\"logo\":{\"@type\":\"ImageObject\",\"inLanguage\":\"es\",\"@id\":\"https:\/\/museutextil.cat\/es\/#\/schema\/logo\/image\/\",\"url\":\"https:\/\/museutextil.cat\/wp-content\/uploads\/2025\/03\/museutextil_logo_h.png\",\"contentUrl\":\"https:\/\/museutextil.cat\/wp-content\/uploads\/2025\/03\/museutextil_logo_h.png\",\"width\":500,\"height\":87,\"caption\":\"Museu T\u00e8xtil de Terrassa\"},\"image\":{\"@id\":\"https:\/\/museutextil.cat\/es\/#\/schema\/logo\/image\/\"},\"sameAs\":[\"https:\/\/www.facebook.com\/cdmtextil\",\"https:\/\/x.com\/cdmtex\",\"https:\/\/www.instagram.com\/cdmtextil\/\",\"https:\/\/www.pinterest.com\/cdmtextil\/\",\"https:\/\/www.youtube.com\/user\/CDMTextil\"]}]}<\/script>\n<!-- \/ Yoast SEO plugin. -->","yoast_head_json":{"title":"Visita comentada apta para personas sordas: \"Inspiraciones. Moda ilustrada del siglo XX\" - Museu T\u00e8xtil de Terrassa","robots":{"index":"index","follow":"follow","max-snippet":"max-snippet:-1","max-image-preview":"max-image-preview:large","max-video-preview":"max-video-preview:-1"},"canonical":"https:\/\/museutextil.cat\/es\/activitats\/visita-comentada-apta-persones-sordes-inspiracions-moda-illustrada-segle-xx-04_12_2025\/","og_locale":"es_ES","og_type":"article","og_title":"Visita comentada apta para personas sordas: \"Inspiraciones. Moda ilustrada del siglo XX\" - Museu T\u00e8xtil de Terrassa","og_description":"Actividad gratuita para p\u00fablico adulto. Con reserva previa (al final de esta p\u00e1gina). Plazas limitadas al aforo de la sala. Como contribuci\u00f3n por el D\u00eda Internacional de las Personas con Discapacidad (3 de diciembre), hemos programada una visita comentada a la nueva muestra temporal \"Inspiraciones. Moda ilustrada del siglo XX\".\u00a0 Lucy Victoria Davis, ilustradora de [&hellip;]","og_url":"https:\/\/museutextil.cat\/es\/activitats\/visita-comentada-apta-persones-sordes-inspiracions-moda-illustrada-segle-xx-04_12_2025\/","og_site_name":"Museu T\u00e8xtil de Terrassa","article_publisher":"https:\/\/www.facebook.com\/cdmtextil","article_modified_time":"2025-11-21T09:06:50+00:00","og_image":[{"width":1200,"height":811,"url":"https:\/\/museutextil.cat\/wp-content\/uploads\/2025\/10\/Inspiracions_text_2-e1759916652521.jpg","type":"image\/jpeg"}],"twitter_card":"summary_large_image","twitter_site":"@cdmtex","twitter_misc":{"Tiempo de lectura":"2 minutos"},"schema":{"@context":"https:\/\/schema.org","@graph":[{"@type":"WebPage","@id":"https:\/\/museutextil.cat\/es\/activitats\/visita-comentada-apta-persones-sordes-inspiracions-moda-illustrada-segle-xx-04_12_2025\/","url":"https:\/\/museutextil.cat\/es\/activitats\/visita-comentada-apta-persones-sordes-inspiracions-moda-illustrada-segle-xx-04_12_2025\/","name":"Visita comentada apta para personas sordas: \"Inspiraciones. Moda ilustrada del siglo XX\" - Museu T\u00e8xtil de Terrassa","isPartOf":{"@id":"https:\/\/museutextil.cat\/es\/#website"},"primaryImageOfPage":{"@id":"https:\/\/museutextil.cat\/es\/activitats\/visita-comentada-apta-persones-sordes-inspiracions-moda-illustrada-segle-xx-04_12_2025\/#primaryimage"},"image":{"@id":"https:\/\/museutextil.cat\/es\/activitats\/visita-comentada-apta-persones-sordes-inspiracions-moda-illustrada-segle-xx-04_12_2025\/#primaryimage"},"thumbnailUrl":"https:\/\/museutextil.cat\/wp-content\/uploads\/2025\/10\/Inspiracions_text_2-e1759916652521.jpg","datePublished":"2025-11-04T12:47:01+00:00","dateModified":"2025-11-21T09:06:50+00:00","breadcrumb":{"@id":"https:\/\/museutextil.cat\/es\/activitats\/visita-comentada-apta-persones-sordes-inspiracions-moda-illustrada-segle-xx-04_12_2025\/#breadcrumb"},"inLanguage":"es","potentialAction":[{"@type":"ReadAction","target":["https:\/\/museutextil.cat\/es\/activitats\/visita-comentada-apta-persones-sordes-inspiracions-moda-illustrada-segle-xx-04_12_2025\/"]}]},{"@type":"ImageObject","inLanguage":"es","@id":"https:\/\/museutextil.cat\/es\/activitats\/visita-comentada-apta-persones-sordes-inspiracions-moda-illustrada-segle-xx-04_12_2025\/#primaryimage","url":"https:\/\/museutextil.cat\/wp-content\/uploads\/2025\/10\/Inspiracions_text_2-e1759916652521.jpg","contentUrl":"https:\/\/museutextil.cat\/wp-content\/uploads\/2025\/10\/Inspiracions_text_2-e1759916652521.jpg","width":1200,"height":811,"caption":"Imatge exposici\u00f3: \"Inspiracions. Moda il\u00b7lustrada del segle XX\""},{"@type":"BreadcrumbList","@id":"https:\/\/museutextil.cat\/es\/activitats\/visita-comentada-apta-persones-sordes-inspiracions-moda-illustrada-segle-xx-04_12_2025\/#breadcrumb","itemListElement":[{"@type":"ListItem","position":1,"name":"Inici","item":"https:\/\/museutextil.cat\/es\/"},{"@type":"ListItem","position":2,"name":"Eventos","item":"https:\/\/museutextil.cat\/es\/activitats\/"},{"@type":"ListItem","position":3,"name":"Visita comentada apta para personas sordas: \"Inspiraciones. Moda ilustrada del siglo XX\""}]},{"@type":"WebSite","@id":"https:\/\/museutextil.cat\/es\/#website","url":"https:\/\/museutextil.cat\/es\/","name":"Museu T\u00e8xtil de Terrassa","description":"Centre de documentaci\u00f3 i Museu t\u00e8xtil","publisher":{"@id":"https:\/\/museutextil.cat\/es\/#organization"},"potentialAction":[{"@type":"SearchAction","target":{"@type":"EntryPoint","urlTemplate":"https:\/\/museutextil.cat\/es\/?s={search_term_string}"},"query-input":{"@type":"PropertyValueSpecification","valueRequired":true,"valueName":"search_term_string"}}],"inLanguage":"es"},{"@type":"Organization","@id":"https:\/\/museutextil.cat\/es\/#organization","name":"Museu T\u00e8xtil de Terrassa","url":"https:\/\/museutextil.cat\/es\/","logo":{"@type":"ImageObject","inLanguage":"es","@id":"https:\/\/museutextil.cat\/es\/#\/schema\/logo\/image\/","url":"https:\/\/museutextil.cat\/wp-content\/uploads\/2025\/03\/museutextil_logo_h.png","contentUrl":"https:\/\/museutextil.cat\/wp-content\/uploads\/2025\/03\/museutextil_logo_h.png","width":500,"height":87,"caption":"Museu T\u00e8xtil de Terrassa"},"image":{"@id":"https:\/\/museutextil.cat\/es\/#\/schema\/logo\/image\/"},"sameAs":["https:\/\/www.facebook.com\/cdmtextil","https:\/\/x.com\/cdmtex","https:\/\/www.instagram.com\/cdmtextil\/","https:\/\/www.pinterest.com\/cdmtextil\/","https:\/\/www.youtube.com\/user\/CDMTextil"]}]}},"_links":{"self":[{"href":"https:\/\/museutextil.cat\/es\/wp-json\/wp\/v2\/mec-events\/17201","targetHints":{"allow":["GET"]}}],"collection":[{"href":"https:\/\/museutextil.cat\/es\/wp-json\/wp\/v2\/mec-events"}],"about":[{"href":"https:\/\/museutextil.cat\/es\/wp-json\/wp\/v2\/types\/mec-events"}],"author":[{"embeddable":true,"href":"https:\/\/museutextil.cat\/es\/wp-json\/wp\/v2\/users\/34"}],"replies":[{"embeddable":true,"href":"https:\/\/museutextil.cat\/es\/wp-json\/wp\/v2\/comments?post=17201"}],"wp:featuredmedia":[{"embeddable":true,"href":"https:\/\/museutextil.cat\/es\/wp-json\/wp\/v2\/media\/16897"}],"wp:attachment":[{"href":"https:\/\/museutextil.cat\/es\/wp-json\/wp\/v2\/media?parent=17201"}],"wp:term":[{"taxonomy":"post_tag","embeddable":true,"href":"https:\/\/museutextil.cat\/es\/wp-json\/wp\/v2\/tags?post=17201"},{"taxonomy":"mec_category","embeddable":true,"href":"https:\/\/museutextil.cat\/es\/wp-json\/wp\/v2\/mec_category?post=17201"}],"curies":[{"name":"wp","href":"https:\/\/api.w.org\/{rel}","templated":true}]}}