{"id":17220,"date":"2025-11-06T15:50:20","date_gmt":"2025-11-06T14:50:20","guid":{"rendered":"https:\/\/museutextil.cat\/activitats\/taller-familiar-especial-de-nadal-illustracio-de-moda-nadalenca\/"},"modified":"2025-11-07T12:44:57","modified_gmt":"2025-11-07T11:44:57","slug":"taller-familiar-nadal-illustracio-moda-nadalenca-14_12_2025","status":"publish","type":"mec-events","link":"https:\/\/museutextil.cat\/es\/activitats\/taller-familiar-nadal-illustracio-moda-nadalenca-14_12_2025\/","title":{"rendered":"Taller familiar especial Navidad \"Crea una ilustraci\u00f3n de moda navide\u00f1a\""},"content":{"rendered":"<p>Actividad gratuita para ni\u00f1@s de entre 6 y 12 a\u00f1os acompa\u00f1ados. Con reserva previa (al final de esta p\u00e1gina). Plazas limitadas.<\/p>\n<p>Os proponemos una experiencia festiva para unir la creatividad al esp\u00edritu navide\u00f1o. En este taller especial de Navidad, los ni\u00f1@s podr\u00e1n dise\u00f1ar y crear una ilustraci\u00f3n de moda \u00fanica que enmarcar\u00e1n en un paspart\u00fa para que la puedan regalar a alguien especial con motivo de las fiestas. Acompa\u00f1ados de la ilustradora <a href=\"https:\/\/www.lucyvictoriadavis.com\/\" target=\"_blank\" rel=\"noopener\"><strong>Lucy Victoria Davis<\/strong><\/a>, podr\u00e1n explorar el color, la textura y el dise\u00f1o de moda en familia, en un ambiente divertido y relajado.<\/p>\n<p>Como parte del taller, los ni\u00f1os y ni\u00f1as participar\u00e1n de una visita exclusiva a la exposici\u00f3n <a href=\"https:\/\/museutextil.cat\/wp-content\/uploads\/2025\/10\/Inspiracions_LucyDavis_nota_premsa.CAST_.pdf\" target=\"_blank\" rel=\"noopener\"><strong>\"Inspiraciones. Moda ilustrada del siglo XX\"<\/strong><\/a> para activar su creatividad a partir de las coloridas y vitales obras de la artista.<\/p>\n<p data-start=\"55\" data-end=\"586\">M\u00e1s informaci\u00f3n en:<strong>\u00a0<\/strong><a href=\"mailto:auladidactica@cdmt.cat\"><strong>auladidactica@cdmt.cat<\/strong><\/a>\u00a0\/ 937 315 202.<\/p>\n<p data-start=\"792\" data-end=\"908\" data-is-last-node=\"\" data-is-only-node=\"\">\n","protected":false},"excerpt":{"rendered":"<p>Actividad gratuita para ni\u00f1@s de entre 6 y 12 a\u00f1os acompa\u00f1ados. Con reserva previa (al final de esta p\u00e1gina). Plazas limitadas. Os proponemos una experiencia festiva para unir la creatividad al esp\u00edritu navide\u00f1o. En este taller especial de Navidad, los ni\u00f1@s podr\u00e1n dise\u00f1ar y crear una ilustraci\u00f3n de moda \u00fanica que enmarcar\u00e1n en un paspart\u00fa [&hellip;]<\/p>\n","protected":false},"author":34,"featured_media":17219,"comment_status":"closed","ping_status":"open","template":"","meta":{"site-sidebar-layout":"default","site-content-layout":"","ast-site-content-layout":"default","site-content-style":"default","site-sidebar-style":"default","ast-global-header-display":"","ast-banner-title-visibility":"","ast-main-header-display":"","ast-hfb-above-header-display":"","ast-hfb-below-header-display":"","ast-hfb-mobile-header-display":"","site-post-title":"","ast-breadcrumbs-content":"","ast-featured-img":"","footer-sml-layout":"","theme-transparent-header-meta":"default","adv-header-id-meta":"","stick-header-meta":"","header-above-stick-meta":"","header-main-stick-meta":"","header-below-stick-meta":"","astra-migrate-meta-layouts":"set","ast-page-background-enabled":"default","ast-page-background-meta":{"desktop":{"background-color":"var(--ast-global-color-4)","background-image":"","background-repeat":"repeat","background-position":"center center","background-size":"auto","background-attachment":"scroll","background-type":"","background-media":"","overlay-type":"","overlay-color":"","overlay-opacity":"","overlay-gradient":""},"tablet":{"background-color":"","background-image":"","background-repeat":"repeat","background-position":"center center","background-size":"auto","background-attachment":"scroll","background-type":"","background-media":"","overlay-type":"","overlay-color":"","overlay-opacity":"","overlay-gradient":""},"mobile":{"background-color":"","background-image":"","background-repeat":"repeat","background-position":"center center","background-size":"auto","background-attachment":"scroll","background-type":"","background-media":"","overlay-type":"","overlay-color":"","overlay-opacity":"","overlay-gradient":""}},"ast-content-background-meta":{"desktop":{"background-color":"var(--ast-global-color-5)","background-image":"","background-repeat":"repeat","background-position":"center center","background-size":"auto","background-attachment":"scroll","background-type":"","background-media":"","overlay-type":"","overlay-color":"","overlay-opacity":"","overlay-gradient":""},"tablet":{"background-color":"var(--ast-global-color-5)","background-image":"","background-repeat":"repeat","background-position":"center center","background-size":"auto","background-attachment":"scroll","background-type":"","background-media":"","overlay-type":"","overlay-color":"","overlay-opacity":"","overlay-gradient":""},"mobile":{"background-color":"var(--ast-global-color-5)","background-image":"","background-repeat":"repeat","background-position":"center center","background-size":"auto","background-attachment":"scroll","background-type":"","background-media":"","overlay-type":"","overlay-color":"","overlay-opacity":"","overlay-gradient":""}}},"tags":[],"mec_category":[],"class_list":["post-17220","mec-events","type-mec-events","status-publish","has-post-thumbnail","hentry"],"yoast_head":"<!-- This site is optimized with the Yoast SEO plugin v25.9 - https:\/\/yoast.com\/wordpress\/plugins\/seo\/ -->\n<title>Taller familiar especial Navidad &quot;Crea una ilustraci\u00f3n de moda navide\u00f1a&quot; - Museu T\u00e8xtil de Terrassa<\/title>\n<meta name=\"robots\" content=\"index, follow, max-snippet:-1, max-image-preview:large, max-video-preview:-1\" \/>\n<link rel=\"canonical\" href=\"https:\/\/museutextil.cat\/es\/activitats\/taller-familiar-nadal-illustracio-moda-nadalenca-14_12_2025\/\" \/>\n<meta property=\"og:locale\" content=\"es_ES\" \/>\n<meta property=\"og:type\" content=\"article\" \/>\n<meta property=\"og:title\" content=\"Taller familiar especial Navidad &quot;Crea una ilustraci\u00f3n de moda navide\u00f1a&quot; - Museu T\u00e8xtil de Terrassa\" \/>\n<meta property=\"og:description\" content=\"Actividad gratuita para ni\u00f1@s de entre 6 y 12 a\u00f1os acompa\u00f1ados. Con reserva previa (al final de esta p\u00e1gina). Plazas limitadas. Os proponemos una experiencia festiva para unir la creatividad al esp\u00edritu navide\u00f1o. En este taller especial de Navidad, los ni\u00f1@s podr\u00e1n dise\u00f1ar y crear una ilustraci\u00f3n de moda \u00fanica que enmarcar\u00e1n en un paspart\u00fa [&hellip;]\" \/>\n<meta property=\"og:url\" content=\"https:\/\/museutextil.cat\/es\/activitats\/taller-familiar-nadal-illustracio-moda-nadalenca-14_12_2025\/\" \/>\n<meta property=\"og:site_name\" content=\"Museu T\u00e8xtil de Terrassa\" \/>\n<meta property=\"article:publisher\" content=\"https:\/\/www.facebook.com\/cdmtextil\" \/>\n<meta property=\"article:modified_time\" content=\"2025-11-07T11:44:57+00:00\" \/>\n<meta property=\"og:image\" content=\"https:\/\/museutextil.cat\/wp-content\/uploads\/2025\/11\/Taller_Nadal_141225.jpg\" \/>\n\t<meta property=\"og:image:width\" content=\"1200\" \/>\n\t<meta property=\"og:image:height\" content=\"800\" \/>\n\t<meta property=\"og:image:type\" content=\"image\/jpeg\" \/>\n<meta name=\"twitter:card\" content=\"summary_large_image\" \/>\n<meta name=\"twitter:site\" content=\"@cdmtex\" \/>\n<meta name=\"twitter:label1\" content=\"Tiempo de lectura\" \/>\n\t<meta name=\"twitter:data1\" content=\"1 minuto\" \/>\n<script type=\"application\/ld+json\" class=\"yoast-schema-graph\">{\"@context\":\"https:\/\/schema.org\",\"@graph\":[{\"@type\":\"WebPage\",\"@id\":\"https:\/\/museutextil.cat\/es\/activitats\/taller-familiar-nadal-illustracio-moda-nadalenca-14_12_2025\/\",\"url\":\"https:\/\/museutextil.cat\/es\/activitats\/taller-familiar-nadal-illustracio-moda-nadalenca-14_12_2025\/\",\"name\":\"Taller familiar especial Navidad \\\"Crea una ilustraci\u00f3n de moda navide\u00f1a\\\" - Museu T\u00e8xtil de Terrassa\",\"isPartOf\":{\"@id\":\"https:\/\/museutextil.cat\/es\/#website\"},\"primaryImageOfPage\":{\"@id\":\"https:\/\/museutextil.cat\/es\/activitats\/taller-familiar-nadal-illustracio-moda-nadalenca-14_12_2025\/#primaryimage\"},\"image\":{\"@id\":\"https:\/\/museutextil.cat\/es\/activitats\/taller-familiar-nadal-illustracio-moda-nadalenca-14_12_2025\/#primaryimage\"},\"thumbnailUrl\":\"https:\/\/museutextil.cat\/wp-content\/uploads\/2025\/11\/Taller_Nadal_141225.jpg\",\"datePublished\":\"2025-11-06T14:50:20+00:00\",\"dateModified\":\"2025-11-07T11:44:57+00:00\",\"breadcrumb\":{\"@id\":\"https:\/\/museutextil.cat\/es\/activitats\/taller-familiar-nadal-illustracio-moda-nadalenca-14_12_2025\/#breadcrumb\"},\"inLanguage\":\"es\",\"potentialAction\":[{\"@type\":\"ReadAction\",\"target\":[\"https:\/\/museutextil.cat\/es\/activitats\/taller-familiar-nadal-illustracio-moda-nadalenca-14_12_2025\/\"]}]},{\"@type\":\"ImageObject\",\"inLanguage\":\"es\",\"@id\":\"https:\/\/museutextil.cat\/es\/activitats\/taller-familiar-nadal-illustracio-moda-nadalenca-14_12_2025\/#primaryimage\",\"url\":\"https:\/\/museutextil.cat\/wp-content\/uploads\/2025\/11\/Taller_Nadal_141225.jpg\",\"contentUrl\":\"https:\/\/museutextil.cat\/wp-content\/uploads\/2025\/11\/Taller_Nadal_141225.jpg\",\"width\":1200,\"height\":800},{\"@type\":\"BreadcrumbList\",\"@id\":\"https:\/\/museutextil.cat\/es\/activitats\/taller-familiar-nadal-illustracio-moda-nadalenca-14_12_2025\/#breadcrumb\",\"itemListElement\":[{\"@type\":\"ListItem\",\"position\":1,\"name\":\"Inici\",\"item\":\"https:\/\/museutextil.cat\/es\/\"},{\"@type\":\"ListItem\",\"position\":2,\"name\":\"Eventos\",\"item\":\"https:\/\/museutextil.cat\/es\/activitats\/\"},{\"@type\":\"ListItem\",\"position\":3,\"name\":\"Taller familiar especial Navidad \\\"Crea una ilustraci\u00f3n de moda navide\u00f1a\\\"\"}]},{\"@type\":\"WebSite\",\"@id\":\"https:\/\/museutextil.cat\/es\/#website\",\"url\":\"https:\/\/museutextil.cat\/es\/\",\"name\":\"Museu T\u00e8xtil de Terrassa\",\"description\":\"Centre de documentaci\u00f3 i Museu t\u00e8xtil\",\"publisher\":{\"@id\":\"https:\/\/museutextil.cat\/es\/#organization\"},\"potentialAction\":[{\"@type\":\"SearchAction\",\"target\":{\"@type\":\"EntryPoint\",\"urlTemplate\":\"https:\/\/museutextil.cat\/es\/?s={search_term_string}\"},\"query-input\":{\"@type\":\"PropertyValueSpecification\",\"valueRequired\":true,\"valueName\":\"search_term_string\"}}],\"inLanguage\":\"es\"},{\"@type\":\"Organization\",\"@id\":\"https:\/\/museutextil.cat\/es\/#organization\",\"name\":\"Museu T\u00e8xtil de Terrassa\",\"url\":\"https:\/\/museutextil.cat\/es\/\",\"logo\":{\"@type\":\"ImageObject\",\"inLanguage\":\"es\",\"@id\":\"https:\/\/museutextil.cat\/es\/#\/schema\/logo\/image\/\",\"url\":\"https:\/\/museutextil.cat\/wp-content\/uploads\/2025\/03\/museutextil_logo_h.png\",\"contentUrl\":\"https:\/\/museutextil.cat\/wp-content\/uploads\/2025\/03\/museutextil_logo_h.png\",\"width\":500,\"height\":87,\"caption\":\"Museu T\u00e8xtil de Terrassa\"},\"image\":{\"@id\":\"https:\/\/museutextil.cat\/es\/#\/schema\/logo\/image\/\"},\"sameAs\":[\"https:\/\/www.facebook.com\/cdmtextil\",\"https:\/\/x.com\/cdmtex\",\"https:\/\/www.instagram.com\/cdmtextil\/\",\"https:\/\/www.pinterest.com\/cdmtextil\/\",\"https:\/\/www.youtube.com\/user\/CDMTextil\"]}]}<\/script>\n<!-- \/ Yoast SEO plugin. -->","yoast_head_json":{"title":"Taller familiar especial Navidad \"Crea una ilustraci\u00f3n de moda navide\u00f1a\" - Museu T\u00e8xtil de Terrassa","robots":{"index":"index","follow":"follow","max-snippet":"max-snippet:-1","max-image-preview":"max-image-preview:large","max-video-preview":"max-video-preview:-1"},"canonical":"https:\/\/museutextil.cat\/es\/activitats\/taller-familiar-nadal-illustracio-moda-nadalenca-14_12_2025\/","og_locale":"es_ES","og_type":"article","og_title":"Taller familiar especial Navidad \"Crea una ilustraci\u00f3n de moda navide\u00f1a\" - Museu T\u00e8xtil de Terrassa","og_description":"Actividad gratuita para ni\u00f1@s de entre 6 y 12 a\u00f1os acompa\u00f1ados. Con reserva previa (al final de esta p\u00e1gina). Plazas limitadas. Os proponemos una experiencia festiva para unir la creatividad al esp\u00edritu navide\u00f1o. En este taller especial de Navidad, los ni\u00f1@s podr\u00e1n dise\u00f1ar y crear una ilustraci\u00f3n de moda \u00fanica que enmarcar\u00e1n en un paspart\u00fa [&hellip;]","og_url":"https:\/\/museutextil.cat\/es\/activitats\/taller-familiar-nadal-illustracio-moda-nadalenca-14_12_2025\/","og_site_name":"Museu T\u00e8xtil de Terrassa","article_publisher":"https:\/\/www.facebook.com\/cdmtextil","article_modified_time":"2025-11-07T11:44:57+00:00","og_image":[{"width":1200,"height":800,"url":"https:\/\/museutextil.cat\/wp-content\/uploads\/2025\/11\/Taller_Nadal_141225.jpg","type":"image\/jpeg"}],"twitter_card":"summary_large_image","twitter_site":"@cdmtex","twitter_misc":{"Tiempo de lectura":"1 minuto"},"schema":{"@context":"https:\/\/schema.org","@graph":[{"@type":"WebPage","@id":"https:\/\/museutextil.cat\/es\/activitats\/taller-familiar-nadal-illustracio-moda-nadalenca-14_12_2025\/","url":"https:\/\/museutextil.cat\/es\/activitats\/taller-familiar-nadal-illustracio-moda-nadalenca-14_12_2025\/","name":"Taller familiar especial Navidad \"Crea una ilustraci\u00f3n de moda navide\u00f1a\" - Museu T\u00e8xtil de Terrassa","isPartOf":{"@id":"https:\/\/museutextil.cat\/es\/#website"},"primaryImageOfPage":{"@id":"https:\/\/museutextil.cat\/es\/activitats\/taller-familiar-nadal-illustracio-moda-nadalenca-14_12_2025\/#primaryimage"},"image":{"@id":"https:\/\/museutextil.cat\/es\/activitats\/taller-familiar-nadal-illustracio-moda-nadalenca-14_12_2025\/#primaryimage"},"thumbnailUrl":"https:\/\/museutextil.cat\/wp-content\/uploads\/2025\/11\/Taller_Nadal_141225.jpg","datePublished":"2025-11-06T14:50:20+00:00","dateModified":"2025-11-07T11:44:57+00:00","breadcrumb":{"@id":"https:\/\/museutextil.cat\/es\/activitats\/taller-familiar-nadal-illustracio-moda-nadalenca-14_12_2025\/#breadcrumb"},"inLanguage":"es","potentialAction":[{"@type":"ReadAction","target":["https:\/\/museutextil.cat\/es\/activitats\/taller-familiar-nadal-illustracio-moda-nadalenca-14_12_2025\/"]}]},{"@type":"ImageObject","inLanguage":"es","@id":"https:\/\/museutextil.cat\/es\/activitats\/taller-familiar-nadal-illustracio-moda-nadalenca-14_12_2025\/#primaryimage","url":"https:\/\/museutextil.cat\/wp-content\/uploads\/2025\/11\/Taller_Nadal_141225.jpg","contentUrl":"https:\/\/museutextil.cat\/wp-content\/uploads\/2025\/11\/Taller_Nadal_141225.jpg","width":1200,"height":800},{"@type":"BreadcrumbList","@id":"https:\/\/museutextil.cat\/es\/activitats\/taller-familiar-nadal-illustracio-moda-nadalenca-14_12_2025\/#breadcrumb","itemListElement":[{"@type":"ListItem","position":1,"name":"Inici","item":"https:\/\/museutextil.cat\/es\/"},{"@type":"ListItem","position":2,"name":"Eventos","item":"https:\/\/museutextil.cat\/es\/activitats\/"},{"@type":"ListItem","position":3,"name":"Taller familiar especial Navidad \"Crea una ilustraci\u00f3n de moda navide\u00f1a\""}]},{"@type":"WebSite","@id":"https:\/\/museutextil.cat\/es\/#website","url":"https:\/\/museutextil.cat\/es\/","name":"Museu T\u00e8xtil de Terrassa","description":"Centre de documentaci\u00f3 i Museu t\u00e8xtil","publisher":{"@id":"https:\/\/museutextil.cat\/es\/#organization"},"potentialAction":[{"@type":"SearchAction","target":{"@type":"EntryPoint","urlTemplate":"https:\/\/museutextil.cat\/es\/?s={search_term_string}"},"query-input":{"@type":"PropertyValueSpecification","valueRequired":true,"valueName":"search_term_string"}}],"inLanguage":"es"},{"@type":"Organization","@id":"https:\/\/museutextil.cat\/es\/#organization","name":"Museu T\u00e8xtil de Terrassa","url":"https:\/\/museutextil.cat\/es\/","logo":{"@type":"ImageObject","inLanguage":"es","@id":"https:\/\/museutextil.cat\/es\/#\/schema\/logo\/image\/","url":"https:\/\/museutextil.cat\/wp-content\/uploads\/2025\/03\/museutextil_logo_h.png","contentUrl":"https:\/\/museutextil.cat\/wp-content\/uploads\/2025\/03\/museutextil_logo_h.png","width":500,"height":87,"caption":"Museu T\u00e8xtil de Terrassa"},"image":{"@id":"https:\/\/museutextil.cat\/es\/#\/schema\/logo\/image\/"},"sameAs":["https:\/\/www.facebook.com\/cdmtextil","https:\/\/x.com\/cdmtex","https:\/\/www.instagram.com\/cdmtextil\/","https:\/\/www.pinterest.com\/cdmtextil\/","https:\/\/www.youtube.com\/user\/CDMTextil"]}]}},"_links":{"self":[{"href":"https:\/\/museutextil.cat\/es\/wp-json\/wp\/v2\/mec-events\/17220","targetHints":{"allow":["GET"]}}],"collection":[{"href":"https:\/\/museutextil.cat\/es\/wp-json\/wp\/v2\/mec-events"}],"about":[{"href":"https:\/\/museutextil.cat\/es\/wp-json\/wp\/v2\/types\/mec-events"}],"author":[{"embeddable":true,"href":"https:\/\/museutextil.cat\/es\/wp-json\/wp\/v2\/users\/34"}],"replies":[{"embeddable":true,"href":"https:\/\/museutextil.cat\/es\/wp-json\/wp\/v2\/comments?post=17220"}],"wp:featuredmedia":[{"embeddable":true,"href":"https:\/\/museutextil.cat\/es\/wp-json\/wp\/v2\/media\/17219"}],"wp:attachment":[{"href":"https:\/\/museutextil.cat\/es\/wp-json\/wp\/v2\/media?parent=17220"}],"wp:term":[{"taxonomy":"post_tag","embeddable":true,"href":"https:\/\/museutextil.cat\/es\/wp-json\/wp\/v2\/tags?post=17220"},{"taxonomy":"mec_category","embeddable":true,"href":"https:\/\/museutextil.cat\/es\/wp-json\/wp\/v2\/mec_category?post=17220"}],"curies":[{"name":"wp","href":"https:\/\/api.w.org\/{rel}","templated":true}]}}