{"id":17509,"date":"2025-12-10T09:32:48","date_gmt":"2025-12-10T08:32:48","guid":{"rendered":"https:\/\/museutextil.cat\/activitats\/lintercanvi-recepcio-de-roba-tardor-hivern-per-a-lintercanvi-17-i-18-de-gener-585\/"},"modified":"2026-01-13T11:34:20","modified_gmt":"2026-01-13T10:34:20","slug":"intercanvi-roba-tardor-hivern-18_01_2026","status":"publish","type":"mec-events","link":"https:\/\/museutextil.cat\/es\/activitats\/intercanvi-roba-tardor-hivern-18_01_2026\/","title":{"rendered":"\"El intercambio\" (17 y 18 de enero). Mercado de intercambio de ropa oto\u00f1o\/invierno"},"content":{"rendered":"<p>Actividad gratuita para adultos, con reserva previa en al final de esta p\u00e1gina. Plazas limitadas.<\/p>\n<p>\u00bfTienes ropa sobrante en el armario y deseas hacer limpieza despu\u00e9s de las fiestas de Navidad? Participa en este proyecto dirigido por <a href=\"https:\/\/elclubdelamodapositiva.com\/\" target=\"_blank\" rel=\"noopener\">El Club de la Moda Positiva<\/a>\u00a0y organizado conjuntamente con el Museu T\u00e8xtil.<\/p>\n<p>Bajo el lema \"Intercambia ropa, renueva tu estilo y cuida nuestro planeta\", te invitamos a venir al museo con la ropa que ya no usas y que volver\u00e1 al circuito de consumo: podr\u00e1s renovar tu armario de una forma sostenible y econ\u00f3mica.\u00a0El s\u00e1bado 17 de enero es el d\u00eda para traer la ropa, haremos la criba y te entregaremos los \"eco-puntos\" para intercambiar durante la ma\u00f1ana del domingo 18 de enero.<\/p>\n<p>Si est\u00e1s interesado\/a en formar parte de este acto, lee\u00a0<a href=\"https:\/\/museutextil.cat\/wp-content\/uploads\/2025\/12\/El-Intercambio-Ene26.pdf\" target=\"_blank\" rel=\"noopener\"><strong>aqu\u00ed<\/strong> <\/a>c\u00f3mo funciona el evento.\u00a0Para m\u00e1s comentarios, pod\u00e9is contactar con:\u00a0<a href=\"mailto:auladidactica@cdmt.cat\">auladidactica@cdmt.cat<\/a>\u00a0\/ 937 315 202 o bien directamente con las organizadoras en:\u00a0<a href=\"mailto:info@elclubdelamodapositiva.com\">info@elclubdelamodapositiva.com<\/a>.<\/p>\n","protected":false},"excerpt":{"rendered":"<p>Actividad gratuita para adultos, con reserva previa en al final de esta p\u00e1gina. Plazas limitadas. \u00bfTienes ropa sobrante en el armario y deseas hacer limpieza despu\u00e9s de las fiestas de Navidad? Participa en este proyecto dirigido por El Club de la Moda Positiva\u00a0y organizado conjuntamente con el Museu T\u00e8xtil. Bajo el lema \u00abIntercambia ropa, renueva [&hellip;]<\/p>\n","protected":false},"author":34,"featured_media":17503,"comment_status":"closed","ping_status":"open","template":"","meta":{"site-sidebar-layout":"default","site-content-layout":"","ast-site-content-layout":"default","site-content-style":"default","site-sidebar-style":"default","ast-global-header-display":"","ast-banner-title-visibility":"","ast-main-header-display":"","ast-hfb-above-header-display":"","ast-hfb-below-header-display":"","ast-hfb-mobile-header-display":"","site-post-title":"","ast-breadcrumbs-content":"","ast-featured-img":"","footer-sml-layout":"","theme-transparent-header-meta":"default","adv-header-id-meta":"","stick-header-meta":"","header-above-stick-meta":"","header-main-stick-meta":"","header-below-stick-meta":"","astra-migrate-meta-layouts":"set","ast-page-background-enabled":"default","ast-page-background-meta":{"desktop":{"background-color":"var(--ast-global-color-4)","background-image":"","background-repeat":"repeat","background-position":"center center","background-size":"auto","background-attachment":"scroll","background-type":"","background-media":"","overlay-type":"","overlay-color":"","overlay-opacity":"","overlay-gradient":""},"tablet":{"background-color":"","background-image":"","background-repeat":"repeat","background-position":"center center","background-size":"auto","background-attachment":"scroll","background-type":"","background-media":"","overlay-type":"","overlay-color":"","overlay-opacity":"","overlay-gradient":""},"mobile":{"background-color":"","background-image":"","background-repeat":"repeat","background-position":"center center","background-size":"auto","background-attachment":"scroll","background-type":"","background-media":"","overlay-type":"","overlay-color":"","overlay-opacity":"","overlay-gradient":""}},"ast-content-background-meta":{"desktop":{"background-color":"var(--ast-global-color-5)","background-image":"","background-repeat":"repeat","background-position":"center center","background-size":"auto","background-attachment":"scroll","background-type":"","background-media":"","overlay-type":"","overlay-color":"","overlay-opacity":"","overlay-gradient":""},"tablet":{"background-color":"var(--ast-global-color-5)","background-image":"","background-repeat":"repeat","background-position":"center center","background-size":"auto","background-attachment":"scroll","background-type":"","background-media":"","overlay-type":"","overlay-color":"","overlay-opacity":"","overlay-gradient":""},"mobile":{"background-color":"var(--ast-global-color-5)","background-image":"","background-repeat":"repeat","background-position":"center center","background-size":"auto","background-attachment":"scroll","background-type":"","background-media":"","overlay-type":"","overlay-color":"","overlay-opacity":"","overlay-gradient":""}}},"tags":[],"mec_category":[173],"class_list":["post-17509","mec-events","type-mec-events","status-publish","has-post-thumbnail","hentry","mec_category-adultos-es"],"yoast_head":"<!-- This site is optimized with the Yoast SEO plugin v25.9 - https:\/\/yoast.com\/wordpress\/plugins\/seo\/ -->\n<title>&quot;El intercambio&quot; (17 y 18 de enero). Mercado de intercambio de ropa oto\u00f1o\/invierno - Museu T\u00e8xtil de Terrassa<\/title>\n<meta name=\"robots\" content=\"index, follow, max-snippet:-1, max-image-preview:large, max-video-preview:-1\" \/>\n<link rel=\"canonical\" href=\"https:\/\/museutextil.cat\/es\/activitats\/intercanvi-roba-tardor-hivern-18_01_2026\/\" \/>\n<meta property=\"og:locale\" content=\"es_ES\" \/>\n<meta property=\"og:type\" content=\"article\" \/>\n<meta property=\"og:title\" content=\"&quot;El intercambio&quot; (17 y 18 de enero). Mercado de intercambio de ropa oto\u00f1o\/invierno - Museu T\u00e8xtil de Terrassa\" \/>\n<meta property=\"og:description\" content=\"Actividad gratuita para adultos, con reserva previa en al final de esta p\u00e1gina. Plazas limitadas. \u00bfTienes ropa sobrante en el armario y deseas hacer limpieza despu\u00e9s de las fiestas de Navidad? Participa en este proyecto dirigido por El Club de la Moda Positiva\u00a0y organizado conjuntamente con el Museu T\u00e8xtil. Bajo el lema &quot;Intercambia ropa, renueva [&hellip;]\" \/>\n<meta property=\"og:url\" content=\"https:\/\/museutextil.cat\/es\/activitats\/intercanvi-roba-tardor-hivern-18_01_2026\/\" \/>\n<meta property=\"og:site_name\" content=\"Museu T\u00e8xtil de Terrassa\" \/>\n<meta property=\"article:publisher\" content=\"https:\/\/www.facebook.com\/cdmtextil\" \/>\n<meta property=\"article:modified_time\" content=\"2026-01-13T10:34:20+00:00\" \/>\n<meta property=\"og:image\" content=\"https:\/\/museutextil.cat\/wp-content\/uploads\/2025\/12\/Intercanvi_17180126.jpg\" \/>\n\t<meta property=\"og:image:width\" content=\"1200\" \/>\n\t<meta property=\"og:image:height\" content=\"800\" \/>\n\t<meta property=\"og:image:type\" content=\"image\/jpeg\" \/>\n<meta name=\"twitter:card\" content=\"summary_large_image\" \/>\n<meta name=\"twitter:site\" content=\"@cdmtex\" \/>\n<meta name=\"twitter:label1\" content=\"Tiempo de lectura\" \/>\n\t<meta name=\"twitter:data1\" content=\"2 minutos\" \/>\n<script type=\"application\/ld+json\" class=\"yoast-schema-graph\">{\"@context\":\"https:\/\/schema.org\",\"@graph\":[{\"@type\":\"WebPage\",\"@id\":\"https:\/\/museutextil.cat\/es\/activitats\/intercanvi-roba-tardor-hivern-18_01_2026\/\",\"url\":\"https:\/\/museutextil.cat\/es\/activitats\/intercanvi-roba-tardor-hivern-18_01_2026\/\",\"name\":\"\\\"El intercambio\\\" (17 y 18 de enero). Mercado de intercambio de ropa oto\u00f1o\/invierno - Museu T\u00e8xtil de Terrassa\",\"isPartOf\":{\"@id\":\"https:\/\/museutextil.cat\/es\/#website\"},\"primaryImageOfPage\":{\"@id\":\"https:\/\/museutextil.cat\/es\/activitats\/intercanvi-roba-tardor-hivern-18_01_2026\/#primaryimage\"},\"image\":{\"@id\":\"https:\/\/museutextil.cat\/es\/activitats\/intercanvi-roba-tardor-hivern-18_01_2026\/#primaryimage\"},\"thumbnailUrl\":\"https:\/\/museutextil.cat\/wp-content\/uploads\/2025\/12\/Intercanvi_17180126.jpg\",\"datePublished\":\"2025-12-10T08:32:48+00:00\",\"dateModified\":\"2026-01-13T10:34:20+00:00\",\"breadcrumb\":{\"@id\":\"https:\/\/museutextil.cat\/es\/activitats\/intercanvi-roba-tardor-hivern-18_01_2026\/#breadcrumb\"},\"inLanguage\":\"es\",\"potentialAction\":[{\"@type\":\"ReadAction\",\"target\":[\"https:\/\/museutextil.cat\/es\/activitats\/intercanvi-roba-tardor-hivern-18_01_2026\/\"]}]},{\"@type\":\"ImageObject\",\"inLanguage\":\"es\",\"@id\":\"https:\/\/museutextil.cat\/es\/activitats\/intercanvi-roba-tardor-hivern-18_01_2026\/#primaryimage\",\"url\":\"https:\/\/museutextil.cat\/wp-content\/uploads\/2025\/12\/Intercanvi_17180126.jpg\",\"contentUrl\":\"https:\/\/museutextil.cat\/wp-content\/uploads\/2025\/12\/Intercanvi_17180126.jpg\",\"width\":1200,\"height\":800},{\"@type\":\"BreadcrumbList\",\"@id\":\"https:\/\/museutextil.cat\/es\/activitats\/intercanvi-roba-tardor-hivern-18_01_2026\/#breadcrumb\",\"itemListElement\":[{\"@type\":\"ListItem\",\"position\":1,\"name\":\"Inici\",\"item\":\"https:\/\/museutextil.cat\/es\/\"},{\"@type\":\"ListItem\",\"position\":2,\"name\":\"Eventos\",\"item\":\"https:\/\/museutextil.cat\/es\/activitats\/\"},{\"@type\":\"ListItem\",\"position\":3,\"name\":\"\\\"El intercambio\\\" (17 y 18 de enero). Mercado de intercambio de ropa oto\u00f1o\/invierno\"}]},{\"@type\":\"WebSite\",\"@id\":\"https:\/\/museutextil.cat\/es\/#website\",\"url\":\"https:\/\/museutextil.cat\/es\/\",\"name\":\"Museu T\u00e8xtil de Terrassa\",\"description\":\"Centre de documentaci\u00f3 i Museu t\u00e8xtil\",\"publisher\":{\"@id\":\"https:\/\/museutextil.cat\/es\/#organization\"},\"potentialAction\":[{\"@type\":\"SearchAction\",\"target\":{\"@type\":\"EntryPoint\",\"urlTemplate\":\"https:\/\/museutextil.cat\/es\/?s={search_term_string}\"},\"query-input\":{\"@type\":\"PropertyValueSpecification\",\"valueRequired\":true,\"valueName\":\"search_term_string\"}}],\"inLanguage\":\"es\"},{\"@type\":\"Organization\",\"@id\":\"https:\/\/museutextil.cat\/es\/#organization\",\"name\":\"Museu T\u00e8xtil de Terrassa\",\"url\":\"https:\/\/museutextil.cat\/es\/\",\"logo\":{\"@type\":\"ImageObject\",\"inLanguage\":\"es\",\"@id\":\"https:\/\/museutextil.cat\/es\/#\/schema\/logo\/image\/\",\"url\":\"https:\/\/museutextil.cat\/wp-content\/uploads\/2025\/03\/museutextil_logo_h.png\",\"contentUrl\":\"https:\/\/museutextil.cat\/wp-content\/uploads\/2025\/03\/museutextil_logo_h.png\",\"width\":500,\"height\":87,\"caption\":\"Museu T\u00e8xtil de Terrassa\"},\"image\":{\"@id\":\"https:\/\/museutextil.cat\/es\/#\/schema\/logo\/image\/\"},\"sameAs\":[\"https:\/\/www.facebook.com\/cdmtextil\",\"https:\/\/x.com\/cdmtex\",\"https:\/\/www.instagram.com\/cdmtextil\/\",\"https:\/\/www.pinterest.com\/cdmtextil\/\",\"https:\/\/www.youtube.com\/user\/CDMTextil\"]}]}<\/script>\n<!-- \/ Yoast SEO plugin. -->","yoast_head_json":{"title":"\"El intercambio\" (17 y 18 de enero). Mercado de intercambio de ropa oto\u00f1o\/invierno - Museu T\u00e8xtil de Terrassa","robots":{"index":"index","follow":"follow","max-snippet":"max-snippet:-1","max-image-preview":"max-image-preview:large","max-video-preview":"max-video-preview:-1"},"canonical":"https:\/\/museutextil.cat\/es\/activitats\/intercanvi-roba-tardor-hivern-18_01_2026\/","og_locale":"es_ES","og_type":"article","og_title":"\"El intercambio\" (17 y 18 de enero). Mercado de intercambio de ropa oto\u00f1o\/invierno - Museu T\u00e8xtil de Terrassa","og_description":"Actividad gratuita para adultos, con reserva previa en al final de esta p\u00e1gina. Plazas limitadas. \u00bfTienes ropa sobrante en el armario y deseas hacer limpieza despu\u00e9s de las fiestas de Navidad? Participa en este proyecto dirigido por El Club de la Moda Positiva\u00a0y organizado conjuntamente con el Museu T\u00e8xtil. Bajo el lema \"Intercambia ropa, renueva [&hellip;]","og_url":"https:\/\/museutextil.cat\/es\/activitats\/intercanvi-roba-tardor-hivern-18_01_2026\/","og_site_name":"Museu T\u00e8xtil de Terrassa","article_publisher":"https:\/\/www.facebook.com\/cdmtextil","article_modified_time":"2026-01-13T10:34:20+00:00","og_image":[{"width":1200,"height":800,"url":"https:\/\/museutextil.cat\/wp-content\/uploads\/2025\/12\/Intercanvi_17180126.jpg","type":"image\/jpeg"}],"twitter_card":"summary_large_image","twitter_site":"@cdmtex","twitter_misc":{"Tiempo de lectura":"2 minutos"},"schema":{"@context":"https:\/\/schema.org","@graph":[{"@type":"WebPage","@id":"https:\/\/museutextil.cat\/es\/activitats\/intercanvi-roba-tardor-hivern-18_01_2026\/","url":"https:\/\/museutextil.cat\/es\/activitats\/intercanvi-roba-tardor-hivern-18_01_2026\/","name":"\"El intercambio\" (17 y 18 de enero). Mercado de intercambio de ropa oto\u00f1o\/invierno - Museu T\u00e8xtil de Terrassa","isPartOf":{"@id":"https:\/\/museutextil.cat\/es\/#website"},"primaryImageOfPage":{"@id":"https:\/\/museutextil.cat\/es\/activitats\/intercanvi-roba-tardor-hivern-18_01_2026\/#primaryimage"},"image":{"@id":"https:\/\/museutextil.cat\/es\/activitats\/intercanvi-roba-tardor-hivern-18_01_2026\/#primaryimage"},"thumbnailUrl":"https:\/\/museutextil.cat\/wp-content\/uploads\/2025\/12\/Intercanvi_17180126.jpg","datePublished":"2025-12-10T08:32:48+00:00","dateModified":"2026-01-13T10:34:20+00:00","breadcrumb":{"@id":"https:\/\/museutextil.cat\/es\/activitats\/intercanvi-roba-tardor-hivern-18_01_2026\/#breadcrumb"},"inLanguage":"es","potentialAction":[{"@type":"ReadAction","target":["https:\/\/museutextil.cat\/es\/activitats\/intercanvi-roba-tardor-hivern-18_01_2026\/"]}]},{"@type":"ImageObject","inLanguage":"es","@id":"https:\/\/museutextil.cat\/es\/activitats\/intercanvi-roba-tardor-hivern-18_01_2026\/#primaryimage","url":"https:\/\/museutextil.cat\/wp-content\/uploads\/2025\/12\/Intercanvi_17180126.jpg","contentUrl":"https:\/\/museutextil.cat\/wp-content\/uploads\/2025\/12\/Intercanvi_17180126.jpg","width":1200,"height":800},{"@type":"BreadcrumbList","@id":"https:\/\/museutextil.cat\/es\/activitats\/intercanvi-roba-tardor-hivern-18_01_2026\/#breadcrumb","itemListElement":[{"@type":"ListItem","position":1,"name":"Inici","item":"https:\/\/museutextil.cat\/es\/"},{"@type":"ListItem","position":2,"name":"Eventos","item":"https:\/\/museutextil.cat\/es\/activitats\/"},{"@type":"ListItem","position":3,"name":"\"El intercambio\" (17 y 18 de enero). Mercado de intercambio de ropa oto\u00f1o\/invierno"}]},{"@type":"WebSite","@id":"https:\/\/museutextil.cat\/es\/#website","url":"https:\/\/museutextil.cat\/es\/","name":"Museu T\u00e8xtil de Terrassa","description":"Centre de documentaci\u00f3 i Museu t\u00e8xtil","publisher":{"@id":"https:\/\/museutextil.cat\/es\/#organization"},"potentialAction":[{"@type":"SearchAction","target":{"@type":"EntryPoint","urlTemplate":"https:\/\/museutextil.cat\/es\/?s={search_term_string}"},"query-input":{"@type":"PropertyValueSpecification","valueRequired":true,"valueName":"search_term_string"}}],"inLanguage":"es"},{"@type":"Organization","@id":"https:\/\/museutextil.cat\/es\/#organization","name":"Museu T\u00e8xtil de Terrassa","url":"https:\/\/museutextil.cat\/es\/","logo":{"@type":"ImageObject","inLanguage":"es","@id":"https:\/\/museutextil.cat\/es\/#\/schema\/logo\/image\/","url":"https:\/\/museutextil.cat\/wp-content\/uploads\/2025\/03\/museutextil_logo_h.png","contentUrl":"https:\/\/museutextil.cat\/wp-content\/uploads\/2025\/03\/museutextil_logo_h.png","width":500,"height":87,"caption":"Museu T\u00e8xtil de Terrassa"},"image":{"@id":"https:\/\/museutextil.cat\/es\/#\/schema\/logo\/image\/"},"sameAs":["https:\/\/www.facebook.com\/cdmtextil","https:\/\/x.com\/cdmtex","https:\/\/www.instagram.com\/cdmtextil\/","https:\/\/www.pinterest.com\/cdmtextil\/","https:\/\/www.youtube.com\/user\/CDMTextil"]}]}},"_links":{"self":[{"href":"https:\/\/museutextil.cat\/es\/wp-json\/wp\/v2\/mec-events\/17509","targetHints":{"allow":["GET"]}}],"collection":[{"href":"https:\/\/museutextil.cat\/es\/wp-json\/wp\/v2\/mec-events"}],"about":[{"href":"https:\/\/museutextil.cat\/es\/wp-json\/wp\/v2\/types\/mec-events"}],"author":[{"embeddable":true,"href":"https:\/\/museutextil.cat\/es\/wp-json\/wp\/v2\/users\/34"}],"replies":[{"embeddable":true,"href":"https:\/\/museutextil.cat\/es\/wp-json\/wp\/v2\/comments?post=17509"}],"wp:featuredmedia":[{"embeddable":true,"href":"https:\/\/museutextil.cat\/es\/wp-json\/wp\/v2\/media\/17503"}],"wp:attachment":[{"href":"https:\/\/museutextil.cat\/es\/wp-json\/wp\/v2\/media?parent=17509"}],"wp:term":[{"taxonomy":"post_tag","embeddable":true,"href":"https:\/\/museutextil.cat\/es\/wp-json\/wp\/v2\/tags?post=17509"},{"taxonomy":"mec_category","embeddable":true,"href":"https:\/\/museutextil.cat\/es\/wp-json\/wp\/v2\/mec_category?post=17509"}],"curies":[{"name":"wp","href":"https:\/\/api.w.org\/{rel}","templated":true}]}}