{"id":19341,"date":"2026-04-23T14:33:10","date_gmt":"2026-04-23T12:33:10","guid":{"rendered":"https:\/\/museutextil.cat\/activitats\/nit-dels-museus-2026-presentacio-del-projecte-plantes-prohibides-de-palestina-i-taller-de-brodat-tradicional-palesti-tatris\/"},"modified":"2026-04-28T10:31:57","modified_gmt":"2026-04-28T08:31:57","slug":"nit-museus-2026-taller-brodat-tradicional-palesti-16_05_2026","status":"publish","type":"mec-events","link":"https:\/\/museutextil.cat\/es\/activitats\/nit-museus-2026-taller-brodat-tradicional-palesti-16_05_2026\/","title":{"rendered":"Noche de los Museos 2026. Presentaci\u00f3n del proyecto \"Plantas prohibidas de Palestina\" y taller de bordado tradicional palestino (tatr\u00eds) a cargo de Irene Perene Pe"},"content":{"rendered":"<p>Actividad gratuita para personas adultas. Con reserva previa (plazas limitadas).<\/p>\n<p>Cada 18 de mayo, desde hace 40 a\u00f1os, se celebra el <a href=\"https:\/\/icom.museum\/es\/dia-internacional-de-los-museos\/\" target=\"_blank\" rel=\"noopener\"><strong>D\u00eda Internacional de los Museos<\/strong><\/a><strong>, <\/strong>la gran fiesta de las instituciones muse\u00edsticas que quieren ser un medio de intercambio y enriquecimiento cultural para un entendimiento mutuo entre los pueblos, en favor de la cooperaci\u00f3n y la paz. La fecha se\u00f1alada es el 18 de mayo y en torno a esa fecha celebramos tambi\u00e9n la Noche de los Museos.<\/p>\n<p>Este a\u00f1o la <a href=\"https:\/\/icom.museum\/es\/\"><strong>ICOM <\/strong><\/a>propone como hilo conductor de la celebraci\u00f3n el lema \"Museos uniendo un mundo dividido\" poniendo el foco en el potencial que tenemos para actuar como puentes entre las divisiones culturales, sociales y geopol\u00edticas, fomentando el di\u00e1logo, el entendimiento, la inclusi\u00f3n y la paz, dentro y entre las comunidades del mundo.<\/p>\n<p>Taller de iniciaci\u00f3n al tatr\u00eds (bordado tradicional palestino) a trav\u00e9s de los motivos del proyecto <strong>\"<\/strong><a href=\"https:\/\/shereenquttaineh.com\/forbidden-plants-of-palestine\/\" target=\"_blank\" rel=\"noopener\"><strong>Plantas\u00a0prohibidas de Paestina<\/strong><\/a>\" de la artista <strong><a href=\"https:\/\/shereenquttaineh.com\/\" target=\"_blank\" rel=\"noopener\">Shereen Quttaineh<\/a><\/strong>.Durante incontables generaciones, los palestinos recolectaron y cosecharon los frutos de su tierra, desde plantas silvestres como el cardo rodante gundelia (Akkoub), el tomillo medicinal (Za'atar) y la salvia silvestre (Meramieh) hasta cultivos b\u00e1sicos como aceitunas, naranjas y sand\u00edas. Como en todos los dem\u00e1s aspectos de la vida, su autonom\u00eda sobre su propia alimentaci\u00f3n se encuentra bajo la ocupaci\u00f3n. Adem\u00e1s de incautar tierras de cultivo y arrancar \u00e1rboles frutales centenarios, la ocupaci\u00f3n impone leyes opresivas que proh\u00edben a los palestinos recolectar y cultivar las plantas que conforman las tradiciones culinarias, medicinales y culturales. Sin embargo, los palestinos siguen encontrando formas de resistir. Cada motivo de tatr\u00eds (tatreez) de este proyecto documenta una \"Planta prohibida de Palestina\", con una historia de conexi\u00f3n y resiliencia, y ofrece un recordatorio del v\u00ednculo perdurable entre su pueblo y la tierra que los nutre.<\/p>\n<p>Shereen Quttaineh es una artista textil y educadora basada en Amm\u00e1n. En su pr\u00e1ctica art\u00edstica, Quttaineh explora la bot\u00e1nica, el territorio, el control pol\u00edtico y los rituales cotidianos como lugares para la memoria colectiva. Trabajando con materiales recuperados, combina la estampaci\u00f3n de relieve, el collage textil y el bordado para crear obras meditativas que reflejan la tensi\u00f3n entre la introspecci\u00f3n personal y las narrativas socioculturales compartidas.<\/p>\n<p>El taller ser\u00e1 impartido por la artista egarense <strong><a href=\"https:\/\/ireneperez.net\/home.html\" target=\"_blank\" rel=\"noopener\">Irene Pe<\/a><\/strong>, amiga de Shereen Quttaineh y traductora del proyecto \"Plantas prohibidas de Palestina\" al catal\u00e1n y el castellano.<\/p>\n<p>Para m\u00e1s informaci\u00f3n: <strong><a href=\"mailto:inscripcions@cdmt.cat\" target=\"_blank\" rel=\"noopener\">inscripcions@cdmt.cat<\/a><\/strong>\u00a0\/ 93 731 52 02.<\/p>\n","protected":false},"excerpt":{"rendered":"<p>Actividad gratuita para personas adultas. Con reserva previa (plazas limitadas). Cada 18 de mayo, desde hace 40 a\u00f1os, se celebra el D\u00eda Internacional de los Museos, la gran fiesta de las instituciones muse\u00edsticas que quieren ser un medio de intercambio y enriquecimiento cultural para un entendimiento mutuo entre los pueblos, en favor de la cooperaci\u00f3n [&hellip;]<\/p>\n","protected":false},"author":34,"featured_media":19339,"comment_status":"closed","ping_status":"open","template":"","meta":{"site-sidebar-layout":"default","site-content-layout":"","ast-site-content-layout":"default","site-content-style":"default","site-sidebar-style":"default","ast-global-header-display":"","ast-banner-title-visibility":"","ast-main-header-display":"","ast-hfb-above-header-display":"","ast-hfb-below-header-display":"","ast-hfb-mobile-header-display":"","site-post-title":"","ast-breadcrumbs-content":"","ast-featured-img":"","footer-sml-layout":"","theme-transparent-header-meta":"default","adv-header-id-meta":"","stick-header-meta":"","header-above-stick-meta":"","header-main-stick-meta":"","header-below-stick-meta":"","astra-migrate-meta-layouts":"set","ast-page-background-enabled":"default","ast-page-background-meta":{"desktop":{"background-color":"var(--ast-global-color-4)","background-image":"","background-repeat":"repeat","background-position":"center center","background-size":"auto","background-attachment":"scroll","background-type":"","background-media":"","overlay-type":"","overlay-color":"","overlay-opacity":"","overlay-gradient":""},"tablet":{"background-color":"","background-image":"","background-repeat":"repeat","background-position":"center center","background-size":"auto","background-attachment":"scroll","background-type":"","background-media":"","overlay-type":"","overlay-color":"","overlay-opacity":"","overlay-gradient":""},"mobile":{"background-color":"","background-image":"","background-repeat":"repeat","background-position":"center center","background-size":"auto","background-attachment":"scroll","background-type":"","background-media":"","overlay-type":"","overlay-color":"","overlay-opacity":"","overlay-gradient":""}},"ast-content-background-meta":{"desktop":{"background-color":"var(--ast-global-color-5)","background-image":"","background-repeat":"repeat","background-position":"center center","background-size":"auto","background-attachment":"scroll","background-type":"","background-media":"","overlay-type":"","overlay-color":"","overlay-opacity":"","overlay-gradient":""},"tablet":{"background-color":"var(--ast-global-color-5)","background-image":"","background-repeat":"repeat","background-position":"center center","background-size":"auto","background-attachment":"scroll","background-type":"","background-media":"","overlay-type":"","overlay-color":"","overlay-opacity":"","overlay-gradient":""},"mobile":{"background-color":"var(--ast-global-color-5)","background-image":"","background-repeat":"repeat","background-position":"center center","background-size":"auto","background-attachment":"scroll","background-type":"","background-media":"","overlay-type":"","overlay-color":"","overlay-opacity":"","overlay-gradient":""}}},"tags":[],"mec_category":[],"class_list":["post-19341","mec-events","type-mec-events","status-publish","has-post-thumbnail","hentry"],"yoast_head":"<!-- This site is optimized with the Yoast SEO plugin v25.9 - https:\/\/yoast.com\/wordpress\/plugins\/seo\/ -->\n<title>Noche de los Museos 2026. Presentaci\u00f3n del proyecto &quot;Plantas prohibidas de Palestina&quot; y taller de bordado tradicional palestino (tatr\u00eds) a cargo de Irene Perene Pe - Museu T\u00e8xtil de Terrassa<\/title>\n<meta name=\"robots\" content=\"index, follow, max-snippet:-1, max-image-preview:large, max-video-preview:-1\" \/>\n<link rel=\"canonical\" href=\"https:\/\/museutextil.cat\/es\/activitats\/nit-museus-2026-taller-brodat-tradicional-palesti-16_05_2026\/\" \/>\n<meta property=\"og:locale\" content=\"es_ES\" \/>\n<meta property=\"og:type\" content=\"article\" \/>\n<meta property=\"og:title\" content=\"Noche de los Museos 2026. Presentaci\u00f3n del proyecto &quot;Plantas prohibidas de Palestina&quot; y taller de bordado tradicional palestino (tatr\u00eds) a cargo de Irene Perene Pe - Museu T\u00e8xtil de Terrassa\" \/>\n<meta property=\"og:description\" content=\"Actividad gratuita para personas adultas. Con reserva previa (plazas limitadas). Cada 18 de mayo, desde hace 40 a\u00f1os, se celebra el D\u00eda Internacional de los Museos, la gran fiesta de las instituciones muse\u00edsticas que quieren ser un medio de intercambio y enriquecimiento cultural para un entendimiento mutuo entre los pueblos, en favor de la cooperaci\u00f3n [&hellip;]\" \/>\n<meta property=\"og:url\" content=\"https:\/\/museutextil.cat\/es\/activitats\/nit-museus-2026-taller-brodat-tradicional-palesti-16_05_2026\/\" \/>\n<meta property=\"og:site_name\" content=\"Museu T\u00e8xtil de Terrassa\" \/>\n<meta property=\"article:publisher\" content=\"https:\/\/www.facebook.com\/cdmtextil\" \/>\n<meta property=\"article:modified_time\" content=\"2026-04-28T08:31:57+00:00\" \/>\n<meta property=\"og:image\" content=\"https:\/\/museutextil.cat\/wp-content\/uploads\/2026\/04\/Taller_Tatris_Nit26.jpg\" \/>\n\t<meta property=\"og:image:width\" content=\"1200\" \/>\n\t<meta property=\"og:image:height\" content=\"900\" \/>\n\t<meta property=\"og:image:type\" content=\"image\/jpeg\" \/>\n<meta name=\"twitter:card\" content=\"summary_large_image\" \/>\n<meta name=\"twitter:site\" content=\"@cdmtex\" \/>\n<meta name=\"twitter:label1\" content=\"Tiempo de lectura\" \/>\n\t<meta name=\"twitter:data1\" content=\"3 minutos\" \/>\n<script type=\"application\/ld+json\" class=\"yoast-schema-graph\">{\"@context\":\"https:\/\/schema.org\",\"@graph\":[{\"@type\":\"WebPage\",\"@id\":\"https:\/\/museutextil.cat\/es\/activitats\/nit-museus-2026-taller-brodat-tradicional-palesti-16_05_2026\/\",\"url\":\"https:\/\/museutextil.cat\/es\/activitats\/nit-museus-2026-taller-brodat-tradicional-palesti-16_05_2026\/\",\"name\":\"Noche de los Museos 2026. Presentaci\u00f3n del proyecto \\\"Plantas prohibidas de Palestina\\\" y taller de bordado tradicional palestino (tatr\u00eds) a cargo de Irene Perene Pe - Museu T\u00e8xtil de Terrassa\",\"isPartOf\":{\"@id\":\"https:\/\/museutextil.cat\/es\/#website\"},\"primaryImageOfPage\":{\"@id\":\"https:\/\/museutextil.cat\/es\/activitats\/nit-museus-2026-taller-brodat-tradicional-palesti-16_05_2026\/#primaryimage\"},\"image\":{\"@id\":\"https:\/\/museutextil.cat\/es\/activitats\/nit-museus-2026-taller-brodat-tradicional-palesti-16_05_2026\/#primaryimage\"},\"thumbnailUrl\":\"https:\/\/museutextil.cat\/wp-content\/uploads\/2026\/04\/Taller_Tatris_Nit26.jpg\",\"datePublished\":\"2026-04-23T12:33:10+00:00\",\"dateModified\":\"2026-04-28T08:31:57+00:00\",\"breadcrumb\":{\"@id\":\"https:\/\/museutextil.cat\/es\/activitats\/nit-museus-2026-taller-brodat-tradicional-palesti-16_05_2026\/#breadcrumb\"},\"inLanguage\":\"es\",\"potentialAction\":[{\"@type\":\"ReadAction\",\"target\":[\"https:\/\/museutextil.cat\/es\/activitats\/nit-museus-2026-taller-brodat-tradicional-palesti-16_05_2026\/\"]}]},{\"@type\":\"ImageObject\",\"inLanguage\":\"es\",\"@id\":\"https:\/\/museutextil.cat\/es\/activitats\/nit-museus-2026-taller-brodat-tradicional-palesti-16_05_2026\/#primaryimage\",\"url\":\"https:\/\/museutextil.cat\/wp-content\/uploads\/2026\/04\/Taller_Tatris_Nit26.jpg\",\"contentUrl\":\"https:\/\/museutextil.cat\/wp-content\/uploads\/2026\/04\/Taller_Tatris_Nit26.jpg\",\"width\":1200,\"height\":900},{\"@type\":\"BreadcrumbList\",\"@id\":\"https:\/\/museutextil.cat\/es\/activitats\/nit-museus-2026-taller-brodat-tradicional-palesti-16_05_2026\/#breadcrumb\",\"itemListElement\":[{\"@type\":\"ListItem\",\"position\":1,\"name\":\"Inici\",\"item\":\"https:\/\/museutextil.cat\/es\/\"},{\"@type\":\"ListItem\",\"position\":2,\"name\":\"Eventos\",\"item\":\"https:\/\/museutextil.cat\/es\/activitats\/\"},{\"@type\":\"ListItem\",\"position\":3,\"name\":\"Noche de los Museos 2026. Presentaci\u00f3n del proyecto \\\"Plantas prohibidas de Palestina\\\" y taller de bordado tradicional palestino (tatr\u00eds) a cargo de Irene Perene Pe\"}]},{\"@type\":\"WebSite\",\"@id\":\"https:\/\/museutextil.cat\/es\/#website\",\"url\":\"https:\/\/museutextil.cat\/es\/\",\"name\":\"Museu T\u00e8xtil de Terrassa\",\"description\":\"Centre de documentaci\u00f3 i Museu t\u00e8xtil\",\"publisher\":{\"@id\":\"https:\/\/museutextil.cat\/es\/#organization\"},\"potentialAction\":[{\"@type\":\"SearchAction\",\"target\":{\"@type\":\"EntryPoint\",\"urlTemplate\":\"https:\/\/museutextil.cat\/es\/?s={search_term_string}\"},\"query-input\":{\"@type\":\"PropertyValueSpecification\",\"valueRequired\":true,\"valueName\":\"search_term_string\"}}],\"inLanguage\":\"es\"},{\"@type\":\"Organization\",\"@id\":\"https:\/\/museutextil.cat\/es\/#organization\",\"name\":\"Museu T\u00e8xtil de Terrassa\",\"url\":\"https:\/\/museutextil.cat\/es\/\",\"logo\":{\"@type\":\"ImageObject\",\"inLanguage\":\"es\",\"@id\":\"https:\/\/museutextil.cat\/es\/#\/schema\/logo\/image\/\",\"url\":\"https:\/\/museutextil.cat\/wp-content\/uploads\/2025\/03\/museutextil_logo_h.png\",\"contentUrl\":\"https:\/\/museutextil.cat\/wp-content\/uploads\/2025\/03\/museutextil_logo_h.png\",\"width\":500,\"height\":87,\"caption\":\"Museu T\u00e8xtil de Terrassa\"},\"image\":{\"@id\":\"https:\/\/museutextil.cat\/es\/#\/schema\/logo\/image\/\"},\"sameAs\":[\"https:\/\/www.facebook.com\/cdmtextil\",\"https:\/\/x.com\/cdmtex\",\"https:\/\/www.instagram.com\/cdmtextil\/\",\"https:\/\/www.pinterest.com\/cdmtextil\/\",\"https:\/\/www.youtube.com\/user\/CDMTextil\"]}]}<\/script>\n<!-- \/ Yoast SEO plugin. -->","yoast_head_json":{"title":"Noche de los Museos 2026. Presentaci\u00f3n del proyecto \"Plantas prohibidas de Palestina\" y taller de bordado tradicional palestino (tatr\u00eds) a cargo de Irene Perene Pe - Museu T\u00e8xtil de Terrassa","robots":{"index":"index","follow":"follow","max-snippet":"max-snippet:-1","max-image-preview":"max-image-preview:large","max-video-preview":"max-video-preview:-1"},"canonical":"https:\/\/museutextil.cat\/es\/activitats\/nit-museus-2026-taller-brodat-tradicional-palesti-16_05_2026\/","og_locale":"es_ES","og_type":"article","og_title":"Noche de los Museos 2026. Presentaci\u00f3n del proyecto \"Plantas prohibidas de Palestina\" y taller de bordado tradicional palestino (tatr\u00eds) a cargo de Irene Perene Pe - Museu T\u00e8xtil de Terrassa","og_description":"Actividad gratuita para personas adultas. Con reserva previa (plazas limitadas). Cada 18 de mayo, desde hace 40 a\u00f1os, se celebra el D\u00eda Internacional de los Museos, la gran fiesta de las instituciones muse\u00edsticas que quieren ser un medio de intercambio y enriquecimiento cultural para un entendimiento mutuo entre los pueblos, en favor de la cooperaci\u00f3n [&hellip;]","og_url":"https:\/\/museutextil.cat\/es\/activitats\/nit-museus-2026-taller-brodat-tradicional-palesti-16_05_2026\/","og_site_name":"Museu T\u00e8xtil de Terrassa","article_publisher":"https:\/\/www.facebook.com\/cdmtextil","article_modified_time":"2026-04-28T08:31:57+00:00","og_image":[{"width":1200,"height":900,"url":"https:\/\/museutextil.cat\/wp-content\/uploads\/2026\/04\/Taller_Tatris_Nit26.jpg","type":"image\/jpeg"}],"twitter_card":"summary_large_image","twitter_site":"@cdmtex","twitter_misc":{"Tiempo de lectura":"3 minutos"},"schema":{"@context":"https:\/\/schema.org","@graph":[{"@type":"WebPage","@id":"https:\/\/museutextil.cat\/es\/activitats\/nit-museus-2026-taller-brodat-tradicional-palesti-16_05_2026\/","url":"https:\/\/museutextil.cat\/es\/activitats\/nit-museus-2026-taller-brodat-tradicional-palesti-16_05_2026\/","name":"Noche de los Museos 2026. Presentaci\u00f3n del proyecto \"Plantas prohibidas de Palestina\" y taller de bordado tradicional palestino (tatr\u00eds) a cargo de Irene Perene Pe - Museu T\u00e8xtil de Terrassa","isPartOf":{"@id":"https:\/\/museutextil.cat\/es\/#website"},"primaryImageOfPage":{"@id":"https:\/\/museutextil.cat\/es\/activitats\/nit-museus-2026-taller-brodat-tradicional-palesti-16_05_2026\/#primaryimage"},"image":{"@id":"https:\/\/museutextil.cat\/es\/activitats\/nit-museus-2026-taller-brodat-tradicional-palesti-16_05_2026\/#primaryimage"},"thumbnailUrl":"https:\/\/museutextil.cat\/wp-content\/uploads\/2026\/04\/Taller_Tatris_Nit26.jpg","datePublished":"2026-04-23T12:33:10+00:00","dateModified":"2026-04-28T08:31:57+00:00","breadcrumb":{"@id":"https:\/\/museutextil.cat\/es\/activitats\/nit-museus-2026-taller-brodat-tradicional-palesti-16_05_2026\/#breadcrumb"},"inLanguage":"es","potentialAction":[{"@type":"ReadAction","target":["https:\/\/museutextil.cat\/es\/activitats\/nit-museus-2026-taller-brodat-tradicional-palesti-16_05_2026\/"]}]},{"@type":"ImageObject","inLanguage":"es","@id":"https:\/\/museutextil.cat\/es\/activitats\/nit-museus-2026-taller-brodat-tradicional-palesti-16_05_2026\/#primaryimage","url":"https:\/\/museutextil.cat\/wp-content\/uploads\/2026\/04\/Taller_Tatris_Nit26.jpg","contentUrl":"https:\/\/museutextil.cat\/wp-content\/uploads\/2026\/04\/Taller_Tatris_Nit26.jpg","width":1200,"height":900},{"@type":"BreadcrumbList","@id":"https:\/\/museutextil.cat\/es\/activitats\/nit-museus-2026-taller-brodat-tradicional-palesti-16_05_2026\/#breadcrumb","itemListElement":[{"@type":"ListItem","position":1,"name":"Inici","item":"https:\/\/museutextil.cat\/es\/"},{"@type":"ListItem","position":2,"name":"Eventos","item":"https:\/\/museutextil.cat\/es\/activitats\/"},{"@type":"ListItem","position":3,"name":"Noche de los Museos 2026. Presentaci\u00f3n del proyecto \"Plantas prohibidas de Palestina\" y taller de bordado tradicional palestino (tatr\u00eds) a cargo de Irene Perene Pe"}]},{"@type":"WebSite","@id":"https:\/\/museutextil.cat\/es\/#website","url":"https:\/\/museutextil.cat\/es\/","name":"Museu T\u00e8xtil de Terrassa","description":"Centre de documentaci\u00f3 i Museu t\u00e8xtil","publisher":{"@id":"https:\/\/museutextil.cat\/es\/#organization"},"potentialAction":[{"@type":"SearchAction","target":{"@type":"EntryPoint","urlTemplate":"https:\/\/museutextil.cat\/es\/?s={search_term_string}"},"query-input":{"@type":"PropertyValueSpecification","valueRequired":true,"valueName":"search_term_string"}}],"inLanguage":"es"},{"@type":"Organization","@id":"https:\/\/museutextil.cat\/es\/#organization","name":"Museu T\u00e8xtil de Terrassa","url":"https:\/\/museutextil.cat\/es\/","logo":{"@type":"ImageObject","inLanguage":"es","@id":"https:\/\/museutextil.cat\/es\/#\/schema\/logo\/image\/","url":"https:\/\/museutextil.cat\/wp-content\/uploads\/2025\/03\/museutextil_logo_h.png","contentUrl":"https:\/\/museutextil.cat\/wp-content\/uploads\/2025\/03\/museutextil_logo_h.png","width":500,"height":87,"caption":"Museu T\u00e8xtil de Terrassa"},"image":{"@id":"https:\/\/museutextil.cat\/es\/#\/schema\/logo\/image\/"},"sameAs":["https:\/\/www.facebook.com\/cdmtextil","https:\/\/x.com\/cdmtex","https:\/\/www.instagram.com\/cdmtextil\/","https:\/\/www.pinterest.com\/cdmtextil\/","https:\/\/www.youtube.com\/user\/CDMTextil"]}]}},"_links":{"self":[{"href":"https:\/\/museutextil.cat\/es\/wp-json\/wp\/v2\/mec-events\/19341","targetHints":{"allow":["GET"]}}],"collection":[{"href":"https:\/\/museutextil.cat\/es\/wp-json\/wp\/v2\/mec-events"}],"about":[{"href":"https:\/\/museutextil.cat\/es\/wp-json\/wp\/v2\/types\/mec-events"}],"author":[{"embeddable":true,"href":"https:\/\/museutextil.cat\/es\/wp-json\/wp\/v2\/users\/34"}],"replies":[{"embeddable":true,"href":"https:\/\/museutextil.cat\/es\/wp-json\/wp\/v2\/comments?post=19341"}],"wp:featuredmedia":[{"embeddable":true,"href":"https:\/\/museutextil.cat\/es\/wp-json\/wp\/v2\/media\/19339"}],"wp:attachment":[{"href":"https:\/\/museutextil.cat\/es\/wp-json\/wp\/v2\/media?parent=19341"}],"wp:term":[{"taxonomy":"post_tag","embeddable":true,"href":"https:\/\/museutextil.cat\/es\/wp-json\/wp\/v2\/tags?post=19341"},{"taxonomy":"mec_category","embeddable":true,"href":"https:\/\/museutextil.cat\/es\/wp-json\/wp\/v2\/mec_category?post=19341"}],"curies":[{"name":"wp","href":"https:\/\/api.w.org\/{rel}","templated":true}]}}