{"id":19347,"date":"2026-04-24T13:23:39","date_gmt":"2026-04-24T11:23:39","guid":{"rendered":"https:\/\/museutextil.cat\/?post_type=mec-events&#038;p=19347"},"modified":"2026-04-28T10:52:19","modified_gmt":"2026-04-28T08:52:19","slug":"nit-museus-2026-taller-moda-dibuix-16_05_2026","status":"publish","type":"mec-events","link":"https:\/\/museutextil.cat\/es\/activitats\/nit-museus-2026-taller-moda-dibuix-16_05_2026\/","title":{"rendered":"Noche de los Museos 2026. Taller \"Moda y dibujo: m\u00e1s all\u00e1 de mirar\"con Lucy Victoria Davis"},"content":{"rendered":"<p>Activitat gratu\u00efta per a persones adultes. Con inscripci\u00f3n previa (plazas limitadas).<\/p>\n<p>Cada 18 de mayo, desde hace 40 a\u00f1os, se celebra el <a href=\"https:\/\/icom.museum\/es\/dia-internacional-de-los-museos\/\" target=\"_blank\" rel=\"noopener\"><strong>D\u00eda Internacional de los Museos<\/strong><\/a><strong>, <\/strong>la gran fiesta de las instituciones muse\u00edsticas que quieren ser un medio de intercambio y enriquecimiento cultural para un entendimiento mutuo entre los pueblos, en favor de la cooperaci\u00f3n y la paz. La fecha se\u00f1alada es el 18 de mayo y en torno a esa fecha celebramos tambi\u00e9n la Noche de los Museos.<\/p>\n<p>Este a\u00f1o la <a href=\"https:\/\/icom.museum\/es\/\"><strong>ICOM <\/strong><\/a>propone como hilo conductor de la celebraci\u00f3n el lema \"Museos uniendo un mundo dividido\" poniendo el foco en el potencial que tenemos para actuar como puentes entre las divisiones culturales, sociales y geopol\u00edticas, fomentando el di\u00e1logo, el entendimiento, la inclusi\u00f3n y la paz, dentro y entre las comunidades del mundo.<\/p>\n<p>Os\u00a0 proponemos una visita especial e interactiva en torno a la exposici\u00f3n <a href=\"http:\/\/Inspiraciones_LucyDavis_nota_prensa.pdf\" target=\"_blank\" rel=\"noopener\"><strong>\"<\/strong><strong>I<\/strong><strong>nspiraciones. Moda ilustrada del siglo XX<\/strong><strong>\"<\/strong><\/a>. En una primera parte, la ilustradora <a href=\"https:\/\/www.lucyvictoriadavis.com\/\" target=\"_blank\" rel=\"noopener\"><strong>Lucy Victoria Davis<\/strong><\/a> plantear\u00e1 un reto divertido sobre los vestidos expuestos y los iconos femeninos que ella asocia. Despu\u00e9s, los asistentes podr\u00e9is dibujar y pintar con acuarela la pieza de indumentaria que m\u00e1s os haya inspirado. Lucy regalar\u00e1 a cada persona una de sus postales ilustradas, firmada y dedicada personalmente.<\/p>\n<p>Se ofrecer\u00e1n dos sesiones del taller, a las 20:00 y a las 21:00 h, con una duraci\u00f3n aproximada de 60'.<\/p>\n<p>Para m\u00e1s informaci\u00f3n: <strong><a href=\"mailto:inscripcions@cdmt.cat\" target=\"_blank\" rel=\"noopener\">inscripcions@cdmt.cat<\/a><\/strong>\u00a0\/ 93 731 52 02.<\/p>\n","protected":false},"excerpt":{"rendered":"<p>Activitat gratu\u00efta per a persones adultes. Con inscripci\u00f3n previa (plazas limitadas). Cada 18 de mayo, desde hace 40 a\u00f1os, se celebra el D\u00eda Internacional de los Museos, la gran fiesta de las instituciones muse\u00edsticas que quieren ser un medio de intercambio y enriquecimiento cultural para un entendimiento mutuo entre los pueblos, en favor de la [&hellip;]<\/p>\n","protected":false},"author":34,"featured_media":19359,"comment_status":"closed","ping_status":"open","template":"","meta":{"site-sidebar-layout":"default","site-content-layout":"","ast-site-content-layout":"default","site-content-style":"default","site-sidebar-style":"default","ast-global-header-display":"","ast-banner-title-visibility":"","ast-main-header-display":"","ast-hfb-above-header-display":"","ast-hfb-below-header-display":"","ast-hfb-mobile-header-display":"","site-post-title":"","ast-breadcrumbs-content":"","ast-featured-img":"","footer-sml-layout":"","theme-transparent-header-meta":"default","adv-header-id-meta":"","stick-header-meta":"","header-above-stick-meta":"","header-main-stick-meta":"","header-below-stick-meta":"","astra-migrate-meta-layouts":"set","ast-page-background-enabled":"default","ast-page-background-meta":{"desktop":{"background-color":"var(--ast-global-color-4)","background-image":"","background-repeat":"repeat","background-position":"center center","background-size":"auto","background-attachment":"scroll","background-type":"","background-media":"","overlay-type":"","overlay-color":"","overlay-opacity":"","overlay-gradient":""},"tablet":{"background-color":"","background-image":"","background-repeat":"repeat","background-position":"center center","background-size":"auto","background-attachment":"scroll","background-type":"","background-media":"","overlay-type":"","overlay-color":"","overlay-opacity":"","overlay-gradient":""},"mobile":{"background-color":"","background-image":"","background-repeat":"repeat","background-position":"center center","background-size":"auto","background-attachment":"scroll","background-type":"","background-media":"","overlay-type":"","overlay-color":"","overlay-opacity":"","overlay-gradient":""}},"ast-content-background-meta":{"desktop":{"background-color":"var(--ast-global-color-5)","background-image":"","background-repeat":"repeat","background-position":"center center","background-size":"auto","background-attachment":"scroll","background-type":"","background-media":"","overlay-type":"","overlay-color":"","overlay-opacity":"","overlay-gradient":""},"tablet":{"background-color":"var(--ast-global-color-5)","background-image":"","background-repeat":"repeat","background-position":"center center","background-size":"auto","background-attachment":"scroll","background-type":"","background-media":"","overlay-type":"","overlay-color":"","overlay-opacity":"","overlay-gradient":""},"mobile":{"background-color":"var(--ast-global-color-5)","background-image":"","background-repeat":"repeat","background-position":"center center","background-size":"auto","background-attachment":"scroll","background-type":"","background-media":"","overlay-type":"","overlay-color":"","overlay-opacity":"","overlay-gradient":""}}},"tags":[],"mec_category":[],"class_list":["post-19347","mec-events","type-mec-events","status-publish","has-post-thumbnail","hentry"],"yoast_head":"<!-- This site is optimized with the Yoast SEO plugin v25.9 - https:\/\/yoast.com\/wordpress\/plugins\/seo\/ -->\n<title>Noche de los Museos 2026. Taller &quot;Moda y dibujo: m\u00e1s all\u00e1 de mirar&quot;con Lucy Victoria Davis - Museu T\u00e8xtil de Terrassa<\/title>\n<meta name=\"robots\" content=\"index, follow, max-snippet:-1, max-image-preview:large, max-video-preview:-1\" \/>\n<link rel=\"canonical\" href=\"https:\/\/museutextil.cat\/es\/activitats\/nit-museus-2026-taller-moda-dibuix-16_05_2026\/\" \/>\n<meta property=\"og:locale\" content=\"es_ES\" \/>\n<meta property=\"og:type\" content=\"article\" \/>\n<meta property=\"og:title\" content=\"Noche de los Museos 2026. Taller &quot;Moda y dibujo: m\u00e1s all\u00e1 de mirar&quot;con Lucy Victoria Davis - Museu T\u00e8xtil de Terrassa\" \/>\n<meta property=\"og:description\" content=\"Activitat gratu\u00efta per a persones adultes. Con inscripci\u00f3n previa (plazas limitadas). Cada 18 de mayo, desde hace 40 a\u00f1os, se celebra el D\u00eda Internacional de los Museos, la gran fiesta de las instituciones muse\u00edsticas que quieren ser un medio de intercambio y enriquecimiento cultural para un entendimiento mutuo entre los pueblos, en favor de la [&hellip;]\" \/>\n<meta property=\"og:url\" content=\"https:\/\/museutextil.cat\/es\/activitats\/nit-museus-2026-taller-moda-dibuix-16_05_2026\/\" \/>\n<meta property=\"og:site_name\" content=\"Museu T\u00e8xtil de Terrassa\" \/>\n<meta property=\"article:publisher\" content=\"https:\/\/www.facebook.com\/cdmtextil\" \/>\n<meta property=\"article:modified_time\" content=\"2026-04-28T08:52:19+00:00\" \/>\n<meta property=\"og:image\" content=\"https:\/\/museutextil.cat\/wp-content\/uploads\/2026\/04\/Moda_dibuix_160526.jpg\" \/>\n\t<meta property=\"og:image:width\" content=\"750\" \/>\n\t<meta property=\"og:image:height\" content=\"500\" \/>\n\t<meta property=\"og:image:type\" content=\"image\/jpeg\" \/>\n<meta name=\"twitter:card\" content=\"summary_large_image\" \/>\n<meta name=\"twitter:site\" content=\"@cdmtex\" \/>\n<meta name=\"twitter:label1\" content=\"Tiempo de lectura\" \/>\n\t<meta name=\"twitter:data1\" content=\"2 minutos\" \/>\n<script type=\"application\/ld+json\" class=\"yoast-schema-graph\">{\"@context\":\"https:\/\/schema.org\",\"@graph\":[{\"@type\":\"WebPage\",\"@id\":\"https:\/\/museutextil.cat\/es\/activitats\/nit-museus-2026-taller-moda-dibuix-16_05_2026\/\",\"url\":\"https:\/\/museutextil.cat\/es\/activitats\/nit-museus-2026-taller-moda-dibuix-16_05_2026\/\",\"name\":\"Noche de los Museos 2026. Taller \\\"Moda y dibujo: m\u00e1s all\u00e1 de mirar\\\"con Lucy Victoria Davis - Museu T\u00e8xtil de Terrassa\",\"isPartOf\":{\"@id\":\"https:\/\/museutextil.cat\/es\/#website\"},\"primaryImageOfPage\":{\"@id\":\"https:\/\/museutextil.cat\/es\/activitats\/nit-museus-2026-taller-moda-dibuix-16_05_2026\/#primaryimage\"},\"image\":{\"@id\":\"https:\/\/museutextil.cat\/es\/activitats\/nit-museus-2026-taller-moda-dibuix-16_05_2026\/#primaryimage\"},\"thumbnailUrl\":\"https:\/\/museutextil.cat\/wp-content\/uploads\/2026\/04\/Moda_dibuix_160526.jpg\",\"datePublished\":\"2026-04-24T11:23:39+00:00\",\"dateModified\":\"2026-04-28T08:52:19+00:00\",\"breadcrumb\":{\"@id\":\"https:\/\/museutextil.cat\/es\/activitats\/nit-museus-2026-taller-moda-dibuix-16_05_2026\/#breadcrumb\"},\"inLanguage\":\"es\",\"potentialAction\":[{\"@type\":\"ReadAction\",\"target\":[\"https:\/\/museutextil.cat\/es\/activitats\/nit-museus-2026-taller-moda-dibuix-16_05_2026\/\"]}]},{\"@type\":\"ImageObject\",\"inLanguage\":\"es\",\"@id\":\"https:\/\/museutextil.cat\/es\/activitats\/nit-museus-2026-taller-moda-dibuix-16_05_2026\/#primaryimage\",\"url\":\"https:\/\/museutextil.cat\/wp-content\/uploads\/2026\/04\/Moda_dibuix_160526.jpg\",\"contentUrl\":\"https:\/\/museutextil.cat\/wp-content\/uploads\/2026\/04\/Moda_dibuix_160526.jpg\",\"width\":750,\"height\":500},{\"@type\":\"BreadcrumbList\",\"@id\":\"https:\/\/museutextil.cat\/es\/activitats\/nit-museus-2026-taller-moda-dibuix-16_05_2026\/#breadcrumb\",\"itemListElement\":[{\"@type\":\"ListItem\",\"position\":1,\"name\":\"Inici\",\"item\":\"https:\/\/museutextil.cat\/es\/\"},{\"@type\":\"ListItem\",\"position\":2,\"name\":\"Eventos\",\"item\":\"https:\/\/museutextil.cat\/es\/activitats\/\"},{\"@type\":\"ListItem\",\"position\":3,\"name\":\"Noche de los Museos 2026. Taller \\\"Moda y dibujo: m\u00e1s all\u00e1 de mirar\\\"con Lucy Victoria Davis\"}]},{\"@type\":\"WebSite\",\"@id\":\"https:\/\/museutextil.cat\/es\/#website\",\"url\":\"https:\/\/museutextil.cat\/es\/\",\"name\":\"Museu T\u00e8xtil de Terrassa\",\"description\":\"Centre de documentaci\u00f3 i Museu t\u00e8xtil\",\"publisher\":{\"@id\":\"https:\/\/museutextil.cat\/es\/#organization\"},\"potentialAction\":[{\"@type\":\"SearchAction\",\"target\":{\"@type\":\"EntryPoint\",\"urlTemplate\":\"https:\/\/museutextil.cat\/es\/?s={search_term_string}\"},\"query-input\":{\"@type\":\"PropertyValueSpecification\",\"valueRequired\":true,\"valueName\":\"search_term_string\"}}],\"inLanguage\":\"es\"},{\"@type\":\"Organization\",\"@id\":\"https:\/\/museutextil.cat\/es\/#organization\",\"name\":\"Museu T\u00e8xtil de Terrassa\",\"url\":\"https:\/\/museutextil.cat\/es\/\",\"logo\":{\"@type\":\"ImageObject\",\"inLanguage\":\"es\",\"@id\":\"https:\/\/museutextil.cat\/es\/#\/schema\/logo\/image\/\",\"url\":\"https:\/\/museutextil.cat\/wp-content\/uploads\/2025\/03\/museutextil_logo_h.png\",\"contentUrl\":\"https:\/\/museutextil.cat\/wp-content\/uploads\/2025\/03\/museutextil_logo_h.png\",\"width\":500,\"height\":87,\"caption\":\"Museu T\u00e8xtil de Terrassa\"},\"image\":{\"@id\":\"https:\/\/museutextil.cat\/es\/#\/schema\/logo\/image\/\"},\"sameAs\":[\"https:\/\/www.facebook.com\/cdmtextil\",\"https:\/\/x.com\/cdmtex\",\"https:\/\/www.instagram.com\/cdmtextil\/\",\"https:\/\/www.pinterest.com\/cdmtextil\/\",\"https:\/\/www.youtube.com\/user\/CDMTextil\"]}]}<\/script>\n<!-- \/ Yoast SEO plugin. -->","yoast_head_json":{"title":"Noche de los Museos 2026. Taller \"Moda y dibujo: m\u00e1s all\u00e1 de mirar\"con Lucy Victoria Davis - Museu T\u00e8xtil de Terrassa","robots":{"index":"index","follow":"follow","max-snippet":"max-snippet:-1","max-image-preview":"max-image-preview:large","max-video-preview":"max-video-preview:-1"},"canonical":"https:\/\/museutextil.cat\/es\/activitats\/nit-museus-2026-taller-moda-dibuix-16_05_2026\/","og_locale":"es_ES","og_type":"article","og_title":"Noche de los Museos 2026. Taller \"Moda y dibujo: m\u00e1s all\u00e1 de mirar\"con Lucy Victoria Davis - Museu T\u00e8xtil de Terrassa","og_description":"Activitat gratu\u00efta per a persones adultes. Con inscripci\u00f3n previa (plazas limitadas). Cada 18 de mayo, desde hace 40 a\u00f1os, se celebra el D\u00eda Internacional de los Museos, la gran fiesta de las instituciones muse\u00edsticas que quieren ser un medio de intercambio y enriquecimiento cultural para un entendimiento mutuo entre los pueblos, en favor de la [&hellip;]","og_url":"https:\/\/museutextil.cat\/es\/activitats\/nit-museus-2026-taller-moda-dibuix-16_05_2026\/","og_site_name":"Museu T\u00e8xtil de Terrassa","article_publisher":"https:\/\/www.facebook.com\/cdmtextil","article_modified_time":"2026-04-28T08:52:19+00:00","og_image":[{"width":750,"height":500,"url":"https:\/\/museutextil.cat\/wp-content\/uploads\/2026\/04\/Moda_dibuix_160526.jpg","type":"image\/jpeg"}],"twitter_card":"summary_large_image","twitter_site":"@cdmtex","twitter_misc":{"Tiempo de lectura":"2 minutos"},"schema":{"@context":"https:\/\/schema.org","@graph":[{"@type":"WebPage","@id":"https:\/\/museutextil.cat\/es\/activitats\/nit-museus-2026-taller-moda-dibuix-16_05_2026\/","url":"https:\/\/museutextil.cat\/es\/activitats\/nit-museus-2026-taller-moda-dibuix-16_05_2026\/","name":"Noche de los Museos 2026. Taller \"Moda y dibujo: m\u00e1s all\u00e1 de mirar\"con Lucy Victoria Davis - Museu T\u00e8xtil de Terrassa","isPartOf":{"@id":"https:\/\/museutextil.cat\/es\/#website"},"primaryImageOfPage":{"@id":"https:\/\/museutextil.cat\/es\/activitats\/nit-museus-2026-taller-moda-dibuix-16_05_2026\/#primaryimage"},"image":{"@id":"https:\/\/museutextil.cat\/es\/activitats\/nit-museus-2026-taller-moda-dibuix-16_05_2026\/#primaryimage"},"thumbnailUrl":"https:\/\/museutextil.cat\/wp-content\/uploads\/2026\/04\/Moda_dibuix_160526.jpg","datePublished":"2026-04-24T11:23:39+00:00","dateModified":"2026-04-28T08:52:19+00:00","breadcrumb":{"@id":"https:\/\/museutextil.cat\/es\/activitats\/nit-museus-2026-taller-moda-dibuix-16_05_2026\/#breadcrumb"},"inLanguage":"es","potentialAction":[{"@type":"ReadAction","target":["https:\/\/museutextil.cat\/es\/activitats\/nit-museus-2026-taller-moda-dibuix-16_05_2026\/"]}]},{"@type":"ImageObject","inLanguage":"es","@id":"https:\/\/museutextil.cat\/es\/activitats\/nit-museus-2026-taller-moda-dibuix-16_05_2026\/#primaryimage","url":"https:\/\/museutextil.cat\/wp-content\/uploads\/2026\/04\/Moda_dibuix_160526.jpg","contentUrl":"https:\/\/museutextil.cat\/wp-content\/uploads\/2026\/04\/Moda_dibuix_160526.jpg","width":750,"height":500},{"@type":"BreadcrumbList","@id":"https:\/\/museutextil.cat\/es\/activitats\/nit-museus-2026-taller-moda-dibuix-16_05_2026\/#breadcrumb","itemListElement":[{"@type":"ListItem","position":1,"name":"Inici","item":"https:\/\/museutextil.cat\/es\/"},{"@type":"ListItem","position":2,"name":"Eventos","item":"https:\/\/museutextil.cat\/es\/activitats\/"},{"@type":"ListItem","position":3,"name":"Noche de los Museos 2026. Taller \"Moda y dibujo: m\u00e1s all\u00e1 de mirar\"con Lucy Victoria Davis"}]},{"@type":"WebSite","@id":"https:\/\/museutextil.cat\/es\/#website","url":"https:\/\/museutextil.cat\/es\/","name":"Museu T\u00e8xtil de Terrassa","description":"Centre de documentaci\u00f3 i Museu t\u00e8xtil","publisher":{"@id":"https:\/\/museutextil.cat\/es\/#organization"},"potentialAction":[{"@type":"SearchAction","target":{"@type":"EntryPoint","urlTemplate":"https:\/\/museutextil.cat\/es\/?s={search_term_string}"},"query-input":{"@type":"PropertyValueSpecification","valueRequired":true,"valueName":"search_term_string"}}],"inLanguage":"es"},{"@type":"Organization","@id":"https:\/\/museutextil.cat\/es\/#organization","name":"Museu T\u00e8xtil de Terrassa","url":"https:\/\/museutextil.cat\/es\/","logo":{"@type":"ImageObject","inLanguage":"es","@id":"https:\/\/museutextil.cat\/es\/#\/schema\/logo\/image\/","url":"https:\/\/museutextil.cat\/wp-content\/uploads\/2025\/03\/museutextil_logo_h.png","contentUrl":"https:\/\/museutextil.cat\/wp-content\/uploads\/2025\/03\/museutextil_logo_h.png","width":500,"height":87,"caption":"Museu T\u00e8xtil de Terrassa"},"image":{"@id":"https:\/\/museutextil.cat\/es\/#\/schema\/logo\/image\/"},"sameAs":["https:\/\/www.facebook.com\/cdmtextil","https:\/\/x.com\/cdmtex","https:\/\/www.instagram.com\/cdmtextil\/","https:\/\/www.pinterest.com\/cdmtextil\/","https:\/\/www.youtube.com\/user\/CDMTextil"]}]}},"_links":{"self":[{"href":"https:\/\/museutextil.cat\/es\/wp-json\/wp\/v2\/mec-events\/19347","targetHints":{"allow":["GET"]}}],"collection":[{"href":"https:\/\/museutextil.cat\/es\/wp-json\/wp\/v2\/mec-events"}],"about":[{"href":"https:\/\/museutextil.cat\/es\/wp-json\/wp\/v2\/types\/mec-events"}],"author":[{"embeddable":true,"href":"https:\/\/museutextil.cat\/es\/wp-json\/wp\/v2\/users\/34"}],"replies":[{"embeddable":true,"href":"https:\/\/museutextil.cat\/es\/wp-json\/wp\/v2\/comments?post=19347"}],"wp:featuredmedia":[{"embeddable":true,"href":"https:\/\/museutextil.cat\/es\/wp-json\/wp\/v2\/media\/19359"}],"wp:attachment":[{"href":"https:\/\/museutextil.cat\/es\/wp-json\/wp\/v2\/media?parent=19347"}],"wp:term":[{"taxonomy":"post_tag","embeddable":true,"href":"https:\/\/museutextil.cat\/es\/wp-json\/wp\/v2\/tags?post=19347"},{"taxonomy":"mec_category","embeddable":true,"href":"https:\/\/museutextil.cat\/es\/wp-json\/wp\/v2\/mec_category?post=19347"}],"curies":[{"name":"wp","href":"https:\/\/api.w.org\/{rel}","templated":true}]}}