{"id":19353,"date":"2026-04-24T13:56:53","date_gmt":"2026-04-24T11:56:53","guid":{"rendered":"https:\/\/museutextil.cat\/activitats\/nit-dels-museus-2026-inauguracio-oiti-un-armario-habitable-de-rafaela-salgueiro\/"},"modified":"2026-04-28T11:09:43","modified_gmt":"2026-04-28T09:09:43","slug":"nit-museus-2026-inauguracio-oiti-armario-habitable-16_05_2026","status":"publish","type":"mec-events","link":"https:\/\/museutextil.cat\/es\/activitats\/nit-museus-2026-inauguracio-oiti-armario-habitable-16_05_2026\/","title":{"rendered":"Noche de los Museos 2026. Inauguraci\u00f3n \"OITI - Un armario habitable\" de Rafaela Salgueiro"},"content":{"rendered":"<p>Actividad gratuita para personas adultas, entrada libre. Plazas limitadas al aforo disponible.<\/p>\n<p>Cada 18 de mayo, desde hace 40 a\u00f1os, se celebra el <a href=\"https:\/\/icom.museum\/es\/dia-internacional-de-los-museos\/\" target=\"_blank\" rel=\"noopener\"><strong>D\u00eda Internacional de los Museos<\/strong><\/a><strong>, <\/strong>la gran fiesta de las instituciones muse\u00edsticas que quieren ser un medio de intercambio y enriquecimiento cultural para un entendimiento mutuo entre los pueblos, en favor de la cooperaci\u00f3n y la paz. La fecha se\u00f1alada es el 18 de mayo y en torno a esa fecha celebramos tambi\u00e9n la Noche de los Museos.<\/p>\n<p>Este a\u00f1o la <a href=\"https:\/\/icom.museum\/es\/\"><strong>ICOM <\/strong><\/a>propone como hilo conductor de la celebraci\u00f3n el lema \"Museos uniendo un mundo dividido\" poniendo el foco en el potencial que tenemos para actuar como puentes entre las divisiones culturales, sociales y geopol\u00edticas, fomentando el di\u00e1logo, el entendimiento, la inclusi\u00f3n y la paz, dentro y entre las comunidades del mundo.<\/p>\n<p>Durante la Noche de este a\u00f1o inauguramos una muestra de arte textil contempor\u00e1neo, obra de la artista <strong><a href=\"https:\/\/www.rafaelasalgueiro.com\/\" target=\"_blank\" rel=\"noopener\">Rafaela Salgueiro<\/a>. \"<\/strong>Oiti \u2013 Un armario habitable\" es una investigaci\u00f3n art\u00edstica que explora la \u201cpo\u00e9tica del vestir\u201d al fusionar indumentaria, cuerpo y arte. El proyecto concibe la indumentaria como una extensi\u00f3n simb\u00f3lica y expresiva del cuerpo, desafiando percepciones tradicionales y proponiendo una nueva mirada sobre el acto de vestirse. En la perspectiva de Oiti, la ropa no es \u00fanicamente funcional ni ornamental; se convierte en un espacio din\u00e1mico que responde al movimiento, estableciendo un di\u00e1logo constante entre el cuerpo, el entorno y la <em>performance<\/em>.<\/p>\n<p>Como parte de la inauguraci\u00f3n, la artista ofrecer\u00e1 una explicaci\u00f3n del proyecto y una actividad participativa con el p\u00fablico asistente. Para m\u00e1s informaci\u00f3n: <strong><a href=\"mailto:inscripcions@cdmt.cat\" target=\"_blank\" rel=\"noopener\">inscripcions@cdmt.cat<\/a><\/strong>\u00a0\/ 93 731 52 02.<\/p>\n","protected":false},"excerpt":{"rendered":"<p>Actividad gratuita para personas adultas, entrada libre. Plazas limitadas al aforo disponible. Cada 18 de mayo, desde hace 40 a\u00f1os, se celebra el D\u00eda Internacional de los Museos, la gran fiesta de las instituciones muse\u00edsticas que quieren ser un medio de intercambio y enriquecimiento cultural para un entendimiento mutuo entre los pueblos, en favor de [&hellip;]<\/p>\n","protected":false},"author":34,"featured_media":19365,"comment_status":"closed","ping_status":"open","template":"","meta":{"site-sidebar-layout":"default","site-content-layout":"","ast-site-content-layout":"default","site-content-style":"default","site-sidebar-style":"default","ast-global-header-display":"","ast-banner-title-visibility":"","ast-main-header-display":"","ast-hfb-above-header-display":"","ast-hfb-below-header-display":"","ast-hfb-mobile-header-display":"","site-post-title":"","ast-breadcrumbs-content":"","ast-featured-img":"","footer-sml-layout":"","theme-transparent-header-meta":"default","adv-header-id-meta":"","stick-header-meta":"","header-above-stick-meta":"","header-main-stick-meta":"","header-below-stick-meta":"","astra-migrate-meta-layouts":"set","ast-page-background-enabled":"default","ast-page-background-meta":{"desktop":{"background-color":"var(--ast-global-color-4)","background-image":"","background-repeat":"repeat","background-position":"center center","background-size":"auto","background-attachment":"scroll","background-type":"","background-media":"","overlay-type":"","overlay-color":"","overlay-opacity":"","overlay-gradient":""},"tablet":{"background-color":"","background-image":"","background-repeat":"repeat","background-position":"center center","background-size":"auto","background-attachment":"scroll","background-type":"","background-media":"","overlay-type":"","overlay-color":"","overlay-opacity":"","overlay-gradient":""},"mobile":{"background-color":"","background-image":"","background-repeat":"repeat","background-position":"center center","background-size":"auto","background-attachment":"scroll","background-type":"","background-media":"","overlay-type":"","overlay-color":"","overlay-opacity":"","overlay-gradient":""}},"ast-content-background-meta":{"desktop":{"background-color":"var(--ast-global-color-5)","background-image":"","background-repeat":"repeat","background-position":"center center","background-size":"auto","background-attachment":"scroll","background-type":"","background-media":"","overlay-type":"","overlay-color":"","overlay-opacity":"","overlay-gradient":""},"tablet":{"background-color":"var(--ast-global-color-5)","background-image":"","background-repeat":"repeat","background-position":"center center","background-size":"auto","background-attachment":"scroll","background-type":"","background-media":"","overlay-type":"","overlay-color":"","overlay-opacity":"","overlay-gradient":""},"mobile":{"background-color":"var(--ast-global-color-5)","background-image":"","background-repeat":"repeat","background-position":"center center","background-size":"auto","background-attachment":"scroll","background-type":"","background-media":"","overlay-type":"","overlay-color":"","overlay-opacity":"","overlay-gradient":""}}},"tags":[],"mec_category":[],"class_list":["post-19353","mec-events","type-mec-events","status-publish","has-post-thumbnail","hentry"],"yoast_head":"<!-- This site is optimized with the Yoast SEO plugin v25.9 - https:\/\/yoast.com\/wordpress\/plugins\/seo\/ -->\n<title>Noche de los Museos 2026. Inauguraci\u00f3n &quot;OITI - Un armario habitable&quot; de Rafaela Salgueiro - Museu T\u00e8xtil de Terrassa<\/title>\n<meta name=\"robots\" content=\"index, follow, max-snippet:-1, max-image-preview:large, max-video-preview:-1\" \/>\n<link rel=\"canonical\" href=\"https:\/\/museutextil.cat\/es\/activitats\/nit-museus-2026-inauguracio-oiti-armario-habitable-16_05_2026\/\" \/>\n<meta property=\"og:locale\" content=\"es_ES\" \/>\n<meta property=\"og:type\" content=\"article\" \/>\n<meta property=\"og:title\" content=\"Noche de los Museos 2026. Inauguraci\u00f3n &quot;OITI - Un armario habitable&quot; de Rafaela Salgueiro - Museu T\u00e8xtil de Terrassa\" \/>\n<meta property=\"og:description\" content=\"Actividad gratuita para personas adultas, entrada libre. Plazas limitadas al aforo disponible. Cada 18 de mayo, desde hace 40 a\u00f1os, se celebra el D\u00eda Internacional de los Museos, la gran fiesta de las instituciones muse\u00edsticas que quieren ser un medio de intercambio y enriquecimiento cultural para un entendimiento mutuo entre los pueblos, en favor de [&hellip;]\" \/>\n<meta property=\"og:url\" content=\"https:\/\/museutextil.cat\/es\/activitats\/nit-museus-2026-inauguracio-oiti-armario-habitable-16_05_2026\/\" \/>\n<meta property=\"og:site_name\" content=\"Museu T\u00e8xtil de Terrassa\" \/>\n<meta property=\"article:publisher\" content=\"https:\/\/www.facebook.com\/cdmtextil\" \/>\n<meta property=\"article:modified_time\" content=\"2026-04-28T09:09:43+00:00\" \/>\n<meta property=\"og:image\" content=\"https:\/\/museutextil.cat\/wp-content\/uploads\/2026\/04\/OITI_Rafaela_Salgueiro.jpg\" \/>\n\t<meta property=\"og:image:width\" content=\"1200\" \/>\n\t<meta property=\"og:image:height\" content=\"800\" \/>\n\t<meta property=\"og:image:type\" content=\"image\/jpeg\" \/>\n<meta name=\"twitter:card\" content=\"summary_large_image\" \/>\n<meta name=\"twitter:site\" content=\"@cdmtex\" \/>\n<meta name=\"twitter:label1\" content=\"Tiempo de lectura\" \/>\n\t<meta name=\"twitter:data1\" content=\"2 minutos\" \/>\n<script type=\"application\/ld+json\" class=\"yoast-schema-graph\">{\"@context\":\"https:\/\/schema.org\",\"@graph\":[{\"@type\":\"WebPage\",\"@id\":\"https:\/\/museutextil.cat\/es\/activitats\/nit-museus-2026-inauguracio-oiti-armario-habitable-16_05_2026\/\",\"url\":\"https:\/\/museutextil.cat\/es\/activitats\/nit-museus-2026-inauguracio-oiti-armario-habitable-16_05_2026\/\",\"name\":\"Noche de los Museos 2026. Inauguraci\u00f3n \\\"OITI - Un armario habitable\\\" de Rafaela Salgueiro - Museu T\u00e8xtil de Terrassa\",\"isPartOf\":{\"@id\":\"https:\/\/museutextil.cat\/es\/#website\"},\"primaryImageOfPage\":{\"@id\":\"https:\/\/museutextil.cat\/es\/activitats\/nit-museus-2026-inauguracio-oiti-armario-habitable-16_05_2026\/#primaryimage\"},\"image\":{\"@id\":\"https:\/\/museutextil.cat\/es\/activitats\/nit-museus-2026-inauguracio-oiti-armario-habitable-16_05_2026\/#primaryimage\"},\"thumbnailUrl\":\"https:\/\/museutextil.cat\/wp-content\/uploads\/2026\/04\/OITI_Rafaela_Salgueiro.jpg\",\"datePublished\":\"2026-04-24T11:56:53+00:00\",\"dateModified\":\"2026-04-28T09:09:43+00:00\",\"breadcrumb\":{\"@id\":\"https:\/\/museutextil.cat\/es\/activitats\/nit-museus-2026-inauguracio-oiti-armario-habitable-16_05_2026\/#breadcrumb\"},\"inLanguage\":\"es\",\"potentialAction\":[{\"@type\":\"ReadAction\",\"target\":[\"https:\/\/museutextil.cat\/es\/activitats\/nit-museus-2026-inauguracio-oiti-armario-habitable-16_05_2026\/\"]}]},{\"@type\":\"ImageObject\",\"inLanguage\":\"es\",\"@id\":\"https:\/\/museutextil.cat\/es\/activitats\/nit-museus-2026-inauguracio-oiti-armario-habitable-16_05_2026\/#primaryimage\",\"url\":\"https:\/\/museutextil.cat\/wp-content\/uploads\/2026\/04\/OITI_Rafaela_Salgueiro.jpg\",\"contentUrl\":\"https:\/\/museutextil.cat\/wp-content\/uploads\/2026\/04\/OITI_Rafaela_Salgueiro.jpg\",\"width\":1200,\"height\":800},{\"@type\":\"BreadcrumbList\",\"@id\":\"https:\/\/museutextil.cat\/es\/activitats\/nit-museus-2026-inauguracio-oiti-armario-habitable-16_05_2026\/#breadcrumb\",\"itemListElement\":[{\"@type\":\"ListItem\",\"position\":1,\"name\":\"Inici\",\"item\":\"https:\/\/museutextil.cat\/es\/\"},{\"@type\":\"ListItem\",\"position\":2,\"name\":\"Eventos\",\"item\":\"https:\/\/museutextil.cat\/es\/activitats\/\"},{\"@type\":\"ListItem\",\"position\":3,\"name\":\"Noche de los Museos 2026. Inauguraci\u00f3n \\\"OITI - Un armario habitable\\\" de Rafaela Salgueiro\"}]},{\"@type\":\"WebSite\",\"@id\":\"https:\/\/museutextil.cat\/es\/#website\",\"url\":\"https:\/\/museutextil.cat\/es\/\",\"name\":\"Museu T\u00e8xtil de Terrassa\",\"description\":\"Centre de documentaci\u00f3 i Museu t\u00e8xtil\",\"publisher\":{\"@id\":\"https:\/\/museutextil.cat\/es\/#organization\"},\"potentialAction\":[{\"@type\":\"SearchAction\",\"target\":{\"@type\":\"EntryPoint\",\"urlTemplate\":\"https:\/\/museutextil.cat\/es\/?s={search_term_string}\"},\"query-input\":{\"@type\":\"PropertyValueSpecification\",\"valueRequired\":true,\"valueName\":\"search_term_string\"}}],\"inLanguage\":\"es\"},{\"@type\":\"Organization\",\"@id\":\"https:\/\/museutextil.cat\/es\/#organization\",\"name\":\"Museu T\u00e8xtil de Terrassa\",\"url\":\"https:\/\/museutextil.cat\/es\/\",\"logo\":{\"@type\":\"ImageObject\",\"inLanguage\":\"es\",\"@id\":\"https:\/\/museutextil.cat\/es\/#\/schema\/logo\/image\/\",\"url\":\"https:\/\/museutextil.cat\/wp-content\/uploads\/2025\/03\/museutextil_logo_h.png\",\"contentUrl\":\"https:\/\/museutextil.cat\/wp-content\/uploads\/2025\/03\/museutextil_logo_h.png\",\"width\":500,\"height\":87,\"caption\":\"Museu T\u00e8xtil de Terrassa\"},\"image\":{\"@id\":\"https:\/\/museutextil.cat\/es\/#\/schema\/logo\/image\/\"},\"sameAs\":[\"https:\/\/www.facebook.com\/cdmtextil\",\"https:\/\/x.com\/cdmtex\",\"https:\/\/www.instagram.com\/cdmtextil\/\",\"https:\/\/www.pinterest.com\/cdmtextil\/\",\"https:\/\/www.youtube.com\/user\/CDMTextil\"]}]}<\/script>\n<!-- \/ Yoast SEO plugin. -->","yoast_head_json":{"title":"Noche de los Museos 2026. Inauguraci\u00f3n \"OITI - Un armario habitable\" de Rafaela Salgueiro - Museu T\u00e8xtil de Terrassa","robots":{"index":"index","follow":"follow","max-snippet":"max-snippet:-1","max-image-preview":"max-image-preview:large","max-video-preview":"max-video-preview:-1"},"canonical":"https:\/\/museutextil.cat\/es\/activitats\/nit-museus-2026-inauguracio-oiti-armario-habitable-16_05_2026\/","og_locale":"es_ES","og_type":"article","og_title":"Noche de los Museos 2026. Inauguraci\u00f3n \"OITI - Un armario habitable\" de Rafaela Salgueiro - Museu T\u00e8xtil de Terrassa","og_description":"Actividad gratuita para personas adultas, entrada libre. Plazas limitadas al aforo disponible. Cada 18 de mayo, desde hace 40 a\u00f1os, se celebra el D\u00eda Internacional de los Museos, la gran fiesta de las instituciones muse\u00edsticas que quieren ser un medio de intercambio y enriquecimiento cultural para un entendimiento mutuo entre los pueblos, en favor de [&hellip;]","og_url":"https:\/\/museutextil.cat\/es\/activitats\/nit-museus-2026-inauguracio-oiti-armario-habitable-16_05_2026\/","og_site_name":"Museu T\u00e8xtil de Terrassa","article_publisher":"https:\/\/www.facebook.com\/cdmtextil","article_modified_time":"2026-04-28T09:09:43+00:00","og_image":[{"width":1200,"height":800,"url":"https:\/\/museutextil.cat\/wp-content\/uploads\/2026\/04\/OITI_Rafaela_Salgueiro.jpg","type":"image\/jpeg"}],"twitter_card":"summary_large_image","twitter_site":"@cdmtex","twitter_misc":{"Tiempo de lectura":"2 minutos"},"schema":{"@context":"https:\/\/schema.org","@graph":[{"@type":"WebPage","@id":"https:\/\/museutextil.cat\/es\/activitats\/nit-museus-2026-inauguracio-oiti-armario-habitable-16_05_2026\/","url":"https:\/\/museutextil.cat\/es\/activitats\/nit-museus-2026-inauguracio-oiti-armario-habitable-16_05_2026\/","name":"Noche de los Museos 2026. Inauguraci\u00f3n \"OITI - Un armario habitable\" de Rafaela Salgueiro - Museu T\u00e8xtil de Terrassa","isPartOf":{"@id":"https:\/\/museutextil.cat\/es\/#website"},"primaryImageOfPage":{"@id":"https:\/\/museutextil.cat\/es\/activitats\/nit-museus-2026-inauguracio-oiti-armario-habitable-16_05_2026\/#primaryimage"},"image":{"@id":"https:\/\/museutextil.cat\/es\/activitats\/nit-museus-2026-inauguracio-oiti-armario-habitable-16_05_2026\/#primaryimage"},"thumbnailUrl":"https:\/\/museutextil.cat\/wp-content\/uploads\/2026\/04\/OITI_Rafaela_Salgueiro.jpg","datePublished":"2026-04-24T11:56:53+00:00","dateModified":"2026-04-28T09:09:43+00:00","breadcrumb":{"@id":"https:\/\/museutextil.cat\/es\/activitats\/nit-museus-2026-inauguracio-oiti-armario-habitable-16_05_2026\/#breadcrumb"},"inLanguage":"es","potentialAction":[{"@type":"ReadAction","target":["https:\/\/museutextil.cat\/es\/activitats\/nit-museus-2026-inauguracio-oiti-armario-habitable-16_05_2026\/"]}]},{"@type":"ImageObject","inLanguage":"es","@id":"https:\/\/museutextil.cat\/es\/activitats\/nit-museus-2026-inauguracio-oiti-armario-habitable-16_05_2026\/#primaryimage","url":"https:\/\/museutextil.cat\/wp-content\/uploads\/2026\/04\/OITI_Rafaela_Salgueiro.jpg","contentUrl":"https:\/\/museutextil.cat\/wp-content\/uploads\/2026\/04\/OITI_Rafaela_Salgueiro.jpg","width":1200,"height":800},{"@type":"BreadcrumbList","@id":"https:\/\/museutextil.cat\/es\/activitats\/nit-museus-2026-inauguracio-oiti-armario-habitable-16_05_2026\/#breadcrumb","itemListElement":[{"@type":"ListItem","position":1,"name":"Inici","item":"https:\/\/museutextil.cat\/es\/"},{"@type":"ListItem","position":2,"name":"Eventos","item":"https:\/\/museutextil.cat\/es\/activitats\/"},{"@type":"ListItem","position":3,"name":"Noche de los Museos 2026. Inauguraci\u00f3n \"OITI - Un armario habitable\" de Rafaela Salgueiro"}]},{"@type":"WebSite","@id":"https:\/\/museutextil.cat\/es\/#website","url":"https:\/\/museutextil.cat\/es\/","name":"Museu T\u00e8xtil de Terrassa","description":"Centre de documentaci\u00f3 i Museu t\u00e8xtil","publisher":{"@id":"https:\/\/museutextil.cat\/es\/#organization"},"potentialAction":[{"@type":"SearchAction","target":{"@type":"EntryPoint","urlTemplate":"https:\/\/museutextil.cat\/es\/?s={search_term_string}"},"query-input":{"@type":"PropertyValueSpecification","valueRequired":true,"valueName":"search_term_string"}}],"inLanguage":"es"},{"@type":"Organization","@id":"https:\/\/museutextil.cat\/es\/#organization","name":"Museu T\u00e8xtil de Terrassa","url":"https:\/\/museutextil.cat\/es\/","logo":{"@type":"ImageObject","inLanguage":"es","@id":"https:\/\/museutextil.cat\/es\/#\/schema\/logo\/image\/","url":"https:\/\/museutextil.cat\/wp-content\/uploads\/2025\/03\/museutextil_logo_h.png","contentUrl":"https:\/\/museutextil.cat\/wp-content\/uploads\/2025\/03\/museutextil_logo_h.png","width":500,"height":87,"caption":"Museu T\u00e8xtil de Terrassa"},"image":{"@id":"https:\/\/museutextil.cat\/es\/#\/schema\/logo\/image\/"},"sameAs":["https:\/\/www.facebook.com\/cdmtextil","https:\/\/x.com\/cdmtex","https:\/\/www.instagram.com\/cdmtextil\/","https:\/\/www.pinterest.com\/cdmtextil\/","https:\/\/www.youtube.com\/user\/CDMTextil"]}]}},"_links":{"self":[{"href":"https:\/\/museutextil.cat\/es\/wp-json\/wp\/v2\/mec-events\/19353","targetHints":{"allow":["GET"]}}],"collection":[{"href":"https:\/\/museutextil.cat\/es\/wp-json\/wp\/v2\/mec-events"}],"about":[{"href":"https:\/\/museutextil.cat\/es\/wp-json\/wp\/v2\/types\/mec-events"}],"author":[{"embeddable":true,"href":"https:\/\/museutextil.cat\/es\/wp-json\/wp\/v2\/users\/34"}],"replies":[{"embeddable":true,"href":"https:\/\/museutextil.cat\/es\/wp-json\/wp\/v2\/comments?post=19353"}],"wp:featuredmedia":[{"embeddable":true,"href":"https:\/\/museutextil.cat\/es\/wp-json\/wp\/v2\/media\/19365"}],"wp:attachment":[{"href":"https:\/\/museutextil.cat\/es\/wp-json\/wp\/v2\/media?parent=19353"}],"wp:term":[{"taxonomy":"post_tag","embeddable":true,"href":"https:\/\/museutextil.cat\/es\/wp-json\/wp\/v2\/tags?post=19353"},{"taxonomy":"mec_category","embeddable":true,"href":"https:\/\/museutextil.cat\/es\/wp-json\/wp\/v2\/mec_category?post=19353"}],"curies":[{"name":"wp","href":"https:\/\/api.w.org\/{rel}","templated":true}]}}