{"id":19374,"date":"2026-04-29T14:06:23","date_gmt":"2026-04-29T12:06:23","guid":{"rendered":"https:\/\/museutextil.cat\/activitats\/coneix-el-patrimoni-textil-documental-visita-comentada-782\/"},"modified":"2026-04-29T14:17:16","modified_gmt":"2026-04-29T12:17:16","slug":"patrimoni-textil-documental-visita-comentada-15_05_2026","status":"publish","type":"mec-events","link":"https:\/\/museutextil.cat\/es\/activitats\/patrimoni-textil-documental-visita-comentada-15_05_2026\/","title":{"rendered":"\"Conoce el patrimonio textil documental\", visita comentada"},"content":{"rendered":"<p>Actividad gratuita para personas adultas, con reserva previa (al final de la p\u00e1gina). Plazas limitadas.<\/p>\n<p>Visita a la <strong><a href=\"https:\/\/museutextil.cat\/es\/biblioteca\/\" target=\"_blank\" rel=\"noopener\">biblioteca<\/a> <\/strong>del Museu T\u00e8xtil para conocer el patrimonio documental que conservamos: las tipolog\u00edas de material, los formatos, las colecciones especiales, y los recursos digitales disponibles en acceso abierto.<\/p>\n<p>En el marco del <a href=\"https:\/\/icom.museum\/es\/dia-internacional-de-los-museos\/\" target=\"_blank\" rel=\"noopener\"><strong>D\u00eda Internacional de los Museos<\/strong><\/a>, el Grupo de Trabajo de Bibliotecas de Museos impulsa la <strong>Semana de las Bibliotecas de Museos 2026<\/strong>\u00a0que tendr\u00e1 lugar del <strong>11 al 16 de mayo<\/strong>, con el objetivo de visibilizar las bibliotecas de museos y acercarlas a la ciudadan\u00eda.<\/p>\n<p>M\u00e1s informaci\u00f3n:<strong> <a href=\"mailto:biblioteca@cdmt.cat\">biblioteca@cdmt.cat.<\/a><\/strong><\/p>\n<p>&nbsp;<\/p>\n","protected":false},"excerpt":{"rendered":"<p>Actividad gratuita para personas adultas, con reserva previa (al final de la p\u00e1gina). Plazas limitadas. Visita a la biblioteca del Museu T\u00e8xtil para conocer el patrimonio documental que conservamos: las tipolog\u00edas de material, los formatos, las colecciones especiales, y los recursos digitales disponibles en acceso abierto. En el marco del D\u00eda Internacional de los Museos, [&hellip;]<\/p>\n","protected":false},"author":34,"featured_media":19369,"comment_status":"closed","ping_status":"open","template":"","meta":{"site-sidebar-layout":"default","site-content-layout":"","ast-site-content-layout":"default","site-content-style":"default","site-sidebar-style":"default","ast-global-header-display":"","ast-banner-title-visibility":"","ast-main-header-display":"","ast-hfb-above-header-display":"","ast-hfb-below-header-display":"","ast-hfb-mobile-header-display":"","site-post-title":"","ast-breadcrumbs-content":"","ast-featured-img":"","footer-sml-layout":"","theme-transparent-header-meta":"default","adv-header-id-meta":"","stick-header-meta":"","header-above-stick-meta":"","header-main-stick-meta":"","header-below-stick-meta":"","astra-migrate-meta-layouts":"set","ast-page-background-enabled":"default","ast-page-background-meta":{"desktop":{"background-color":"var(--ast-global-color-4)","background-image":"","background-repeat":"repeat","background-position":"center center","background-size":"auto","background-attachment":"scroll","background-type":"","background-media":"","overlay-type":"","overlay-color":"","overlay-opacity":"","overlay-gradient":""},"tablet":{"background-color":"","background-image":"","background-repeat":"repeat","background-position":"center center","background-size":"auto","background-attachment":"scroll","background-type":"","background-media":"","overlay-type":"","overlay-color":"","overlay-opacity":"","overlay-gradient":""},"mobile":{"background-color":"","background-image":"","background-repeat":"repeat","background-position":"center center","background-size":"auto","background-attachment":"scroll","background-type":"","background-media":"","overlay-type":"","overlay-color":"","overlay-opacity":"","overlay-gradient":""}},"ast-content-background-meta":{"desktop":{"background-color":"var(--ast-global-color-5)","background-image":"","background-repeat":"repeat","background-position":"center center","background-size":"auto","background-attachment":"scroll","background-type":"","background-media":"","overlay-type":"","overlay-color":"","overlay-opacity":"","overlay-gradient":""},"tablet":{"background-color":"var(--ast-global-color-5)","background-image":"","background-repeat":"repeat","background-position":"center center","background-size":"auto","background-attachment":"scroll","background-type":"","background-media":"","overlay-type":"","overlay-color":"","overlay-opacity":"","overlay-gradient":""},"mobile":{"background-color":"var(--ast-global-color-5)","background-image":"","background-repeat":"repeat","background-position":"center center","background-size":"auto","background-attachment":"scroll","background-type":"","background-media":"","overlay-type":"","overlay-color":"","overlay-opacity":"","overlay-gradient":""}}},"tags":[],"mec_category":[],"class_list":["post-19374","mec-events","type-mec-events","status-publish","has-post-thumbnail","hentry"],"yoast_head":"<!-- This site is optimized with the Yoast SEO plugin v25.9 - https:\/\/yoast.com\/wordpress\/plugins\/seo\/ -->\n<title>&quot;Conoce el patrimonio textil documental&quot;, visita comentada - Museu T\u00e8xtil de Terrassa<\/title>\n<meta name=\"robots\" content=\"index, follow, max-snippet:-1, max-image-preview:large, max-video-preview:-1\" \/>\n<link rel=\"canonical\" href=\"https:\/\/museutextil.cat\/es\/activitats\/patrimoni-textil-documental-visita-comentada-15_05_2026\/\" \/>\n<meta property=\"og:locale\" content=\"es_ES\" \/>\n<meta property=\"og:type\" content=\"article\" \/>\n<meta property=\"og:title\" content=\"&quot;Conoce el patrimonio textil documental&quot;, visita comentada - Museu T\u00e8xtil de Terrassa\" \/>\n<meta property=\"og:description\" content=\"Actividad gratuita para personas adultas, con reserva previa (al final de la p\u00e1gina). Plazas limitadas. Visita a la biblioteca del Museu T\u00e8xtil para conocer el patrimonio documental que conservamos: las tipolog\u00edas de material, los formatos, las colecciones especiales, y los recursos digitales disponibles en acceso abierto. En el marco del D\u00eda Internacional de los Museos, [&hellip;]\" \/>\n<meta property=\"og:url\" content=\"https:\/\/museutextil.cat\/es\/activitats\/patrimoni-textil-documental-visita-comentada-15_05_2026\/\" \/>\n<meta property=\"og:site_name\" content=\"Museu T\u00e8xtil de Terrassa\" \/>\n<meta property=\"article:publisher\" content=\"https:\/\/www.facebook.com\/cdmtextil\" \/>\n<meta property=\"article:modified_time\" content=\"2026-04-29T12:17:16+00:00\" \/>\n<meta property=\"og:image\" content=\"https:\/\/museutextil.cat\/wp-content\/uploads\/2026\/04\/Setmana_Biblios_maig26.jpg\" \/>\n\t<meta property=\"og:image:width\" content=\"1200\" \/>\n\t<meta property=\"og:image:height\" content=\"800\" \/>\n\t<meta property=\"og:image:type\" content=\"image\/jpeg\" \/>\n<meta name=\"twitter:card\" content=\"summary_large_image\" \/>\n<meta name=\"twitter:site\" content=\"@cdmtex\" \/>\n<meta name=\"twitter:label1\" content=\"Tiempo de lectura\" \/>\n\t<meta name=\"twitter:data1\" content=\"1 minuto\" \/>\n<script type=\"application\/ld+json\" class=\"yoast-schema-graph\">{\"@context\":\"https:\/\/schema.org\",\"@graph\":[{\"@type\":\"WebPage\",\"@id\":\"https:\/\/museutextil.cat\/es\/activitats\/patrimoni-textil-documental-visita-comentada-15_05_2026\/\",\"url\":\"https:\/\/museutextil.cat\/es\/activitats\/patrimoni-textil-documental-visita-comentada-15_05_2026\/\",\"name\":\"\\\"Conoce el patrimonio textil documental\\\", visita comentada - Museu T\u00e8xtil de Terrassa\",\"isPartOf\":{\"@id\":\"https:\/\/museutextil.cat\/es\/#website\"},\"primaryImageOfPage\":{\"@id\":\"https:\/\/museutextil.cat\/es\/activitats\/patrimoni-textil-documental-visita-comentada-15_05_2026\/#primaryimage\"},\"image\":{\"@id\":\"https:\/\/museutextil.cat\/es\/activitats\/patrimoni-textil-documental-visita-comentada-15_05_2026\/#primaryimage\"},\"thumbnailUrl\":\"https:\/\/museutextil.cat\/wp-content\/uploads\/2026\/04\/Setmana_Biblios_maig26.jpg\",\"datePublished\":\"2026-04-29T12:06:23+00:00\",\"dateModified\":\"2026-04-29T12:17:16+00:00\",\"breadcrumb\":{\"@id\":\"https:\/\/museutextil.cat\/es\/activitats\/patrimoni-textil-documental-visita-comentada-15_05_2026\/#breadcrumb\"},\"inLanguage\":\"es\",\"potentialAction\":[{\"@type\":\"ReadAction\",\"target\":[\"https:\/\/museutextil.cat\/es\/activitats\/patrimoni-textil-documental-visita-comentada-15_05_2026\/\"]}]},{\"@type\":\"ImageObject\",\"inLanguage\":\"es\",\"@id\":\"https:\/\/museutextil.cat\/es\/activitats\/patrimoni-textil-documental-visita-comentada-15_05_2026\/#primaryimage\",\"url\":\"https:\/\/museutextil.cat\/wp-content\/uploads\/2026\/04\/Setmana_Biblios_maig26.jpg\",\"contentUrl\":\"https:\/\/museutextil.cat\/wp-content\/uploads\/2026\/04\/Setmana_Biblios_maig26.jpg\",\"width\":1200,\"height\":800},{\"@type\":\"BreadcrumbList\",\"@id\":\"https:\/\/museutextil.cat\/es\/activitats\/patrimoni-textil-documental-visita-comentada-15_05_2026\/#breadcrumb\",\"itemListElement\":[{\"@type\":\"ListItem\",\"position\":1,\"name\":\"Inici\",\"item\":\"https:\/\/museutextil.cat\/es\/\"},{\"@type\":\"ListItem\",\"position\":2,\"name\":\"Eventos\",\"item\":\"https:\/\/museutextil.cat\/es\/activitats\/\"},{\"@type\":\"ListItem\",\"position\":3,\"name\":\"\\\"Conoce el patrimonio textil documental\\\", visita comentada\"}]},{\"@type\":\"WebSite\",\"@id\":\"https:\/\/museutextil.cat\/es\/#website\",\"url\":\"https:\/\/museutextil.cat\/es\/\",\"name\":\"Museu T\u00e8xtil de Terrassa\",\"description\":\"Centre de documentaci\u00f3 i Museu t\u00e8xtil\",\"publisher\":{\"@id\":\"https:\/\/museutextil.cat\/es\/#organization\"},\"potentialAction\":[{\"@type\":\"SearchAction\",\"target\":{\"@type\":\"EntryPoint\",\"urlTemplate\":\"https:\/\/museutextil.cat\/es\/?s={search_term_string}\"},\"query-input\":{\"@type\":\"PropertyValueSpecification\",\"valueRequired\":true,\"valueName\":\"search_term_string\"}}],\"inLanguage\":\"es\"},{\"@type\":\"Organization\",\"@id\":\"https:\/\/museutextil.cat\/es\/#organization\",\"name\":\"Museu T\u00e8xtil de Terrassa\",\"url\":\"https:\/\/museutextil.cat\/es\/\",\"logo\":{\"@type\":\"ImageObject\",\"inLanguage\":\"es\",\"@id\":\"https:\/\/museutextil.cat\/es\/#\/schema\/logo\/image\/\",\"url\":\"https:\/\/museutextil.cat\/wp-content\/uploads\/2025\/03\/museutextil_logo_h.png\",\"contentUrl\":\"https:\/\/museutextil.cat\/wp-content\/uploads\/2025\/03\/museutextil_logo_h.png\",\"width\":500,\"height\":87,\"caption\":\"Museu T\u00e8xtil de Terrassa\"},\"image\":{\"@id\":\"https:\/\/museutextil.cat\/es\/#\/schema\/logo\/image\/\"},\"sameAs\":[\"https:\/\/www.facebook.com\/cdmtextil\",\"https:\/\/x.com\/cdmtex\",\"https:\/\/www.instagram.com\/cdmtextil\/\",\"https:\/\/www.pinterest.com\/cdmtextil\/\",\"https:\/\/www.youtube.com\/user\/CDMTextil\"]}]}<\/script>\n<!-- \/ Yoast SEO plugin. -->","yoast_head_json":{"title":"\"Conoce el patrimonio textil documental\", visita comentada - Museu T\u00e8xtil de Terrassa","robots":{"index":"index","follow":"follow","max-snippet":"max-snippet:-1","max-image-preview":"max-image-preview:large","max-video-preview":"max-video-preview:-1"},"canonical":"https:\/\/museutextil.cat\/es\/activitats\/patrimoni-textil-documental-visita-comentada-15_05_2026\/","og_locale":"es_ES","og_type":"article","og_title":"\"Conoce el patrimonio textil documental\", visita comentada - Museu T\u00e8xtil de Terrassa","og_description":"Actividad gratuita para personas adultas, con reserva previa (al final de la p\u00e1gina). Plazas limitadas. Visita a la biblioteca del Museu T\u00e8xtil para conocer el patrimonio documental que conservamos: las tipolog\u00edas de material, los formatos, las colecciones especiales, y los recursos digitales disponibles en acceso abierto. En el marco del D\u00eda Internacional de los Museos, [&hellip;]","og_url":"https:\/\/museutextil.cat\/es\/activitats\/patrimoni-textil-documental-visita-comentada-15_05_2026\/","og_site_name":"Museu T\u00e8xtil de Terrassa","article_publisher":"https:\/\/www.facebook.com\/cdmtextil","article_modified_time":"2026-04-29T12:17:16+00:00","og_image":[{"width":1200,"height":800,"url":"https:\/\/museutextil.cat\/wp-content\/uploads\/2026\/04\/Setmana_Biblios_maig26.jpg","type":"image\/jpeg"}],"twitter_card":"summary_large_image","twitter_site":"@cdmtex","twitter_misc":{"Tiempo de lectura":"1 minuto"},"schema":{"@context":"https:\/\/schema.org","@graph":[{"@type":"WebPage","@id":"https:\/\/museutextil.cat\/es\/activitats\/patrimoni-textil-documental-visita-comentada-15_05_2026\/","url":"https:\/\/museutextil.cat\/es\/activitats\/patrimoni-textil-documental-visita-comentada-15_05_2026\/","name":"\"Conoce el patrimonio textil documental\", visita comentada - Museu T\u00e8xtil de Terrassa","isPartOf":{"@id":"https:\/\/museutextil.cat\/es\/#website"},"primaryImageOfPage":{"@id":"https:\/\/museutextil.cat\/es\/activitats\/patrimoni-textil-documental-visita-comentada-15_05_2026\/#primaryimage"},"image":{"@id":"https:\/\/museutextil.cat\/es\/activitats\/patrimoni-textil-documental-visita-comentada-15_05_2026\/#primaryimage"},"thumbnailUrl":"https:\/\/museutextil.cat\/wp-content\/uploads\/2026\/04\/Setmana_Biblios_maig26.jpg","datePublished":"2026-04-29T12:06:23+00:00","dateModified":"2026-04-29T12:17:16+00:00","breadcrumb":{"@id":"https:\/\/museutextil.cat\/es\/activitats\/patrimoni-textil-documental-visita-comentada-15_05_2026\/#breadcrumb"},"inLanguage":"es","potentialAction":[{"@type":"ReadAction","target":["https:\/\/museutextil.cat\/es\/activitats\/patrimoni-textil-documental-visita-comentada-15_05_2026\/"]}]},{"@type":"ImageObject","inLanguage":"es","@id":"https:\/\/museutextil.cat\/es\/activitats\/patrimoni-textil-documental-visita-comentada-15_05_2026\/#primaryimage","url":"https:\/\/museutextil.cat\/wp-content\/uploads\/2026\/04\/Setmana_Biblios_maig26.jpg","contentUrl":"https:\/\/museutextil.cat\/wp-content\/uploads\/2026\/04\/Setmana_Biblios_maig26.jpg","width":1200,"height":800},{"@type":"BreadcrumbList","@id":"https:\/\/museutextil.cat\/es\/activitats\/patrimoni-textil-documental-visita-comentada-15_05_2026\/#breadcrumb","itemListElement":[{"@type":"ListItem","position":1,"name":"Inici","item":"https:\/\/museutextil.cat\/es\/"},{"@type":"ListItem","position":2,"name":"Eventos","item":"https:\/\/museutextil.cat\/es\/activitats\/"},{"@type":"ListItem","position":3,"name":"\"Conoce el patrimonio textil documental\", visita comentada"}]},{"@type":"WebSite","@id":"https:\/\/museutextil.cat\/es\/#website","url":"https:\/\/museutextil.cat\/es\/","name":"Museu T\u00e8xtil de Terrassa","description":"Centre de documentaci\u00f3 i Museu t\u00e8xtil","publisher":{"@id":"https:\/\/museutextil.cat\/es\/#organization"},"potentialAction":[{"@type":"SearchAction","target":{"@type":"EntryPoint","urlTemplate":"https:\/\/museutextil.cat\/es\/?s={search_term_string}"},"query-input":{"@type":"PropertyValueSpecification","valueRequired":true,"valueName":"search_term_string"}}],"inLanguage":"es"},{"@type":"Organization","@id":"https:\/\/museutextil.cat\/es\/#organization","name":"Museu T\u00e8xtil de Terrassa","url":"https:\/\/museutextil.cat\/es\/","logo":{"@type":"ImageObject","inLanguage":"es","@id":"https:\/\/museutextil.cat\/es\/#\/schema\/logo\/image\/","url":"https:\/\/museutextil.cat\/wp-content\/uploads\/2025\/03\/museutextil_logo_h.png","contentUrl":"https:\/\/museutextil.cat\/wp-content\/uploads\/2025\/03\/museutextil_logo_h.png","width":500,"height":87,"caption":"Museu T\u00e8xtil de Terrassa"},"image":{"@id":"https:\/\/museutextil.cat\/es\/#\/schema\/logo\/image\/"},"sameAs":["https:\/\/www.facebook.com\/cdmtextil","https:\/\/x.com\/cdmtex","https:\/\/www.instagram.com\/cdmtextil\/","https:\/\/www.pinterest.com\/cdmtextil\/","https:\/\/www.youtube.com\/user\/CDMTextil"]}]}},"_links":{"self":[{"href":"https:\/\/museutextil.cat\/es\/wp-json\/wp\/v2\/mec-events\/19374","targetHints":{"allow":["GET"]}}],"collection":[{"href":"https:\/\/museutextil.cat\/es\/wp-json\/wp\/v2\/mec-events"}],"about":[{"href":"https:\/\/museutextil.cat\/es\/wp-json\/wp\/v2\/types\/mec-events"}],"author":[{"embeddable":true,"href":"https:\/\/museutextil.cat\/es\/wp-json\/wp\/v2\/users\/34"}],"replies":[{"embeddable":true,"href":"https:\/\/museutextil.cat\/es\/wp-json\/wp\/v2\/comments?post=19374"}],"wp:featuredmedia":[{"embeddable":true,"href":"https:\/\/museutextil.cat\/es\/wp-json\/wp\/v2\/media\/19369"}],"wp:attachment":[{"href":"https:\/\/museutextil.cat\/es\/wp-json\/wp\/v2\/media?parent=19374"}],"wp:term":[{"taxonomy":"post_tag","embeddable":true,"href":"https:\/\/museutextil.cat\/es\/wp-json\/wp\/v2\/tags?post=19374"},{"taxonomy":"mec_category","embeddable":true,"href":"https:\/\/museutextil.cat\/es\/wp-json\/wp\/v2\/mec_category?post=19374"}],"curies":[{"name":"wp","href":"https:\/\/api.w.org\/{rel}","templated":true}]}}