{"id":15480,"date":"2025-04-22T17:20:00","date_gmt":"2025-04-22T15:20:00","guid":{"rendered":"https:\/\/museutextil.cat\/el-museo\/el-museu-textil-es-declarat-museu-dinteres-nacional\/"},"modified":"2025-07-17T09:45:40","modified_gmt":"2025-07-17T07:45:40","slug":"el-museo-textil-es-declarado-museo-de-interes-nacional","status":"publish","type":"page","link":"https:\/\/museutextil.cat\/es\/el-museo\/el-museo-textil-es-declarado-museo-de-interes-nacional\/","title":{"rendered":"El Museo Textil es declarado Museo de Inter\u00e9s Nacional"},"content":{"rendered":"\t\t<div data-elementor-type=\"wp-page\" data-elementor-id=\"15480\" class=\"elementor elementor-15480 elementor-8541\" data-elementor-post-type=\"page\">\n\t\t\t\t<div class=\"elementor-element elementor-element-8a42351 e-flex e-con-boxed e-con e-parent\" data-id=\"8a42351\" data-element_type=\"container\">\n\t\t\t\t\t<div class=\"e-con-inner\">\n\t\t\t\t<div class=\"elementor-element elementor-element-2ebffb70 elementor-widget elementor-widget-heading\" data-id=\"2ebffb70\" data-element_type=\"widget\" data-widget_type=\"heading.default\">\n\t\t\t\t<div class=\"elementor-widget-container\">\n\t\t\t\t\t<h1 class=\"elementor-heading-title elementor-size-default\">El Museo Textil es declarado Museo de Inter\u00e9s Nacional<\/h1>\t\t\t\t<\/div>\n\t\t\t\t<\/div>\n\t\t\t\t<div class=\"elementor-element elementor-element-982fab3 elementor-widget-divider--separator-type-pattern elementor-widget-divider--no-spacing elementor-widget-divider--view-line elementor-widget elementor-widget-divider\" data-id=\"982fab3\" data-element_type=\"widget\" data-widget_type=\"divider.default\">\n\t\t\t\t<div class=\"elementor-widget-container\">\n\t\t\t\t\t\t\t<div class=\"elementor-divider\" style=\"--divider-pattern-url: url(&quot;data:image\/svg+xml,%3Csvg xmlns=&#039;http:\/\/www.w3.org\/2000\/svg&#039; preserveAspectRatio=&#039;none&#039; overflow=&#039;visible&#039; height=&#039;100%&#039; viewBox=&#039;0 0 24 24&#039; fill=&#039;black&#039; stroke=&#039;none&#039;%3E%3Cpath d=&#039;M24,8v12H0V8H24z M24,4v1H0V4H24z&#039;\/%3E%3C\/svg%3E&quot;);\">\n\t\t\t<span class=\"elementor-divider-separator\">\n\t\t\t\t\t\t<\/span>\n\t\t<\/div>\n\t\t\t\t\t\t<\/div>\n\t\t\t\t<\/div>\n\t\t\t\t\t<\/div>\n\t\t\t\t<\/div>\n\t\t<div class=\"elementor-element elementor-element-693d463 e-flex e-con-boxed e-con e-parent\" data-id=\"693d463\" data-element_type=\"container\">\n\t\t\t\t\t<div class=\"e-con-inner\">\n\t\t\t\t<div class=\"elementor-element elementor-element-1fb7295 elementor-widget elementor-widget-image\" data-id=\"1fb7295\" data-element_type=\"widget\" data-widget_type=\"image.default\">\n\t\t\t\t<div class=\"elementor-widget-container\">\n\t\t\t\t\t\t\t\t\t\t\t\t\t\t\t<img fetchpriority=\"high\" decoding=\"async\" width=\"1024\" height=\"683\" src=\"https:\/\/museutextil.cat\/wp-content\/uploads\/2025\/06\/museutextil_museu-1024x683.jpg\" class=\"attachment-large size-large wp-image-12725\" alt=\"\" srcset=\"https:\/\/museutextil.cat\/wp-content\/uploads\/2025\/06\/museutextil_museu-1024x683.jpg 1024w, https:\/\/museutextil.cat\/wp-content\/uploads\/2025\/06\/museutextil_museu-300x200.jpg 300w, https:\/\/museutextil.cat\/wp-content\/uploads\/2025\/06\/museutextil_museu-768x512.jpg 768w, https:\/\/museutextil.cat\/wp-content\/uploads\/2025\/06\/museutextil_museu-391x260.jpg 391w, https:\/\/museutextil.cat\/wp-content\/uploads\/2025\/06\/museutextil_museu.jpg 1200w\" sizes=\"(max-width: 1024px) 100vw, 1024px\" \/>\t\t\t\t\t\t\t\t\t\t\t\t\t\t\t<\/div>\n\t\t\t\t<\/div>\n\t\t\t\t<div class=\"elementor-element elementor-element-36e4f71 elementor-widget elementor-widget-heading\" data-id=\"36e4f71\" data-element_type=\"widget\" data-widget_type=\"heading.default\">\n\t\t\t\t<div class=\"elementor-widget-container\">\n\t\t\t\t\t<h2 class=\"elementor-heading-title elementor-size-default\">El camino hacia el reconocimiento<\/h2>\t\t\t\t<\/div>\n\t\t\t\t<\/div>\n\t\t\t\t<div class=\"elementor-element elementor-element-18cba9a elementor-widget elementor-widget-text-editor\" data-id=\"18cba9a\" data-element_type=\"widget\" data-widget_type=\"text-editor.default\">\n\t\t\t\t<div class=\"elementor-widget-container\">\n\t\t\t\t\t\t\t\t\t<p>El pasado 4 de mayo de 2022 el Consejo General del Consorcio del Centro de Documentaci\u00f3n y Museo Textil de Terrassa tom\u00f3 el siguiente acuerdo: \u00abSolicitar a la Generalidad de Catalu\u00f1a que, tal y como determina la Ley de Museos, el Departamento de Cultura declare museo de inter\u00e9s nacional el Centro de Documentaci\u00f3n y Museo Textil\u00bb. Una demanda basada en el <strong>valor estrat\u00e9gico del Museo<\/strong> hacia el desarrollo cultural, patrimonial, educativo y social.<\/p><p>En este mismo acuerdo se facult\u00f3 a la Direcci\u00f3n-gerencia del Museo Textil para elaborar el <strong>informe<\/strong> que deb\u00eda acompa\u00f1ar a la solicitud. A fecha de ayer, 28 de marzo de 2023, nos comunicaron que el Gobierno de la Generalidad de Catalu\u00f1a hab\u00eda aceptado favorablemente la propuesta y <strong>nos declaraba museo de inter\u00e9s nacional<\/strong>.<\/p><p>En el primer punto, las l\u00edneas estrat\u00e9gicas del Centro de Documentaci\u00f3n y Museo Textil de Terrassa (<strong>Plan Estrat\u00e9gico 2020-2023<\/strong>), se propon\u00eda el <strong>objetivo<\/strong> \u201cHacia un museo de inter\u00e9s nacional\u201d con el siguiente texto:<\/p><p>\u00abEl Museo Textil, por las caracter\u00edsticas de sus colecciones y el inter\u00e9s de su patrimonio muse\u00edstico sobrepasa el marco local y provincial y tiene una significaci\u00f3n especial para el patrimonio cultural de Catalu\u00f1a. Es y debe continuar siendo y reforzarse como referente nacional, tanto en Catalu\u00f1a como en el resto del Estado espa\u00f1ol, fomentando la b\u00fasqueda del patrimonio textil, su formaci\u00f3n y tener una oferta de servicios \u00fanicos, especializados y de calidad, a disposici\u00f3n de los profesionales y del p\u00fablico general. Debe coordinar y dar soporte t\u00e9cnico a los museos del pa\u00eds, y debe ser la plataforma de difusi\u00f3n del resto de museos con colecciones textiles y de sus actividades. A su vez, debe ofrecer una oferta tentadora para el visitante, como referente de las colecciones textiles del pa\u00eds. A trav\u00e9s de su patrimonio debe contar la historia del pa\u00eds, su cultura, y su futuro, trabajando y haciendo difusi\u00f3n de la importancia de la sostenibilidad de la industria textil. El Museo Textil debe consolidarse como referente de la industria textil catalana, adem\u00e1s de ser el escaparate del patrimonio cultural textil. Apuesta por hacer crecer y consolidar la Red de Museos Textiles de Catalu\u00f1a, en relaci\u00f3n a la investigaci\u00f3n, conservaci\u00f3n, formaci\u00f3n y programas conjuntos que se puedan derivar.\u201d<\/p>\t\t\t\t\t\t\t\t<\/div>\n\t\t\t\t<\/div>\n\t\t\t\t<div class=\"elementor-element elementor-element-cd76994 elementor-widget elementor-widget-heading\" data-id=\"cd76994\" data-element_type=\"widget\" data-widget_type=\"heading.default\">\n\t\t\t\t<div class=\"elementor-widget-container\">\n\t\t\t\t\t<h2 class=\"elementor-heading-title elementor-size-default\">75 a\u00f1os de Museo Textil<\/h2>\t\t\t\t<\/div>\n\t\t\t\t<\/div>\n\t\t\t\t<div class=\"elementor-element elementor-element-8398924 elementor-widget elementor-widget-text-editor\" data-id=\"8398924\" data-element_type=\"widget\" data-widget_type=\"text-editor.default\">\n\t\t\t\t<div class=\"elementor-widget-container\">\n\t\t\t\t\t\t\t\t\t<p>En <strong>2021<\/strong> el Museo celebr\u00f3 el <strong>75 aniversario<\/strong> de su fundaci\u00f3n del entonces llamado Museo Textil Biosca, en 1946. Naci\u00f3 de la mano de Josep Biosca y Josep Badrinas y pronto se convirti\u00f3 en un centro referente dedicado a la conservaci\u00f3n, estudio, exposici\u00f3n y difusi\u00f3n del patrimonio textil. Han sido 75 a\u00f1os de crecimiento y llenos de cambios.<\/p>\t\t\t\t\t\t\t\t<\/div>\n\t\t\t\t<\/div>\n\t\t\t\t<div class=\"elementor-element elementor-element-5ba3aca elementor-widget elementor-widget-image\" data-id=\"5ba3aca\" data-element_type=\"widget\" data-widget_type=\"image.default\">\n\t\t\t\t<div class=\"elementor-widget-container\">\n\t\t\t\t\t\t\t\t\t\t\t\t<figure class=\"wp-caption\">\n\t\t\t\t\t\t\t\t\t\t<img decoding=\"async\" width=\"1024\" height=\"684\" src=\"https:\/\/museutextil.cat\/wp-content\/uploads\/2025\/07\/museutextil_museu_2-1024x684.jpg\" class=\"attachment-large size-large wp-image-13064\" alt=\"\" srcset=\"https:\/\/museutextil.cat\/wp-content\/uploads\/2025\/07\/museutextil_museu_2-1024x684.jpg 1024w, https:\/\/museutextil.cat\/wp-content\/uploads\/2025\/07\/museutextil_museu_2-300x200.jpg 300w, https:\/\/museutextil.cat\/wp-content\/uploads\/2025\/07\/museutextil_museu_2-768x513.jpg 768w, https:\/\/museutextil.cat\/wp-content\/uploads\/2025\/07\/museutextil_museu_2-391x260.jpg 391w, https:\/\/museutextil.cat\/wp-content\/uploads\/2025\/07\/museutextil_museu_2.jpg 1200w\" sizes=\"(max-width: 1024px) 100vw, 1024px\" \/>\t\t\t\t\t\t\t\t\t\t\t<figcaption class=\"widget-image-caption wp-caption-text\">Vitrina exposici\u00f3n 75 aniversario - \u201cUn museo, mil tramas\u201d<\/figcaption>\n\t\t\t\t\t\t\t\t\t\t<\/figure>\n\t\t\t\t\t\t\t\t\t<\/div>\n\t\t\t\t<\/div>\n\t\t\t\t<div class=\"elementor-element elementor-element-c12d036 elementor-widget elementor-widget-text-editor\" data-id=\"c12d036\" data-element_type=\"widget\" data-widget_type=\"text-editor.default\">\n\t\t\t\t<div class=\"elementor-widget-container\">\n\t\t\t\t\t\t\t\t\t<p>Desde las diferentes sedes a la incorporaci\u00f3n de las administraciones p\u00fablicas, con <strong>un continuo crecimiento de las colecciones<\/strong> \u2013inicialmente s\u00f3lo con tejidos y posteriormente con indumentaria, complementos, muestrarios, dise\u00f1os originales y otros\u2013, <strong>cambios en los criterios de conservaci\u00f3n preventiva, de restauraci\u00f3n o de sistemas de exposici\u00f3n<\/strong>, que le han hecho adaptarse a las exigencias continuas de cada momento.<\/p><p>El Museo Textil conserva <strong>m\u00e1s de 130.000 piezas<\/strong>, que abarcan cronol\u00f3gicamente desde el siglo I hasta el siglo XXI, testimonios de la evoluci\u00f3n del tejido, la indumentaria, los complementos, el hogar, la diversidad de t\u00e9cnicas y materias, o de los dise\u00f1os, y que son representativos de Europa, Am\u00e9rica, Asia y en menos cantidad de \u00c1frica, y que nos su evoluci\u00f3n, desde los puntos de vista m\u00e1s diversos.<\/p>\t\t\t\t\t\t\t\t<\/div>\n\t\t\t\t<\/div>\n\t\t\t\t<div class=\"elementor-element elementor-element-3e8ce70 elementor-widget elementor-widget-image\" data-id=\"3e8ce70\" data-element_type=\"widget\" data-widget_type=\"image.default\">\n\t\t\t\t<div class=\"elementor-widget-container\">\n\t\t\t\t\t\t\t\t\t\t\t\t<figure class=\"wp-caption\">\n\t\t\t\t\t\t\t\t\t\t<img decoding=\"async\" width=\"1024\" height=\"736\" src=\"https:\/\/museutextil.cat\/wp-content\/uploads\/2025\/07\/museutextil_museu_3-1024x736.jpg\" class=\"attachment-large size-large wp-image-13066\" alt=\"\" srcset=\"https:\/\/museutextil.cat\/wp-content\/uploads\/2025\/07\/museutextil_museu_3-1024x736.jpg 1024w, https:\/\/museutextil.cat\/wp-content\/uploads\/2025\/07\/museutextil_museu_3-300x216.jpg 300w, https:\/\/museutextil.cat\/wp-content\/uploads\/2025\/07\/museutextil_museu_3-768x552.jpg 768w, https:\/\/museutextil.cat\/wp-content\/uploads\/2025\/07\/museutextil_museu_3.jpg 1200w\" sizes=\"(max-width: 1024px) 100vw, 1024px\" \/>\t\t\t\t\t\t\t\t\t\t\t<figcaption class=\"widget-image-caption wp-caption-text\">Imagen armarios de una reserva<\/figcaption>\n\t\t\t\t\t\t\t\t\t\t<\/figure>\n\t\t\t\t\t\t\t\t\t<\/div>\n\t\t\t\t<\/div>\n\t\t\t\t<div class=\"elementor-element elementor-element-4963cc6 elementor-widget elementor-widget-text-editor\" data-id=\"4963cc6\" data-element_type=\"widget\" data-widget_type=\"text-editor.default\">\n\t\t\t\t<div class=\"elementor-widget-container\">\n\t\t\t\t\t\t\t\t\t<p>Las numerosas <strong>donaciones<\/strong> de particulares, empresas y entidades han sido primordiales para formar el museo de referencia que tenemos ahora. As\u00ed como la vinculaci\u00f3n con las universidades, centros tecnol\u00f3gicos o la propia industria textil, y la <strong>Red de Museos Textiles de Catalu\u00f1a<\/strong>, han sido imprescindibles para seguir investigando y sacar adelante nuevos proyectos y propuestas de exposiciones y publicaciones. Evidentemente, todo con el apoyo de la administraci\u00f3n p\u00fablica.<\/p><p>El <strong>equipo humano<\/strong> que ha habido y est\u00e1 detr\u00e1s del Museo -tanto el personal laboral como los colaboradores externos- ha sido fundamental para el desarrollo del centro en todos los aspectos, desde la organizaci\u00f3n de las exposiciones, actividades, talleres, did\u00e1ctica, investigaci\u00f3n, difusi\u00f3n, han sido posibles gracias a la pasi\u00f3n y el empuje y la formaci\u00f3n continua del equipo.<\/p>\t\t\t\t\t\t\t\t<\/div>\n\t\t\t\t<\/div>\n\t\t\t\t<div class=\"elementor-element elementor-element-fe485ee elementor-widget elementor-widget-heading\" data-id=\"fe485ee\" data-element_type=\"widget\" data-widget_type=\"heading.default\">\n\t\t\t\t<div class=\"elementor-widget-container\">\n\t\t\t\t\t<h2 class=\"elementor-heading-title elementor-size-default\">Aspiraciones y retos presentes<\/h2>\t\t\t\t<\/div>\n\t\t\t\t<\/div>\n\t\t\t\t<div class=\"elementor-element elementor-element-2faee50 elementor-widget elementor-widget-text-editor\" data-id=\"2faee50\" data-element_type=\"widget\" data-widget_type=\"text-editor.default\">\n\t\t\t\t<div class=\"elementor-widget-container\">\n\t\t\t\t\t\t\t\t\t<p>Hoy en d\u00eda el Museo Textil es un consorcio reconocido por su larga trayectoria, especialmente por la investigaci\u00f3n, conservaci\u00f3n, documentaci\u00f3n y difusi\u00f3n del patrimonio textil vinculado a las colecciones que custodia, su historia y su cultura, que impulsa la transferencia de conocimientos y ofrece unos <strong>servicios especializados<\/strong> de calidad.<\/p><p>La entidad es un <strong>referente p\u00fablico<\/strong> de la <strong>cultura textil<\/strong> del pa\u00eds y pionero en la b\u00fasqueda, conservaci\u00f3n, documentaci\u00f3n, contribuyendo mediante las colecciones que conserva, a su puesta en valor y al desarrollo de la historia del pa\u00eds. Es responsable de <strong>incrementar el patrimonio<\/strong>, de <strong>difundirlo<\/strong> de forma cient\u00edfica y l\u00fadica y de <strong>preservarlo<\/strong> para las generaciones futuras.<\/p>\t\t\t\t\t\t\t\t<\/div>\n\t\t\t\t<\/div>\n\t\t\t\t<div class=\"elementor-element elementor-element-1584491 elementor-widget elementor-widget-image\" data-id=\"1584491\" data-element_type=\"widget\" data-widget_type=\"image.default\">\n\t\t\t\t<div class=\"elementor-widget-container\">\n\t\t\t\t\t\t\t\t\t\t\t\t<figure class=\"wp-caption\">\n\t\t\t\t\t\t\t\t\t\t<img loading=\"lazy\" decoding=\"async\" width=\"1024\" height=\"684\" src=\"https:\/\/museutextil.cat\/wp-content\/uploads\/2025\/07\/museutextil_museu_4-1024x684.jpg\" class=\"attachment-large size-large wp-image-13068\" alt=\"\" srcset=\"https:\/\/museutextil.cat\/wp-content\/uploads\/2025\/07\/museutextil_museu_4-1024x684.jpg 1024w, https:\/\/museutextil.cat\/wp-content\/uploads\/2025\/07\/museutextil_museu_4-300x200.jpg 300w, https:\/\/museutextil.cat\/wp-content\/uploads\/2025\/07\/museutextil_museu_4-768x513.jpg 768w, https:\/\/museutextil.cat\/wp-content\/uploads\/2025\/07\/museutextil_museu_4-391x260.jpg 391w, https:\/\/museutextil.cat\/wp-content\/uploads\/2025\/07\/museutextil_museu_4.jpg 1200w\" sizes=\"(max-width: 1024px) 100vw, 1024px\" \/>\t\t\t\t\t\t\t\t\t\t\t<figcaption class=\"widget-image-caption wp-caption-text\">Imagen detalle del taller de restauraci\u00f3n<\/figcaption>\n\t\t\t\t\t\t\t\t\t\t<\/figure>\n\t\t\t\t\t\t\t\t\t<\/div>\n\t\t\t\t<\/div>\n\t\t\t\t<div class=\"elementor-element elementor-element-0941cbb elementor-widget elementor-widget-text-editor\" data-id=\"0941cbb\" data-element_type=\"widget\" data-widget_type=\"text-editor.default\">\n\t\t\t\t<div class=\"elementor-widget-container\">\n\t\t\t\t\t\t\t\t\t<p>En los \u00faltimos a\u00f1os el museo ha visto de cerca c\u00f3mo los cambios tecnol\u00f3gicos avanzaban y por eso ha tenido que ponerse al d\u00eda continuamente. Ya en 1998 se inici\u00f3 el archivo digital, <strong>Imatex<\/strong>, en l\u00ednea desde el a\u00f1o 2001, que hoy ofrece m\u00e1s de <strong>100.000 im\u00e1genes<\/strong> de los fondos del museo en alta resoluci\u00f3n.<\/p><p>Como centro p\u00fablico, potencia el <strong>uso social, educativo y disfrute intelectual y emocional<\/strong> para todos los ciudadanos. Pone al servicio del p\u00fablico su conocimiento y experiencia derivados de la colecci\u00f3n y de la investigaci\u00f3n de la cultura textil y fomenta la creaci\u00f3n del arte y el dise\u00f1o.<\/p><p>Tiene la voluntad tambi\u00e9n de contribuir al <strong>desarrollo sostenible<\/strong>, con un programa de <strong>responsabilidad social<\/strong> que tenga en cuenta a los colectivos m\u00e1s vulnerables, a la vez que trabaja por el medio ambiente y la sostenibilidad.<\/p>\t\t\t\t\t\t\t\t<\/div>\n\t\t\t\t<\/div>\n\t\t\t\t<div class=\"elementor-element elementor-element-b22235f elementor-widget elementor-widget-image\" data-id=\"b22235f\" data-element_type=\"widget\" data-widget_type=\"image.default\">\n\t\t\t\t<div class=\"elementor-widget-container\">\n\t\t\t\t\t\t\t\t\t\t\t\t<figure class=\"wp-caption\">\n\t\t\t\t\t\t\t\t\t\t<img loading=\"lazy\" decoding=\"async\" width=\"1024\" height=\"684\" src=\"https:\/\/museutextil.cat\/wp-content\/uploads\/2025\/07\/museutextil_museu_5-1024x684.jpg\" class=\"attachment-large size-large wp-image-13070\" alt=\"\" srcset=\"https:\/\/museutextil.cat\/wp-content\/uploads\/2025\/07\/museutextil_museu_5-1024x684.jpg 1024w, https:\/\/museutextil.cat\/wp-content\/uploads\/2025\/07\/museutextil_museu_5-300x200.jpg 300w, https:\/\/museutextil.cat\/wp-content\/uploads\/2025\/07\/museutextil_museu_5-768x513.jpg 768w, https:\/\/museutextil.cat\/wp-content\/uploads\/2025\/07\/museutextil_museu_5-391x260.jpg 391w, https:\/\/museutextil.cat\/wp-content\/uploads\/2025\/07\/museutextil_museu_5.jpg 1200w\" sizes=\"(max-width: 1024px) 100vw, 1024px\" \/>\t\t\t\t\t\t\t\t\t\t\t<figcaption class=\"widget-image-caption wp-caption-text\">Actividad infantil para ni\u00f1os y ni\u00f1as<\/figcaption>\n\t\t\t\t\t\t\t\t\t\t<\/figure>\n\t\t\t\t\t\t\t\t\t<\/div>\n\t\t\t\t<\/div>\n\t\t\t\t<div class=\"elementor-element elementor-element-2c24765 elementor-widget elementor-widget-text-editor\" data-id=\"2c24765\" data-element_type=\"widget\" data-widget_type=\"text-editor.default\">\n\t\t\t\t<div class=\"elementor-widget-container\">\n\t\t\t\t\t\t\t\t\t<p>El Museo Textil quiere<strong> involucrar a los p\u00fablicos<\/strong> en sus programas, con permanente <strong>di\u00e1logo y dinamismo<\/strong>. Quiere crear debate y reflexi\u00f3n sobre el pasado y el futuro, con una creciente participaci\u00f3n ciudadana. Aspira a colaborar con otras instituciones, empresas y personas que trabajen objetivos similares, ya sean del sector p\u00fablico o privado, buscando alianzas externas de coproducci\u00f3n p\u00fablico-privada. El Museo Textil <strong>trabaja en red<\/strong> con los museos textiles del pa\u00eds y ofrece sus servicios y experiencia al resto de colecciones textiles y de indumentaria, p\u00fablicas o privadas, con una gesti\u00f3n y direcci\u00f3n eficientes y transparentes.<\/p><p>Desde la llegada del Covid, parte de los esfuerzos -ya iniciados anteriormente- han ido enfocados a <strong>potenciar el p\u00fablico virtual<\/strong> a trav\u00e9s de las redes sociales y actualmente estamos trabajando en la virtualizaci\u00f3n de las exposiciones y en la fotograf\u00eda 3D de las piezas de indumentaria y complementos, que tambi\u00e9n estar\u00e1n disponibles online.<\/p>\t\t\t\t\t\t\t\t<\/div>\n\t\t\t\t<\/div>\n\t\t\t\t<div class=\"elementor-element elementor-element-d2bf12c elementor-widget elementor-widget-image\" data-id=\"d2bf12c\" data-element_type=\"widget\" data-widget_type=\"image.default\">\n\t\t\t\t<div class=\"elementor-widget-container\">\n\t\t\t\t\t\t\t\t\t\t\t\t<figure class=\"wp-caption\">\n\t\t\t\t\t\t\t\t\t\t<img loading=\"lazy\" decoding=\"async\" width=\"1024\" height=\"684\" src=\"https:\/\/museutextil.cat\/wp-content\/uploads\/2025\/07\/museutextil_museu_6-1024x684.jpg\" class=\"attachment-large size-large wp-image-13072\" alt=\"\" srcset=\"https:\/\/museutextil.cat\/wp-content\/uploads\/2025\/07\/museutextil_museu_6-1024x684.jpg 1024w, https:\/\/museutextil.cat\/wp-content\/uploads\/2025\/07\/museutextil_museu_6-300x200.jpg 300w, https:\/\/museutextil.cat\/wp-content\/uploads\/2025\/07\/museutextil_museu_6-768x513.jpg 768w, https:\/\/museutextil.cat\/wp-content\/uploads\/2025\/07\/museutextil_museu_6-391x260.jpg 391w, https:\/\/museutextil.cat\/wp-content\/uploads\/2025\/07\/museutextil_museu_6.jpg 1200w\" sizes=\"(max-width: 1024px) 100vw, 1024px\" \/>\t\t\t\t\t\t\t\t\t\t\t<figcaption class=\"widget-image-caption wp-caption-text\">Actividad para adultos en la biblioteca del museo<\/figcaption>\n\t\t\t\t\t\t\t\t\t\t<\/figure>\n\t\t\t\t\t\t\t\t\t<\/div>\n\t\t\t\t<\/div>\n\t\t\t\t<div class=\"elementor-element elementor-element-eba54c8 elementor-widget elementor-widget-text-editor\" data-id=\"eba54c8\" data-element_type=\"widget\" data-widget_type=\"text-editor.default\">\n\t\t\t\t<div class=\"elementor-widget-container\">\n\t\t\t\t\t\t\t\t\t<p>Por \u00faltimo, queremos dar las <strong>gracias<\/strong> a todas las personas que han confiado en nosotros a lo largo del tiempo: los <strong>profesionales y artistas<\/strong> colaboradores que llevan muestras y gu\u00edan actividades, talleres y cursos; las <strong>monitoras<\/strong> escolares que trabajan para todos los niveles educativos y, evidentemente, para todos aquellos que nos siguen y son <strong>nuestros p\u00fablicos<\/strong>.<\/p><p>\u00c9ste es un gran reconocimiento por los que trabajamos y han trabajado en \u00e9l, pero tambi\u00e9n por todas las personas que nos dan apoyo y confianza cada d\u00eda.<\/p>\t\t\t\t\t\t\t\t<\/div>\n\t\t\t\t<\/div>\n\t\t\t\t\t<\/div>\n\t\t\t\t<\/div>\n\t\t\t\t<\/div>\n\t\t","protected":false},"excerpt":{"rendered":"<p>El Museo Textil es declarado Museo de Inter\u00e9s Nacional El camino hacia el reconocimiento El pasado 4 de mayo de 2022 el Consejo General del Consorcio del Centro de Documentaci\u00f3n y Museo Textil de Terrassa tom\u00f3 el siguiente acuerdo: \u00abSolicitar a la Generalidad de Catalu\u00f1a que, tal y como determina la Ley de Museos, el [&hellip;]<\/p>\n","protected":false},"author":1,"featured_media":0,"parent":15342,"menu_order":0,"comment_status":"closed","ping_status":"closed","template":"","meta":{"site-sidebar-layout":"no-sidebar","site-content-layout":"page-builder","ast-site-content-layout":"full-width-container","site-content-style":"default","site-sidebar-style":"default","ast-global-header-display":"","ast-banner-title-visibility":"","ast-main-header-display":"","ast-hfb-above-header-display":"","ast-hfb-below-header-display":"","ast-hfb-mobile-header-display":"","site-post-title":"disabled","ast-breadcrumbs-content":"","ast-featured-img":"disabled","footer-sml-layout":"","theme-transparent-header-meta":"","adv-header-id-meta":"","stick-header-meta":"","header-above-stick-meta":"","header-main-stick-meta":"","header-below-stick-meta":"","astra-migrate-meta-layouts":"set","ast-page-background-enabled":"default","ast-page-background-meta":{"desktop":{"background-color":"var(--ast-global-color-4)","background-image":"","background-repeat":"repeat","background-position":"center center","background-size":"auto","background-attachment":"scroll","background-type":"","background-media":"","overlay-type":"","overlay-color":"","overlay-opacity":"","overlay-gradient":""},"tablet":{"background-color":"","background-image":"","background-repeat":"repeat","background-position":"center center","background-size":"auto","background-attachment":"scroll","background-type":"","background-media":"","overlay-type":"","overlay-color":"","overlay-opacity":"","overlay-gradient":""},"mobile":{"background-color":"","background-image":"","background-repeat":"repeat","background-position":"center center","background-size":"auto","background-attachment":"scroll","background-type":"","background-media":"","overlay-type":"","overlay-color":"","overlay-opacity":"","overlay-gradient":""}},"ast-content-background-meta":{"desktop":{"background-color":"var(--ast-global-color-5)","background-image":"","background-repeat":"repeat","background-position":"center center","background-size":"auto","background-attachment":"scroll","background-type":"","background-media":"","overlay-type":"","overlay-color":"","overlay-opacity":"","overlay-gradient":""},"tablet":{"background-color":"var(--ast-global-color-5)","background-image":"","background-repeat":"repeat","background-position":"center center","background-size":"auto","background-attachment":"scroll","background-type":"","background-media":"","overlay-type":"","overlay-color":"","overlay-opacity":"","overlay-gradient":""},"mobile":{"background-color":"var(--ast-global-color-5)","background-image":"","background-repeat":"repeat","background-position":"center center","background-size":"auto","background-attachment":"scroll","background-type":"","background-media":"","overlay-type":"","overlay-color":"","overlay-opacity":"","overlay-gradient":""}},"footnotes":""},"class_list":["post-15480","page","type-page","status-publish","hentry"],"yoast_head":"<!-- This site is optimized with the Yoast SEO plugin v25.9 - https:\/\/yoast.com\/wordpress\/plugins\/seo\/ -->\n<title>El Museo Textil es declarado Museo de Inter\u00e9s Nacional - Museu T\u00e8xtil de Terrassa<\/title>\n<meta name=\"robots\" content=\"index, follow, max-snippet:-1, max-image-preview:large, max-video-preview:-1\" \/>\n<link rel=\"canonical\" href=\"https:\/\/museutextil.cat\/es\/el-museo\/el-museo-textil-es-declarado-museo-de-interes-nacional\/\" \/>\n<meta property=\"og:locale\" content=\"es_ES\" \/>\n<meta property=\"og:type\" content=\"article\" \/>\n<meta property=\"og:title\" content=\"El Museo Textil es declarado Museo de Inter\u00e9s Nacional - Museu T\u00e8xtil de Terrassa\" \/>\n<meta property=\"og:description\" content=\"El Museo Textil es declarado Museo de Inter\u00e9s Nacional El camino hacia el reconocimiento El pasado 4 de mayo de 2022 el Consejo General del Consorcio del Centro de Documentaci\u00f3n y Museo Textil de Terrassa tom\u00f3 el siguiente acuerdo: &quot;Solicitar a la Generalidad de Catalu\u00f1a que, tal y como determina la Ley de Museos, el [&hellip;]\" \/>\n<meta property=\"og:url\" content=\"https:\/\/museutextil.cat\/es\/el-museo\/el-museo-textil-es-declarado-museo-de-interes-nacional\/\" \/>\n<meta property=\"og:site_name\" content=\"Museu T\u00e8xtil de Terrassa\" \/>\n<meta property=\"article:publisher\" content=\"https:\/\/www.facebook.com\/cdmtextil\" \/>\n<meta property=\"article:modified_time\" content=\"2025-07-17T07:45:40+00:00\" \/>\n<meta property=\"og:image\" content=\"https:\/\/museutextil.cat\/wp-content\/uploads\/2025\/06\/museutextil_museu.jpg\" \/>\n\t<meta property=\"og:image:width\" content=\"1200\" \/>\n\t<meta property=\"og:image:height\" content=\"800\" \/>\n\t<meta property=\"og:image:type\" content=\"image\/jpeg\" \/>\n<meta name=\"twitter:card\" content=\"summary_large_image\" \/>\n<meta name=\"twitter:site\" content=\"@cdmtex\" \/>\n<meta name=\"twitter:label1\" content=\"Tiempo de lectura\" \/>\n\t<meta name=\"twitter:data1\" content=\"7 minutos\" \/>\n<script type=\"application\/ld+json\" class=\"yoast-schema-graph\">{\"@context\":\"https:\/\/schema.org\",\"@graph\":[{\"@type\":\"WebPage\",\"@id\":\"https:\/\/museutextil.cat\/es\/el-museo\/el-museo-textil-es-declarado-museo-de-interes-nacional\/\",\"url\":\"https:\/\/museutextil.cat\/es\/el-museo\/el-museo-textil-es-declarado-museo-de-interes-nacional\/\",\"name\":\"El Museo Textil es declarado Museo de Inter\u00e9s Nacional - Museu T\u00e8xtil de Terrassa\",\"isPartOf\":{\"@id\":\"https:\/\/museutextil.cat\/es\/#website\"},\"primaryImageOfPage\":{\"@id\":\"https:\/\/museutextil.cat\/es\/el-museo\/el-museo-textil-es-declarado-museo-de-interes-nacional\/#primaryimage\"},\"image\":{\"@id\":\"https:\/\/museutextil.cat\/es\/el-museo\/el-museo-textil-es-declarado-museo-de-interes-nacional\/#primaryimage\"},\"thumbnailUrl\":\"https:\/\/museutextil.cat\/wp-content\/uploads\/2025\/06\/museutextil_museu-1024x683.jpg\",\"datePublished\":\"2025-04-22T15:20:00+00:00\",\"dateModified\":\"2025-07-17T07:45:40+00:00\",\"breadcrumb\":{\"@id\":\"https:\/\/museutextil.cat\/es\/el-museo\/el-museo-textil-es-declarado-museo-de-interes-nacional\/#breadcrumb\"},\"inLanguage\":\"es\",\"potentialAction\":[{\"@type\":\"ReadAction\",\"target\":[\"https:\/\/museutextil.cat\/es\/el-museo\/el-museo-textil-es-declarado-museo-de-interes-nacional\/\"]}]},{\"@type\":\"ImageObject\",\"inLanguage\":\"es\",\"@id\":\"https:\/\/museutextil.cat\/es\/el-museo\/el-museo-textil-es-declarado-museo-de-interes-nacional\/#primaryimage\",\"url\":\"https:\/\/museutextil.cat\/wp-content\/uploads\/2025\/06\/museutextil_museu-1024x683.jpg\",\"contentUrl\":\"https:\/\/museutextil.cat\/wp-content\/uploads\/2025\/06\/museutextil_museu-1024x683.jpg\"},{\"@type\":\"BreadcrumbList\",\"@id\":\"https:\/\/museutextil.cat\/es\/el-museo\/el-museo-textil-es-declarado-museo-de-interes-nacional\/#breadcrumb\",\"itemListElement\":[{\"@type\":\"ListItem\",\"position\":1,\"name\":\"Inici\",\"item\":\"https:\/\/museutextil.cat\/es\/\"},{\"@type\":\"ListItem\",\"position\":2,\"name\":\"El Museo\",\"item\":\"https:\/\/museutextil.cat\/es\/el-museo\/\"},{\"@type\":\"ListItem\",\"position\":3,\"name\":\"El Museo Textil es declarado Museo de Inter\u00e9s Nacional\"}]},{\"@type\":\"WebSite\",\"@id\":\"https:\/\/museutextil.cat\/es\/#website\",\"url\":\"https:\/\/museutextil.cat\/es\/\",\"name\":\"Museu T\u00e8xtil de Terrassa\",\"description\":\"Centre de documentaci\u00f3 i Museu t\u00e8xtil\",\"publisher\":{\"@id\":\"https:\/\/museutextil.cat\/es\/#organization\"},\"potentialAction\":[{\"@type\":\"SearchAction\",\"target\":{\"@type\":\"EntryPoint\",\"urlTemplate\":\"https:\/\/museutextil.cat\/es\/?s={search_term_string}\"},\"query-input\":{\"@type\":\"PropertyValueSpecification\",\"valueRequired\":true,\"valueName\":\"search_term_string\"}}],\"inLanguage\":\"es\"},{\"@type\":\"Organization\",\"@id\":\"https:\/\/museutextil.cat\/es\/#organization\",\"name\":\"Museu T\u00e8xtil de Terrassa\",\"url\":\"https:\/\/museutextil.cat\/es\/\",\"logo\":{\"@type\":\"ImageObject\",\"inLanguage\":\"es\",\"@id\":\"https:\/\/museutextil.cat\/es\/#\/schema\/logo\/image\/\",\"url\":\"https:\/\/museutextil.cat\/wp-content\/uploads\/2025\/03\/museutextil_logo_h.png\",\"contentUrl\":\"https:\/\/museutextil.cat\/wp-content\/uploads\/2025\/03\/museutextil_logo_h.png\",\"width\":500,\"height\":87,\"caption\":\"Museu T\u00e8xtil de Terrassa\"},\"image\":{\"@id\":\"https:\/\/museutextil.cat\/es\/#\/schema\/logo\/image\/\"},\"sameAs\":[\"https:\/\/www.facebook.com\/cdmtextil\",\"https:\/\/x.com\/cdmtex\",\"https:\/\/www.instagram.com\/cdmtextil\/\",\"https:\/\/www.pinterest.com\/cdmtextil\/\",\"https:\/\/www.youtube.com\/user\/CDMTextil\"]}]}<\/script>\n<!-- \/ Yoast SEO plugin. -->","yoast_head_json":{"title":"El Museo Textil es declarado Museo de Inter\u00e9s Nacional - Museu T\u00e8xtil de Terrassa","robots":{"index":"index","follow":"follow","max-snippet":"max-snippet:-1","max-image-preview":"max-image-preview:large","max-video-preview":"max-video-preview:-1"},"canonical":"https:\/\/museutextil.cat\/es\/el-museo\/el-museo-textil-es-declarado-museo-de-interes-nacional\/","og_locale":"es_ES","og_type":"article","og_title":"El Museo Textil es declarado Museo de Inter\u00e9s Nacional - Museu T\u00e8xtil de Terrassa","og_description":"El Museo Textil es declarado Museo de Inter\u00e9s Nacional El camino hacia el reconocimiento El pasado 4 de mayo de 2022 el Consejo General del Consorcio del Centro de Documentaci\u00f3n y Museo Textil de Terrassa tom\u00f3 el siguiente acuerdo: \"Solicitar a la Generalidad de Catalu\u00f1a que, tal y como determina la Ley de Museos, el [&hellip;]","og_url":"https:\/\/museutextil.cat\/es\/el-museo\/el-museo-textil-es-declarado-museo-de-interes-nacional\/","og_site_name":"Museu T\u00e8xtil de Terrassa","article_publisher":"https:\/\/www.facebook.com\/cdmtextil","article_modified_time":"2025-07-17T07:45:40+00:00","og_image":[{"width":1200,"height":800,"url":"https:\/\/museutextil.cat\/wp-content\/uploads\/2025\/06\/museutextil_museu.jpg","type":"image\/jpeg"}],"twitter_card":"summary_large_image","twitter_site":"@cdmtex","twitter_misc":{"Tiempo de lectura":"7 minutos"},"schema":{"@context":"https:\/\/schema.org","@graph":[{"@type":"WebPage","@id":"https:\/\/museutextil.cat\/es\/el-museo\/el-museo-textil-es-declarado-museo-de-interes-nacional\/","url":"https:\/\/museutextil.cat\/es\/el-museo\/el-museo-textil-es-declarado-museo-de-interes-nacional\/","name":"El Museo Textil es declarado Museo de Inter\u00e9s Nacional - Museu T\u00e8xtil de Terrassa","isPartOf":{"@id":"https:\/\/museutextil.cat\/es\/#website"},"primaryImageOfPage":{"@id":"https:\/\/museutextil.cat\/es\/el-museo\/el-museo-textil-es-declarado-museo-de-interes-nacional\/#primaryimage"},"image":{"@id":"https:\/\/museutextil.cat\/es\/el-museo\/el-museo-textil-es-declarado-museo-de-interes-nacional\/#primaryimage"},"thumbnailUrl":"https:\/\/museutextil.cat\/wp-content\/uploads\/2025\/06\/museutextil_museu-1024x683.jpg","datePublished":"2025-04-22T15:20:00+00:00","dateModified":"2025-07-17T07:45:40+00:00","breadcrumb":{"@id":"https:\/\/museutextil.cat\/es\/el-museo\/el-museo-textil-es-declarado-museo-de-interes-nacional\/#breadcrumb"},"inLanguage":"es","potentialAction":[{"@type":"ReadAction","target":["https:\/\/museutextil.cat\/es\/el-museo\/el-museo-textil-es-declarado-museo-de-interes-nacional\/"]}]},{"@type":"ImageObject","inLanguage":"es","@id":"https:\/\/museutextil.cat\/es\/el-museo\/el-museo-textil-es-declarado-museo-de-interes-nacional\/#primaryimage","url":"https:\/\/museutextil.cat\/wp-content\/uploads\/2025\/06\/museutextil_museu-1024x683.jpg","contentUrl":"https:\/\/museutextil.cat\/wp-content\/uploads\/2025\/06\/museutextil_museu-1024x683.jpg"},{"@type":"BreadcrumbList","@id":"https:\/\/museutextil.cat\/es\/el-museo\/el-museo-textil-es-declarado-museo-de-interes-nacional\/#breadcrumb","itemListElement":[{"@type":"ListItem","position":1,"name":"Inici","item":"https:\/\/museutextil.cat\/es\/"},{"@type":"ListItem","position":2,"name":"El Museo","item":"https:\/\/museutextil.cat\/es\/el-museo\/"},{"@type":"ListItem","position":3,"name":"El Museo Textil es declarado Museo de Inter\u00e9s Nacional"}]},{"@type":"WebSite","@id":"https:\/\/museutextil.cat\/es\/#website","url":"https:\/\/museutextil.cat\/es\/","name":"Museu T\u00e8xtil de Terrassa","description":"Centre de documentaci\u00f3 i Museu t\u00e8xtil","publisher":{"@id":"https:\/\/museutextil.cat\/es\/#organization"},"potentialAction":[{"@type":"SearchAction","target":{"@type":"EntryPoint","urlTemplate":"https:\/\/museutextil.cat\/es\/?s={search_term_string}"},"query-input":{"@type":"PropertyValueSpecification","valueRequired":true,"valueName":"search_term_string"}}],"inLanguage":"es"},{"@type":"Organization","@id":"https:\/\/museutextil.cat\/es\/#organization","name":"Museu T\u00e8xtil de Terrassa","url":"https:\/\/museutextil.cat\/es\/","logo":{"@type":"ImageObject","inLanguage":"es","@id":"https:\/\/museutextil.cat\/es\/#\/schema\/logo\/image\/","url":"https:\/\/museutextil.cat\/wp-content\/uploads\/2025\/03\/museutextil_logo_h.png","contentUrl":"https:\/\/museutextil.cat\/wp-content\/uploads\/2025\/03\/museutextil_logo_h.png","width":500,"height":87,"caption":"Museu T\u00e8xtil de Terrassa"},"image":{"@id":"https:\/\/museutextil.cat\/es\/#\/schema\/logo\/image\/"},"sameAs":["https:\/\/www.facebook.com\/cdmtextil","https:\/\/x.com\/cdmtex","https:\/\/www.instagram.com\/cdmtextil\/","https:\/\/www.pinterest.com\/cdmtextil\/","https:\/\/www.youtube.com\/user\/CDMTextil"]}]}},"_links":{"self":[{"href":"https:\/\/museutextil.cat\/es\/wp-json\/wp\/v2\/pages\/15480","targetHints":{"allow":["GET"]}}],"collection":[{"href":"https:\/\/museutextil.cat\/es\/wp-json\/wp\/v2\/pages"}],"about":[{"href":"https:\/\/museutextil.cat\/es\/wp-json\/wp\/v2\/types\/page"}],"author":[{"embeddable":true,"href":"https:\/\/museutextil.cat\/es\/wp-json\/wp\/v2\/users\/1"}],"replies":[{"embeddable":true,"href":"https:\/\/museutextil.cat\/es\/wp-json\/wp\/v2\/comments?post=15480"}],"version-history":[{"count":0,"href":"https:\/\/museutextil.cat\/es\/wp-json\/wp\/v2\/pages\/15480\/revisions"}],"up":[{"embeddable":true,"href":"https:\/\/museutextil.cat\/es\/wp-json\/wp\/v2\/pages\/15342"}],"wp:attachment":[{"href":"https:\/\/museutextil.cat\/es\/wp-json\/wp\/v2\/media?parent=15480"}],"curies":[{"name":"wp","href":"https:\/\/api.w.org\/{rel}","templated":true}]}}